{"version":"1.0","provider_name":"Centro Juvenil Mar\u00eda Auxiliadora","provider_url":"https:\/\/salesianosmaux.es\/centrojuvenil","author_name":"centrojuvenil","author_url":"https:\/\/salesianosmaux.es\/centrojuvenil\/author\/centrojuvenil\/","title":"Reuni\u00f3n de padres GA - Centro Juvenil Mar\u00eda Auxiliadora","type":"rich","width":600,"height":338,"html":"<blockquote class=\"wp-embedded-content\" data-secret=\"3KA1sbkB51\"><a href=\"https:\/\/salesianosmaux.es\/centrojuvenil\/2024\/10\/18\/reunion-de-padres-ga\/\">Reuni\u00f3n de padres GA<\/a><\/blockquote><iframe sandbox=\"allow-scripts\" security=\"restricted\" src=\"https:\/\/salesianosmaux.es\/centrojuvenil\/2024\/10\/18\/reunion-de-padres-ga\/embed\/#?secret=3KA1sbkB51\" width=\"600\" height=\"338\" title=\"\u00abReuni\u00f3n de padres GA\u00bb \u2014 Centro Juvenil Mar\u00eda Auxiliadora\" data-secret=\"3KA1sbkB51\" frameborder=\"0\" marginwidth=\"0\" marginheight=\"0\" scrolling=\"no\" class=\"wp-embedded-content\"><\/iframe><script>\n\/*! This file is auto-generated *\/\n!function(d,l){\"use strict\";l.querySelector&&d.addEventListener&&\"undefined\"!=typeof URL&&(d.wp=d.wp||{},d.wp.receiveEmbedMessage||(d.wp.receiveEmbedMessage=function(e){var t=e.data;if((t||t.secret||t.message||t.value)&&!\/[^a-zA-Z0-9]\/.test(t.secret)){for(var s,r,n,a=l.querySelectorAll('iframe[data-secret=\"'+t.secret+'\"]'),o=l.querySelectorAll('blockquote[data-secret=\"'+t.secret+'\"]'),c=new RegExp(\"^https?:$\",\"i\"),i=0;i<o.length;i++)o[i].style.display=\"none\";for(i=0;i<a.length;i++)s=a[i],e.source===s.contentWindow&&(s.removeAttribute(\"style\"),\"height\"===t.message?(1e3<(r=parseInt(t.value,10))?r=1e3:~~r<200&&(r=200),s.height=r):\"link\"===t.message&&(r=new URL(s.getAttribute(\"src\")),n=new URL(t.value),c.test(n.protocol))&&n.host===r.host&&l.activeElement===s&&(d.top.location.href=t.value))}},d.addEventListener(\"message\",d.wp.receiveEmbedMessage,!1),l.addEventListener(\"DOMContentLoaded\",function(){for(var e,t,s=l.querySelectorAll(\"iframe.wp-embedded-content\"),r=0;r<s.length;r++)(t=(e=s[r]).getAttribute(\"data-secret\"))||(t=Math.random().toString(36).substring(2,12),e.src+=\"#?secret=\"+t,e.setAttribute(\"data-secret\",t)),e.contentWindow.postMessage({message:\"ready\",secret:t},\"*\")},!1)))}(window,document);\n\/\/# sourceURL=https:\/\/salesianosmaux.es\/centrojuvenil\/wp-includes\/js\/wp-embed.min.js\n<\/script>\n","thumbnail_url":"https:\/\/salesianosmaux.es\/centrojuvenil\/wp-content\/uploads\/sites\/6\/2024\/10\/7a1269dc-0be3-4712-8d8a-aafe74b0a4fd.jpg","thumbnail_width":776,"thumbnail_height":801,"description":"Buenas tardes familias! Hoy hemos pasado por las clases para recordar a vuestros hijos que este s\u00e1bado VUELVE EL GRUPO AMIGOS!\ud83d\udc40 Y ahora s\u00ed que si, con los compa\u00f1eros de 1\u00baESO y 2\u00baESO juntos.  Les hemos presentado tambi\u00e9n la tem\u00e1tica del a\u00f1o, que ser\u00e1: MADE IN SPAIN\ud83d\udc83\ud83c\udffd y las actividades del GA este a\u00f1o estar\u00e1n ambientadas de ello. Que se note que seguimos recordando la Eurocopa! El horario ser\u00e1 el habitual, de 18:30h a 20:30h. Y tras la actividad, tendr\u00e1 lugar la REUNI\u00d3N DE PADRES a la que los chicos por supuesto que pueden asistir. Hablaremos sobre la programaci\u00f3n del curso y solucionaremos las dudas que nos plante\u00e9is.  En cuanto a las inscripciones, os lo contaremos todo en la reuni\u00f3n. Pero para quien ya lo conozca, este a\u00f1o usaremos Bosconecta para reunir las inscripciones. Para apuntarse hay que entrar en el siguiente enlace y rellenar el formulario. https:\/\/salesianosmaux.es\/centrojuvenil\/inscripcion\/ Y adem\u00e1s hay que entregar la PROTECCI\u00d3N Y CESI\u00d3N DE DATOS que viene subida en el mismo enlace, en f\u00edsico, firmada y bien rellenada la ficha, cualquier d\u00eda que los chicos bajen al GA.  Dicho esto, nos vemos ma\u00f1ana padres e hijos!\ud83d\ude0a"}