{"version":"1.0","provider_name":"Centro Juvenil Mar\u00eda Auxiliadora","provider_url":"https:\/\/salesianosmaux.es\/centrojuvenil","author_name":"centrojuvenil","author_url":"https:\/\/salesianosmaux.es\/centrojuvenil\/author\/centrojuvenil\/","title":"PREAS !! - Centro Juvenil Mar\u00eda Auxiliadora","type":"rich","width":600,"height":338,"html":"<blockquote class=\"wp-embedded-content\" data-secret=\"GfIG6UvIYZ\"><a href=\"https:\/\/salesianosmaux.es\/centrojuvenil\/2025\/02\/02\/preas-2\/\">PREAS !!<\/a><\/blockquote><iframe sandbox=\"allow-scripts\" security=\"restricted\" src=\"https:\/\/salesianosmaux.es\/centrojuvenil\/2025\/02\/02\/preas-2\/embed\/#?secret=GfIG6UvIYZ\" width=\"600\" height=\"338\" title=\"\u00abPREAS !!\u00bb \u2014 Centro Juvenil Mar\u00eda Auxiliadora\" data-secret=\"GfIG6UvIYZ\" frameborder=\"0\" marginwidth=\"0\" marginheight=\"0\" scrolling=\"no\" class=\"wp-embedded-content\"><\/iframe><script>\n\/*! This file is auto-generated *\/\n!function(d,l){\"use strict\";l.querySelector&&d.addEventListener&&\"undefined\"!=typeof URL&&(d.wp=d.wp||{},d.wp.receiveEmbedMessage||(d.wp.receiveEmbedMessage=function(e){var t=e.data;if((t||t.secret||t.message||t.value)&&!\/[^a-zA-Z0-9]\/.test(t.secret)){for(var s,r,n,a=l.querySelectorAll('iframe[data-secret=\"'+t.secret+'\"]'),o=l.querySelectorAll('blockquote[data-secret=\"'+t.secret+'\"]'),c=new RegExp(\"^https?:$\",\"i\"),i=0;i<o.length;i++)o[i].style.display=\"none\";for(i=0;i<a.length;i++)s=a[i],e.source===s.contentWindow&&(s.removeAttribute(\"style\"),\"height\"===t.message?(1e3<(r=parseInt(t.value,10))?r=1e3:~~r<200&&(r=200),s.height=r):\"link\"===t.message&&(r=new URL(s.getAttribute(\"src\")),n=new URL(t.value),c.test(n.protocol))&&n.host===r.host&&l.activeElement===s&&(d.top.location.href=t.value))}},d.addEventListener(\"message\",d.wp.receiveEmbedMessage,!1),l.addEventListener(\"DOMContentLoaded\",function(){for(var e,t,s=l.querySelectorAll(\"iframe.wp-embedded-content\"),r=0;r<s.length;r++)(t=(e=s[r]).getAttribute(\"data-secret\"))||(t=Math.random().toString(36).substring(2,12),e.src+=\"#?secret=\"+t,e.setAttribute(\"data-secret\",t)),e.contentWindow.postMessage({message:\"ready\",secret:t},\"*\")},!1)))}(window,document);\n\/\/# sourceURL=https:\/\/salesianosmaux.es\/centrojuvenil\/wp-includes\/js\/wp-embed.min.js\n<\/script>\n","thumbnail_url":"https:\/\/salesianosmaux.es\/centrojuvenil\/wp-content\/uploads\/sites\/6\/2025\/02\/5d4e09c6-4545-481d-a2d7-2186551d9253.jpg","thumbnail_width":1094,"thumbnail_height":739,"description":"Buenos d\u00edas familias!! \u2600\ufe0f Os presentamos ya con Toda la informaci\u00f3n disponible el encuentro de PREAS.  El encuentro de PREAS est\u00e1 planteado para chicos\/as de 11 a 13 a\u00f1os, de 1\u00b0 y 2\u00b0 de la ESO, que participen en las actividades de nuestros CCJJ.  Se llevar\u00e1 a cabo los d\u00edas 22 y 23 de Febrero en \ud83d\udccdAr\u00e9valo (\u00c1vila).  Es necesario llevar: \u2022 Comida para los dos d\u00edas (el desayuno y el pan del domingo se ofrecen all\u00ed) \u2022 Saco de dormir. \u2022 Utensilios de higiene personal. \u2022 Ropa deportiva, ropa de abrigo. \u2022 Boli y cuaderno personal. \u2022 Los m\u00f3viles, c\u00e1maras, etc. no son necesarios para este encuentro. S\u00f3lo estar\u00e1 permitido su uso en los momentos de \"tiempo libre\", no haci\u00e9ndonos responsables de su p\u00e9rdida o deterioro. La salida ser\u00e1 el s\u00e1bado 22 de febrero por la ma\u00f1ana. (En los d\u00edas previos al encuentro se confirmar\u00e1 la hora de salida desde tu Centro Juvenil.) El regreso ser\u00e1 el domingo 23 de febrero se saldr\u00e1 desde Ar\u00e9valo a las 16:30h. Creemos que esta es una actividad muy importante a la vez que especial ya que a ra\u00edz de estos encuentros ir\u00e1n conociendo a chicos y chicas que se volver\u00e1n a encontrar en campamentos en los pr\u00f3ximos a\u00f1os y conocer gente de otros lugares siempre es muy enriquecedor.  *L\u00edmite de inscripci\u00f3n*: 11 de febrero a las 23:59 h \u23f0 *Precio de la actividad*: 35\u20ac  Cualquier consulta no duden en ponerse en contacto con nosotros en el correo del GA. Grupoamigoscjmaux@gmail.com\u2028\u2028 Tambi\u00e9n aprovechamos para informaros sobre la convivencia del GA en el colegio el pr\u00f3ximo finde del 8 al 9 de febrero.  La actividad consistir\u00e1 en dormir en el colegio teniendo una agradable convivencia entre todos nosotros. Estar\u00e1 ambientada en la casa de papel \ud83c\udfdb\ufe0f\ud83d\udcb8\ud83d\udcb8\ud83d\udcb8 El precio de la actividad ser\u00e1 de 2\u20ac (b\u00e1sicamente para comprar el desayuno) Y la cena de ese d\u00eda la tendr\u00e1 que traer cada uno.  Cosa a traer: - esterilla - \u2060saco - \u2060\u00fatiles de aseo - \u2060ropa de cambio - \u2060pijama  El plazo de inscripci\u00f3n es hasta el d\u00eda 5 de febrero a las 23:59h \u23f0  Corre y no pierdas esta incre\u00edble oportunidad de pasar un finde incre\u00edble!! Si lo tienes claro, no lo dejes para el \u00faltimo momento \ud83d\ude0e"}