{"version":"1.0","provider_name":"Centro Juvenil Mar\u00eda Auxiliadora","provider_url":"https:\/\/salesianosmaux.es\/centrojuvenil","author_name":"centrojuvenil","author_url":"https:\/\/salesianosmaux.es\/centrojuvenil\/author\/centrojuvenil\/","title":"ACAMPADA EN AR\u00c9VALO - Centro Juvenil Mar\u00eda Auxiliadora","type":"rich","width":600,"height":338,"html":"<blockquote class=\"wp-embedded-content\" data-secret=\"nniKzGlKBF\"><a href=\"https:\/\/salesianosmaux.es\/centrojuvenil\/2026\/01\/24\/acampada-en-arevalo\/\">ACAMPADA EN AR\u00c9VALO<\/a><\/blockquote><iframe sandbox=\"allow-scripts\" security=\"restricted\" src=\"https:\/\/salesianosmaux.es\/centrojuvenil\/2026\/01\/24\/acampada-en-arevalo\/embed\/#?secret=nniKzGlKBF\" width=\"600\" height=\"338\" title=\"\u00abACAMPADA EN AR\u00c9VALO\u00bb \u2014 Centro Juvenil Mar\u00eda Auxiliadora\" data-secret=\"nniKzGlKBF\" frameborder=\"0\" marginwidth=\"0\" marginheight=\"0\" scrolling=\"no\" class=\"wp-embedded-content\"><\/iframe><script type=\"text\/javascript\">\n\/* <![CDATA[ *\/\n\/*! This file is auto-generated *\/\n!function(d,l){\"use strict\";l.querySelector&&d.addEventListener&&\"undefined\"!=typeof URL&&(d.wp=d.wp||{},d.wp.receiveEmbedMessage||(d.wp.receiveEmbedMessage=function(e){var t=e.data;if((t||t.secret||t.message||t.value)&&!\/[^a-zA-Z0-9]\/.test(t.secret)){for(var s,r,n,a=l.querySelectorAll('iframe[data-secret=\"'+t.secret+'\"]'),o=l.querySelectorAll('blockquote[data-secret=\"'+t.secret+'\"]'),c=new RegExp(\"^https?:$\",\"i\"),i=0;i<o.length;i++)o[i].style.display=\"none\";for(i=0;i<a.length;i++)s=a[i],e.source===s.contentWindow&&(s.removeAttribute(\"style\"),\"height\"===t.message?(1e3<(r=parseInt(t.value,10))?r=1e3:~~r<200&&(r=200),s.height=r):\"link\"===t.message&&(r=new URL(s.getAttribute(\"src\")),n=new URL(t.value),c.test(n.protocol))&&n.host===r.host&&l.activeElement===s&&(d.top.location.href=t.value))}},d.addEventListener(\"message\",d.wp.receiveEmbedMessage,!1),l.addEventListener(\"DOMContentLoaded\",function(){for(var e,t,s=l.querySelectorAll(\"iframe.wp-embedded-content\"),r=0;r<s.length;r++)(t=(e=s[r]).getAttribute(\"data-secret\"))||(t=Math.random().toString(36).substring(2,12),e.src+=\"#?secret=\"+t,e.setAttribute(\"data-secret\",t)),e.contentWindow.postMessage({message:\"ready\",secret:t},\"*\")},!1)))}(window,document);\n\/\/# sourceURL=https:\/\/salesianosmaux.es\/centrojuvenil\/wp-includes\/js\/wp-embed.min.js\n\/* ]]> *\/\n<\/script>\n","thumbnail_url":"https:\/\/salesianosmaux.es\/centrojuvenil\/wp-content\/uploads\/sites\/6\/2026\/01\/acampada.jpeg","thumbnail_width":1920,"thumbnail_height":1080,"description":"\ud83e\ude75\u00a1BUENAS FAMILIAS DEL CHIQUICENTRO!\ud83e\ude77 Os presentamos la acampada en el Colegio Salesiano de Ar\u00e9valo (\u00c1vila). \ud83c\udfeb Esta actividad tendr\u00e1 lugar los d\u00edas 21 y 22 de febrero . \ud83d\udd70\ufe0f Con el siguiente horario: - Saldremos de Salamanca el S\u00e1bado 21 de febrero a las 9:00h. - Llegaremos a Salamanca el Domingo 22 de febrero sobre las 14:00h . (Iremos comunicando la hora exacta por redes) \ud83d\udcf2 En la acampada haremos distintas actividades que se realizar\u00e1n en el propio Colegio de los Salesianos. El colegio cuenta con dormitorios, aseos, duchas, ba\u00f1os, comedor, gimnasio, soportales, calefacci\u00f3n asi que si hace fr\u00edo estaremos bien resguardados. Durante la acampada, tendremos muchos juegos, formaci\u00f3n, tiempo libre\u2026 todo ello buscando la m\u00e1xima convivencia posible adem\u00e1s de pasarlo en grande."}