{"id":108,"date":"2022-03-06T21:24:08","date_gmt":"2022-03-06T21:24:08","guid":{"rendered":"https:\/\/salesianosmaux.es\/centrojuvenil\/?page_id=108"},"modified":"2024-10-06T15:09:34","modified_gmt":"2024-10-06T15:09:34","slug":"chiquicentro","status":"publish","type":"page","link":"https:\/\/salesianosmaux.es\/centrojuvenil\/chiquicentro\/","title":{"rendered":"Chiquicentro"},"content":{"rendered":"<p>[et_pb_section fb_built=\u00bb1&#8243; fullwidth=\u00bbon\u00bb _builder_version=\u00bb4.16&#8243; _module_preset=\u00bbdefault\u00bb global_colors_info=\u00bb{}\u00bb][et_pb_fullwidth_header title=\u00bbChiquicentro\u00bb background_overlay_color=\u00bbrgba(178,178,178,0)\u00bb module_class=\u00bbpagina-imagen-cabecera\u00bb _builder_version=\u00bb4.17.4&#8243; title_font=\u00bbLato||||||||\u00bb background_color=\u00bb#E02B20&#8243; background_image=\u00bbhttps:\/\/salesianosmaux.es\/centrojuvenil\/wp-content\/uploads\/sites\/6\/2022\/02\/encabezado_noticias_casa-min.png\u00bb background_layout=\u00bblight\u00bb max_width_tablet=\u00bb50px\u00bb button_one_letter_spacing_hover=\u00bb0&#8243; button_two_letter_spacing_hover=\u00bb0&#8243; global_colors_info=\u00bb{}\u00bb button_one_text_size__hover_enabled=\u00bboff\u00bb button_two_text_size__hover_enabled=\u00bboff\u00bb button_one_text_color__hover_enabled=\u00bboff\u00bb button_two_text_color__hover_enabled=\u00bboff\u00bb button_one_border_width__hover_enabled=\u00bboff\u00bb button_two_border_width__hover_enabled=\u00bboff\u00bb button_one_border_color__hover_enabled=\u00bboff\u00bb button_two_border_color__hover_enabled=\u00bboff\u00bb button_one_border_radius__hover_enabled=\u00bboff\u00bb button_two_border_radius__hover_enabled=\u00bboff\u00bb button_one_letter_spacing__hover_enabled=\u00bbon\u00bb button_one_letter_spacing__hover=\u00bb0&#8243; button_two_letter_spacing__hover_enabled=\u00bbon\u00bb button_two_letter_spacing__hover=\u00bb0&#8243; button_one_bg_color__hover_enabled=\u00bboff\u00bb button_two_bg_color__hover_enabled=\u00bboff\u00bb][\/et_pb_fullwidth_header][\/et_pb_section][et_pb_section fb_built=\u00bb1&#8243; _builder_version=\u00bb4.16&#8243; _module_preset=\u00bbdefault\u00bb global_colors_info=\u00bb{}\u00bb][et_pb_row column_structure=\u00bb1_5,1_5,1_5,1_5,1_5&#8243; _builder_version=\u00bb4.16&#8243; _module_preset=\u00bbdefault\u00bb global_colors_info=\u00bb{}\u00bb][et_pb_column type=\u00bb1_5&#8243; _builder_version=\u00bb4.16&#8243; _module_preset=\u00bbdefault\u00bb global_colors_info=\u00bb{}\u00bb][et_pb_blurb title=\u00bbEdades\u00bb use_icon=\u00bbon\u00bb font_icon=\u00bb&#xf0c0;||fa||900&#8243; _builder_version=\u00bb4.16&#8243; _module_preset=\u00bbdefault\u00bb header_text_align=\u00bbcenter\u00bb body_text_align=\u00bbcenter\u00bb global_colors_info=\u00bb{}\u00bb]<\/p>\n<p>Desde 3\u00ba a 6\u00ba Primaria (8-11 a\u00f1os)<\/p>\n<p>[\/et_pb_blurb][\/et_pb_column][et_pb_column type=\u00bb1_5&#8243; _builder_version=\u00bb4.16&#8243; _module_preset=\u00bbdefault\u00bb global_colors_info=\u00bb{}\u00bb][et_pb_blurb title=\u00bbHorario habitual\u00bb use_icon=\u00bbon\u00bb font_icon=\u00bb&#xf017;||fa||400&#8243; _builder_version=\u00bb4.27.2&#8243; _module_preset=\u00bbdefault\u00bb header_text_align=\u00bbcenter\u00bb body_text_align=\u00bbcenter\u00bb hover_enabled=\u00bb0&#8243; global_colors_info=\u00bb{}\u00bb sticky_enabled=\u00bb0&#8243;]<\/p>\n<p>S\u00e1bados de 17:00-19:00 h.<\/p>\n<p>[\/et_pb_blurb][\/et_pb_column][et_pb_column type=\u00bb1_5&#8243; _builder_version=\u00bb4.16&#8243; _module_preset=\u00bbdefault\u00bb global_colors_info=\u00bb{}\u00bb][et_pb_blurb title=\u00bbJuegos\/Deporte\u00bb use_icon=\u00bbon\u00bb font_icon=\u00bb&#xf45f;||fa||900&#8243; _builder_version=\u00bb4.16&#8243; _module_preset=\u00bbdefault\u00bb header_text_align=\u00bbcenter\u00bb body_text_align=\u00bbcenter\u00bb global_colors_info=\u00bb{}\u00bb]<\/p>\n<p>Aprenderemos nuevas actividades, juegos y deportes<\/p>\n<p>[\/et_pb_blurb][\/et_pb_column][et_pb_column type=\u00bb1_5&#8243; _builder_version=\u00bb4.16&#8243; _module_preset=\u00bbdefault\u00bb global_colors_info=\u00bb{}\u00bb][et_pb_blurb title=\u00bbFormaci\u00f3n\u00bb use_icon=\u00bbon\u00bb font_icon=\u00bb&#xf7e6;||fa||900&#8243; _builder_version=\u00bb4.16&#8243; _module_preset=\u00bbdefault\u00bb header_text_align=\u00bbcenter\u00bb body_text_align=\u00bbcenter\u00bb global_colors_info=\u00bb{}\u00bb]<\/p>\n<p>Aprendemos y desarrollamos valores<\/p>\n<p>[\/et_pb_blurb][\/et_pb_column][et_pb_column type=\u00bb1_5&#8243; _builder_version=\u00bb4.16&#8243; _module_preset=\u00bbdefault\u00bb global_colors_info=\u00bb{}\u00bb][et_pb_blurb title=\u00bbY adem\u00e1s&#8230;\u00bb use_icon=\u00bbon\u00bb font_icon=\u00bb&#xf6bb;||fa||900&#8243; _builder_version=\u00bb4.16&#8243; _module_preset=\u00bbdefault\u00bb header_text_align=\u00bbcenter\u00bb body_text_align=\u00bbcenter\u00bb global_colors_info=\u00bb{}\u00bb]<\/p>\n<p>Actividades extraordinarias como acampadas y fiestas<\/p>\n<p>[\/et_pb_blurb][\/et_pb_column][\/et_pb_row][et_pb_row _builder_version=\u00bb4.16&#8243; _module_preset=\u00bbdefault\u00bb global_colors_info=\u00bb{}\u00bb][et_pb_column type=\u00bb4_4&#8243; _builder_version=\u00bb4.16&#8243; _module_preset=\u00bbdefault\u00bb global_colors_info=\u00bb{}\u00bb][et_pb_testimonial _builder_version=\u00bb4.16&#8243; _module_preset=\u00bbdefault\u00bb global_colors_info=\u00bb{}\u00bb]<\/p>\n<p style=\"text-align: justify;\">En la secci\u00f3n del Chiquicentro ser\u00e1n bienvenidos todos aquellos ni\u00f1os entre 8 y 11 a\u00f1os, es decir, aquellos que est\u00e9n en los cursos de 3\u00b0 a 6\u00b0 de Educaci\u00f3n Primaria.<br \/>Nuestras actividades se desarrollar\u00e1n los s\u00e1bados de 17:00h a 19:00h. En ellas, los ni\u00f1os se sentir\u00e1n los protagonistas junto con el resto de sus compa\u00f1eros, donde aprender\u00e1n nuevas actividades, juegos y deportes. Tambi\u00e9n, se realizan peque\u00f1as formaciones al comenzar, ayudando a los ni\u00f1os a aprender nuevos valores y desarrollar los ya aprendidos.<br \/>Los horarios pueden variar si se realizan actividades extraordinarias, como acampadas, fiestas&#8230;<br \/>\u00a1Te estamos esperando!<\/p>\n<p>[\/et_pb_testimonial][\/et_pb_column][\/et_pb_row][et_pb_row _builder_version=\u00bb4.16&#8243; _module_preset=\u00bbdefault\u00bb global_colors_info=\u00bb{}\u00bb][et_pb_column type=\u00bb4_4&#8243; _builder_version=\u00bb4.16&#8243; _module_preset=\u00bbdefault\u00bb global_colors_info=\u00bb{}\u00bb][et_pb_text admin_label=\u00bbNoticias de la casa (Texto)\u00bb _builder_version=\u00bb4.16&#8243; text_font=\u00bbArial||||\u00bb text_text_color=\u00bb#636a70&#8243; text_font_size=\u00bb22&#8243; text_line_height=\u00bb1.6em\u00bb header_font=\u00bbArial||||\u00bb header_text_color=\u00bb#636a70&#8243; header_font_size=\u00bb46px\u00bb background_size=\u00bbinitial\u00bb background_position=\u00bbtop_left\u00bb background_repeat=\u00bbrepeat\u00bb custom_margin=\u00bb||25px|\u00bb custom_padding=\u00bb|||\u00bb saved_tabs=\u00bball\u00bb global_colors_info=\u00bb{}\u00bb]<\/p>\n<p class=\"\"><strong>Actividades del Chiqui<\/strong><strong><img loading=\"lazy\" decoding=\"async\" class=\"wp-image-1598 alignleft\" src=\"https:\/\/alicante.salesianos.edu\/wp-content\/uploads\/2017\/03\/Captura-de-pantalla-2017-05-24-a-las-13.27.09.png\" alt=\"\" width=\"29\" height=\"30\" \/><\/strong><\/p>\n<p>[\/et_pb_text][et_pb_blog fullwidth=\u00bboff\u00bb posts_number=\u00bb6&#8243; include_categories=\u00bb29&#8243; meta_date=\u00bbj M, Y\u00bb show_thumbnail=\u00bboff\u00bb show_author=\u00bboff\u00bb show_categories=\u00bboff\u00bb _builder_version=\u00bb4.16&#8243; _module_preset=\u00bbdefault\u00bb header_font=\u00bbLato|700|||||||\u00bb header_font_size=\u00bb18px\u00bb border_radii=\u00bbon|25px|25px|25px|25px\u00bb box_shadow_style=\u00bbpreset3&#8243; global_colors_info=\u00bb{}\u00bb][\/et_pb_blog][\/et_pb_column][\/et_pb_row][et_pb_row module_id=\u00bbcontactoChiqui\u00bb _builder_version=\u00bb4.16&#8243; _module_preset=\u00bbdefault\u00bb global_colors_info=\u00bb{}\u00bb][et_pb_column type=\u00bb4_4&#8243; _builder_version=\u00bb4.16&#8243; _module_preset=\u00bbdefault\u00bb global_colors_info=\u00bb{}\u00bb][et_pb_text admin_label=\u00bbNoticias de la casa (Texto)\u00bb _builder_version=\u00bb4.16&#8243; text_font=\u00bbArial||||\u00bb text_text_color=\u00bb#636a70&#8243; text_font_size=\u00bb22&#8243; text_line_height=\u00bb1.6em\u00bb header_font=\u00bbArial||||\u00bb header_text_color=\u00bb#636a70&#8243; header_font_size=\u00bb46px\u00bb background_size=\u00bbinitial\u00bb background_position=\u00bbtop_left\u00bb background_repeat=\u00bbrepeat\u00bb custom_margin=\u00bb||25px|\u00bb custom_padding=\u00bb|||\u00bb saved_tabs=\u00bball\u00bb global_colors_info=\u00bb{}\u00bb]<\/p>\n<p class=\"\"><strong>Formulario de contacto con el Chiqui<\/strong><strong><img loading=\"lazy\" decoding=\"async\" class=\"wp-image-1598 alignleft\" src=\"https:\/\/alicante.salesianos.edu\/wp-content\/uploads\/2017\/03\/Captura-de-pantalla-2017-05-24-a-las-13.27.09.png\" alt=\"\" width=\"29\" height=\"30\" \/><\/strong><\/p>\n<p>[\/et_pb_text][et_pb_contact_form email=\u00bbcjmaux@gmail.com\u00bb custom_message=\u00bb%%name%% ha enviado un mensaje solicitando informaci\u00f3n a trav\u00e9s de la web del GHIQUICENTRO (salesianosmaux.es\/centrojuvenil\/chiquicentro):||et_pb_line_break_holder||||et_pb_line_break_holder||&#8212;&#8212;||et_pb_line_break_holder||%%message%%||et_pb_line_break_holder||&#8212;&#8212;||et_pb_line_break_holder||||et_pb_line_break_holder||Puedes responder a este correo directamente salvo que te lo hayan REENVIADO. En ese caso, tendr\u00e1s que redactar un NUEVO CORREO con la respuesta y enviarlo a %%email%%.||et_pb_line_break_holder||||et_pb_line_break_holder||Para cualquier problema o sugerencia sobre el sistema de formularios de la web env\u00eda un correo a informatica@mauxsalamanca.es\u00bb _builder_version=\u00bb4.17.4&#8243; _module_preset=\u00bbdefault\u00bb _unique_id=\u00bbcb4f328f-1614-4831-8b64-242d695e8460&#8243; global_colors_info=\u00bb{}\u00bb][et_pb_contact_field field_id=\u00bbName\u00bb field_title=\u00bbNombre\u00bb _builder_version=\u00bb4.16&#8243; global_colors_info=\u00bb{}\u00bb button_text_size__hover_enabled=\u00bboff\u00bb button_one_text_size__hover_enabled=\u00bboff\u00bb button_two_text_size__hover_enabled=\u00bboff\u00bb button_text_color__hover_enabled=\u00bboff\u00bb button_one_text_color__hover_enabled=\u00bboff\u00bb button_two_text_color__hover_enabled=\u00bboff\u00bb button_border_width__hover_enabled=\u00bboff\u00bb button_one_border_width__hover_enabled=\u00bboff\u00bb button_two_border_width__hover_enabled=\u00bboff\u00bb button_border_color__hover_enabled=\u00bboff\u00bb button_one_border_color__hover_enabled=\u00bboff\u00bb button_two_border_color__hover_enabled=\u00bboff\u00bb button_border_radius__hover_enabled=\u00bboff\u00bb button_one_border_radius__hover_enabled=\u00bboff\u00bb button_two_border_radius__hover_enabled=\u00bboff\u00bb button_letter_spacing__hover_enabled=\u00bboff\u00bb button_one_letter_spacing__hover_enabled=\u00bboff\u00bb button_two_letter_spacing__hover_enabled=\u00bboff\u00bb button_bg_color__hover_enabled=\u00bboff\u00bb button_one_bg_color__hover_enabled=\u00bboff\u00bb button_two_bg_color__hover_enabled=\u00bboff\u00bb][\/et_pb_contact_field][et_pb_contact_field field_id=\u00bbEmail\u00bb field_title=\u00bbDirecci\u00f3n de correo electr\u00f3nico\u00bb field_type=\u00bbemail\u00bb _builder_version=\u00bb4.16&#8243; global_colors_info=\u00bb{}\u00bb button_text_size__hover_enabled=\u00bboff\u00bb button_one_text_size__hover_enabled=\u00bboff\u00bb button_two_text_size__hover_enabled=\u00bboff\u00bb button_text_color__hover_enabled=\u00bboff\u00bb button_one_text_color__hover_enabled=\u00bboff\u00bb button_two_text_color__hover_enabled=\u00bboff\u00bb button_border_width__hover_enabled=\u00bboff\u00bb button_one_border_width__hover_enabled=\u00bboff\u00bb button_two_border_width__hover_enabled=\u00bboff\u00bb button_border_color__hover_enabled=\u00bboff\u00bb button_one_border_color__hover_enabled=\u00bboff\u00bb button_two_border_color__hover_enabled=\u00bboff\u00bb button_border_radius__hover_enabled=\u00bboff\u00bb button_one_border_radius__hover_enabled=\u00bboff\u00bb button_two_border_radius__hover_enabled=\u00bboff\u00bb button_letter_spacing__hover_enabled=\u00bboff\u00bb button_one_letter_spacing__hover_enabled=\u00bboff\u00bb button_two_letter_spacing__hover_enabled=\u00bboff\u00bb button_bg_color__hover_enabled=\u00bboff\u00bb button_one_bg_color__hover_enabled=\u00bboff\u00bb button_two_bg_color__hover_enabled=\u00bboff\u00bb][\/et_pb_contact_field][et_pb_contact_field field_id=\u00bbMessage\u00bb field_title=\u00bbMensaje\u00bb field_type=\u00bbtext\u00bb fullwidth_field=\u00bbon\u00bb _builder_version=\u00bb4.16&#8243; global_colors_info=\u00bb{}\u00bb button_text_size__hover_enabled=\u00bboff\u00bb button_one_text_size__hover_enabled=\u00bboff\u00bb button_two_text_size__hover_enabled=\u00bboff\u00bb button_text_color__hover_enabled=\u00bboff\u00bb button_one_text_color__hover_enabled=\u00bboff\u00bb button_two_text_color__hover_enabled=\u00bboff\u00bb button_border_width__hover_enabled=\u00bboff\u00bb button_one_border_width__hover_enabled=\u00bboff\u00bb button_two_border_width__hover_enabled=\u00bboff\u00bb button_border_color__hover_enabled=\u00bboff\u00bb button_one_border_color__hover_enabled=\u00bboff\u00bb button_two_border_color__hover_enabled=\u00bboff\u00bb button_border_radius__hover_enabled=\u00bboff\u00bb button_one_border_radius__hover_enabled=\u00bboff\u00bb button_two_border_radius__hover_enabled=\u00bboff\u00bb button_letter_spacing__hover_enabled=\u00bboff\u00bb button_one_letter_spacing__hover_enabled=\u00bboff\u00bb button_two_letter_spacing__hover_enabled=\u00bboff\u00bb button_bg_color__hover_enabled=\u00bboff\u00bb button_one_bg_color__hover_enabled=\u00bboff\u00bb button_two_bg_color__hover_enabled=\u00bboff\u00bb][\/et_pb_contact_field][et_pb_contact_field field_id=\u00bbPrivacidad\u00bb field_title=\u00bb \u00bb field_type=\u00bbcheckbox\u00bb checkbox_options=\u00bb%91{%22value%22:%22Acepto la pol\u00edtica de privacidad del sitio web%22,%22checked%22:0,%22dragID%22:-1,%22link_url%22:%22https:\/\/salesianosmaux.es\/privacidad%22}%93&#8243; fullwidth_field=\u00bbon\u00bb _builder_version=\u00bb4.16&#8243; _module_preset=\u00bbdefault\u00bb global_colors_info=\u00bb{}\u00bb][\/et_pb_contact_field][\/et_pb_contact_form][\/et_pb_column][\/et_pb_row][\/et_pb_section]<\/p>\n","protected":false},"excerpt":{"rendered":"<p>Desde 3\u00ba a 6\u00ba Primaria (8-11 a\u00f1os)S\u00e1bados de 17:00-19:00 h.Aprenderemos nuevas actividades, juegos y deportesAprendemos y desarrollamos valoresActividades extraordinarias como acampadas y fiestasEn la secci\u00f3n del Chiquicentro ser\u00e1n bienvenidos todos aquellos ni\u00f1os entre 8 y 11 a\u00f1os, es decir, aquellos que est\u00e9n en los cursos de 3\u00b0 a 6\u00b0 de Educaci\u00f3n Primaria.Nuestras actividades se desarrollar\u00e1n [&hellip;]<\/p>\n","protected":false},"author":1,"featured_media":0,"parent":0,"menu_order":0,"comment_status":"closed","ping_status":"closed","template":"","meta":{"_et_pb_use_builder":"on","_et_pb_old_content":"","_et_gb_content_width":"","footnotes":""},"class_list":["post-108","page","type-page","status-publish","hentry"],"yoast_head":"<!-- This site is optimized with the Yoast SEO plugin v28.4 - https:\/\/yoast.com\/product\/yoast-seo-wordpress\/ -->\n<title>Chiquicentro - Centro Juvenil Mar\u00eda Auxiliadora<\/title>\n<meta name=\"robots\" content=\"index, follow, max-snippet:-1, max-image-preview:large, max-video-preview:-1\" \/>\n<link rel=\"canonical\" href=\"https:\/\/salesianosmaux.es\/centrojuvenil\/chiquicentro\/\" \/>\n<meta property=\"og:locale\" content=\"es_ES\" \/>\n<meta property=\"og:type\" content=\"article\" \/>\n<meta property=\"og:title\" content=\"Chiquicentro - Centro Juvenil Mar\u00eda Auxiliadora\" \/>\n<meta property=\"og:description\" content=\"Te puede interesar...\" \/>\n<meta property=\"og:url\" content=\"https:\/\/salesianosmaux.es\/centrojuvenil\/chiquicentro\/\" \/>\n<meta property=\"og:site_name\" content=\"Centro Juvenil Mar\u00eda Auxiliadora\" \/>\n<meta property=\"article:modified_time\" content=\"2024-10-06T15:09:34+00:00\" \/>\n<meta property=\"og:image\" content=\"https:\/\/alicante.salesianos.edu\/wp-content\/uploads\/2017\/03\/Captura-de-pantalla-2017-05-24-a-las-13.27.09.png\" \/>\n<meta name=\"twitter:card\" content=\"summary_large_image\" \/>\n<script type=\"application\/ld+json\" class=\"yoast-schema-graph\">{\"@context\":\"https:\\\/\\\/schema.org\",\"@graph\":[{\"@type\":\"WebPage\",\"@id\":\"https:\\\/\\\/salesianosmaux.es\\\/centrojuvenil\\\/chiquicentro\\\/\",\"url\":\"https:\\\/\\\/salesianosmaux.es\\\/centrojuvenil\\\/chiquicentro\\\/\",\"name\":\"Chiquicentro - Centro Juvenil Mar\u00eda Auxiliadora\",\"isPartOf\":{\"@id\":\"https:\\\/\\\/salesianosmaux.es\\\/centrojuvenil\\\/#website\"},\"primaryImageOfPage\":{\"@id\":\"https:\\\/\\\/salesianosmaux.es\\\/centrojuvenil\\\/chiquicentro\\\/#primaryimage\"},\"image\":{\"@id\":\"https:\\\/\\\/salesianosmaux.es\\\/centrojuvenil\\\/chiquicentro\\\/#primaryimage\"},\"thumbnailUrl\":\"https:\\\/\\\/alicante.salesianos.edu\\\/wp-content\\\/uploads\\\/2017\\\/03\\\/Captura-de-pantalla-2017-05-24-a-las-13.27.09.png\",\"datePublished\":\"2022-03-06T21:24:08+00:00\",\"dateModified\":\"2024-10-06T15:09:34+00:00\",\"breadcrumb\":{\"@id\":\"https:\\\/\\\/salesianosmaux.es\\\/centrojuvenil\\\/chiquicentro\\\/#breadcrumb\"},\"inLanguage\":\"es\",\"potentialAction\":[{\"@type\":\"ReadAction\",\"target\":[\"https:\\\/\\\/salesianosmaux.es\\\/centrojuvenil\\\/chiquicentro\\\/\"]}]},{\"@type\":\"ImageObject\",\"inLanguage\":\"es\",\"@id\":\"https:\\\/\\\/salesianosmaux.es\\\/centrojuvenil\\\/chiquicentro\\\/#primaryimage\",\"url\":\"https:\\\/\\\/alicante.salesianos.edu\\\/wp-content\\\/uploads\\\/2017\\\/03\\\/Captura-de-pantalla-2017-05-24-a-las-13.27.09.png\",\"contentUrl\":\"https:\\\/\\\/alicante.salesianos.edu\\\/wp-content\\\/uploads\\\/2017\\\/03\\\/Captura-de-pantalla-2017-05-24-a-las-13.27.09.png\"},{\"@type\":\"BreadcrumbList\",\"@id\":\"https:\\\/\\\/salesianosmaux.es\\\/centrojuvenil\\\/chiquicentro\\\/#breadcrumb\",\"itemListElement\":[{\"@type\":\"ListItem\",\"position\":1,\"name\":\"Portada\",\"item\":\"https:\\\/\\\/salesianosmaux.es\\\/centrojuvenil\\\/\"},{\"@type\":\"ListItem\",\"position\":2,\"name\":\"Chiquicentro\"}]},{\"@type\":\"WebSite\",\"@id\":\"https:\\\/\\\/salesianosmaux.es\\\/centrojuvenil\\\/#website\",\"url\":\"https:\\\/\\\/salesianosmaux.es\\\/centrojuvenil\\\/\",\"name\":\"Centro Juvenil Mar\u00eda Auxiliadora\",\"description\":\"\",\"potentialAction\":[{\"@type\":\"SearchAction\",\"target\":{\"@type\":\"EntryPoint\",\"urlTemplate\":\"https:\\\/\\\/salesianosmaux.es\\\/centrojuvenil\\\/?s={search_term_string}\"},\"query-input\":{\"@type\":\"PropertyValueSpecification\",\"valueRequired\":true,\"valueName\":\"search_term_string\"}}],\"inLanguage\":\"es\"}]}<\/script>\n<!-- \/ Yoast SEO plugin. -->","yoast_head_json":{"title":"Chiquicentro - Centro Juvenil Mar\u00eda Auxiliadora","robots":{"index":"index","follow":"follow","max-snippet":"max-snippet:-1","max-image-preview":"max-image-preview:large","max-video-preview":"max-video-preview:-1"},"canonical":"https:\/\/salesianosmaux.es\/centrojuvenil\/chiquicentro\/","og_locale":"es_ES","og_type":"article","og_title":"Chiquicentro - Centro Juvenil Mar\u00eda Auxiliadora","og_description":"Te puede interesar...","og_url":"https:\/\/salesianosmaux.es\/centrojuvenil\/chiquicentro\/","og_site_name":"Centro Juvenil Mar\u00eda Auxiliadora","article_modified_time":"2024-10-06T15:09:34+00:00","og_image":[{"url":"https:\/\/alicante.salesianos.edu\/wp-content\/uploads\/2017\/03\/Captura-de-pantalla-2017-05-24-a-las-13.27.09.png","type":"","width":"","height":""}],"twitter_card":"summary_large_image","schema":{"@context":"https:\/\/schema.org","@graph":[{"@type":"WebPage","@id":"https:\/\/salesianosmaux.es\/centrojuvenil\/chiquicentro\/","url":"https:\/\/salesianosmaux.es\/centrojuvenil\/chiquicentro\/","name":"Chiquicentro - Centro Juvenil Mar\u00eda Auxiliadora","isPartOf":{"@id":"https:\/\/salesianosmaux.es\/centrojuvenil\/#website"},"primaryImageOfPage":{"@id":"https:\/\/salesianosmaux.es\/centrojuvenil\/chiquicentro\/#primaryimage"},"image":{"@id":"https:\/\/salesianosmaux.es\/centrojuvenil\/chiquicentro\/#primaryimage"},"thumbnailUrl":"https:\/\/alicante.salesianos.edu\/wp-content\/uploads\/2017\/03\/Captura-de-pantalla-2017-05-24-a-las-13.27.09.png","datePublished":"2022-03-06T21:24:08+00:00","dateModified":"2024-10-06T15:09:34+00:00","breadcrumb":{"@id":"https:\/\/salesianosmaux.es\/centrojuvenil\/chiquicentro\/#breadcrumb"},"inLanguage":"es","potentialAction":[{"@type":"ReadAction","target":["https:\/\/salesianosmaux.es\/centrojuvenil\/chiquicentro\/"]}]},{"@type":"ImageObject","inLanguage":"es","@id":"https:\/\/salesianosmaux.es\/centrojuvenil\/chiquicentro\/#primaryimage","url":"https:\/\/alicante.salesianos.edu\/wp-content\/uploads\/2017\/03\/Captura-de-pantalla-2017-05-24-a-las-13.27.09.png","contentUrl":"https:\/\/alicante.salesianos.edu\/wp-content\/uploads\/2017\/03\/Captura-de-pantalla-2017-05-24-a-las-13.27.09.png"},{"@type":"BreadcrumbList","@id":"https:\/\/salesianosmaux.es\/centrojuvenil\/chiquicentro\/#breadcrumb","itemListElement":[{"@type":"ListItem","position":1,"name":"Portada","item":"https:\/\/salesianosmaux.es\/centrojuvenil\/"},{"@type":"ListItem","position":2,"name":"Chiquicentro"}]},{"@type":"WebSite","@id":"https:\/\/salesianosmaux.es\/centrojuvenil\/#website","url":"https:\/\/salesianosmaux.es\/centrojuvenil\/","name":"Centro Juvenil Mar\u00eda Auxiliadora","description":"","potentialAction":[{"@type":"SearchAction","target":{"@type":"EntryPoint","urlTemplate":"https:\/\/salesianosmaux.es\/centrojuvenil\/?s={search_term_string}"},"query-input":{"@type":"PropertyValueSpecification","valueRequired":true,"valueName":"search_term_string"}}],"inLanguage":"es"}]}},"_links":{"self":[{"href":"https:\/\/salesianosmaux.es\/centrojuvenil\/wp-json\/wp\/v2\/pages\/108","targetHints":{"allow":["GET"]}}],"collection":[{"href":"https:\/\/salesianosmaux.es\/centrojuvenil\/wp-json\/wp\/v2\/pages"}],"about":[{"href":"https:\/\/salesianosmaux.es\/centrojuvenil\/wp-json\/wp\/v2\/types\/page"}],"author":[{"embeddable":true,"href":"https:\/\/salesianosmaux.es\/centrojuvenil\/wp-json\/wp\/v2\/users\/1"}],"replies":[{"embeddable":true,"href":"https:\/\/salesianosmaux.es\/centrojuvenil\/wp-json\/wp\/v2\/comments?post=108"}],"version-history":[{"count":12,"href":"https:\/\/salesianosmaux.es\/centrojuvenil\/wp-json\/wp\/v2\/pages\/108\/revisions"}],"predecessor-version":[{"id":1454,"href":"https:\/\/salesianosmaux.es\/centrojuvenil\/wp-json\/wp\/v2\/pages\/108\/revisions\/1454"}],"wp:attachment":[{"href":"https:\/\/salesianosmaux.es\/centrojuvenil\/wp-json\/wp\/v2\/media?parent=108"}],"curies":[{"name":"wp","href":"https:\/\/api.w.org\/{rel}","templated":true}]}}