{"id":1444,"date":"2024-10-06T15:05:41","date_gmt":"2024-10-06T15:05:41","guid":{"rendered":"https:\/\/salesianosmaux.es\/centrojuvenil\/?page_id=1444"},"modified":"2024-10-06T15:07:34","modified_gmt":"2024-10-06T15:07:34","slug":"bosconecta","status":"publish","type":"page","link":"https:\/\/salesianosmaux.es\/centrojuvenil\/bosconecta\/","title":{"rendered":"Bosconecta"},"content":{"rendered":"<p>[et_pb_section fb_built=\u00bb1&#8243; fullwidth=\u00bbon\u00bb _builder_version=\u00bb4.27.2&#8243; _module_preset=\u00bbdefault\u00bb global_colors_info=\u00bb{}\u00bb][et_pb_fullwidth_header title=\u00bbBosconecta\u00bb _builder_version=\u00bb4.27.2&#8243; _module_preset=\u00bbdefault\u00bb title_font=\u00bbLato||||||||\u00bb title_text_align=\u00bbright\u00bb title_font_size=\u00bb68px\u00bb background_image=\u00bbhttps:\/\/salesianosmaux.es\/centrojuvenil\/wp-content\/uploads\/sites\/6\/2022\/02\/encabezado_noticias_casa-min.png\u00bb global_colors_info=\u00bb{}\u00bb][\/et_pb_fullwidth_header][\/et_pb_section][et_pb_section fb_built=\u00bb1&#8243; _builder_version=\u00bb4.27.2&#8243; _module_preset=\u00bbdefault\u00bb global_colors_info=\u00bb{}\u00bb][et_pb_row _builder_version=\u00bb4.27.2&#8243; _module_preset=\u00bbdefault\u00bb global_colors_info=\u00bb{}\u00bb][et_pb_column type=\u00bb4_4&#8243; _builder_version=\u00bb4.27.2&#8243; _module_preset=\u00bbdefault\u00bb global_colors_info=\u00bb{}\u00bb][et_pb_text _builder_version=\u00bb4.27.2&#8243; _module_preset=\u00bbdefault\u00bb global_colors_info=\u00bb{}\u00bb]<\/p>\n<p style=\"font-weight: 400; text-align: justify;\"><strong>Bosconecta\u00a0<\/strong>(o tambi\u00e9n llamada \u00c1rea Privada) es la nueva plataforma que ha desarrollado la\u00a0<em>Confederaci\u00f3n Don Bosco<\/em>\u00a0para dar servicio a los Centros Juveniles de Espa\u00f1a.<\/p>\n<p style=\"font-weight: 400; text-align: justify;\">Esta plataforma permitir\u00e1 a las familias y a los administradores de los centros gestionar de una manera m\u00e1s \u00e1gil y sencilla las inscripciones, autorizaciones y pagos de las actividades que se llevan a cabo.<\/p>\n<p style=\"font-weight: 400; text-align: justify;\">Si quieres saber m\u00e1s, puedes obtener m\u00e1s informaci\u00f3n\u00a0<a href=\"https:\/\/www.confedonbosco.org\/bosconecta-una-herramienta-que-conecta-la-realidad-de-los-centros-juveniles-salesianos\/\">aqu\u00ed<\/a><\/p>\n<p style=\"font-weight: 400; text-align: justify;\">Y debajo, puedes encontrar un manual de uso de la plataforma Bosconecta.\u00a0<\/p>\n<p style=\"text-align: justify;\"><span style=\"font-weight: 400;\">Accede al \u00c1rea Privada haciendo clic en el siguiente bot\u00f3n.<\/span><\/p>\n<p>[\/et_pb_text][et_pb_button button_url=\u00bbhttps:\/\/www.confedonbosco.org\/areaprivada\/\u00bb url_new_window=\u00bbon\u00bb button_text=\u00bb\u00c1rea privada\u00bb button_alignment=\u00bbcenter\u00bb _builder_version=\u00bb4.27.2&#8243; _module_preset=\u00bbdefault\u00bb custom_button=\u00bbon\u00bb button_text_color=\u00bb#FFFFFF\u00bb button_bg_color=\u00bb#E02B20&#8243; button_border_width=\u00bb0px\u00bb button_border_radius=\u00bb16px\u00bb button_font=\u00bbLato||||||||\u00bb button_icon=\u00bb&#xf023;||fa||900&#8243; button_icon_placement=\u00bbleft\u00bb button_on_hover=\u00bboff\u00bb global_colors_info=\u00bb{}\u00bb][\/et_pb_button][et_pb_text _builder_version=\u00bb4.27.2&#8243; _module_preset=\u00bbdefault\u00bb custom_margin=\u00bb0px||||false|false\u00bb custom_padding=\u00bb25px||||false|false\u00bb global_colors_info=\u00bb{}\u00bb]<\/p>\n<h2 style=\"font-weight: 400;\"><strong>OLVIDO DE CONTRASE\u00d1A DEL \u00c1REA PRIVADA<\/strong>\u00a0<\/h2>\n<ul>\n<li style=\"font-weight: 400;\"><strong>Si no recuerda su contrase\u00f1a<\/strong>, a veces hay una soluci\u00f3n muy sencilla que consiste en escribir en el buscador\u00a0<strong>de nuestro correo electr\u00f3nico<\/strong>\u00a0las palabras \u201c\u00e1rea privada\u201d. \u00a1No es f\u00e1cil que tenga muchos correos con esa informaci\u00f3n! As\u00ed podr\u00e1 recordar su usuario y su contrase\u00f1a. Si no funciona, y recuerda su usuario,\u00a0puede acceder al \u00e1rea privada presionar \u201c\u00bfOlvid\u00f3 la contrase\u00f1a?\u201d.<\/li>\n<li style=\"font-weight: 400;\"><strong>Si no recuerda su usuario<\/strong>, puede escribir a\u00a0<strong>cjmaux@gmail.com\u00a0<\/strong>\u00a0indicando su nombre y apellidos, y le enviaremos su usuario.<\/li>\n<li style=\"font-weight: 400;\"><strong>No es un m\u00e9todo v\u00e1lido <\/strong>volver a rellenar el formulario de inscripci\u00f3n. El proceso de env\u00edo de contrase\u00f1as s\u00f3lo funciona cuando<strong>\u00a0no hab\u00eda contrase\u00f1as previas<\/strong>.<\/li>\n<\/ul>\n<p>[\/et_pb_text][\/et_pb_column][\/et_pb_row][et_pb_row column_structure=\u00bb3_4,1_4&#8243; _builder_version=\u00bb4.27.2&#8243; _module_preset=\u00bbdefault\u00bb global_colors_info=\u00bb{}\u00bb][et_pb_column type=\u00bb3_4&#8243; _builder_version=\u00bb4.27.2&#8243; _module_preset=\u00bbdefault\u00bb global_colors_info=\u00bb{}\u00bb][et_pb_video src=\u00bbhttps:\/\/www.youtube.com\/watch?v=QTaLz1BatIQ&#038;feature=youtu.be\u00bb _builder_version=\u00bb4.27.2&#8243; _module_preset=\u00bbdefault\u00bb global_colors_info=\u00bb{}\u00bb][\/et_pb_video][\/et_pb_column][et_pb_column type=\u00bb1_4&#8243; _builder_version=\u00bb4.27.2&#8243; _module_preset=\u00bbdefault\u00bb global_colors_info=\u00bb{}\u00bb][et_pb_blurb title=\u00bbManual para familias\u00bb url_new_window=\u00bbon\u00bb use_icon=\u00bbon\u00bb font_icon=\u00bb&#xf1c1;||fa||400&#8243; _builder_version=\u00bb4.27.2&#8243; _module_preset=\u00bbdefault\u00bb header_text_align=\u00bbcenter\u00bb custom_margin=\u00bb60px||||false|false\u00bb link_option_url_new_window=\u00bbon\u00bb hover_enabled=\u00bb0&#8243; global_colors_info=\u00bb{}\u00bb url=\u00bbhttps:\/\/salesianosmaux.es\/centrojuvenil\/wp-content\/uploads\/sites\/6\/2024\/10\/Manual_AP_familias.pdf\u00bb link_option_url=\u00bbhttps:\/\/salesianosmaux.es\/centrojuvenil\/wp-content\/uploads\/sites\/6\/2024\/10\/Manual_AP_familias.pdf\u00bb sticky_enabled=\u00bb0&#8243;]<\/p>\n<p style=\"text-align: center;\">\u00c1rea privada<\/p>\n<p>[\/et_pb_blurb][\/et_pb_column][\/et_pb_row][\/et_pb_section]<\/p>\n","protected":false},"excerpt":{"rendered":"<p>Bosconecta\u00a0(o tambi\u00e9n llamada \u00c1rea Privada) es la nueva plataforma que ha desarrollado la\u00a0Confederaci\u00f3n Don Bosco\u00a0para dar servicio a los Centros Juveniles de Espa\u00f1a. Esta plataforma permitir\u00e1 a las familias y a los administradores de los centros gestionar de una manera m\u00e1s \u00e1gil y sencilla las inscripciones, autorizaciones y pagos de las actividades que se llevan [&hellip;]<\/p>\n","protected":false},"author":1,"featured_media":72,"parent":0,"menu_order":0,"comment_status":"closed","ping_status":"closed","template":"","meta":{"_et_pb_use_builder":"on","_et_pb_old_content":"","_et_gb_content_width":"","footnotes":""},"class_list":["post-1444","page","type-page","status-publish","has-post-thumbnail","hentry"],"yoast_head":"<!-- This site is optimized with the Yoast SEO plugin v28.3 - https:\/\/yoast.com\/product\/yoast-seo-wordpress\/ -->\n<title>Bosconecta - Centro Juvenil Mar\u00eda Auxiliadora<\/title>\n<meta name=\"robots\" content=\"index, follow, max-snippet:-1, max-image-preview:large, max-video-preview:-1\" \/>\n<link rel=\"canonical\" href=\"https:\/\/salesianosmaux.es\/centrojuvenil\/bosconecta\/\" \/>\n<meta property=\"og:locale\" content=\"es_ES\" \/>\n<meta property=\"og:type\" content=\"article\" \/>\n<meta property=\"og:title\" content=\"Bosconecta - Centro Juvenil Mar\u00eda Auxiliadora\" \/>\n<meta property=\"og:description\" content=\"Te puede interesar...\" \/>\n<meta property=\"og:url\" content=\"https:\/\/salesianosmaux.es\/centrojuvenil\/bosconecta\/\" \/>\n<meta property=\"og:site_name\" content=\"Centro Juvenil Mar\u00eda Auxiliadora\" \/>\n<meta property=\"article:modified_time\" content=\"2024-10-06T15:07:34+00:00\" \/>\n<meta property=\"og:image\" content=\"https:\/\/salesianosmaux.es\/centrojuvenil\/wp-content\/uploads\/sites\/6\/2022\/02\/encabezado_noticias_casa-min-1.png\" \/>\n\t<meta property=\"og:image:width\" content=\"3000\" \/>\n\t<meta property=\"og:image:height\" content=\"586\" \/>\n\t<meta property=\"og:image:type\" content=\"image\/png\" \/>\n<meta name=\"twitter:card\" content=\"summary_large_image\" \/>\n<script type=\"application\/ld+json\" class=\"yoast-schema-graph\">{\"@context\":\"https:\\\/\\\/schema.org\",\"@graph\":[{\"@type\":\"WebPage\",\"@id\":\"https:\\\/\\\/salesianosmaux.es\\\/centrojuvenil\\\/bosconecta\\\/\",\"url\":\"https:\\\/\\\/salesianosmaux.es\\\/centrojuvenil\\\/bosconecta\\\/\",\"name\":\"Bosconecta - Centro Juvenil Mar\u00eda Auxiliadora\",\"isPartOf\":{\"@id\":\"https:\\\/\\\/salesianosmaux.es\\\/centrojuvenil\\\/#website\"},\"primaryImageOfPage\":{\"@id\":\"https:\\\/\\\/salesianosmaux.es\\\/centrojuvenil\\\/bosconecta\\\/#primaryimage\"},\"image\":{\"@id\":\"https:\\\/\\\/salesianosmaux.es\\\/centrojuvenil\\\/bosconecta\\\/#primaryimage\"},\"thumbnailUrl\":\"https:\\\/\\\/salesianosmaux.es\\\/centrojuvenil\\\/wp-content\\\/uploads\\\/sites\\\/6\\\/2022\\\/02\\\/encabezado_noticias_casa-min-1.png\",\"datePublished\":\"2024-10-06T15:05:41+00:00\",\"dateModified\":\"2024-10-06T15:07:34+00:00\",\"breadcrumb\":{\"@id\":\"https:\\\/\\\/salesianosmaux.es\\\/centrojuvenil\\\/bosconecta\\\/#breadcrumb\"},\"inLanguage\":\"es\",\"potentialAction\":[{\"@type\":\"ReadAction\",\"target\":[\"https:\\\/\\\/salesianosmaux.es\\\/centrojuvenil\\\/bosconecta\\\/\"]}]},{\"@type\":\"ImageObject\",\"inLanguage\":\"es\",\"@id\":\"https:\\\/\\\/salesianosmaux.es\\\/centrojuvenil\\\/bosconecta\\\/#primaryimage\",\"url\":\"https:\\\/\\\/salesianosmaux.es\\\/centrojuvenil\\\/wp-content\\\/uploads\\\/sites\\\/6\\\/2022\\\/02\\\/encabezado_noticias_casa-min-1.png\",\"contentUrl\":\"https:\\\/\\\/salesianosmaux.es\\\/centrojuvenil\\\/wp-content\\\/uploads\\\/sites\\\/6\\\/2022\\\/02\\\/encabezado_noticias_casa-min-1.png\",\"width\":3000,\"height\":586},{\"@type\":\"BreadcrumbList\",\"@id\":\"https:\\\/\\\/salesianosmaux.es\\\/centrojuvenil\\\/bosconecta\\\/#breadcrumb\",\"itemListElement\":[{\"@type\":\"ListItem\",\"position\":1,\"name\":\"Portada\",\"item\":\"https:\\\/\\\/salesianosmaux.es\\\/centrojuvenil\\\/\"},{\"@type\":\"ListItem\",\"position\":2,\"name\":\"Bosconecta\"}]},{\"@type\":\"WebSite\",\"@id\":\"https:\\\/\\\/salesianosmaux.es\\\/centrojuvenil\\\/#website\",\"url\":\"https:\\\/\\\/salesianosmaux.es\\\/centrojuvenil\\\/\",\"name\":\"Centro Juvenil Mar\u00eda Auxiliadora\",\"description\":\"\",\"potentialAction\":[{\"@type\":\"SearchAction\",\"target\":{\"@type\":\"EntryPoint\",\"urlTemplate\":\"https:\\\/\\\/salesianosmaux.es\\\/centrojuvenil\\\/?s={search_term_string}\"},\"query-input\":{\"@type\":\"PropertyValueSpecification\",\"valueRequired\":true,\"valueName\":\"search_term_string\"}}],\"inLanguage\":\"es\"}]}<\/script>\n<!-- \/ Yoast SEO plugin. -->","yoast_head_json":{"title":"Bosconecta - Centro Juvenil Mar\u00eda Auxiliadora","robots":{"index":"index","follow":"follow","max-snippet":"max-snippet:-1","max-image-preview":"max-image-preview:large","max-video-preview":"max-video-preview:-1"},"canonical":"https:\/\/salesianosmaux.es\/centrojuvenil\/bosconecta\/","og_locale":"es_ES","og_type":"article","og_title":"Bosconecta - Centro Juvenil Mar\u00eda Auxiliadora","og_description":"Te puede interesar...","og_url":"https:\/\/salesianosmaux.es\/centrojuvenil\/bosconecta\/","og_site_name":"Centro Juvenil Mar\u00eda Auxiliadora","article_modified_time":"2024-10-06T15:07:34+00:00","og_image":[{"width":3000,"height":586,"url":"https:\/\/salesianosmaux.es\/centrojuvenil\/wp-content\/uploads\/sites\/6\/2022\/02\/encabezado_noticias_casa-min-1.png","type":"image\/png"}],"twitter_card":"summary_large_image","schema":{"@context":"https:\/\/schema.org","@graph":[{"@type":"WebPage","@id":"https:\/\/salesianosmaux.es\/centrojuvenil\/bosconecta\/","url":"https:\/\/salesianosmaux.es\/centrojuvenil\/bosconecta\/","name":"Bosconecta - Centro Juvenil Mar\u00eda Auxiliadora","isPartOf":{"@id":"https:\/\/salesianosmaux.es\/centrojuvenil\/#website"},"primaryImageOfPage":{"@id":"https:\/\/salesianosmaux.es\/centrojuvenil\/bosconecta\/#primaryimage"},"image":{"@id":"https:\/\/salesianosmaux.es\/centrojuvenil\/bosconecta\/#primaryimage"},"thumbnailUrl":"https:\/\/salesianosmaux.es\/centrojuvenil\/wp-content\/uploads\/sites\/6\/2022\/02\/encabezado_noticias_casa-min-1.png","datePublished":"2024-10-06T15:05:41+00:00","dateModified":"2024-10-06T15:07:34+00:00","breadcrumb":{"@id":"https:\/\/salesianosmaux.es\/centrojuvenil\/bosconecta\/#breadcrumb"},"inLanguage":"es","potentialAction":[{"@type":"ReadAction","target":["https:\/\/salesianosmaux.es\/centrojuvenil\/bosconecta\/"]}]},{"@type":"ImageObject","inLanguage":"es","@id":"https:\/\/salesianosmaux.es\/centrojuvenil\/bosconecta\/#primaryimage","url":"https:\/\/salesianosmaux.es\/centrojuvenil\/wp-content\/uploads\/sites\/6\/2022\/02\/encabezado_noticias_casa-min-1.png","contentUrl":"https:\/\/salesianosmaux.es\/centrojuvenil\/wp-content\/uploads\/sites\/6\/2022\/02\/encabezado_noticias_casa-min-1.png","width":3000,"height":586},{"@type":"BreadcrumbList","@id":"https:\/\/salesianosmaux.es\/centrojuvenil\/bosconecta\/#breadcrumb","itemListElement":[{"@type":"ListItem","position":1,"name":"Portada","item":"https:\/\/salesianosmaux.es\/centrojuvenil\/"},{"@type":"ListItem","position":2,"name":"Bosconecta"}]},{"@type":"WebSite","@id":"https:\/\/salesianosmaux.es\/centrojuvenil\/#website","url":"https:\/\/salesianosmaux.es\/centrojuvenil\/","name":"Centro Juvenil Mar\u00eda Auxiliadora","description":"","potentialAction":[{"@type":"SearchAction","target":{"@type":"EntryPoint","urlTemplate":"https:\/\/salesianosmaux.es\/centrojuvenil\/?s={search_term_string}"},"query-input":{"@type":"PropertyValueSpecification","valueRequired":true,"valueName":"search_term_string"}}],"inLanguage":"es"}]}},"_links":{"self":[{"href":"https:\/\/salesianosmaux.es\/centrojuvenil\/wp-json\/wp\/v2\/pages\/1444","targetHints":{"allow":["GET"]}}],"collection":[{"href":"https:\/\/salesianosmaux.es\/centrojuvenil\/wp-json\/wp\/v2\/pages"}],"about":[{"href":"https:\/\/salesianosmaux.es\/centrojuvenil\/wp-json\/wp\/v2\/types\/page"}],"author":[{"embeddable":true,"href":"https:\/\/salesianosmaux.es\/centrojuvenil\/wp-json\/wp\/v2\/users\/1"}],"replies":[{"embeddable":true,"href":"https:\/\/salesianosmaux.es\/centrojuvenil\/wp-json\/wp\/v2\/comments?post=1444"}],"version-history":[{"count":3,"href":"https:\/\/salesianosmaux.es\/centrojuvenil\/wp-json\/wp\/v2\/pages\/1444\/revisions"}],"predecessor-version":[{"id":1450,"href":"https:\/\/salesianosmaux.es\/centrojuvenil\/wp-json\/wp\/v2\/pages\/1444\/revisions\/1450"}],"wp:featuredmedia":[{"embeddable":true,"href":"https:\/\/salesianosmaux.es\/centrojuvenil\/wp-json\/wp\/v2\/media\/72"}],"wp:attachment":[{"href":"https:\/\/salesianosmaux.es\/centrojuvenil\/wp-json\/wp\/v2\/media?parent=1444"}],"curies":[{"name":"wp","href":"https:\/\/api.w.org\/{rel}","templated":true}]}}