{"id":131,"date":"2022-02-17T21:45:24","date_gmt":"2022-02-17T21:45:24","guid":{"rendered":"https:\/\/salesianosmaux.es\/colegio\/?page_id=131"},"modified":"2026-06-18T14:12:39","modified_gmt":"2026-06-18T14:12:39","slug":"personal","status":"publish","type":"page","link":"https:\/\/salesianosmaux.es\/colegio\/personal\/","title":{"rendered":"Personal"},"content":{"rendered":"<p>[et_pb_section fb_built=\u00bb1&#8243; fullwidth=\u00bbon\u00bb _builder_version=\u00bb4.16&#8243; global_colors_info=\u00bb{}\u00bb][et_pb_fullwidth_header title=\u00bbPersonal\u00bb title_font_color=\u00bb#ffffff\u00bb module_class=\u00bbpagina-imagen-cabecera\u00bb _builder_version=\u00bb4.22.1&#8243; title_font=\u00bbArial||||||||\u00bb title_text_color=\u00bb#ffffff\u00bb title_font_size=\u00bb40px\u00bb background_color=\u00bb#E02B20&#8243; background_image=\u00bbhttps:\/\/salesianosmaux.es\/colegio\/wp-content\/uploads\/sites\/5\/2022\/02\/encabezado_noticias_casa-min.png\u00bb max_width_tablet=\u00bb50px\u00bb background_url=\u00bbhttps:\/\/alicante.salesianos.edu\/colegio\/wp-content\/uploads\/sites\/2\/2017\/03\/Captura-de-pantalla-2017-03-21-a-las-17.25.56.png\u00bb button_one_letter_spacing_hover=\u00bb0&#8243; button_two_letter_spacing_hover=\u00bb0&#8243; global_colors_info=\u00bb{}\u00bb button_one_text_size__hover_enabled=\u00bboff\u00bb button_two_text_size__hover_enabled=\u00bboff\u00bb button_one_text_color__hover_enabled=\u00bboff\u00bb button_two_text_color__hover_enabled=\u00bboff\u00bb button_one_border_width__hover_enabled=\u00bboff\u00bb button_two_border_width__hover_enabled=\u00bboff\u00bb button_one_border_color__hover_enabled=\u00bboff\u00bb button_two_border_color__hover_enabled=\u00bboff\u00bb button_one_border_radius__hover_enabled=\u00bboff\u00bb button_two_border_radius__hover_enabled=\u00bboff\u00bb button_one_letter_spacing__hover_enabled=\u00bbon\u00bb button_one_letter_spacing__hover=\u00bb0&#8243; button_two_letter_spacing__hover_enabled=\u00bbon\u00bb button_two_letter_spacing__hover=\u00bb0&#8243; button_one_bg_color__hover_enabled=\u00bboff\u00bb button_two_bg_color__hover_enabled=\u00bboff\u00bb][\/et_pb_fullwidth_header][\/et_pb_section][et_pb_section fb_built=\u00bb1&#8243; _builder_version=\u00bb4.16&#8243; _module_preset=\u00bbdefault\u00bb background_color=\u00bb#e2e2e2&#8243; bottom_divider_style=\u00bbwave2&#8243; bottom_divider_color=\u00bb#E2E2E2&#8243; global_colors_info=\u00bb{}\u00bb][et_pb_row column_structure=\u00bb2_3,1_3&#8243; _builder_version=\u00bb4.16&#8243; _module_preset=\u00bbdefault\u00bb width=\u00bb94%\u00bb max_width=\u00bb1194px\u00bb global_colors_info=\u00bb{}\u00bb][et_pb_column type=\u00bb2_3&#8243; _builder_version=\u00bb4.16&#8243; _module_preset=\u00bbdefault\u00bb global_colors_info=\u00bb{}\u00bb][et_pb_testimonial author=\u00bbJaime Garc\u00eda.\u00bb job_title=\u00bbDirector General del Colegio\u00bb portrait_url=\u00bbhttps:\/\/salesianosmaux.es\/colegio\/wp-content\/uploads\/sites\/5\/2022\/10\/C88H2121B-Personalizado-Personalizado.jpg\u00bb quote_icon=\u00bboff\u00bb quote_icon_color=\u00bb#000000&#8243; _builder_version=\u00bb4.24.0&#8243; _module_preset=\u00bbdefault\u00bb global_colors_info=\u00bb{}\u00bb]<\/p>\n<p style=\"text-align: justify;\">Estimado visitante:<\/p>\n<p style=\"text-align: justify;\">Bienvenido a este espacio Web.<\/p>\n<p style=\"text-align: justify;\">Est\u00e1s en el Colegio Salesiano Mar\u00eda Auxiliadora de Salamanca. Es un sitio donde queremos ofrecerte informaci\u00f3n, historia, organizaci\u00f3n, dise\u00f1o y contacto. Te ser\u00e1 c\u00f3modo, f\u00e1cil y \u00fatil para lo que buscas. Lo vas a encontrar.<\/p>\n<p style=\"text-align: justify;\">El colegio Mar\u00eda Auxiliadora es un espacio f\u00edsico lleno de historia viva en su acci\u00f3n educativa. Y es una ventana abierta a tus intereses e inquietudes de futuro. Est\u00e1s invitado a asomarte y asombrarte de la viveza de nuestros ni\u00f1os y j\u00f3venes. Es un lugar de alegr\u00eda, optimismo, juego, estudio, desarrollo personal, crecimiento religioso, relaciones humanas cordiales y cuidado con el manto de nuestra madre Mar\u00eda Auxiliadora.<\/p>\n<p style=\"text-align: justify;\">Este colegio de Mar\u00eda Auxiliadora, acoge a personas en procesos educativos guiadas por educadores y maestros entregados a su desarrollo y crecimiento personal. El alumno tiene a su disposici\u00f3n todas las instalaciones y medios did\u00e1cticos de los que est\u00e1 dotado el Centro. Pero, sobre todo, cuenta con el acompa\u00f1amiento y gu\u00eda de un colectivo de educadores que pone en el centro de su acci\u00f3n al ni\u00f1o, al joven, al alumno. Y para ello se entrega con pasi\u00f3n, dedicaci\u00f3n y profesionalidad a la educaci\u00f3n de los alumnos en plena colaboraci\u00f3n con sus padres.<\/p>\n<p style=\"text-align: justify;\">Aqu\u00ed est\u00e1s, en este colegio, en un lugar vivo por las personas que est\u00e1n, en un coraz\u00f3n que late al ritmo de cada uno de sus personas, en un ambiente de carisma educativo de Don Bosco. Su titular, Mar\u00eda Auxiliadora, sabe de cada uno de sus alumnos y sus familias. Ya est\u00e1s dentro para siempre.<\/p>\n<p style=\"text-align: justify;\">Un fuerte abrazo.<\/p>\n<p>[\/et_pb_testimonial][\/et_pb_column][et_pb_column type=\u00bb1_3&#8243; _builder_version=\u00bb4.16&#8243; _module_preset=\u00bbdefault\u00bb global_colors_info=\u00bb{}\u00bb][et_pb_text _builder_version=\u00bb4.16&#8243; text_font=\u00bb||||||||\u00bb header_font=\u00bb||||||||\u00bb header_2_font=\u00bbLato|300|||||||\u00bb header_2_font_size=\u00bb30px\u00bb text_orientation=\u00bbjustified\u00bb global_colors_info=\u00bb{}\u00bb]<\/p>\n<h2>\u00bfLos conoces?<\/h2>\n<p>[\/et_pb_text][et_pb_button button_url=\u00bb#equipoDirectivo\u00bb button_text=\u00bbEquipo Directivo y de Coordinaci\u00f3n\u00bb _builder_version=\u00bb4.27.6&#8243; _module_preset=\u00bbdefault\u00bb custom_button=\u00bbon\u00bb button_text_color=\u00bb#FFFFFF\u00bb button_bg_color=\u00bb#E02B20&#8243; button_border_color=\u00bb#E02B20&#8243; background_layout=\u00bbdark\u00bb hover_enabled=\u00bb0&#8243; global_colors_info=\u00bb{}\u00bb sticky_enabled=\u00bb0&#8243;][\/et_pb_button][et_pb_button button_url=\u00bb#claustro\u00bb button_text=\u00bbClaustro de profesores\u00bb _builder_version=\u00bb4.16&#8243; _module_preset=\u00bbdefault\u00bb custom_button=\u00bbon\u00bb button_text_color=\u00bb#FFFFFF\u00bb button_bg_color=\u00bb#E02B20&#8243; button_border_color=\u00bb#E02B20&#8243; background_layout=\u00bbdark\u00bb global_colors_info=\u00bb{}\u00bb][\/et_pb_button][et_pb_button button_url=\u00bb#orientacion\u00bb button_text=\u00bbDepartamento de Orientaci\u00f3n\u00bb _builder_version=\u00bb4.16&#8243; _module_preset=\u00bbdefault\u00bb custom_button=\u00bbon\u00bb button_text_color=\u00bb#FFFFFF\u00bb button_bg_color=\u00bb#E02B20&#8243; button_border_color=\u00bb#E02B20&#8243; background_layout=\u00bbdark\u00bb global_colors_info=\u00bb{}\u00bb][\/et_pb_button][et_pb_button button_url=\u00bb#consejoEscolar\u00bb button_text=\u00bbConsejo Escolar de la Comunidad Educativa\u00bb _builder_version=\u00bb4.16&#8243; _module_preset=\u00bbdefault\u00bb custom_button=\u00bbon\u00bb button_text_color=\u00bb#FFFFFF\u00bb button_bg_color=\u00bb#E02B20&#8243; button_border_color=\u00bb#E02B20&#8243; background_layout=\u00bbdark\u00bb global_colors_info=\u00bb{}\u00bb][\/et_pb_button][et_pb_button button_url=\u00bb#pas\u00bb button_text=\u00bbPersonal de Administraci\u00f3n y Servicios (PAS)\u00bb _builder_version=\u00bb4.16&#8243; _module_preset=\u00bbdefault\u00bb custom_button=\u00bbon\u00bb button_text_color=\u00bb#FFFFFF\u00bb button_bg_color=\u00bb#E02B20&#8243; button_border_color=\u00bb#E02B20&#8243; background_layout=\u00bbdark\u00bb global_colors_info=\u00bb{}\u00bb][\/et_pb_button][\/et_pb_column][\/et_pb_row][\/et_pb_section][et_pb_section fb_built=\u00bb1&#8243; _builder_version=\u00bb4.16&#8243; _module_preset=\u00bbdefault\u00bb top_divider_style=\u00bbwave2&#8243; top_divider_color=\u00bb#E2E2E2&#8243; global_colors_info=\u00bb{}\u00bb][et_pb_row column_structure=\u00bb1_2,1_2&#8243; _builder_version=\u00bb4.16&#8243; _module_preset=\u00bbdefault\u00bb global_colors_info=\u00bb{}\u00bb][et_pb_column type=\u00bb1_2&#8243; _builder_version=\u00bb4.16&#8243; _module_preset=\u00bbdefault\u00bb global_colors_info=\u00bb{}\u00bb][et_pb_text module_id=\u00bbequipoDirectivo\u00bb _builder_version=\u00bb4.27.6&#8243; text_font=\u00bb||||||||\u00bb header_font=\u00bb||||||||\u00bb header_2_font=\u00bbLato|300|||||||\u00bb header_2_font_size=\u00bb30px\u00bb text_orientation=\u00bbjustified\u00bb hover_enabled=\u00bb0&#8243; global_colors_info=\u00bb{}\u00bb sticky_enabled=\u00bb0&#8243;]<\/p>\n<h2>Equipo Directivo y de Coordinaci\u00f3n<\/h2>\n<p>[\/et_pb_text][et_pb_text _builder_version=\u00bb4.22.1&#8243; text_font=\u00bb||||||||\u00bb header_font=\u00bb||||||||\u00bb header_2_font=\u00bbLato|300|||||||\u00bb header_2_font_size=\u00bb30px\u00bb text_orientation=\u00bbjustified\u00bb global_colors_info=\u00bb{}\u00bb]<\/p>\n<p>El Equipo Directivo y el equipo de Coordinaci\u00f3n son los \u00f3rganos de gesti\u00f3n del Colegio y su misi\u00f3n es favorecer el funcionamiento ordinario e impulsar la acci\u00f3n educativa global.<\/p>\n<p>Est\u00e1 formado por:<\/p>\n<ul>\n<li>El Director General del colegio, D. Jaime Garc\u00eda, que los convoca y preside.<\/li>\n<li>El Administrador del colegio, D. Antonio F. Gim\u00e9nez Egu\u00edbar.<\/li>\n<li>El Secretario, D. J. Ignacio S\u00e1nchez Flores.<\/li>\n<li>El Director de la Casa, D. Manuel De Castro, SDB<\/li>\n<li>La Directora Pedag\u00f3gica de Infantil y Primaria, D\u00f1a. Almudena Gonz\u00e1lez.<\/li>\n<li>El Director Pedag\u00f3gico de ESO y Bachillerato, D. Guillermo Bermejo.<\/li>\n<li>Las Coordinadoras de etapas, D\u00f1a. Laura Juanes y Beatriz Balleros.<\/li>\n<li>El Coordinador General de Pastoral, D. Luis Fernando S\u00e1nchez, SDB<\/li>\n<li>Los Coordinadores de Pastoral de las etapas, D\u00f1a. Helena Hoyos y D\u00f1a. Mar\u00eda Cervig\u00f3n.<\/li>\n<li>La Responsable de Calidad, Do\u00f1a Mariv\u00ed L\u00f3pez Oreja.<\/li>\n<li>La Orientadora del Centro, D\u00f1a. Charo Palacios.<\/li>\n<li>La Coordinadora de Convivencia, D\u00f1a. Aida Arjona.<\/li>\n<li>El \u00a0Responsable de Comunicaci\u00f3n y TIC, D. David S\u00e1nchez Ortiz.<\/li>\n<\/ul>\n<p>[\/et_pb_text][et_pb_button button_url=\u00bb#\u00bb button_text=\u00bbCon\u00f3cenos\u00bb disabled_on=\u00bbon|on|on\u00bb _builder_version=\u00bb4.16&#8243; _module_preset=\u00bbdefault\u00bb custom_button=\u00bbon\u00bb button_text_color=\u00bb#FFFFFF\u00bb button_bg_color=\u00bb#E02B20&#8243; button_border_color=\u00bb#E02B20&#8243; background_layout=\u00bbdark\u00bb disabled=\u00bbon\u00bb global_colors_info=\u00bb{}\u00bb][\/et_pb_button][\/et_pb_column][et_pb_column type=\u00bb1_2&#8243; _builder_version=\u00bb4.16&#8243; _module_preset=\u00bbdefault\u00bb global_colors_info=\u00bb{}\u00bb][et_pb_image src=\u00bbhttps:\/\/salesianosmaux.es\/colegio\/wp-content\/uploads\/sites\/5\/2022\/03\/EQUIPO-DIRECTIVO-scaled.jpg\u00bb title_text=\u00bbEQUIPO DIRECTIVO\u00bb _builder_version=\u00bb4.16&#8243; _module_preset=\u00bbdefault\u00bb global_colors_info=\u00bb{}\u00bb disabled_on=\u00bbon|on|on\u00bb disabled=\u00bbon\u00bb][\/et_pb_image][\/et_pb_column][\/et_pb_row][\/et_pb_section][et_pb_section fb_built=\u00bb1&#8243; _builder_version=\u00bb4.16&#8243; _module_preset=\u00bbdefault\u00bb border_color_all=\u00bb#D6D6D6&#8243; border_width_top=\u00bb2px\u00bb border_color_top=\u00bb#E2E2E2&#8243; border_style_top=\u00bbdashed\u00bb global_colors_info=\u00bb{}\u00bb][et_pb_row column_structure=\u00bb1_3,2_3&#8243; _builder_version=\u00bb4.16&#8243; _module_preset=\u00bbdefault\u00bb global_colors_info=\u00bb{}\u00bb][et_pb_column type=\u00bb1_3&#8243; _builder_version=\u00bb4.16&#8243; _module_preset=\u00bbdefault\u00bb global_colors_info=\u00bb{}\u00bb][et_pb_button button_url=\u00bb#\u00bb button_text=\u00bbInfantil\u00bb button_alignment=\u00bbcenter\u00bb _builder_version=\u00bb4.16&#8243; _module_preset=\u00bbdefault\u00bb custom_button=\u00bbon\u00bb button_text_color=\u00bb#FFFFFF\u00bb button_bg_color=\u00bb#E02B20&#8243; button_border_color=\u00bb#E02B20&#8243; background_layout=\u00bbdark\u00bb global_colors_info=\u00bb{}\u00bb][\/et_pb_button][et_pb_button button_url=\u00bb#\u00bb button_text=\u00bbPrimaria\u00bb button_alignment=\u00bbcenter\u00bb _builder_version=\u00bb4.16&#8243; _module_preset=\u00bbdefault\u00bb custom_button=\u00bbon\u00bb button_text_color=\u00bb#FFFFFF\u00bb button_bg_color=\u00bb#E02B20&#8243; button_border_color=\u00bb#E02B20&#8243; background_layout=\u00bbdark\u00bb global_colors_info=\u00bb{}\u00bb][\/et_pb_button][et_pb_button button_url=\u00bb#\u00bb button_text=\u00bbESO y Bachillerato\u00bb button_alignment=\u00bbcenter\u00bb _builder_version=\u00bb4.27.6&#8243; _module_preset=\u00bbdefault\u00bb custom_button=\u00bbon\u00bb button_text_color=\u00bb#FFFFFF\u00bb button_bg_color=\u00bb#E02B20&#8243; button_border_color=\u00bb#E02B20&#8243; background_layout=\u00bbdark\u00bb hover_enabled=\u00bb0&#8243; global_colors_info=\u00bb{}\u00bb sticky_enabled=\u00bb0&#8243;][\/et_pb_button][\/et_pb_column][et_pb_column type=\u00bb2_3&#8243; _builder_version=\u00bb4.16&#8243; _module_preset=\u00bbdefault\u00bb global_colors_info=\u00bb{}\u00bb][et_pb_text module_id=\u00bbclaustro\u00bb _builder_version=\u00bb4.16&#8243; text_font=\u00bb||||||||\u00bb header_font=\u00bb||||||||\u00bb header_2_font=\u00bbLato|300|||||||\u00bb header_2_font_size=\u00bb30px\u00bb text_orientation=\u00bbjustified\u00bb global_colors_info=\u00bb{}\u00bb]<\/p>\n<h2>Claustro de Profesores<\/h2>\n<p>[\/et_pb_text][et_pb_text _builder_version=\u00bb4.16&#8243; text_font=\u00bb||||||||\u00bb header_font=\u00bb||||||||\u00bb header_2_font=\u00bbLato|300|||||||\u00bb header_2_font_size=\u00bb30px\u00bb text_orientation=\u00bbjustified\u00bb global_colors_info=\u00bb{}\u00bb]<\/p>\n<p>El <strong>claustro de profesores<\/strong>\u00a0es el \u00f3rgano propio de participaci\u00f3n del profesorado del Colegio. Forman parte del mismo todos los profesores de ense\u00f1anzas curriculares del centro junto con los orientadores.<\/p>\n<p>Nuestro centro tiene cinco etapas educativas y el n\u00famero de profesores por etapa es el siguiente:<\/p>\n<ul>\n<li>Etapa de Infantil: 20 profesores<\/li>\n<li>Etapa de Primaria: 22 profesores<\/li>\n<li>Etapas de ESO, Bachillerato: 31 profesores<\/li>\n<\/ul>\n<p>[\/et_pb_text][\/et_pb_column][\/et_pb_row][et_pb_row column_structure=\u00bb1_3,1_3,1_3&#8243; _builder_version=\u00bb4.16&#8243; _module_preset=\u00bbdefault\u00bb global_colors_info=\u00bb{}\u00bb][et_pb_column type=\u00bb1_3&#8243; _builder_version=\u00bb4.16&#8243; _module_preset=\u00bbdefault\u00bb global_colors_info=\u00bb{}\u00bb][et_pb_image src=\u00bbhttps:\/\/salesianosmaux.es\/colegio\/wp-content\/uploads\/sites\/5\/2024\/11\/Salesianos_MauxSalamanca_Personal_Infantil.jpeg\u00bb title_text=\u00bbSalesianos_MauxSalamanca_Personal_Infantil\u00bb _builder_version=\u00bb4.27.3&#8243; _module_preset=\u00bbdefault\u00bb global_colors_info=\u00bb{}\u00bb][\/et_pb_image][\/et_pb_column][et_pb_column type=\u00bb1_3&#8243; _builder_version=\u00bb4.16&#8243; _module_preset=\u00bbdefault\u00bb global_colors_info=\u00bb{}\u00bb][et_pb_image src=\u00bbhttps:\/\/salesianosmaux.es\/colegio\/wp-content\/uploads\/sites\/5\/2024\/11\/Salesianos_MauxSalamanca_Personal_Secundaria.jpeg\u00bb title_text=\u00bbSalesianos_MauxSalamanca_Personal_Secundaria\u00bb _builder_version=\u00bb4.27.3&#8243; _module_preset=\u00bbdefault\u00bb global_colors_info=\u00bb{}\u00bb][\/et_pb_image][\/et_pb_column][et_pb_column type=\u00bb1_3&#8243; _builder_version=\u00bb4.16&#8243; _module_preset=\u00bbdefault\u00bb global_colors_info=\u00bb{}\u00bb][et_pb_image src=\u00bbhttps:\/\/salesianosmaux.es\/colegio\/wp-content\/uploads\/sites\/5\/2024\/11\/Salesianos_MauxSalamanca_Personal_Primaria.jpeg\u00bb title_text=\u00bbSalesianos_MauxSalamanca_Personal_Primaria\u00bb _builder_version=\u00bb4.27.3&#8243; _module_preset=\u00bbdefault\u00bb global_colors_info=\u00bb{}\u00bb][\/et_pb_image][\/et_pb_column][\/et_pb_row][et_pb_row column_structure=\u00bb1_2,1_2&#8243; _builder_version=\u00bb4.16&#8243; _module_preset=\u00bbdefault\u00bb global_colors_info=\u00bb{}\u00bb][et_pb_column type=\u00bb1_2&#8243; _builder_version=\u00bb4.16&#8243; _module_preset=\u00bbdefault\u00bb global_colors_info=\u00bb{}\u00bb][\/et_pb_column][et_pb_column type=\u00bb1_2&#8243; _builder_version=\u00bb4.16&#8243; _module_preset=\u00bbdefault\u00bb global_colors_info=\u00bb{}\u00bb][\/et_pb_column][\/et_pb_row][\/et_pb_section][et_pb_section fb_built=\u00bb1&#8243; _builder_version=\u00bb4.16&#8243; _module_preset=\u00bbdefault\u00bb border_color_all=\u00bb#D6D6D6&#8243; border_width_top=\u00bb2px\u00bb border_color_top=\u00bb#E2E2E2&#8243; border_style_top=\u00bbdashed\u00bb global_colors_info=\u00bb{}\u00bb][et_pb_row column_structure=\u00bb3_5,2_5&#8243; _builder_version=\u00bb4.16&#8243; _module_preset=\u00bbdefault\u00bb global_colors_info=\u00bb{}\u00bb][et_pb_column type=\u00bb3_5&#8243; _builder_version=\u00bb4.16&#8243; _module_preset=\u00bbdefault\u00bb global_colors_info=\u00bb{}\u00bb][et_pb_text module_id=\u00bborientacion\u00bb _builder_version=\u00bb4.16&#8243; text_font=\u00bb||||||||\u00bb header_font=\u00bb||||||||\u00bb header_2_font=\u00bbLato|300|||||||\u00bb header_2_font_size=\u00bb30px\u00bb text_orientation=\u00bbjustified\u00bb global_colors_info=\u00bb{}\u00bb]<\/p>\n<h2>Departamento de Orientaci\u00f3n<\/h2>\n<p>[\/et_pb_text][et_pb_text _builder_version=\u00bb4.16&#8243; text_font=\u00bb||||||||\u00bb header_font=\u00bb||||||||\u00bb header_2_font=\u00bbLato|300|||||||\u00bb header_2_font_size=\u00bb30px\u00bb text_orientation=\u00bbjustified\u00bb global_colors_info=\u00bb{}\u00bb]<\/p>\n<p>El <strong>Departamento de Orientaci\u00f3n\u00a0<\/strong>es el responsable de promover y coordinar la atenci\u00f3n a la diversidad, la orientaci\u00f3n personal, acad\u00e9mico-profesional y vocacional de los alumnos, impulsar la acci\u00f3n tutorial, colaborar con el profesorado en el asesoramiento sobre los procesos de ense\u00f1anza-aprendizaje y su formaci\u00f3n. Tambi\u00e9n juega un papel muy importante en el asesoramiento a las familias.<\/p>\n<p>El <a href=\"https:\/\/salesianosmaux.es\/colegio\/orientacion\/#Equipo\" title=\"Conoce al equipo que conforma el Departamento de Orientaci\u00f3n\">Equipo de Orientaci\u00f3n<\/a> est\u00e1 integrado por los siguientes miembros:<\/p>\n<ul>\n<li>Dos Orientadores\/as de etapa.<\/li>\n<li>Tres Profesoras de Pedagog\u00eda Terap\u00e9utica.<\/li>\n<li>Una Profesora Logopeda.<\/li>\n<li>Una Psic\u00f3loga educativa.<\/li>\n<\/ul>\n<p>[\/et_pb_text][\/et_pb_column][et_pb_column type=\u00bb2_5&#8243; _builder_version=\u00bb4.16&#8243; _module_preset=\u00bbdefault\u00bb global_colors_info=\u00bb{}\u00bb][et_pb_image src=\u00bbhttps:\/\/salesianosmaux.es\/colegio\/wp-content\/uploads\/sites\/5\/2024\/11\/Salesianos_MauxSalamanca_Personal_Orientacion.jpg\u00bb title_text=\u00bbSalesianos_MauxSalamanca_Personal_Orientacion\u00bb _builder_version=\u00bb4.27.3&#8243; _module_preset=\u00bbdefault\u00bb global_colors_info=\u00bb{}\u00bb][\/et_pb_image][\/et_pb_column][\/et_pb_row][\/et_pb_section][et_pb_section fb_built=\u00bb1&#8243; _builder_version=\u00bb4.16&#8243; _module_preset=\u00bbdefault\u00bb border_color_all=\u00bb#D6D6D6&#8243; border_width_top=\u00bb2px\u00bb border_color_top=\u00bb#E2E2E2&#8243; border_style_top=\u00bbdashed\u00bb global_colors_info=\u00bb{}\u00bb][et_pb_row _builder_version=\u00bb4.16&#8243; _module_preset=\u00bbdefault\u00bb global_colors_info=\u00bb{}\u00bb][et_pb_column type=\u00bb4_4&#8243; _builder_version=\u00bb4.16&#8243; _module_preset=\u00bbdefault\u00bb global_colors_info=\u00bb{}\u00bb][et_pb_text module_id=\u00bbconsejoEscolar\u00bb _builder_version=\u00bb4.16&#8243; text_font=\u00bb||||||||\u00bb header_font=\u00bb||||||||\u00bb header_2_font=\u00bbLato|300|||||||\u00bb header_2_font_size=\u00bb30px\u00bb text_orientation=\u00bbjustified\u00bb global_colors_info=\u00bb{}\u00bb]<\/p>\n<h2>Consejo Escolar de la Comunidad Educativa<\/h2>\n<p>[\/et_pb_text][et_pb_text _builder_version=\u00bb4.27.3&#8243; text_font=\u00bb||||||||\u00bb header_font=\u00bb||||||||\u00bb header_2_font=\u00bbLato|300|||||||\u00bb header_2_font_size=\u00bb30px\u00bb text_orientation=\u00bbjustified\u00bb global_colors_info=\u00bb{}\u00bb]<\/p>\n<ul>\n<li><strong><em>PRESIDENTE:<\/em><\/strong>\n<ul>\n<li>D. Guillermo Bermejo Izquierdo<\/li>\n<\/ul>\n<\/li>\n<li><strong><em>DIRECCI\u00d3N PEDAG\u00d3GICA<\/em><\/strong>\n<ul>\n<li>D\u00f1a. Almudena Gonz\u00e1lez Ramos<\/li>\n<\/ul>\n<\/li>\n<li><strong><em>REPRESENTANTES de la TITULARIDAD:<\/em><\/strong>\n<ul>\n<li>D. \u00c1ngel Ib\u00e1\u00f1ez Moreno<\/li>\n<li>D. Jaime Garc\u00eda Barriga<\/li>\n<li>D.Luis Fernando S\u00e1nchez Mart\u00edn<\/li>\n<\/ul>\n<\/li>\n<li><strong><em>REPRESENTANTES de PROFESORES:<\/em><\/strong>\n<ul>\n<li>D\u00f1a. <span>Rebeca Vidal S\u00e1nchez<\/span><\/li>\n<li><span>D\u00f1a. Maria Victoria L\u00f3pez Oreja<\/span><\/li>\n<li><span>D\u00f1a. Mar\u00eda Teresa Cardoso Arg\u00fcello<\/span><\/li>\n<li><span>D\u00f1a. Alicia L\u00f3pez S\u00e1nchez<\/span><\/li>\n<li><span>D. Ra\u00fal Navazo Vicente<\/span><\/li>\n<\/ul>\n<\/li>\n<li><strong><em>REPRESENTANTES de PADRES:<\/em><\/strong>\n<ul>\n<li>D. <span>Jos\u00e9 Luis Zarza Garc\u00eda<\/span><\/li>\n<li><span>D. \u00c1ngel Jes\u00fas Agudo Francia<\/span><\/li>\n<li><span>D. Fabi\u00e1n Iglesias L\u00f3pez<\/span><\/li>\n<li><span>D. Beatriz \u00c1lvarez Hern\u00e1ndez<\/span><\/li>\n<li><span>D. Jes\u00fas \u00c1ngel Jim\u00e9nez Garc\u00eda<\/span><\/li>\n<\/ul>\n<\/li>\n<li><strong><em>REPRESENTANTES de los ALUMNOS: <\/em><\/strong>\n<ul>\n<li><span>Rodrigo Garc\u00eda Quevedo<\/span><\/li>\n<li><span>Daniela S\u00e1nchez Fuentes<\/span><\/li>\n<li><span>Cecilia Mart\u00edn S\u00e1nchez<\/span><\/li>\n<\/ul>\n<\/li>\n<li><strong><em>REPRESENTANTE del PAS: <\/em><\/strong>\n<ul>\n<li>D. Antonio F. Gim\u00e9nez Egu\u00edbar<\/li>\n<\/ul>\n<\/li>\n<li><strong><em>SECRETARIO:<\/em><\/strong>\n<ul>\n<li>D. \u00c1ngel Ib\u00e1\u00f1ez Moreno<\/li>\n<\/ul>\n<\/li>\n<\/ul>\n<p>[\/et_pb_text][\/et_pb_column][\/et_pb_row][\/et_pb_section][et_pb_section fb_built=\u00bb1&#8243; _builder_version=\u00bb4.16&#8243; _module_preset=\u00bbdefault\u00bb border_color_all=\u00bb#D6D6D6&#8243; border_width_top=\u00bb2px\u00bb border_color_top=\u00bb#E2E2E2&#8243; border_style_top=\u00bbdashed\u00bb global_colors_info=\u00bb{}\u00bb][et_pb_row column_structure=\u00bb2_5,3_5&#8243; _builder_version=\u00bb4.16&#8243; _module_preset=\u00bbdefault\u00bb global_colors_info=\u00bb{}\u00bb][et_pb_column type=\u00bb2_5&#8243; _builder_version=\u00bb4.16&#8243; _module_preset=\u00bbdefault\u00bb global_colors_info=\u00bb{}\u00bb][et_pb_image src=\u00bbhttps:\/\/salesianosmaux.es\/colegio\/wp-content\/uploads\/sites\/5\/2024\/11\/Salesianos_MauxSalamanca_Personal_PAS.jpeg\u00bb title_text=\u00bbSalesianos_MauxSalamanca_Personal_PAS\u00bb _builder_version=\u00bb4.27.3&#8243; _module_preset=\u00bbdefault\u00bb global_colors_info=\u00bb{}\u00bb][\/et_pb_image][\/et_pb_column][et_pb_column type=\u00bb3_5&#8243; _builder_version=\u00bb4.16&#8243; _module_preset=\u00bbdefault\u00bb global_colors_info=\u00bb{}\u00bb][et_pb_text module_id=\u00bbpas\u00bb _builder_version=\u00bb4.16&#8243; text_font=\u00bb||||||||\u00bb header_font=\u00bb||||||||\u00bb header_2_font=\u00bbLato|300|||||||\u00bb header_2_font_size=\u00bb30px\u00bb text_orientation=\u00bbjustified\u00bb global_colors_info=\u00bb{}\u00bb]<\/p>\n<h2>Personal de Administraci\u00f3n y Servicios &#8211; PAS<\/h2>\n<p>[\/et_pb_text][et_pb_text _builder_version=\u00bb4.16&#8243; text_font=\u00bb||||||||\u00bb header_font=\u00bb||||||||\u00bb header_2_font=\u00bbLato|300|||||||\u00bb header_2_font_size=\u00bb30px\u00bb text_orientation=\u00bbjustified\u00bb global_colors_info=\u00bb{}\u00bb]<\/p>\n<p><span>El <\/span><strong>personal de administraci\u00f3n y servicios (PAS)\u00a0<\/strong><span>son los encargados de atender a todas aquellas personas que requieren nuestros servicios de <\/span>recepci\u00f3n<span>, <\/span>departamento de secretar\u00eda y administraci\u00f3n<span>,\u00a0<\/span><span>deportes, <\/span><a href=\"https:\/\/salesianosmaux.es\/colegio\/enfermeria\/\">servicio de enfermer\u00eda<\/a><span>, <\/span><a href=\"https:\/\/salesianosmaux.es\/colegio\/comedor\/\" title=\"Sobre el servicio de comedor\">comedor<\/a><span>, madrugadores, <\/span>extraescolares<span>\u2026<\/span><\/p>\n<p>[\/et_pb_text][\/et_pb_column][\/et_pb_row][\/et_pb_section]<\/p>\n","protected":false},"excerpt":{"rendered":"<p>Estimado visitante: Bienvenido a este espacio Web. Est\u00e1s en el Colegio Salesiano Mar\u00eda Auxiliadora de Salamanca. Es un sitio donde queremos ofrecerte informaci\u00f3n, historia, organizaci\u00f3n, dise\u00f1o y contacto. Te ser\u00e1 c\u00f3modo, f\u00e1cil y \u00fatil para lo que buscas. Lo vas a encontrar. El colegio Mar\u00eda Auxiliadora es un espacio f\u00edsico lleno de historia viva en [&hellip;]<\/p>\n","protected":false},"author":1,"featured_media":0,"parent":0,"menu_order":0,"comment_status":"closed","ping_status":"closed","template":"","meta":{"_et_pb_use_builder":"on","_et_pb_old_content":"","_et_gb_content_width":"","_joinchat":[],"footnotes":""},"class_list":["post-131","page","type-page","status-publish","hentry"],"yoast_head":"<!-- This site is optimized with the Yoast SEO plugin v28.3 - https:\/\/yoast.com\/product\/yoast-seo-wordpress\/ -->\n<title>Personal - Colegio Mar\u00eda Auxiliadora<\/title>\n<meta name=\"robots\" content=\"index, follow, max-snippet:-1, max-image-preview:large, max-video-preview:-1\" \/>\n<link rel=\"canonical\" href=\"https:\/\/salesianosmaux.es\/colegio\/personal\/\" \/>\n<meta property=\"og:locale\" content=\"es_ES\" \/>\n<meta property=\"og:type\" content=\"article\" \/>\n<meta property=\"og:title\" content=\"Personal - Colegio Mar\u00eda Auxiliadora\" \/>\n<meta property=\"og:description\" content=\"Te puede interesar...\" \/>\n<meta property=\"og:url\" content=\"https:\/\/salesianosmaux.es\/colegio\/personal\/\" \/>\n<meta property=\"og:site_name\" content=\"Colegio Mar\u00eda Auxiliadora\" \/>\n<meta property=\"article:modified_time\" content=\"2026-06-18T14:12:39+00:00\" \/>\n<meta name=\"twitter:card\" content=\"summary_large_image\" \/>\n<script type=\"application\/ld+json\" class=\"yoast-schema-graph\">{\"@context\":\"https:\\\/\\\/schema.org\",\"@graph\":[{\"@type\":\"WebPage\",\"@id\":\"https:\\\/\\\/salesianosmaux.es\\\/colegio\\\/personal\\\/\",\"url\":\"https:\\\/\\\/salesianosmaux.es\\\/colegio\\\/personal\\\/\",\"name\":\"Personal - Colegio Mar\u00eda Auxiliadora\",\"isPartOf\":{\"@id\":\"https:\\\/\\\/salesianosmaux.es\\\/colegio\\\/#website\"},\"datePublished\":\"2022-02-17T21:45:24+00:00\",\"dateModified\":\"2026-06-18T14:12:39+00:00\",\"breadcrumb\":{\"@id\":\"https:\\\/\\\/salesianosmaux.es\\\/colegio\\\/personal\\\/#breadcrumb\"},\"inLanguage\":\"es\",\"potentialAction\":[{\"@type\":\"ReadAction\",\"target\":[\"https:\\\/\\\/salesianosmaux.es\\\/colegio\\\/personal\\\/\"]}]},{\"@type\":\"BreadcrumbList\",\"@id\":\"https:\\\/\\\/salesianosmaux.es\\\/colegio\\\/personal\\\/#breadcrumb\",\"itemListElement\":[{\"@type\":\"ListItem\",\"position\":1,\"name\":\"Portada\",\"item\":\"https:\\\/\\\/salesianosmaux.es\\\/colegio\\\/\"},{\"@type\":\"ListItem\",\"position\":2,\"name\":\"Personal\"}]},{\"@type\":\"WebSite\",\"@id\":\"https:\\\/\\\/salesianosmaux.es\\\/colegio\\\/#website\",\"url\":\"https:\\\/\\\/salesianosmaux.es\\\/colegio\\\/\",\"name\":\"Colegio Mar\u00eda Auxiliadora\",\"description\":\"Colegio Mar\u00eda Auxiliadora\",\"potentialAction\":[{\"@type\":\"SearchAction\",\"target\":{\"@type\":\"EntryPoint\",\"urlTemplate\":\"https:\\\/\\\/salesianosmaux.es\\\/colegio\\\/?s={search_term_string}\"},\"query-input\":{\"@type\":\"PropertyValueSpecification\",\"valueRequired\":true,\"valueName\":\"search_term_string\"}}],\"inLanguage\":\"es\"}]}<\/script>\n<!-- \/ Yoast SEO plugin. -->","yoast_head_json":{"title":"Personal - Colegio Mar\u00eda Auxiliadora","robots":{"index":"index","follow":"follow","max-snippet":"max-snippet:-1","max-image-preview":"max-image-preview:large","max-video-preview":"max-video-preview:-1"},"canonical":"https:\/\/salesianosmaux.es\/colegio\/personal\/","og_locale":"es_ES","og_type":"article","og_title":"Personal - Colegio Mar\u00eda Auxiliadora","og_description":"Te puede interesar...","og_url":"https:\/\/salesianosmaux.es\/colegio\/personal\/","og_site_name":"Colegio Mar\u00eda Auxiliadora","article_modified_time":"2026-06-18T14:12:39+00:00","twitter_card":"summary_large_image","schema":{"@context":"https:\/\/schema.org","@graph":[{"@type":"WebPage","@id":"https:\/\/salesianosmaux.es\/colegio\/personal\/","url":"https:\/\/salesianosmaux.es\/colegio\/personal\/","name":"Personal - Colegio Mar\u00eda Auxiliadora","isPartOf":{"@id":"https:\/\/salesianosmaux.es\/colegio\/#website"},"datePublished":"2022-02-17T21:45:24+00:00","dateModified":"2026-06-18T14:12:39+00:00","breadcrumb":{"@id":"https:\/\/salesianosmaux.es\/colegio\/personal\/#breadcrumb"},"inLanguage":"es","potentialAction":[{"@type":"ReadAction","target":["https:\/\/salesianosmaux.es\/colegio\/personal\/"]}]},{"@type":"BreadcrumbList","@id":"https:\/\/salesianosmaux.es\/colegio\/personal\/#breadcrumb","itemListElement":[{"@type":"ListItem","position":1,"name":"Portada","item":"https:\/\/salesianosmaux.es\/colegio\/"},{"@type":"ListItem","position":2,"name":"Personal"}]},{"@type":"WebSite","@id":"https:\/\/salesianosmaux.es\/colegio\/#website","url":"https:\/\/salesianosmaux.es\/colegio\/","name":"Colegio Mar\u00eda Auxiliadora","description":"Colegio Mar\u00eda Auxiliadora","potentialAction":[{"@type":"SearchAction","target":{"@type":"EntryPoint","urlTemplate":"https:\/\/salesianosmaux.es\/colegio\/?s={search_term_string}"},"query-input":{"@type":"PropertyValueSpecification","valueRequired":true,"valueName":"search_term_string"}}],"inLanguage":"es"}]}},"_links":{"self":[{"href":"https:\/\/salesianosmaux.es\/colegio\/wp-json\/wp\/v2\/pages\/131","targetHints":{"allow":["GET"]}}],"collection":[{"href":"https:\/\/salesianosmaux.es\/colegio\/wp-json\/wp\/v2\/pages"}],"about":[{"href":"https:\/\/salesianosmaux.es\/colegio\/wp-json\/wp\/v2\/types\/page"}],"author":[{"embeddable":true,"href":"https:\/\/salesianosmaux.es\/colegio\/wp-json\/wp\/v2\/users\/1"}],"replies":[{"embeddable":true,"href":"https:\/\/salesianosmaux.es\/colegio\/wp-json\/wp\/v2\/comments?post=131"}],"version-history":[{"count":20,"href":"https:\/\/salesianosmaux.es\/colegio\/wp-json\/wp\/v2\/pages\/131\/revisions"}],"predecessor-version":[{"id":12359,"href":"https:\/\/salesianosmaux.es\/colegio\/wp-json\/wp\/v2\/pages\/131\/revisions\/12359"}],"wp:attachment":[{"href":"https:\/\/salesianosmaux.es\/colegio\/wp-json\/wp\/v2\/media?parent=131"}],"curies":[{"name":"wp","href":"https:\/\/api.w.org\/{rel}","templated":true}]}}