{"id":147,"date":"2022-02-17T22:28:08","date_gmt":"2022-02-17T22:28:08","guid":{"rendered":"https:\/\/salesianosmaux.es\/colegio\/?page_id=147"},"modified":"2026-06-18T14:18:25","modified_gmt":"2026-06-18T14:18:25","slug":"equipo-de-infantil","status":"publish","type":"page","link":"https:\/\/salesianosmaux.es\/colegio\/equipo-de-infantil\/","title":{"rendered":"Equipo de Infantil"},"content":{"rendered":"<p>[et_pb_section fb_built=\u00bb1&#8243; fullwidth=\u00bbon\u00bb _builder_version=\u00bb4.16&#8243; global_colors_info=\u00bb{}\u00bb][et_pb_fullwidth_header title=\u00bbEquipo de Infantil\u00bb title_font_color=\u00bb#ffffff\u00bb module_class=\u00bbpagina-imagen-cabecera\u00bb _builder_version=\u00bb4.18.0&#8243; title_font=\u00bbLato||||||||\u00bb title_text_color=\u00bb#ffffff\u00bb title_font_size=\u00bb40px\u00bb background_color=\u00bbrgba(255, 255, 255, 0)\u00bb background_image=\u00bbhttps:\/\/salesianosmaux.es\/colegio\/wp-content\/uploads\/sites\/5\/2022\/02\/encabezado_noticias_casa-min.png\u00bb max_width_tablet=\u00bb50px\u00bb background_url=\u00bbhttps:\/\/alicante.salesianos.edu\/colegio\/wp-content\/uploads\/sites\/2\/2017\/03\/Captura-de-pantalla-2017-03-21-a-las-17.25.56.png\u00bb button_one_letter_spacing_hover=\u00bb0&#8243; button_two_letter_spacing_hover=\u00bb0&#8243; global_colors_info=\u00bb{}\u00bb button_one_text_size__hover_enabled=\u00bboff\u00bb button_two_text_size__hover_enabled=\u00bboff\u00bb button_one_text_color__hover_enabled=\u00bboff\u00bb button_two_text_color__hover_enabled=\u00bboff\u00bb button_one_border_width__hover_enabled=\u00bboff\u00bb button_two_border_width__hover_enabled=\u00bboff\u00bb button_one_border_color__hover_enabled=\u00bboff\u00bb button_two_border_color__hover_enabled=\u00bboff\u00bb button_one_border_radius__hover_enabled=\u00bboff\u00bb button_two_border_radius__hover_enabled=\u00bboff\u00bb button_one_letter_spacing__hover_enabled=\u00bbon\u00bb button_one_letter_spacing__hover=\u00bb0&#8243; button_two_letter_spacing__hover_enabled=\u00bbon\u00bb button_two_letter_spacing__hover=\u00bb0&#8243; button_one_bg_color__hover_enabled=\u00bboff\u00bb button_two_bg_color__hover_enabled=\u00bboff\u00bb][\/et_pb_fullwidth_header][\/et_pb_section][et_pb_section fb_built=\u00bb1&#8243; disabled_on=\u00bboff|off|off\u00bb _builder_version=\u00bb4.16&#8243; _module_preset=\u00bbdefault\u00bb background_color=\u00bb#EFEFEF\u00bb global_colors_info=\u00bb{}\u00bb][et_pb_row _builder_version=\u00bb4.16&#8243; _module_preset=\u00bbdefault\u00bb global_colors_info=\u00bb{}\u00bb][et_pb_column type=\u00bb4_4&#8243; _builder_version=\u00bb4.16&#8243; _module_preset=\u00bbdefault\u00bb global_colors_info=\u00bb{}\u00bb][et_pb_testimonial author=\u00bbAlmudena Gonz\u00e1lez Ramos\u00bb job_title=\u00bbDirectora Pedag\u00f3gica de Infantil y Primaria\u00bb portrait_url=\u00bbhttps:\/\/salesianosmaux.es\/colegio\/wp-content\/uploads\/sites\/5\/2022\/10\/C88H3234B-Personalizado-Personalizado.jpg\u00bb quote_icon=\u00bboff\u00bb portrait_width=\u00bb100px\u00bb portrait_height=\u00bb100px\u00bb _builder_version=\u00bb4.27.4&#8243; _module_preset=\u00bbdefault\u00bb background_color=\u00bbRGBA(255,255,255,0)\u00bb custom_padding=\u00bb0px||||false|false\u00bb global_colors_info=\u00bb{}\u00bb]<\/p>\n<p style=\"text-align: justify\">Soy Almudena Gonz\u00e1lez y, como <strong>Directora Pedag\u00f3gica<\/strong>, es un orgullo para mi presentaros al <strong>equipo de profesores<\/strong> de la etapa de Infantil. La cohesi\u00f3n del equipo potencia nuestra misi\u00f3n\/valores y ayuda a conseguir de una manera m\u00e1s adecuada y eficaz nuestros objetivos.<\/p>\n<p>[\/et_pb_testimonial][\/et_pb_column][\/et_pb_row][\/et_pb_section][et_pb_section fb_built=\u00bb1&#8243; _builder_version=\u00bb4.16&#8243; _module_preset=\u00bbdefault\u00bb global_colors_info=\u00bb{}\u00bb][et_pb_row _builder_version=\u00bb4.16&#8243; _module_preset=\u00bbdefault\u00bb global_colors_info=\u00bb{}\u00bb][et_pb_column type=\u00bb4_4&#8243; _builder_version=\u00bb4.16&#8243; _module_preset=\u00bbdefault\u00bb global_colors_info=\u00bb{}\u00bb][et_pb_text _builder_version=\u00bb4.16&#8243; text_font=\u00bb||||||||\u00bb header_font=\u00bb||||||||\u00bb header_2_font=\u00bbLato|300|||||||\u00bb header_2_font_size=\u00bb30px\u00bb text_orientation=\u00bbjustified\u00bb global_colors_info=\u00bb{}\u00bb]<\/p>\n<h2>Primer ciclo<\/h2>\n<p>[\/et_pb_text][\/et_pb_column][\/et_pb_row][et_pb_row column_structure=\u00bb1_5,1_5,1_5,1_5,1_5&#8243; _builder_version=\u00bb4.16&#8243; _module_preset=\u00bbdefault\u00bb global_colors_info=\u00bb{}\u00bb][et_pb_column type=\u00bb1_5&#8243; _builder_version=\u00bb4.16&#8243; _module_preset=\u00bbdefault\u00bb global_colors_info=\u00bb{}\u00bb][et_pb_team_member name=\u00bbD\u00f1a. Mercedes Adoraci\u00f3n P\u00e9rez Alonso\u00bb position=\u00bbCoordinadora &#8211; Apoyo\u00bb image_url=\u00bbhttps:\/\/salesianosmaux.es\/colegio\/wp-content\/uploads\/sites\/5\/2022\/10\/C88H6049B-Personalizado-Personalizado.jpg\u00bb _builder_version=\u00bb4.18.0&#8243; _module_preset=\u00bbdefault\u00bb header_font=\u00bbLato|300|||||||\u00bb header_text_align=\u00bbcenter\u00bb position_text_align=\u00bbcenter\u00bb width=\u00bb60%\u00bb border_radii_image=\u00bbon|8000px|8000px|8000px|8000px\u00bb global_colors_info=\u00bb{}\u00bb][\/et_pb_team_member][et_pb_team_member name=\u00bbD\u00f1a. Beatriz Ana S\u00e1nchez Garc\u00eda\u00bb position=\u00bbTutora\u00bb image_url=\u00bbhttps:\/\/salesianosmaux.es\/colegio\/wp-content\/uploads\/sites\/5\/2022\/10\/C88H6069B-Personalizado-Personalizado.jpg\u00bb _builder_version=\u00bb4.18.0&#8243; _module_preset=\u00bbdefault\u00bb header_font=\u00bbLato|300|||||||\u00bb header_text_align=\u00bbcenter\u00bb position_text_align=\u00bbcenter\u00bb width=\u00bb60%\u00bb border_radii_image=\u00bbon|8000px|8000px|8000px|8000px\u00bb global_colors_info=\u00bb{}\u00bb][\/et_pb_team_member][et_pb_team_member name=\u00bbD\u00f1a. Noelia Mart\u00ednez\u00bb position=\u00bbTutora\u00bb image_url=\u00bbhttps:\/\/salesianosmaux.es\/colegio\/wp-content\/uploads\/sites\/5\/2026\/02\/fd22d9e5-1ef9-445c-a63b-2beee75d13c2.jpg\u00bb _builder_version=\u00bb4.27.5&#8243; _module_preset=\u00bbdefault\u00bb header_font=\u00bbLato|300|||||||\u00bb header_text_align=\u00bbcenter\u00bb position_text_align=\u00bbcenter\u00bb width=\u00bb60%\u00bb border_radii_image=\u00bbon|8000px|8000px|8000px|8000px\u00bb global_colors_info=\u00bb{}\u00bb][\/et_pb_team_member][\/et_pb_column][et_pb_column type=\u00bb1_5&#8243; _builder_version=\u00bb4.27.4&#8243; _module_preset=\u00bbdefault\u00bb global_colors_info=\u00bb{}\u00bb][et_pb_team_member name=\u00bbD\u00f1a. Arantxa S\u00e1nchez Mart\u00edn\u00bb position=\u00bbTutora\u00bb image_url=\u00bbhttps:\/\/salesianosmaux.es\/colegio\/wp-content\/uploads\/sites\/5\/2022\/10\/C88H6061B-Personalizado-Personalizado.jpg\u00bb _builder_version=\u00bb4.18.0&#8243; _module_preset=\u00bbdefault\u00bb header_font=\u00bbLato|300|||||||\u00bb header_text_align=\u00bbcenter\u00bb position_text_align=\u00bbcenter\u00bb width=\u00bb60%\u00bb border_radii_image=\u00bbon|8000px|8000px|8000px|8000px\u00bb global_colors_info=\u00bb{}\u00bb][\/et_pb_team_member][et_pb_team_member name=\u00bbD. Alejandro Moret\u00f3n\u00bb position=\u00bbTutor\u00bb image_url=\u00bbhttps:\/\/salesianosmaux.es\/colegio\/wp-content\/uploads\/sites\/5\/2025\/09\/Salesianos_Alejandro_Moreton.jpg\u00bb _builder_version=\u00bb4.27.4&#8243; _module_preset=\u00bbdefault\u00bb header_font=\u00bbLato|300|||||||\u00bb header_text_align=\u00bbcenter\u00bb position_text_align=\u00bbcenter\u00bb width=\u00bb60%\u00bb border_radii_image=\u00bbon|8000px|8000px|8000px|8000px\u00bb global_colors_info=\u00bb{}\u00bb][\/et_pb_team_member][\/et_pb_column][et_pb_column type=\u00bb1_5&#8243; _builder_version=\u00bb4.16&#8243; _module_preset=\u00bbdefault\u00bb global_colors_info=\u00bb{}\u00bb][et_pb_team_member name=\u00bbD\u00f1a. Ver\u00f3nica Gonz\u00e1lez Labrador\u00bb position=\u00bbTutora\u00bb image_url=\u00bbhttps:\/\/salesianosmaux.es\/colegio\/wp-content\/uploads\/sites\/5\/2022\/10\/Captura-de-pantalla-2022-10-26-a-las-17.39.03.png\u00bb _builder_version=\u00bb4.18.0&#8243; _module_preset=\u00bbdefault\u00bb header_font=\u00bbLato|300|||||||\u00bb header_text_align=\u00bbcenter\u00bb position_text_align=\u00bbcenter\u00bb width=\u00bb60%\u00bb border_radii_image=\u00bbon|8000px|8000px|8000px|8000px\u00bb global_colors_info=\u00bb{}\u00bb][\/et_pb_team_member][et_pb_team_member name=\u00bbD\u00f1a. Laura Gonz\u00e1lez\u00bb position=\u00bbApoyo\u00bb image_url=\u00bbhttps:\/\/salesianosmaux.es\/colegio\/wp-content\/uploads\/sites\/5\/2025\/09\/Salesianos_LauraGonzalez.jpg\u00bb _builder_version=\u00bb4.27.4&#8243; _module_preset=\u00bbdefault\u00bb header_font=\u00bbLato|300|||||||\u00bb header_text_align=\u00bbcenter\u00bb position_text_align=\u00bbcenter\u00bb width=\u00bb60%\u00bb border_radii_image=\u00bbon|8000px|8000px|8000px|8000px\u00bb global_colors_info=\u00bb{}\u00bb][\/et_pb_team_member][\/et_pb_column][et_pb_column type=\u00bb1_5&#8243; _builder_version=\u00bb4.27.4&#8243; _module_preset=\u00bbdefault\u00bb global_colors_info=\u00bb{}\u00bb][et_pb_team_member name=\u00bbD\u00f1a. Mabel S\u00e1nchez Alonso\u00bb position=\u00bbTutora\u00bb image_url=\u00bbhttps:\/\/salesianosmaux.es\/colegio\/wp-content\/uploads\/sites\/5\/2022\/10\/C88H6070B-Personalizado-Personalizado.jpg\u00bb _builder_version=\u00bb4.18.0&#8243; _module_preset=\u00bbdefault\u00bb header_font=\u00bbLato|300|||||||\u00bb header_text_align=\u00bbcenter\u00bb position_text_align=\u00bbcenter\u00bb width=\u00bb60%\u00bb border_radii_image=\u00bbon|8000px|8000px|8000px|8000px\u00bb global_colors_info=\u00bb{}\u00bb][\/et_pb_team_member][et_pb_team_member name=\u00bbD\u00f1a. Paula P\u00e9rez Alonso\u00bb position=\u00bbApoyo\u00bb image_url=\u00bbhttps:\/\/salesianosmaux.es\/colegio\/wp-content\/uploads\/sites\/5\/2025\/09\/Salesianos_PaulaPerez.jpg\u00bb _builder_version=\u00bb4.27.4&#8243; _module_preset=\u00bbdefault\u00bb header_font=\u00bbLato|300|||||||\u00bb header_text_align=\u00bbcenter\u00bb position_text_align=\u00bbcenter\u00bb width=\u00bb60%\u00bb border_radii_image=\u00bbon|8000px|8000px|8000px|8000px\u00bb global_colors_info=\u00bb{}\u00bb][\/et_pb_team_member][\/et_pb_column][et_pb_column type=\u00bb1_5&#8243; _builder_version=\u00bb4.27.5&#8243; _module_preset=\u00bbdefault\u00bb global_colors_info=\u00bb{}\u00bb][et_pb_team_member name=\u00bbD\u00f1a. Blanca Roda Gajate\u00bb position=\u00bbTutora\u00bb image_url=\u00bbhttps:\/\/salesianosmaux.es\/colegio\/wp-content\/uploads\/sites\/5\/2025\/09\/Salesianos_BlancaRoda.jpg\u00bb _builder_version=\u00bb4.27.4&#8243; _module_preset=\u00bbdefault\u00bb header_font=\u00bbLato|300|||||||\u00bb header_text_align=\u00bbcenter\u00bb position_text_align=\u00bbcenter\u00bb width=\u00bb60%\u00bb border_radii_image=\u00bbon|8000px|8000px|8000px|8000px\u00bb global_colors_info=\u00bb{}\u00bb][\/et_pb_team_member][et_pb_team_member name=\u00bbD\u00f1a. Miranda Dom\u00ednguez\u00bb position=\u00bbTutora\u00bb image_url=\u00bbhttps:\/\/salesianosmaux.es\/colegio\/wp-content\/uploads\/sites\/5\/2026\/02\/a1eec36f-fe70-4ae3-ba63-307b2961b7e1.jpg\u00bb _builder_version=\u00bb4.27.5&#8243; _module_preset=\u00bbdefault\u00bb header_font=\u00bbLato|300|||||||\u00bb header_text_align=\u00bbcenter\u00bb position_text_align=\u00bbcenter\u00bb width=\u00bb60%\u00bb border_radii_image=\u00bbon|8000px|8000px|8000px|8000px\u00bb global_colors_info=\u00bb{}\u00bb][\/et_pb_team_member][\/et_pb_column][\/et_pb_row][\/et_pb_section][et_pb_section fb_built=\u00bb1&#8243; _builder_version=\u00bb4.16&#8243; _module_preset=\u00bbdefault\u00bb global_colors_info=\u00bb{}\u00bb][et_pb_row _builder_version=\u00bb4.16&#8243; _module_preset=\u00bbdefault\u00bb global_colors_info=\u00bb{}\u00bb][et_pb_column type=\u00bb4_4&#8243; _builder_version=\u00bb4.16&#8243; _module_preset=\u00bbdefault\u00bb global_colors_info=\u00bb{}\u00bb][et_pb_text _builder_version=\u00bb4.16&#8243; text_font=\u00bb||||||||\u00bb header_font=\u00bb||||||||\u00bb header_2_font=\u00bbLato|300|||||||\u00bb header_2_font_size=\u00bb30px\u00bb text_orientation=\u00bbjustified\u00bb global_colors_info=\u00bb{}\u00bb]<\/p>\n<h2>Segundo ciclo<\/h2>\n<p>[\/et_pb_text][\/et_pb_column][\/et_pb_row][et_pb_row column_structure=\u00bb1_5,1_5,1_5,1_5,1_5&#8243; _builder_version=\u00bb4.16&#8243; _module_preset=\u00bbdefault\u00bb global_colors_info=\u00bb{}\u00bb][et_pb_column type=\u00bb1_5&#8243; _builder_version=\u00bb4.16&#8243; _module_preset=\u00bbdefault\u00bb global_colors_info=\u00bb{}\u00bb][et_pb_team_member name=\u00bbD\u00f1a. Laura Juanes Velasco\u00bb position=\u00bbCoordinadora &#8211; Tutora\u00bb image_url=\u00bbhttps:\/\/salesianosmaux.es\/colegio\/wp-content\/uploads\/sites\/5\/2022\/10\/C88H0862B-Personalizado-Personalizado.jpg\u00bb _builder_version=\u00bb4.18.0&#8243; _module_preset=\u00bbdefault\u00bb header_font=\u00bbLato|300|||||||\u00bb header_text_align=\u00bbcenter\u00bb position_text_align=\u00bbcenter\u00bb width=\u00bb60%\u00bb border_radii_image=\u00bbon|8000px|8000px|8000px|8000px\u00bb global_colors_info=\u00bb{}\u00bb][\/et_pb_team_member][et_pb_team_member name=\u00bbD\u00f1a. Carolina Mart\u00edn Pierna\u00bb position=\u00bbTutora\u00bb image_url=\u00bbhttps:\/\/salesianosmaux.es\/colegio\/wp-content\/uploads\/sites\/5\/2022\/10\/C88H1941B-Personalizado-Personalizado.jpg\u00bb _builder_version=\u00bb4.18.0&#8243; _module_preset=\u00bbdefault\u00bb header_font=\u00bbLato|300|||||||\u00bb header_text_align=\u00bbcenter\u00bb position_text_align=\u00bbcenter\u00bb width=\u00bb60%\u00bb border_radii_image=\u00bbon|8000px|8000px|8000px|8000px\u00bb global_colors_info=\u00bb{}\u00bb][\/et_pb_team_member][\/et_pb_column][et_pb_column type=\u00bb1_5&#8243; _builder_version=\u00bb4.27.0&#8243; _module_preset=\u00bbdefault\u00bb global_colors_info=\u00bb{}\u00bb][et_pb_team_member name=\u00bbD\u00f1a. Helena Hoyos Hern\u00e1ndez\u00bb position=\u00bbCoord. Pastoral &#8211; Tutora\u00bb image_url=\u00bbhttps:\/\/salesianosmaux.es\/colegio\/wp-content\/uploads\/sites\/5\/2026\/02\/e60432a0-8ba1-4be8-9f89-a5b77f1a55bf.jpg\u00bb _builder_version=\u00bb4.27.5&#8243; _module_preset=\u00bbdefault\u00bb header_font=\u00bbLato|300|||||||\u00bb header_text_align=\u00bbcenter\u00bb position_text_align=\u00bbcenter\u00bb width=\u00bb60%\u00bb custom_margin=\u00bb|75px||||\u00bb border_radii_image=\u00bbon|8000px|8000px|8000px|8000px\u00bb global_colors_info=\u00bb{}\u00bb][\/et_pb_team_member][et_pb_team_member name=\u00bbD\u00f1a. Ana Bel\u00e9n\u00bb position=\u00bbTutora\u00bb image_url=\u00bbhttps:\/\/salesianosmaux.es\/colegio\/wp-content\/uploads\/sites\/5\/2026\/02\/15e02b78-5a18-46f9-bd92-0beaa1d83b12.jpg\u00bb _builder_version=\u00bb4.27.5&#8243; _module_preset=\u00bbdefault\u00bb header_font=\u00bbLato|300|||||||\u00bb header_text_align=\u00bbcenter\u00bb position_text_align=\u00bbcenter\u00bb width=\u00bb60%\u00bb border_radii_image=\u00bbon|8000px|8000px|8000px|8000px\u00bb global_colors_info=\u00bb{}\u00bb][\/et_pb_team_member][\/et_pb_column][et_pb_column type=\u00bb1_5&#8243; _builder_version=\u00bb4.16&#8243; _module_preset=\u00bbdefault\u00bb global_colors_info=\u00bb{}\u00bb][et_pb_team_member name=\u00bbD\u00f1a. Elena Mart\u00edn Benito\u00bb position=\u00bbTutora\u00bb image_url=\u00bbhttps:\/\/salesianosmaux.es\/colegio\/wp-content\/uploads\/sites\/5\/2026\/02\/53b7870d-ac47-4930-86f5-8afc8aa6c90e.jpg\u00bb _builder_version=\u00bb4.27.5&#8243; _module_preset=\u00bbdefault\u00bb header_font=\u00bbLato|300|||||||\u00bb header_text_align=\u00bbcenter\u00bb position_text_align=\u00bbcenter\u00bb width=\u00bb60%\u00bb border_radii_image=\u00bbon|8000px|8000px|8000px|8000px\u00bb global_colors_info=\u00bb{}\u00bb][\/et_pb_team_member][et_pb_team_member name=\u00bbD\u00f1a. Almudena Gonz\u00e1lez Ramos\u00bb position=\u00bbDir. Pedag\u00f3gica &#8211; Orientaci\u00f3n\u00bb image_url=\u00bbhttps:\/\/salesianosmaux.es\/colegio\/wp-content\/uploads\/sites\/5\/2026\/02\/dcc160a9-9e99-4bcb-ba02-d63f771a8aa0.jpg\u00bb _builder_version=\u00bb4.27.5&#8243; _module_preset=\u00bbdefault\u00bb header_font=\u00bbLato|300|||||||\u00bb header_text_align=\u00bbcenter\u00bb position_text_align=\u00bbcenter\u00bb width=\u00bb60%\u00bb custom_margin=\u00bb|75px||||\u00bb border_radii_image=\u00bbon|8000px|8000px|8000px|8000px\u00bb global_colors_info=\u00bb{}\u00bb][\/et_pb_team_member][\/et_pb_column][et_pb_column type=\u00bb1_5&#8243; _builder_version=\u00bb4.27.5&#8243; _module_preset=\u00bbdefault\u00bb global_colors_info=\u00bb{}\u00bb][et_pb_team_member name=\u00bbD\u00f1a. Beatriz Mart\u00edn Rodr\u00edguez\u00bb position=\u00bbTutora\u00bb image_url=\u00bbhttps:\/\/salesianosmaux.es\/colegio\/wp-content\/uploads\/sites\/5\/2026\/02\/ff342b10-6076-4d4b-b94e-06d2b1cec58c.jpg\u00bb _builder_version=\u00bb4.27.5&#8243; _module_preset=\u00bbdefault\u00bb header_font=\u00bbLato|300|||||||\u00bb header_text_align=\u00bbcenter\u00bb position_text_align=\u00bbcenter\u00bb width=\u00bb60%\u00bb border_radii_image=\u00bbon|8000px|8000px|8000px|8000px\u00bb global_colors_info=\u00bb{}\u00bb][\/et_pb_team_member][\/et_pb_column][et_pb_column type=\u00bb1_5&#8243; _builder_version=\u00bb4.16&#8243; _module_preset=\u00bbdefault\u00bb global_colors_info=\u00bb{}\u00bb][et_pb_team_member name=\u00bbD\u00f1a. M\u00aa Rosario Palacios Porras\u00bb position=\u00bbOrientaci\u00f3n\u00bb image_url=\u00bbhttps:\/\/salesianosmaux.es\/colegio\/wp-content\/uploads\/sites\/5\/2026\/02\/b9bcaffc-4b57-47f1-b3fd-8ff015d36632.jpg\u00bb _builder_version=\u00bb4.27.5&#8243; _module_preset=\u00bbdefault\u00bb header_font=\u00bbLato|300|||||||\u00bb header_text_align=\u00bbcenter\u00bb position_text_align=\u00bbcenter\u00bb width=\u00bb60%\u00bb border_radii_image=\u00bbon|8000px|8000px|8000px|8000px\u00bb global_colors_info=\u00bb{}\u00bb][\/et_pb_team_member][\/et_pb_column][\/et_pb_row][\/et_pb_section]<\/p>\n","protected":false},"excerpt":{"rendered":"<p>Soy Almudena Gonz\u00e1lez y, como Directora Pedag\u00f3gica, es un orgullo para mi presentaros al equipo de profesores de la etapa de Infantil. La cohesi\u00f3n del equipo potencia nuestra misi\u00f3n\/valores y ayuda a conseguir de una manera m\u00e1s adecuada y eficaz nuestros objetivos.Primer cicloSegundo ciclo<\/p>\n","protected":false},"author":1,"featured_media":0,"parent":0,"menu_order":0,"comment_status":"closed","ping_status":"closed","template":"","meta":{"_et_pb_use_builder":"on","_et_pb_old_content":"","_et_gb_content_width":"","_joinchat":[],"footnotes":""},"class_list":["post-147","page","type-page","status-publish","hentry"],"yoast_head":"<!-- This site is optimized with the Yoast SEO plugin v28.4 - https:\/\/yoast.com\/product\/yoast-seo-wordpress\/ -->\n<title>Equipo de Infantil - Colegio Mar\u00eda Auxiliadora<\/title>\n<meta name=\"robots\" content=\"index, follow, max-snippet:-1, max-image-preview:large, max-video-preview:-1\" \/>\n<link rel=\"canonical\" href=\"https:\/\/salesianosmaux.es\/colegio\/equipo-de-infantil\/\" \/>\n<meta property=\"og:locale\" content=\"es_ES\" \/>\n<meta property=\"og:type\" content=\"article\" \/>\n<meta property=\"og:title\" content=\"Equipo de Infantil - Colegio Mar\u00eda Auxiliadora\" \/>\n<meta property=\"og:description\" content=\"Te puede interesar...\" \/>\n<meta property=\"og:url\" content=\"https:\/\/salesianosmaux.es\/colegio\/equipo-de-infantil\/\" \/>\n<meta property=\"og:site_name\" content=\"Colegio Mar\u00eda Auxiliadora\" \/>\n<meta property=\"article:modified_time\" content=\"2026-06-18T14:18:25+00:00\" \/>\n<meta name=\"twitter:card\" content=\"summary_large_image\" \/>\n<script type=\"application\/ld+json\" class=\"yoast-schema-graph\">{\"@context\":\"https:\\\/\\\/schema.org\",\"@graph\":[{\"@type\":\"WebPage\",\"@id\":\"https:\\\/\\\/salesianosmaux.es\\\/colegio\\\/equipo-de-infantil\\\/\",\"url\":\"https:\\\/\\\/salesianosmaux.es\\\/colegio\\\/equipo-de-infantil\\\/\",\"name\":\"Equipo de Infantil - Colegio Mar\u00eda Auxiliadora\",\"isPartOf\":{\"@id\":\"https:\\\/\\\/salesianosmaux.es\\\/colegio\\\/#website\"},\"datePublished\":\"2022-02-17T22:28:08+00:00\",\"dateModified\":\"2026-06-18T14:18:25+00:00\",\"breadcrumb\":{\"@id\":\"https:\\\/\\\/salesianosmaux.es\\\/colegio\\\/equipo-de-infantil\\\/#breadcrumb\"},\"inLanguage\":\"es\",\"potentialAction\":[{\"@type\":\"ReadAction\",\"target\":[\"https:\\\/\\\/salesianosmaux.es\\\/colegio\\\/equipo-de-infantil\\\/\"]}]},{\"@type\":\"BreadcrumbList\",\"@id\":\"https:\\\/\\\/salesianosmaux.es\\\/colegio\\\/equipo-de-infantil\\\/#breadcrumb\",\"itemListElement\":[{\"@type\":\"ListItem\",\"position\":1,\"name\":\"Portada\",\"item\":\"https:\\\/\\\/salesianosmaux.es\\\/colegio\\\/\"},{\"@type\":\"ListItem\",\"position\":2,\"name\":\"Equipo de Infantil\"}]},{\"@type\":\"WebSite\",\"@id\":\"https:\\\/\\\/salesianosmaux.es\\\/colegio\\\/#website\",\"url\":\"https:\\\/\\\/salesianosmaux.es\\\/colegio\\\/\",\"name\":\"Colegio Mar\u00eda Auxiliadora\",\"description\":\"Colegio Mar\u00eda Auxiliadora\",\"potentialAction\":[{\"@type\":\"SearchAction\",\"target\":{\"@type\":\"EntryPoint\",\"urlTemplate\":\"https:\\\/\\\/salesianosmaux.es\\\/colegio\\\/?s={search_term_string}\"},\"query-input\":{\"@type\":\"PropertyValueSpecification\",\"valueRequired\":true,\"valueName\":\"search_term_string\"}}],\"inLanguage\":\"es\"}]}<\/script>\n<!-- \/ Yoast SEO plugin. -->","yoast_head_json":{"title":"Equipo de Infantil - Colegio Mar\u00eda Auxiliadora","robots":{"index":"index","follow":"follow","max-snippet":"max-snippet:-1","max-image-preview":"max-image-preview:large","max-video-preview":"max-video-preview:-1"},"canonical":"https:\/\/salesianosmaux.es\/colegio\/equipo-de-infantil\/","og_locale":"es_ES","og_type":"article","og_title":"Equipo de Infantil - Colegio Mar\u00eda Auxiliadora","og_description":"Te puede interesar...","og_url":"https:\/\/salesianosmaux.es\/colegio\/equipo-de-infantil\/","og_site_name":"Colegio Mar\u00eda Auxiliadora","article_modified_time":"2026-06-18T14:18:25+00:00","twitter_card":"summary_large_image","schema":{"@context":"https:\/\/schema.org","@graph":[{"@type":"WebPage","@id":"https:\/\/salesianosmaux.es\/colegio\/equipo-de-infantil\/","url":"https:\/\/salesianosmaux.es\/colegio\/equipo-de-infantil\/","name":"Equipo de Infantil - Colegio Mar\u00eda Auxiliadora","isPartOf":{"@id":"https:\/\/salesianosmaux.es\/colegio\/#website"},"datePublished":"2022-02-17T22:28:08+00:00","dateModified":"2026-06-18T14:18:25+00:00","breadcrumb":{"@id":"https:\/\/salesianosmaux.es\/colegio\/equipo-de-infantil\/#breadcrumb"},"inLanguage":"es","potentialAction":[{"@type":"ReadAction","target":["https:\/\/salesianosmaux.es\/colegio\/equipo-de-infantil\/"]}]},{"@type":"BreadcrumbList","@id":"https:\/\/salesianosmaux.es\/colegio\/equipo-de-infantil\/#breadcrumb","itemListElement":[{"@type":"ListItem","position":1,"name":"Portada","item":"https:\/\/salesianosmaux.es\/colegio\/"},{"@type":"ListItem","position":2,"name":"Equipo de Infantil"}]},{"@type":"WebSite","@id":"https:\/\/salesianosmaux.es\/colegio\/#website","url":"https:\/\/salesianosmaux.es\/colegio\/","name":"Colegio Mar\u00eda Auxiliadora","description":"Colegio Mar\u00eda Auxiliadora","potentialAction":[{"@type":"SearchAction","target":{"@type":"EntryPoint","urlTemplate":"https:\/\/salesianosmaux.es\/colegio\/?s={search_term_string}"},"query-input":{"@type":"PropertyValueSpecification","valueRequired":true,"valueName":"search_term_string"}}],"inLanguage":"es"}]}},"_links":{"self":[{"href":"https:\/\/salesianosmaux.es\/colegio\/wp-json\/wp\/v2\/pages\/147","targetHints":{"allow":["GET"]}}],"collection":[{"href":"https:\/\/salesianosmaux.es\/colegio\/wp-json\/wp\/v2\/pages"}],"about":[{"href":"https:\/\/salesianosmaux.es\/colegio\/wp-json\/wp\/v2\/types\/page"}],"author":[{"embeddable":true,"href":"https:\/\/salesianosmaux.es\/colegio\/wp-json\/wp\/v2\/users\/1"}],"replies":[{"embeddable":true,"href":"https:\/\/salesianosmaux.es\/colegio\/wp-json\/wp\/v2\/comments?post=147"}],"version-history":[{"count":26,"href":"https:\/\/salesianosmaux.es\/colegio\/wp-json\/wp\/v2\/pages\/147\/revisions"}],"predecessor-version":[{"id":12363,"href":"https:\/\/salesianosmaux.es\/colegio\/wp-json\/wp\/v2\/pages\/147\/revisions\/12363"}],"wp:attachment":[{"href":"https:\/\/salesianosmaux.es\/colegio\/wp-json\/wp\/v2\/media?parent=147"}],"curies":[{"name":"wp","href":"https:\/\/api.w.org\/{rel}","templated":true}]}}