{"id":1928,"date":"2022-06-02T13:57:24","date_gmt":"2022-06-02T13:57:24","guid":{"rendered":"https:\/\/salesianosmaux.es\/colegio\/?page_id=1928"},"modified":"2026-08-18T20:19:12","modified_gmt":"2026-08-18T20:19:12","slug":"digitalizacion","status":"publish","type":"page","link":"https:\/\/salesianosmaux.es\/colegio\/digitalizacion\/","title":{"rendered":"Digitalizaci\u00f3n"},"content":{"rendered":"<p>[et_pb_section fb_built=\u00bb1&#8243; fullwidth=\u00bbon\u00bb _builder_version=\u00bb4.16&#8243; global_colors_info=\u00bb{}\u00bb][et_pb_fullwidth_header title=\u00bbDigitalizaci\u00f3n\u00bb subhead=\u00bbPlan de Digitalizaci\u00f3n del Centro\u00bb button_one_url=\u00bbhttps:\/\/alicante.salesianos.edu\/colegio\/digitalizacion\/#Normativa\u00bb button_two_url=\u00bbhttps:\/\/alicante.salesianos.edu\/colegio\/digitalizacion\/#Incidencias\u00bb background_overlay_color=\u00bbrgba(0,0,0,0.17)\u00bb title_font_color=\u00bb#ffffff\u00bb button_one_text_tablet=\u00bb\u00bb button_one_text_phone=\u00bb\u00bb button_one_text_last_edited=\u00bbon|phone\u00bb button_two_text_tablet=\u00bb\u00bb button_two_text_phone=\u00bb\u00bb button_two_text_last_edited=\u00bbon|phone\u00bb module_class=\u00bbpagina-imagen-cabecera\u00bb _builder_version=\u00bb4.17.4&#8243; title_font=\u00bb||||||||\u00bb title_text_color=\u00bb#ffffff\u00bb title_font_size=\u00bb40px\u00bb content_font=\u00bb||||||||\u00bb content_text_align=\u00bbright\u00bb content_font_size=\u00bb16px\u00bb subhead_font=\u00bbLato|300|on||||||\u00bb subhead_text_align=\u00bbright\u00bb subhead_font_size=\u00bb30px\u00bb background_image=\u00bbhttps:\/\/salesianosmaux.es\/colegio\/wp-content\/uploads\/sites\/5\/2022\/02\/Apple_Australian-primary-school-drives-innovation-and-creativity-with-iPad-image4_032521_big.jpg.large_2x.jpg\u00bb custom_button_one=\u00bbon\u00bb button_one_text_color=\u00bb#DC001B\u00bb button_one_bg_color=\u00bb#FFFFFF\u00bb button_one_border_width=\u00bb0px\u00bb button_one_border_radius=\u00bb100px\u00bb custom_button_two=\u00bbon\u00bb button_two_text_color=\u00bb#DC001B\u00bb button_two_bg_color=\u00bb#FFFFFF\u00bb button_two_border_width=\u00bb0px\u00bb button_two_border_radius=\u00bb100px\u00bb filter_saturate=\u00bb110%\u00bb subhead_text_shadow_style=\u00bbpreset3&#8243; background_url=\u00bbhttps:\/\/alicante.salesianos.edu\/familiasalesiana\/wp-content\/uploads\/sites\/7\/2017\/04\/Archivo_006.jpeg\u00bb global_colors_info=\u00bb{}\u00bb button_one_text_size__hover_enabled=\u00bboff\u00bb button_two_text_size__hover_enabled=\u00bboff\u00bb button_one_text_color__hover_enabled=\u00bboff\u00bb button_two_text_color__hover_enabled=\u00bboff\u00bb button_one_border_width__hover_enabled=\u00bboff\u00bb button_two_border_width__hover_enabled=\u00bboff\u00bb button_one_border_color__hover_enabled=\u00bboff\u00bb button_two_border_color__hover_enabled=\u00bboff\u00bb button_one_border_radius__hover_enabled=\u00bboff\u00bb button_two_border_radius__hover_enabled=\u00bboff\u00bb button_one_letter_spacing__hover_enabled=\u00bboff\u00bb button_two_letter_spacing__hover_enabled=\u00bboff\u00bb button_one_bg_color__hover_enabled=\u00bboff\u00bb button_two_bg_color__hover_enabled=\u00bboff\u00bb][\/et_pb_fullwidth_header][\/et_pb_section][et_pb_section fb_built=\u00bb1&#8243; next_background_color=\u00bb#ffffff\u00bb _builder_version=\u00bb4.17.4&#8243; _module_preset=\u00bbdefault\u00bb background_color=\u00bb#ededed\u00bb bottom_divider_style=\u00bbwave2&#8243; global_colors_info=\u00bb{}\u00bb][et_pb_row column_structure=\u00bb3_5,2_5&#8243; _builder_version=\u00bb4.17.4&#8243; _module_preset=\u00bbdefault\u00bb global_colors_info=\u00bb{}\u00bb][et_pb_column type=\u00bb3_5&#8243; _builder_version=\u00bb4.17.4&#8243; _module_preset=\u00bbdefault\u00bb global_colors_info=\u00bb{}\u00bb][et_pb_text _builder_version=\u00bb4.21.0&#8243; text_font=\u00bb||||||||\u00bb header_font=\u00bb||||||||\u00bb header_2_font=\u00bbLato|300|||||||\u00bb header_2_font_size=\u00bb30px\u00bb text_orientation=\u00bbjustified\u00bb global_colors_info=\u00bb{}\u00bb]<\/p>\n<p style=\"text-align: justify;\">Esta p\u00e1gina engloba todo lo referente al proceso de digitalizaci\u00f3n del centro. Es una p\u00e1gina en constante actualizaci\u00f3n igual que lo son las metodolog\u00edas innovadoras que aplican las tecnolog\u00edas de la informaci\u00f3n y la comunicaci\u00f3n. Actualmente nos avala la certificaci\u00f3n TIC del programa de competencia digital de centros <a href=\"https:\/\/www.educa.jcyl.es\/profesorado\/es\/proyecto-codice-tic-2021-22\" target=\"_blank\" rel=\"noopener\">CoDiCe TIC<\/a> de la <a href=\"https:\/\/educa.jcyl.es\" target=\"_blank\" rel=\"noopener\">Consejer\u00eda de Educaci\u00f3n de la Junta de Castilla y Le\u00f3n<\/a><\/p>\n<p>[\/et_pb_text][et_pb_image src=\u00bbhttps:\/\/salesianosmaux.es\/colegio\/wp-content\/uploads\/sites\/5\/2025\/10\/thread-viewer.png\u00bb title_text=\u00bbthread-viewer\u00bb _builder_version=\u00bb4.27.4&#8243; _module_preset=\u00bbdefault\u00bb global_colors_info=\u00bb{}\u00bb][\/et_pb_image][\/et_pb_column][et_pb_column type=\u00bb2_5&#8243; _builder_version=\u00bb4.17.4&#8243; _module_preset=\u00bbdefault\u00bb global_colors_info=\u00bb{}\u00bb][et_pb_cta title=\u00bbPlan TIC\u00bb button_url=\u00bbhttps:\/\/salesianosmaux.es\/colegio\/wp-content\/uploads\/sites\/5\/2025\/06\/2025-Plan_Digital_CoDiCe_TIC.pdf\u00bb url_new_window=\u00bbon\u00bb button_text=\u00bbVer documento\u00bb _builder_version=\u00bb4.27.4&#8243; header_font=\u00bbAmatic SC||||\u00bb header_font_size=\u00bb60px\u00bb background_color=\u00bbrgba(224,43,32,0.85)\u00bb background_image=\u00bbhttps:\/\/salesianosmaux.es\/colegio\/wp-content\/uploads\/sites\/5\/2022\/03\/HORARIO-ESO.jpeg\u00bb background_blend=\u00bbcolor-burn\u00bb text_orientation=\u00bbleft\u00bb link_option_url=\u00bbhttps:\/\/salesianosmaux.es\/colegio\/wp-content\/uploads\/sites\/5\/2025\/06\/2025-Plan_Digital_CoDiCe_TIC.pdf\u00bb link_option_url_new_window=\u00bbon\u00bb border_style=\u00bbsolid\u00bb button_letter_spacing_hover=\u00bb0&#8243; global_colors_info=\u00bb{}\u00bb button_text_size__hover_enabled=\u00bboff\u00bb button_one_text_size__hover_enabled=\u00bboff\u00bb button_two_text_size__hover_enabled=\u00bboff\u00bb button_text_color__hover_enabled=\u00bboff\u00bb button_one_text_color__hover_enabled=\u00bboff\u00bb button_two_text_color__hover_enabled=\u00bboff\u00bb button_border_width__hover_enabled=\u00bboff\u00bb button_one_border_width__hover_enabled=\u00bboff\u00bb button_two_border_width__hover_enabled=\u00bboff\u00bb button_border_color__hover_enabled=\u00bboff\u00bb button_one_border_color__hover_enabled=\u00bboff\u00bb button_two_border_color__hover_enabled=\u00bboff\u00bb button_border_radius__hover_enabled=\u00bboff\u00bb button_one_border_radius__hover_enabled=\u00bboff\u00bb button_two_border_radius__hover_enabled=\u00bboff\u00bb button_letter_spacing__hover_enabled=\u00bbon\u00bb button_letter_spacing__hover=\u00bb0&#8243; button_one_letter_spacing__hover_enabled=\u00bboff\u00bb button_two_letter_spacing__hover_enabled=\u00bboff\u00bb button_bg_color__hover_enabled=\u00bboff\u00bb button_one_bg_color__hover_enabled=\u00bboff\u00bb button_two_bg_color__hover_enabled=\u00bboff\u00bb]<\/p>\n<p><span>En este documento encontrar\u00e1s nuestro Plan TIC vigente<\/span><\/p>\n<p>[\/et_pb_cta][et_pb_image src=\u00bbhttps:\/\/salesianosmaux.es\/colegio\/wp-content\/uploads\/sites\/5\/2024\/06\/Logos-PRTR-nuevos-scaled.jpg\u00bb title_text=\u00bbLogos PRTR nuevos\u00bb _builder_version=\u00bb4.25.2&#8243; _module_preset=\u00bbdefault\u00bb global_colors_info=\u00bb{}\u00bb][\/et_pb_image][\/et_pb_column][\/et_pb_row][et_pb_row _builder_version=\u00bb4.17.4&#8243; _module_preset=\u00bbdefault\u00bb global_colors_info=\u00bb{}\u00bb][et_pb_column type=\u00bb4_4&#8243; _builder_version=\u00bb4.17.4&#8243; _module_preset=\u00bbdefault\u00bb global_colors_info=\u00bb{}\u00bb][et_pb_divider show_divider=\u00bboff\u00bb _builder_version=\u00bb4.17.4&#8243; _module_preset=\u00bbdefault\u00bb global_colors_info=\u00bb{}\u00bb][\/et_pb_divider][\/et_pb_column][\/et_pb_row][\/et_pb_section][et_pb_section fb_built=\u00bb1&#8243; _builder_version=\u00bb4.16&#8243; custom_padding=\u00bb40px|0px|17px|0px|false|false\u00bb global_colors_info=\u00bb{}\u00bb][et_pb_row column_structure=\u00bb3_5,2_5&#8243; _builder_version=\u00bb4.25.2&#8243; _module_preset=\u00bbdefault\u00bb global_colors_info=\u00bb{}\u00bb][et_pb_column type=\u00bb3_5&#8243; _builder_version=\u00bb4.25.2&#8243; _module_preset=\u00bbdefault\u00bb global_colors_info=\u00bb{}\u00bb][et_pb_text _builder_version=\u00bb4.17.4&#8243; text_font=\u00bb||||||||\u00bb header_font=\u00bb||||||||\u00bb header_2_font=\u00bbLato|300|||||||\u00bb header_2_font_size=\u00bb30px\u00bb text_orientation=\u00bbjustified\u00bb custom_margin=\u00bb||\u00bb global_colors_info=\u00bb{}\u00bb]<\/p>\n<h2>Proyecto iPad 1:1<\/h2>\n<p style=\"text-align: justify;\">El Proyecto iPad 1:1 forma parte de nuestro <strong>Plan de Digitalizaci\u00f3n del Centro<\/strong>. Es un plan que se desarrolla a lo largo de varios a\u00f1os y que se comienza a implementar en <span style=\"font-weight: 400;\">5\u00ba de <a href=\"https:\/\/salesianosmaux.es\/colegio\/primaria\/\" title=\"Sobre la etapa de Primaria\">Primaria<\/a>\u00a0continuando hasta la <a href=\"https:\/\/salesianosmaux.es\/colegio\/eso\/\" title=\"Sobre la etapa de la ESO\">ESO<\/a>. <\/span><\/p>\n<p style=\"text-align: justify;\"><span style=\"font-weight: 400;\">Este proyecto comenz\u00f3 su desarrollo en 2015 siendo el primer colegio de Salamanca en implantar el modelo 1:1 junto a <a href=\"https:\/\/salesianospizarrales.com\">Salesianos San Jos\u00e9 (Pizarrales)<\/a>. Esta experiencia nos ha permitido una profunda reflexi\u00f3n y evaluaci\u00f3n de diferentes opciones, y se sigue optando por los <strong>iPad<\/strong> de <strong>Apple<\/strong> como <strong>dispositivo personal<\/strong> del alumnado.<\/span><\/p>\n<p style=\"text-align: justify;\">En cuanto a contenidos digitales o <strong>mochila digital<\/strong>, trabajamos la mayor\u00eda de asignaturas con la editorial Edeb\u00e9 y ponemos a disposici\u00f3n de las familias la <a href=\"https:\/\/www.libreriasalesiana.com\/libros_de_texto\/salamanca_37\/78-colegio-m-auxiliadora-salamanca_78\" target=\"_blank\" rel=\"noopener\" title=\"Librer\u00eda Salesiana\">Librer\u00eda Salesiana<\/a> para comprar las licencias relativas a los contenidos junto a otros libros de lectura y material de cada curso.<\/p>\n<p style=\"text-align: justify;\"><span style=\"font-weight: 400;\">Por otra parte, <strong>nos apoyaremos en dos empresas<\/strong> con amplia experiencia en el sector educativo y <strong>con las que trabajan otros centros salesianos de nuestro pa\u00eds con una experiencia muy positiva<\/strong>. En lo referente al asesoramiento y soporte contamos con <a href=\"https:\/\/w.rossellimac.es\" title=\"M\u00e1s sobre la empresa\">Rosellimac<\/a>\u00a0como Apple Premium Reseller y <a href=\"https:\/\/www.adap-tec.es\">ADAP Soluciones Tecnol\u00f3gicas<\/a> para las redes y conexi\u00f3n.<\/span><\/p>\n<p style=\"text-align: justify;\">Desde el curso escolar 2023-24 el centro ha invertido en <strong style=\"font-weight: 400;\">libros de texto en pr\u00e9stamo<\/strong> para los alumnos desde 5\u00ba de primaria a 2\u00ba de la ESO.\u00a0<\/p>\n<p>[\/et_pb_text][\/et_pb_column][et_pb_column type=\u00bb2_5&#8243; _builder_version=\u00bb4.25.2&#8243; _module_preset=\u00bbdefault\u00bb global_colors_info=\u00bb{}\u00bb][et_pb_testimonial _builder_version=\u00bb4.16&#8243; body_font=\u00bb||on||||||\u00bb body_text_align=\u00bbjustify\u00bb text_orientation=\u00bbjustified\u00bb custom_margin=\u00bb||||false|false\u00bb custom_margin_tablet=\u00bb40px||||false|false\u00bb custom_margin_phone=\u00bb\u00bb custom_margin_last_edited=\u00bbon|tablet\u00bb custom_padding=\u00bb50px|40px|40px|40px||true\u00bb box_shadow_style=\u00bbpreset3&#8243; global_colors_info=\u00bb{}\u00bb]<\/p>\n<h2 style=\"text-align: center;\"><span style=\"font-weight: 400;\"><strong>\u00a1Gracias de coraz\u00f3n!<\/strong><\/span><\/h2>\n<p><span style=\"font-weight: 400;\"><strong>Muchas gracias<\/strong> por vuestra confianza e inter\u00e9s por el proyecto. Para nuestro centro es un esfuerzo muy grande en todos los sentidos, como otros muchos que vamos asumiendo movidos por el inter\u00e9s de <strong>crecer en calidad educativa<\/strong> y que seguro va ayudar a vuestros hijos\/as a <strong>desarrollar nuevas capacidades<\/strong> como personas, como estudiantes\u2026<\/span><\/p>\n<p><span style=\"font-weight: 400;\">En este progresivo proceso de digitalizaci\u00f3n <strong>no abandonaremos ni el libro, ni el papel<\/strong>, ni la escritura, ni la comunicaci\u00f3n oral, ni el trabajo en grupo, ni el trabajo de campo, ni la socializaci\u00f3n y tantos otros elementos de nuestro sistema educativo\u2026 sino que <strong>se potenciar\u00e1 con la digitalizaci\u00f3n de los contenidos<\/strong>.<\/span><\/p>\n<p><span style=\"font-weight: 400;\">El proyecto educativo salesiano no var\u00eda ni se modifica, sino que se enriquece con la opci\u00f3n que nos proponemos, y en la que las familias tendr\u00e9is que implicaros para <strong>formar y acompa\u00f1ar desde casa los procesos formativos y educativos<\/strong>.<\/span><\/p>\n<p>[\/et_pb_testimonial][\/et_pb_column][\/et_pb_row][et_pb_row column_structure=\u00bb3_5,2_5&#8243; disabled_on=\u00bboff|off|off\u00bb _builder_version=\u00bb4.16&#8243; global_colors_info=\u00bb{}\u00bb][et_pb_column type=\u00bb3_5&#8243; _builder_version=\u00bb4.16&#8243; custom_padding=\u00bb|||\u00bb global_colors_info=\u00bb{}\u00bb custom_padding__hover=\u00bb|||\u00bb][et_pb_toggle title=\u00bbCondiciones pr\u00e9stamo libros de texto\u00bb open_toggle_text_color=\u00bb#DC001B\u00bb module_id=\u00bbNormativa\u00bb _builder_version=\u00bb4.24.0&#8243; _module_preset=\u00bbdefault\u00bb title_text_color=\u00bb#DC001B\u00bb title_level=\u00bbh3&#8243; title_text_align=\u00bbleft\u00bb title_font_size=\u00bb21px\u00bb text_orientation=\u00bbjustified\u00bb box_shadow_style=\u00bbpreset3&#8243; global_colors_info=\u00bb{}\u00bb]<\/p>\n<p style=\"font-weight: 400; text-align: justify;\">Cada familia firma un contrato a la entrega de los libros de texto a principio de curso en concepto de pr\u00e9stamos, comprometi\u00e9ndose a varias cuestiones:<\/p>\n<ol>\n<li>A <strong>forrar<\/strong> todos y cada uno de los libros recibidos y conservarlos en buen estado hasta finalizar el curso actual.<\/li>\n<li>A <strong>devolver<\/strong> los libros recibidos en el mismo estado en el que los reciben, salvo el desgaste normal por el uso de los mismos.<\/li>\n<li>A que, en el caso de que la totalidad de los libros no se reintegre en las condiciones se\u00f1aladas hacer entrega de un ejemplar nuevo por cada uno de los libros que no cumplan dichas condiciones o del importe equivalente al PVP del libro en ese momento, a elecci\u00f3n del Centro Educativo.<\/li>\n<\/ol>\n<p>[\/et_pb_toggle][et_pb_toggle title=\u00bbNormas de uso del iPad\u00bb open_toggle_text_color=\u00bb#DC001B\u00bb module_id=\u00bbNormativa\u00bb _builder_version=\u00bb4.17.4&#8243; _module_preset=\u00bbdefault\u00bb title_text_color=\u00bb#DC001B\u00bb title_level=\u00bbh3&#8243; title_text_align=\u00bbleft\u00bb title_font_size=\u00bb21px\u00bb text_orientation=\u00bbjustified\u00bb box_shadow_style=\u00bbpreset3&#8243; global_colors_info=\u00bb{}\u00bb]<\/p>\n<ul>\n<li aria-level=\"1\"><span style=\"font-weight: 400;\">El iPad debe ir y venir todos los d\u00edas al Centro. <\/span><b>No se pueden dejar en clase.\u00a0<\/b><\/li>\n<\/ul>\n<ul>\n<li aria-level=\"1\"><span style=\"font-weight: 400;\">El iPad debe venir con la <\/span><b>carga completa<\/b><span style=\"font-weight: 400;\"> de casa.\u00a0<\/span><\/li>\n<\/ul>\n<ul>\n<li aria-level=\"1\"><span style=\"font-weight: 400;\">El iPad se utilizar\u00e1 <\/span><b>exclusivamente para tareas educativas<\/b><span style=\"font-weight: 400;\">.\u00a0<\/span><\/li>\n<\/ul>\n<ul>\n<li aria-level=\"1\"><span style=\"font-weight: 400;\">El iPad es <\/span><b>personal e intransferible<\/b><span style=\"font-weight: 400;\">. No se puede compartir su uso y tiene que respetar la privacidad de los compa\u00f1eros\/as.<\/span><\/li>\n<\/ul>\n<ul>\n<li aria-level=\"1\"><span style=\"font-weight: 400;\">S\u00f3lo se podr\u00e1 hacer <\/span><b>uso de la c\u00e1mara y micr\u00f3fono<\/b><span style=\"font-weight: 400;\"> del iPad cuando sea autorizado y supervisado por el\u00a0 profesor.\u00a0<\/span><\/li>\n<\/ul>\n<ul>\n<li aria-level=\"1\"><span style=\"font-weight: 400;\">El iPad en el aula <\/span><b>debe de permanecer en silencio<\/b><span style=\"font-weight: 400;\">. Se utilizar\u00e1n <\/span><b>auriculares<\/b><span style=\"font-weight: 400;\"> (particulares de cada alumno) cuando la actividad propuesta lo requiera.\u00a0<\/span><\/li>\n<\/ul>\n<ul>\n<li aria-level=\"1\"><b>El uso del iPad debe limitarse a las aulas<\/b><span style=\"font-weight: 400;\">, salvo autorizaci\u00f3n concreta del profesor correspondiente.\u00a0<\/span><\/li>\n<\/ul>\n<ul>\n<li aria-level=\"1\"><span style=\"font-weight: 400;\">Al salir del centro, el iPad deber\u00e1 estar <\/span><b>guardado en la mochila<\/b><span style=\"font-weight: 400;\">, evitando as\u00ed estar expuesto.\u00a0<\/span><\/li>\n<\/ul>\n<ul>\n<li aria-level=\"1\"><b>El centro podr\u00e1 restringir funcionalidades<\/b><span style=\"font-weight: 400;\"> en el iPad.<\/span><\/li>\n<\/ul>\n<ul>\n<li aria-level=\"1\"><span style=\"font-weight: 400;\">El profesor puede en todo momento <\/span><b>comprobar que el contenido del iPad sea el adecuado y que est\u00e9n abiertas solo las aplicaciones que se precisan<\/b><span style=\"font-weight: 400;\"> en esa clase.<\/span><span style=\"font-weight: 400;\"><\/span><span style=\"font-weight: 400;\"><\/span><\/li>\n<\/ul>\n<ul>\n<li aria-level=\"1\">Es obligatorio el uso de<b> funda protectora del iPad.<\/b><\/li>\n<\/ul>\n<ul>\n<li aria-level=\"1\">La <strong>etiqueta identificativa<\/strong> del iPad proporcionada por el colegio ha de estar pegada y conservada en buen estado en un lugar visible de la funda.<\/li>\n<\/ul>\n<p>[\/et_pb_toggle][et_pb_toggle title=\u00bbSolicitud de liberaci\u00f3n del iPad\u00bb open_toggle_text_color=\u00bb#DC001B\u00bb module_id=\u00bbNormativa\u00bb _builder_version=\u00bb4.27.4&#8243; _module_preset=\u00bbdefault\u00bb title_text_color=\u00bb#DC001B\u00bb title_level=\u00bbh3&#8243; title_text_align=\u00bbleft\u00bb title_font_size=\u00bb21px\u00bb text_orientation=\u00bbjustified\u00bb box_shadow_style=\u00bbpreset3&#8243; global_colors_info=\u00bb{}\u00bb]<\/p>\n<p style=\"text-align: justify;\">Una vez que se termina el programa iPad en 4\u00ba ESO, pod\u00e9is solicitar su liberaci\u00f3n para poder usarlo sin ning\u00fan tipo de restricci\u00f3n a trav\u00e9s del siguiente <strong>formulario<\/strong>: <span><a href=\"https:\/\/forms.office.com\/r\/60DPeHBgrv\" target=\"_blank\" rel=\"noopener\">https:\/\/forms.office.com\/r\/60DPeHBgrv<\/a><\/span><\/p>\n<p style=\"text-align: justify;\">Para acceder y enviar el formulario se har\u00e1 <strong>a trav\u00e9s de la cuenta de educamos del padre o madre<\/strong>. No se atender\u00e1n peticiones desde las cuentas de los alumnos.<\/p>\n<p style=\"text-align: justify;\">Es muy importante que teng\u00e1is en cuenta lo siguiente antes de proceder con la solicitud:<\/p>\n<ul>\n<li style=\"text-align: justify;\">Al enviar la solicitud de liberaci\u00f3n se intentar\u00e1 proceder a realizarla de forma remota lo antes posible <strong>en cualquier momento y sin previo aviso<\/strong>.<\/li>\n<li style=\"text-align: justify;\">Es muy importante <strong>antes de enviar la solicitud hacer copia de seguridad<\/strong> de todos los documentos que se quieran guardar (se puede usar por ejemplo Drive de @alumno.mauxsalamanca.es si el alumno sigue matriculado en el colegio o cualquier otro servicio de nube personal)<\/li>\n<li style=\"text-align: justify;\"><strong>La cuenta de iCloud del alumno se eliminar\u00e1 <\/strong>al liberar el iPad por lo que no se debe hacer copia de seguridad en iCloud. Ser\u00eda conveniente revisar el contenido de esta nube (app Archivos).<\/li>\n<li style=\"text-align: justify;\">Durante los meses de <strong>julio y agosto no se atender\u00e1n<\/strong> peticiones de liberaci\u00f3n.<\/li>\n<li style=\"text-align: justify;\">Si el dispositivo f\u00edsico que se libera tiene que volver a usarse en el colegio (caso de hermanos por ejemplo), y siempre en el supuesto de que el sistema lo permita seg\u00fan la antig\u00fcedad del iPad, ser\u00eda necesario pagar los costes de enrolamiento y licencias MDM correspondientes.<\/li>\n<\/ul>\n<p style=\"text-align: justify;\">Para cualquier duda, aclaraci\u00f3n o si tras solicitar la liberaci\u00f3n pasan m\u00e1s de 15 d\u00edas, pod\u00e9is dirigiros al soporte TIC del Centro a trav\u00e9s del formulario de contacto de esta p\u00e1gina o de los correos electr\u00f3nicos correspondientes.\u00a0<span><\/span><\/p>\n<p>[\/et_pb_toggle][\/et_pb_column][et_pb_column type=\u00bb2_5&#8243; _builder_version=\u00bb4.16&#8243; custom_padding=\u00bb|||\u00bb global_colors_info=\u00bb{}\u00bb custom_padding__hover=\u00bb|||\u00bb][et_pb_text _builder_version=\u00bb4.25.2&#8243; _module_preset=\u00bbdefault\u00bb header_2_font=\u00bbLato|700|||||||\u00bb header_2_text_align=\u00bbcenter\u00bb header_2_font_size=\u00bb28px\u00bb global_colors_info=\u00bb{}\u00bb]<\/p>\n<h2>iPad externo vs. partner<\/h2>\n<p>[\/et_pb_text][et_pb_image src=\u00bbhttps:\/\/salesianosmaux.es\/colegio\/wp-content\/uploads\/sites\/5\/2026\/06\/iPad-ext-26.png\u00bb title_text=\u00bbiPad externos\u00bb _builder_version=\u00bb4.27.6&#8243; _module_preset=\u00bbdefault\u00bb global_colors_info=\u00bb{}\u00bb][\/et_pb_image][et_pb_divider show_divider=\u00bboff\u00bb _builder_version=\u00bb4.16&#8243; global_colors_info=\u00bb{}\u00bb][\/et_pb_divider][\/et_pb_column][\/et_pb_row][et_pb_row column_structure=\u00bb1_2,1_2&#8243; _builder_version=\u00bb4.16&#8243; _module_preset=\u00bbdefault\u00bb custom_padding=\u00bb0px|||||\u00bb global_colors_info=\u00bb{}\u00bb][et_pb_column type=\u00bb1_2&#8243; _builder_version=\u00bb4.16&#8243; _module_preset=\u00bbdefault\u00bb global_colors_info=\u00bb{}\u00bb][et_pb_blurb title=\u00bbSeguridad Digital\u00bb use_icon=\u00bbon\u00bb font_icon=\u00bb&#xe0d9;||divi||400&#8243; icon_placement=\u00bbleft\u00bb image_icon_width=\u00bb76px\u00bb icon_placement_tablet=\u00bb\u00bb icon_placement_phone=\u00bbtop\u00bb icon_placement_last_edited=\u00bbon|phone\u00bb image_icon_width_tablet=\u00bb76px\u00bb image_icon_width_phone=\u00bb76px\u00bb image_icon_width_last_edited=\u00bbon|phone\u00bb module_id=\u00bbIncidencias\u00bb _builder_version=\u00bb4.27.6&#8243; header_level=\u00bbh3&#8243; header_font=\u00bbLato||||||||\u00bb header_text_align=\u00bbleft\u00bb header_font_size=\u00bb26px\u00bb body_font=\u00bb||||||||\u00bb body_text_align=\u00bbjustify\u00bb background_color=\u00bb#ededed\u00bb image_icon_custom_padding_tablet=\u00bb\u00bb image_icon_custom_padding_phone=\u00bb\u00bb image_icon_custom_padding_last_edited=\u00bbon|phone\u00bb text_orientation=\u00bbcenter\u00bb custom_margin=\u00bb40px||||false|false\u00bb custom_padding=\u00bb30px|25px|20px|25px|false|true\u00bb hover_enabled=\u00bb0&#8243; header_text_align_tablet=\u00bb\u00bb header_text_align_phone=\u00bbcenter\u00bb header_text_align_last_edited=\u00bbon|phone\u00bb body_text_align_phone=\u00bbjustify\u00bb body_text_align_last_edited=\u00bboff|desktop\u00bb border_radii=\u00bbon|20px|20px|20px|20px\u00bb border_width_all_image_tablet=\u00bb\u00bb border_width_all_image_phone=\u00bb\u00bb border_width_all_image_last_edited=\u00bbon|phone\u00bb box_shadow_style=\u00bbpreset3&#8243; icon_font_size=\u00bb76px\u00bb global_colors_info=\u00bb{}\u00bb transform_styles__hover_enabled=\u00bbon|hover\u00bb transform_scale__hover_enabled=\u00bbon|hover\u00bb transform_translate__hover_enabled=\u00bbon|desktop\u00bb transform_rotate__hover_enabled=\u00bbon|desktop\u00bb transform_skew__hover_enabled=\u00bbon|desktop\u00bb transform_origin__hover_enabled=\u00bbon|desktop\u00bb transform_scale__hover=\u00bb105%|105%\u00bb sticky_enabled=\u00bb0&#8243;]<\/p>\n<p><span>En nuestro colegio, la seguridad digital es una prioridad. Formamos a nuestros alumnos en pr\u00e1cticas seguras en internet a trav\u00e9s de tutor\u00edas peri\u00f3dicas y programas espec\u00edficos que buscan desarrollar una comprensi\u00f3n profunda sobre la importancia de proteger su informaci\u00f3n personal y navegar de manera segura.<\/span><\/p>\n<h3><span>Consejos b\u00e1sicos de seguridad digital<\/span><\/h3>\n<ol>\n<li><strong>Crea Contrase\u00f1as Fuertes y \u00danicas:<\/strong> Utiliza combinaciones de letras, n\u00fameros y s\u00edmbolos. No uses la misma contrase\u00f1a en diferentes sitios.<\/li>\n<li><strong>Actualiza Regularmente el Software:<\/strong> Mant\u00e9n tus dispositivos y aplicaciones actualizados para protegerte contra software malicioso y vulnerabilidades de seguridad.<\/li>\n<li><strong>Cuidado con los Enlaces y Archivos Sospechosos:<\/strong> No hagas clic en enlaces ni descargues archivos de fuentes desconocidas. Esto es vital para evitar software malicioso y ataques de phishing.<\/li>\n<li><strong>Utiliza Conexiones Seguras:<\/strong> Evita utilizar redes WiFi p\u00fablicas para transacciones importantes. Considera el uso de una VPN para cifrar tu conexi\u00f3n a Internet.<\/li>\n<li><strong>Configura la Privacidad en Redes Sociales:<\/strong> Revisa y ajusta regularmente los ajustes de privacidad en tus cuentas de redes sociales para controlar qui\u00e9n puede ver tu informaci\u00f3n.<\/li>\n<li><strong>Educaci\u00f3n Continua:<\/strong> Participa activamente en las sesiones de formaci\u00f3n sobre seguridad digital ofrecidas por el colegio y permanece informado sobre las \u00faltimas amenazas en l\u00ednea.<\/li>\n<\/ol>\n<h3>Plan Director<\/h3>\n<p>La <em>editorial Edelvives<\/em> y la <em>Direcci\u00f3n General de la Polic\u00eda<\/em> colaboran para la concienciaci\u00f3n y sensibilizaci\u00f3n de los menores y sus familias sobre los riesgos de la sociedad digital dentro del marco de actuaci\u00f3n del <strong>Plan Director.<\/strong><\/p>\n<p class=\"cmParagraph\"><span><strong>Los guardianes de la red<\/strong> recoge, en cuatro historias de ficci\u00f3n, cuatro de los riesgos m\u00e1s comunes que sufren los menores: suplantaci\u00f3n de identidad, ciberacoso escolar, grooming y sexting.<\/span><\/p>\n<p class=\"cmParagraph\">Su objetivo es la concienciaci\u00f3n y sensibilizaci\u00f3n de los menores y sus familias sobre los riesgos de la sociedad digital dentro del marco de actuaci\u00f3n del Plan Director.<\/p>\n<p><a href=\"https:\/\/www.edelvives.com\/sites\/default\/files\/flipbook-pdf\/209582_Comic_Ciberseguridad_Cubierta_PDF_Web_1.pdf\" target=\"_blank\" rel=\"noopener\" title=\"Los guardianes de la red\">Acceso al c\u00f3mic<\/a><\/p>\n<p>[\/et_pb_blurb][et_pb_blurb title=\u00bbGu\u00eda de recomendaci\u00f3n de uso de medios digitales\u00bb use_icon=\u00bbon\u00bb font_icon=\u00bb&#xf02d;||fa||900&#8243; icon_placement=\u00bbleft\u00bb image_icon_width=\u00bb76px\u00bb icon_placement_tablet=\u00bb\u00bb icon_placement_phone=\u00bbtop\u00bb icon_placement_last_edited=\u00bbon|phone\u00bb image_icon_width_tablet=\u00bb76px\u00bb image_icon_width_phone=\u00bb76px\u00bb image_icon_width_last_edited=\u00bbon|phone\u00bb disabled_on=\u00bboff|off|off\u00bb module_id=\u00bbparent\u00bb _builder_version=\u00bb4.27.4&#8243; header_level=\u00bbh3&#8243; header_font=\u00bbLato||||||||\u00bb header_text_align=\u00bbleft\u00bb header_font_size=\u00bb26px\u00bb body_font=\u00bb||||||||\u00bb body_text_align=\u00bbjustify\u00bb background_color=\u00bb#ededed\u00bb image_icon_custom_padding_tablet=\u00bb\u00bb image_icon_custom_padding_phone=\u00bb\u00bb image_icon_custom_padding_last_edited=\u00bbon|phone\u00bb text_orientation=\u00bbcenter\u00bb custom_margin=\u00bb40px||||false|false\u00bb custom_padding=\u00bb30px|25px|20px|25px|false|true\u00bb header_text_align_tablet=\u00bb\u00bb header_text_align_phone=\u00bbcenter\u00bb header_text_align_last_edited=\u00bbon|phone\u00bb body_text_align_phone=\u00bbjustify\u00bb body_text_align_last_edited=\u00bboff|desktop\u00bb border_radii=\u00bbon|20px|20px|20px|20px\u00bb border_width_all_image_tablet=\u00bb\u00bb border_width_all_image_phone=\u00bb\u00bb border_width_all_image_last_edited=\u00bbon|phone\u00bb box_shadow_style=\u00bbpreset3&#8243; icon_font_size=\u00bb76px\u00bb global_colors_info=\u00bb{}\u00bb transform_styles__hover_enabled=\u00bbon|hover\u00bb transform_scale__hover_enabled=\u00bbon|hover\u00bb transform_translate__hover_enabled=\u00bbon|desktop\u00bb transform_rotate__hover_enabled=\u00bbon|desktop\u00bb transform_skew__hover_enabled=\u00bbon|desktop\u00bb transform_origin__hover_enabled=\u00bbon|desktop\u00bb transform_scale__hover=\u00bb105%|105%\u00bb]<\/p>\n<p><span>Queremos compartir con vosotros una\u00a0<\/span><strong>gu\u00eda muy interesante<\/strong><span>\u00a0publicada por la\u00a0<\/span><strong>Consejer\u00eda de Educaci\u00f3n de Castilla y Le\u00f3n<\/strong><span>, que ofrece\u00a0<\/span><strong>recomendaciones pr\u00e1cticas sobre el uso de medios digitales en el aula<\/strong><span>.<\/span><\/p>\n<p>Consulta la <a href=\"https:\/\/www.educa.jcyl.es\/educacyl\/cm\/gallery\/PSCD\/Guia_de_recomendaciones_de_uso_de_medios_digitales_para_la_comunidad_educativa.pdf\" target=\"_blank\" rel=\"noopener\"><strong>gu\u00eda de uso<\/strong> <\/a>para m\u00e1s informaci\u00f3n.<\/p>\n<p>[\/et_pb_blurb][\/et_pb_column][et_pb_column type=\u00bb1_2&#8243; _builder_version=\u00bb4.16&#8243; _module_preset=\u00bbdefault\u00bb global_colors_info=\u00bb{}\u00bb][et_pb_blurb title=\u00bbContactar con el soporte TIC\u00bb use_icon=\u00bbon\u00bb font_icon=\u00bb&#xf086;||fa||900&#8243; icon_placement=\u00bbleft\u00bb image_icon_width=\u00bb76px\u00bb icon_placement_tablet=\u00bb\u00bb icon_placement_phone=\u00bbtop\u00bb icon_placement_last_edited=\u00bbon|phone\u00bb image_icon_width_tablet=\u00bb76px\u00bb image_icon_width_phone=\u00bb76px\u00bb image_icon_width_last_edited=\u00bbon|phone\u00bb module_id=\u00bbIncidencias\u00bb _builder_version=\u00bb4.21.0&#8243; header_level=\u00bbh3&#8243; header_font=\u00bbLato||||||||\u00bb header_text_align=\u00bbleft\u00bb header_font_size=\u00bb26px\u00bb body_font=\u00bb||||||||\u00bb body_text_align=\u00bbjustify\u00bb background_color=\u00bb#ededed\u00bb image_icon_custom_padding_tablet=\u00bb\u00bb image_icon_custom_padding_phone=\u00bb\u00bb image_icon_custom_padding_last_edited=\u00bbon|phone\u00bb text_orientation=\u00bbcenter\u00bb custom_margin=\u00bb40px||||false|false\u00bb custom_padding=\u00bb30px|25px|20px|25px|false|true\u00bb header_text_align_tablet=\u00bb\u00bb header_text_align_phone=\u00bbcenter\u00bb header_text_align_last_edited=\u00bbon|phone\u00bb body_text_align_phone=\u00bbjustify\u00bb body_text_align_last_edited=\u00bboff|desktop\u00bb border_radii=\u00bbon|20px|20px|20px|20px\u00bb border_width_all_image_tablet=\u00bb\u00bb border_width_all_image_phone=\u00bb\u00bb border_width_all_image_last_edited=\u00bbon|phone\u00bb box_shadow_style=\u00bbpreset3&#8243; icon_font_size=\u00bb76px\u00bb global_colors_info=\u00bb{}\u00bb transform_styles__hover_enabled=\u00bbon|hover\u00bb transform_scale__hover_enabled=\u00bbon|hover\u00bb transform_translate__hover_enabled=\u00bbon|desktop\u00bb transform_rotate__hover_enabled=\u00bbon|desktop\u00bb transform_skew__hover_enabled=\u00bbon|desktop\u00bb transform_origin__hover_enabled=\u00bbon|desktop\u00bb transform_scale__hover=\u00bb105%|105%\u00bb]<\/p>\n<p><em>\u00bfTienes alg\u00fan problema con la configuraci\u00f3n del iPad? \u00bfAlguna aplicaci\u00f3n no funciona? \u00bfTienes problemas con tu cuenta de correo Google? <\/em><\/p>\n<p>Estos son los correos electr\u00f3nicos para ponerte en contacto con el <strong>soporte TIC<\/strong> del colegio:<\/p>\n<p style=\"text-align: left;\"><a href=\"mailto:informatica@mauxsalamanca.es\" title=\"Enviar correo\">informatica@mauxsalamanca.es<\/a><\/p>\n<p style=\"text-align: left;\"><span style=\"color: #e02b20;\">Profesor David S\u00e1nchez Ortiz (v\u00eda Educamos)<\/span><\/p>\n<p>[\/et_pb_blurb][et_pb_blurb title=\u00bbHacer uso de la garant\u00eda \/ seguro del iPad\u00bb use_icon=\u00bbon\u00bb font_icon=\u00bb&#xe035;||divi||400&#8243; icon_placement=\u00bbleft\u00bb image_icon_width=\u00bb76px\u00bb icon_placement_tablet=\u00bb\u00bb icon_placement_phone=\u00bbtop\u00bb icon_placement_last_edited=\u00bbon|phone\u00bb image_icon_width_tablet=\u00bb76px\u00bb image_icon_width_phone=\u00bb76px\u00bb image_icon_width_last_edited=\u00bbon|phone\u00bb module_id=\u00bbIncidencias\u00bb _builder_version=\u00bb4.17.4&#8243; header_level=\u00bbh3&#8243; header_font=\u00bbLato||||||||\u00bb header_text_align=\u00bbleft\u00bb header_font_size=\u00bb26px\u00bb body_font=\u00bb||||||||\u00bb body_text_align=\u00bbjustify\u00bb background_color=\u00bb#ededed\u00bb image_icon_custom_padding_tablet=\u00bb\u00bb image_icon_custom_padding_phone=\u00bb\u00bb image_icon_custom_padding_last_edited=\u00bbon|phone\u00bb text_orientation=\u00bbcenter\u00bb custom_margin=\u00bb40px||||false|false\u00bb custom_padding=\u00bb30px|25px|20px|25px|false|true\u00bb link_option_url=\u00bbhttps:\/\/forms.gle\/nqwWSJQK37kTCvLz7&#8243; header_text_align_tablet=\u00bb\u00bb header_text_align_phone=\u00bbcenter\u00bb header_text_align_last_edited=\u00bbon|phone\u00bb body_text_align_phone=\u00bbjustify\u00bb body_text_align_last_edited=\u00bboff|desktop\u00bb border_radii=\u00bbon|20px|20px|20px|20px\u00bb border_width_all_image_tablet=\u00bb\u00bb border_width_all_image_phone=\u00bb\u00bb border_width_all_image_last_edited=\u00bbon|phone\u00bb box_shadow_style=\u00bbpreset3&#8243; icon_font_size=\u00bb76px\u00bb global_colors_info=\u00bb{}\u00bb transform_styles__hover_enabled=\u00bbon|hover\u00bb transform_scale__hover_enabled=\u00bbon|hover\u00bb transform_translate__hover_enabled=\u00bbon|desktop\u00bb transform_rotate__hover_enabled=\u00bbon|desktop\u00bb transform_skew__hover_enabled=\u00bbon|desktop\u00bb transform_origin__hover_enabled=\u00bbon|desktop\u00bb transform_scale__hover=\u00bb105%|105%\u00bb]<\/p>\n<p>\u00bfHa sufrido un accidente el iPad y necesitas hacer uso del seguro? \u00bfSe ha roto o ha dejado de funcionar? \u00bfTiene alg\u00fan problema f\u00edsico o de hardware?<\/p>\n<p style=\"text-align: justify;\">El alumno\/a<b> entregar\u00e1 el dispositivo <\/b>en el despacho de soporte TIC\u00a0<strong>sin cargador ni funda.<\/strong>\u00a0All\u00ed lo identificaremos y procederemos a gestionar el siniestro.<\/p>\n<p><span><strong>\u00a1IMPORTANTE!<\/strong> Ten en cuenta que <strong>el iPad se formatear\u00e1<\/strong> con lo que <strong>todo lo que no est\u00e9 en la nube (<a href=\"https:\/\/www.icloud.com\" title=\"Acceder a iCloud\">iCloud<\/a>) se perder\u00e1<\/strong>. Mira la fecha de la \u00faltima copia de seguridad y comprueba que est\u00e1 todo antes de entregarlo.<\/span><\/p>\n<p><span><strong>Entregaremos a tu hijo\/a un iPad provisional <\/strong>lo antes posible\u00a0en el que podr\u00e1 cargar su configuraci\u00f3n y podr\u00e1 trabajar con total normalidad, en lo que vuelve el suyo sustituido o reparado.<\/span><\/p>\n<p>[\/et_pb_blurb][et_pb_blurb title=\u00bbControl parental Jamf Parent\u00bb use_icon=\u00bbon\u00bb font_icon=\u00bb&#xf084;||fa||900&#8243; icon_placement=\u00bbleft\u00bb image_icon_width=\u00bb76px\u00bb icon_placement_tablet=\u00bb\u00bb icon_placement_phone=\u00bbtop\u00bb icon_placement_last_edited=\u00bbon|phone\u00bb image_icon_width_tablet=\u00bb76px\u00bb image_icon_width_phone=\u00bb76px\u00bb image_icon_width_last_edited=\u00bbon|phone\u00bb disabled_on=\u00bboff|off|off\u00bb module_id=\u00bbparent\u00bb _builder_version=\u00bb4.27.4&#8243; header_level=\u00bbh3&#8243; header_font=\u00bbLato||||||||\u00bb header_text_align=\u00bbleft\u00bb header_font_size=\u00bb26px\u00bb body_font=\u00bb||||||||\u00bb body_text_align=\u00bbjustify\u00bb background_color=\u00bb#ededed\u00bb image_icon_custom_padding_tablet=\u00bb\u00bb image_icon_custom_padding_phone=\u00bb\u00bb image_icon_custom_padding_last_edited=\u00bbon|phone\u00bb text_orientation=\u00bbcenter\u00bb custom_margin=\u00bb40px||||false|false\u00bb custom_padding=\u00bb30px|25px|20px|25px|false|true\u00bb header_text_align_tablet=\u00bb\u00bb header_text_align_phone=\u00bbcenter\u00bb header_text_align_last_edited=\u00bbon|phone\u00bb body_text_align_phone=\u00bbjustify\u00bb body_text_align_last_edited=\u00bboff|desktop\u00bb border_radii=\u00bbon|20px|20px|20px|20px\u00bb border_width_all_image_tablet=\u00bb\u00bb border_width_all_image_phone=\u00bb\u00bb border_width_all_image_last_edited=\u00bbon|phone\u00bb box_shadow_style=\u00bbpreset3&#8243; icon_font_size=\u00bb76px\u00bb global_colors_info=\u00bb{}\u00bb transform_styles__hover_enabled=\u00bbon|hover\u00bb transform_scale__hover_enabled=\u00bbon|hover\u00bb transform_translate__hover_enabled=\u00bbon|desktop\u00bb transform_rotate__hover_enabled=\u00bbon|desktop\u00bb transform_skew__hover_enabled=\u00bbon|desktop\u00bb transform_origin__hover_enabled=\u00bbon|desktop\u00bb transform_scale__hover=\u00bb105%|105%\u00bb]<\/p>\n<p>Las credenciales de Jamf Parent las entregar\u00e1n los tutores\/as durante el mes de octubre. Para consultas o incidencias ponerse en contacto con el Coordinador TIC a trav\u00e9s de Educamos (David S\u00e1nchez Ortiz)<\/p>\n<p>Desc\u00e1rgate la aplicaci\u00f3n <strong>Jamf Parent<\/strong> para <a href=\"https:\/\/apps.apple.com\/us\/app\/jamf-parent\/id1458797105\" title=\"Descargar app para iPhone o iPad\">iOS<\/a> o\u00a0<a href=\"https:\/\/play.google.com\/store\/apps\/details?id=com.jamf.parent&amp;gl=ES\" title=\"Descargar app para Android\">Android<\/a> para configurar el <strong>control parental del iPad<\/strong>.<\/p>\n<p>Consulta la <a href=\"https:\/\/learn.jamf.com\/es-ES\/bundle\/jamf-parent-guide-for-parents\/page\/Getting_Started_with_Jamf_Parent.html\"><strong>gu\u00eda de uso<\/strong><\/a> para m\u00e1s informaci\u00f3n.<\/p>\n<p>[\/et_pb_blurb][\/et_pb_column][\/et_pb_row][\/et_pb_section][et_pb_section fb_built=\u00bb1&#8243; prev_background_color=\u00bb#ffffff\u00bb disabled_on=\u00bboff|off|off\u00bb module_id=\u00bbred-de-mediacion\u00bb _builder_version=\u00bb4.17.4&#8243; background_color=\u00bb#ededed\u00bb use_background_color_gradient=\u00bbon\u00bb background_color_gradient_direction=\u00bb203deg\u00bb background_color_gradient_stops=\u00bb#f2f2f2 0%|#e8e8e8 100%\u00bb background_color_gradient_start=\u00bb#f2f2f2&#8243; background_color_gradient_end=\u00bb#e8e8e8&#8243; custom_padding=\u00bb120px|0px|85px|0px|false|false\u00bb top_divider_style=\u00bbwave2&#8243; bottom_divider_style=\u00bbwave2&#8243; bottom_divider_color=\u00bb#ffffff\u00bb locked=\u00bboff\u00bb global_colors_info=\u00bb{}\u00bb][et_pb_row _builder_version=\u00bb4.16&#8243; custom_padding=\u00bb27px|0px|0|0px|false|false\u00bb global_colors_info=\u00bb{}\u00bb][et_pb_column type=\u00bb4_4&#8243; _builder_version=\u00bb4.16&#8243; custom_padding=\u00bb|||\u00bb global_colors_info=\u00bb{}\u00bb custom_padding__hover=\u00bb|||\u00bb][et_pb_text _builder_version=\u00bb4.27.5&#8243; header_font=\u00bb||||||||\u00bb header_2_font=\u00bbLato|700|on||||||\u00bb header_2_text_align=\u00bbcenter\u00bb header_2_text_color=\u00bb#51626f\u00bb header_2_font_size=\u00bb38px\u00bb global_colors_info=\u00bb{}\u00bb]<\/p>\n<h2 style=\"text-align: center;\">\u00bfQu\u00e9 incluye el ClassPack 2026\/27?<\/h2>\n<p style=\"text-align: center;\">[\/et_pb_text][\/et_pb_column][\/et_pb_row][et_pb_row column_structure=\u00bb1_2,1_2&#8243; _builder_version=\u00bb4.16&#8243; custom_padding=\u00bb||0px|||\u00bb global_colors_info=\u00bb{}\u00bb][et_pb_column type=\u00bb1_2&#8243; _builder_version=\u00bb4.16&#8243; custom_padding=\u00bb|||\u00bb global_colors_info=\u00bb{}\u00bb custom_padding__hover=\u00bb|||\u00bb][et_pb_blurb title=\u00bbiPad + cargador\u00bb url=\u00bbhttps:\/\/www.apple.com\/es\/ipad-11\/\u00bb url_new_window=\u00bbon\u00bb use_icon=\u00bbon\u00bb font_icon=\u00bb&#xe00c;||divi||400&#8243; _builder_version=\u00bb4.27.6&#8243; header_level=\u00bbh3&#8243; header_font=\u00bbLato||||||||\u00bb header_font_size=\u00bb26px\u00bb body_font=\u00bb||||||||\u00bb text_orientation=\u00bbcenter\u00bb animation_style=\u00bbzoom\u00bb link_option_url=\u00bbhttps:\/\/www.apple.com\/es\/ipad-11\/\u00bb link_option_url_new_window=\u00bbon\u00bb global_colors_info=\u00bb{}\u00bb]<\/p>\n<p><strong>iPad 11\u00bb Wi-Fi<\/strong>\u00a0<strong>CHIP A16 BIONIC<\/strong><\/p>\n<p><b>cargador Apple 20W &#8211; 25 \u20ac<\/b><\/p>\n<p><strong>Opci\u00f3n 256 Gb &#8211; 509 \u20ac (recomendada)<\/strong><\/p>\n<p><strong>Opci\u00f3n 128 Gb &#8211; 379 \u20ac<\/strong><\/p>\n<p>[\/et_pb_blurb][et_pb_button button_url=\u00bbhttps:\/\/www.apple.com\/es\/ipad-11\/\u00bb url_new_window=\u00bbon\u00bb button_text=\u00bbVer modelo\u00bb button_alignment=\u00bbcenter\u00bb _builder_version=\u00bb4.27.6&#8243; custom_button=\u00bbon\u00bb button_text_size=\u00bb12px\u00bb button_text_color=\u00bb#ffffff\u00bb button_bg_color=\u00bb#dc001b\u00bb button_border_width=\u00bb5px\u00bb button_border_color=\u00bb#dc001b\u00bb button_border_radius=\u00bb100px\u00bb button_letter_spacing=\u00bb1px\u00bb button_font=\u00bbLato|700||on|||||\u00bb button_icon=\u00bb&#x55;||divi||400&#8243; button_icon_placement=\u00bbleft\u00bb button_on_hover=\u00bboff\u00bb custom_margin=\u00bb-10px||30px||false|false\u00bb custom_padding=\u00bb|30px||52px|false|false\u00bb animation_style=\u00bbzoom\u00bb box_shadow_style=\u00bbpreset3&#8243; locked=\u00bboff\u00bb global_colors_info=\u00bb{}\u00bb custom_padding__hover=\u00bb|38px||60px|false|false\u00bb custom_padding__hover_enabled=\u00bbon|hover\u00bb][\/et_pb_button][\/et_pb_column][et_pb_column type=\u00bb1_2&#8243; _builder_version=\u00bb4.16&#8243; custom_padding=\u00bb|||\u00bb global_colors_info=\u00bb{}\u00bb custom_padding__hover=\u00bb|||\u00bb][et_pb_blurb title=\u00bbFunda de alta protecci\u00f3n\u00bb url_new_window=\u00bbon\u00bb use_icon=\u00bbon\u00bb font_icon=\u00bb&#xf11c;||fa||400&#8243; _builder_version=\u00bb4.27.6&#8243; header_level=\u00bbh3&#8243; header_font=\u00bbLato||||||||\u00bb header_font_size=\u00bb26px\u00bb body_font=\u00bb||||||||\u00bb text_orientation=\u00bbcenter\u00bb animation_style=\u00bbzoom\u00bb link_option_url_new_window=\u00bbon\u00bb global_colors_info=\u00bb{}\u00bb]<\/p>\n<p><strong>Por defecto y sin coste adicional <\/strong>se incluye en el pack la funda de alta protecci\u00f3n OtterBox Defender Folio.<\/p>\n<p>Opcionalmente, recomendamos la adquisici\u00f3n de la funda Logitech Rugged Folio de alta protecci\u00f3n + TECLADO<\/p>\n<p><strong>Opci\u00f3n Funda Logitech con Teclado + 72 \u20ac (recomendada)<\/strong><\/p>\n<p>[\/et_pb_blurb][\/et_pb_column][\/et_pb_row][et_pb_row column_structure=\u00bb1_2,1_2&#8243; _builder_version=\u00bb4.16&#8243; global_colors_info=\u00bb{}\u00bb][et_pb_column type=\u00bb1_2&#8243; _builder_version=\u00bb4.16&#8243; custom_padding=\u00bb|||\u00bb global_colors_info=\u00bb{}\u00bb custom_padding__hover=\u00bb|||\u00bb][et_pb_blurb title=\u00bbSeguro, licencias educativas y todo lo necesario para funcionar*\u00bb use_icon=\u00bbon\u00bb font_icon=\u00bb&#xf505;||fa||900&#8243; _builder_version=\u00bb4.27.6&#8243; header_level=\u00bbh3&#8243; header_font=\u00bbLato||||||||\u00bb header_font_size=\u00bb26px\u00bb body_font=\u00bb||||||||\u00bb text_orientation=\u00bbcenter\u00bb animation_style=\u00bbzoom\u00bb global_colors_info=\u00bb{}\u00bb]<\/p>\n<div>\n<div>\n<p>Seguro para el iPad contra da\u00f1o, robo y l\u00edquidos durante los 3 a\u00f1os, programa MDM<span style=\"font-weight: 400;\">\u00a0(programa de gesti\u00f3n e intervenci\u00f3n del dispositivo en el espacio educativo),<\/span><span style=\"font-weight: 400;\">\u00a0software cortafuegos para el control de las conexiones a internet,\u00a0<\/span>la configuraci\u00f3n inicial<span style=\"font-weight: 400;\"> del dispositivo, mantenimiento de apps y soporte en la configuraci\u00f3n inicial de la mochila digital.<\/span><\/p>\n<p><strong>473,64 \u20ac <\/strong><em>(Opci\u00f3n 256 Gb)<\/em><\/p>\n<p><em><strong>459,64 \u20ac <\/strong>(Opci\u00f3n 128 Gb)<\/em><\/p>\n<\/div>\n<\/div>\n<p>[\/et_pb_blurb][et_pb_button button_url=\u00bbhttps:\/\/drive.google.com\/file\/d\/1Cty5COSF1yHASL945Binr96n7keyjxw9\/view?usp=sharing\u00bb url_new_window=\u00bbon\u00bb button_text=\u00bbVer p\u00f3liza\u00bb button_alignment=\u00bbcenter\u00bb _builder_version=\u00bb4.17.4&#8243; custom_button=\u00bbon\u00bb button_text_size=\u00bb12px\u00bb button_text_color=\u00bb#ffffff\u00bb button_bg_color=\u00bb#dc001b\u00bb button_border_width=\u00bb5px\u00bb button_border_color=\u00bb#dc001b\u00bb button_border_radius=\u00bb100px\u00bb button_letter_spacing=\u00bb1px\u00bb button_font=\u00bbLato|700||on|||||\u00bb button_icon=\u00bb&#xe101;||divi||400&#8243; button_icon_placement=\u00bbleft\u00bb button_on_hover=\u00bboff\u00bb custom_margin=\u00bb-10px||30px||false|false\u00bb custom_padding=\u00bb|30px||52px|false|false\u00bb animation_style=\u00bbzoom\u00bb box_shadow_style=\u00bbpreset3&#8243; locked=\u00bboff\u00bb global_colors_info=\u00bb{}\u00bb custom_padding__hover=\u00bb|38px||60px|false|false\u00bb custom_padding__hover_enabled=\u00bbon|hover\u00bb][\/et_pb_button][\/et_pb_column][et_pb_column type=\u00bb1_2&#8243; _builder_version=\u00bb4.16&#8243; custom_padding=\u00bb|||\u00bb global_colors_info=\u00bb{}\u00bb custom_padding__hover=\u00bb|||\u00bb][et_pb_blurb title=\u00bbSustituci\u00f3n por siniestro y garant\u00eda de recompra\u00bb use_icon=\u00bbon\u00bb font_icon=\u00bb&#xf2f1;||fa||900&#8243; _builder_version=\u00bb4.27.6&#8243; header_level=\u00bbh3&#8243; header_font=\u00bbLato||||||||\u00bb header_font_size=\u00bb26px\u00bb body_font=\u00bb||||||||\u00bb text_orientation=\u00bbcenter\u00bb animation_style=\u00bbzoom\u00bb global_colors_info=\u00bb{}\u00bb]<\/p>\n<p>Sustituci\u00f3n inmediata del dispositivo en caso de rotura o aver\u00eda, hasta que vuelva de nuevo el dispositivo propio.<\/p>\n<p>Al cabo de los 3 a\u00f1os, Rossellimac ofrece garant\u00eda de recompra en funci\u00f3n del dispositivo y su estado seg\u00fan figure en el Anexo A del contrato<\/p>\n<p>[\/et_pb_blurb][\/et_pb_column][\/et_pb_row][et_pb_row _builder_version=\u00bb4.16&#8243; global_colors_info=\u00bb{}\u00bb][et_pb_column type=\u00bb4_4&#8243; _builder_version=\u00bb4.16&#8243; custom_padding=\u00bb|||\u00bb global_colors_info=\u00bb{}\u00bb custom_padding__hover=\u00bb|||\u00bb][et_pb_button button_url=\u00bbhttps:\/\/www.classpacker.es\/\u00bb url_new_window=\u00bbon\u00bb button_text=\u00bbComprar &#8211; (C\u00f3digo CSMXFY26)\u00bb button_alignment=\u00bbcenter\u00bb _builder_version=\u00bb4.27.5&#8243; custom_button=\u00bbon\u00bb button_text_size=\u00bb21px\u00bb button_text_color=\u00bb#ffffff\u00bb button_bg_color=\u00bb#dc001b\u00bb button_border_width=\u00bb5px\u00bb button_border_color=\u00bb#dc001b\u00bb button_border_radius=\u00bb100px\u00bb button_letter_spacing=\u00bb1px\u00bb button_font=\u00bbLato|700||on|||||\u00bb button_icon=\u00bb&#xe07a;||divi||400&#8243; button_icon_placement=\u00bbleft\u00bb button_on_hover=\u00bboff\u00bb custom_padding=\u00bb|30px||52px|false|false\u00bb animation_style=\u00bbzoom\u00bb box_shadow_style=\u00bbpreset3&#8243; locked=\u00bboff\u00bb global_colors_info=\u00bb{}\u00bb custom_padding__hover=\u00bb|38px||60px|false|false\u00bb custom_padding__hover_enabled=\u00bbon|hover\u00bb][\/et_pb_button][et_pb_text _builder_version=\u00bb4.27.6&#8243; _module_preset=\u00bbdefault\u00bb global_colors_info=\u00bb{}\u00bb]<\/p>\n<p style=\"text-align: center;\"><strong>C\u00f3digo:\u200b <\/strong>CSMXFY26<\/p>\n<p style=\"text-align: center;\">[\/et_pb_text][et_pb_text _builder_version=\u00bb4.25.0&#8243; _module_preset=\u00bbdefault\u00bb animation_style=\u00bbzoom\u00bb global_colors_info=\u00bb{}\u00bb]<\/p>\n<p style=\"text-align: center;\"><em>* El seguro, el programa MDM y el software cortafuegos se pagan por 3 a\u00f1os.<\/em><\/p>\n<p>[\/et_pb_text][\/et_pb_column][\/et_pb_row][et_pb_row column_structure=\u00bb1_2,1_2&#8243; _builder_version=\u00bb4.27.5&#8243; _module_preset=\u00bbdefault\u00bb global_colors_info=\u00bb{}\u00bb][et_pb_column type=\u00bb1_2&#8243; _builder_version=\u00bb4.27.5&#8243; _module_preset=\u00bbdefault\u00bb global_colors_info=\u00bb{}\u00bb][et_pb_button button_url=\u00bbhttps:\/\/youtu.be\/LsM4yZXE2cg\u00bb url_new_window=\u00bbon\u00bb button_text=\u00bbV\u00eddeo explicativo\u00bb button_alignment=\u00bbcenter\u00bb _builder_version=\u00bb4.16&#8243; custom_button=\u00bbon\u00bb button_text_size=\u00bb15px\u00bb button_text_color=\u00bb#ffffff\u00bb button_bg_color=\u00bb#dc001b\u00bb button_border_width=\u00bb5px\u00bb button_border_color=\u00bb#dc001b\u00bb button_border_radius=\u00bb100px\u00bb button_letter_spacing=\u00bb1px\u00bb button_font=\u00bbLato|700||on|||||\u00bb button_icon=\u00bb&#xe0a3;||divi||400&#8243; button_icon_placement=\u00bbleft\u00bb button_on_hover=\u00bboff\u00bb custom_padding=\u00bb|30px||52px|false|false\u00bb animation_style=\u00bbzoom\u00bb box_shadow_style=\u00bbpreset3&#8243; locked=\u00bboff\u00bb global_colors_info=\u00bb{}\u00bb custom_padding__hover=\u00bb|38px||60px|false|false\u00bb custom_padding__hover_enabled=\u00bbon|hover\u00bb][\/et_pb_button][\/et_pb_column][et_pb_column type=\u00bb1_2&#8243; _builder_version=\u00bb4.27.5&#8243; _module_preset=\u00bbdefault\u00bb global_colors_info=\u00bb{}\u00bb][et_pb_button button_url=\u00bbhttps:\/\/www.classpacker.es\/wp-content\/uploads\/Instrucciones-ClassPACK-FY21.pdf\u00bb url_new_window=\u00bbon\u00bb button_text=\u00bbDocumento explicativo\u00bb button_alignment=\u00bbcenter\u00bb _builder_version=\u00bb4.16&#8243; custom_button=\u00bbon\u00bb button_text_size=\u00bb15px\u00bb button_text_color=\u00bb#ffffff\u00bb button_bg_color=\u00bb#dc001b\u00bb button_border_width=\u00bb5px\u00bb button_border_color=\u00bb#dc001b\u00bb button_border_radius=\u00bb100px\u00bb button_letter_spacing=\u00bb1px\u00bb button_font=\u00bbLato|700||on|||||\u00bb button_icon=\u00bb&#x69;||divi||400&#8243; button_icon_placement=\u00bbleft\u00bb button_on_hover=\u00bboff\u00bb custom_padding=\u00bb|30px||52px|false|false\u00bb animation_style=\u00bbzoom\u00bb box_shadow_style=\u00bbpreset3&#8243; locked=\u00bboff\u00bb global_colors_info=\u00bb{}\u00bb custom_padding__hover=\u00bb|38px||60px|false|false\u00bb custom_padding__hover_enabled=\u00bbon|hover\u00bb][\/et_pb_button][\/et_pb_column][\/et_pb_row][et_pb_row _builder_version=\u00bb4.16&#8243; _module_preset=\u00bbdefault\u00bb custom_padding=\u00bb0px|||||\u00bb global_colors_info=\u00bb{}\u00bb][et_pb_column type=\u00bb4_4&#8243; _builder_version=\u00bb4.16&#8243; _module_preset=\u00bbdefault\u00bb global_colors_info=\u00bb{}\u00bb][\/et_pb_column][\/et_pb_row][\/et_pb_section][et_pb_section fb_built=\u00bb1&#8243; disabled_on=\u00bbon|on|on\u00bb module_id=\u00bbequipo-permanente\u00bb module_class=\u00bbpagina-seccion-contenido\u00bb _builder_version=\u00bb4.16&#8243; custom_margin=\u00bb|||\u00bb custom_padding=\u00bb18px|0px|85px|0px|false|false\u00bb disabled=\u00bbon\u00bb global_colors_info=\u00bb{}\u00bb][et_pb_row disabled_on=\u00bboff|off|off\u00bb _builder_version=\u00bb4.16&#8243; global_colors_info=\u00bb{}\u00bb][et_pb_column type=\u00bb4_4&#8243; _builder_version=\u00bb4.16&#8243; custom_padding=\u00bb|||\u00bb global_colors_info=\u00bb{}\u00bb custom_padding__hover=\u00bb|||\u00bb][et_pb_text _builder_version=\u00bb4.16&#8243; text_font=\u00bb||||||||\u00bb header_font=\u00bb||||||||\u00bb header_2_font=\u00bbLato|300|||||||\u00bb header_2_font_size=\u00bb30px\u00bb text_orientation=\u00bbcenter\u00bb global_colors_info=\u00bb{}\u00bb]<\/p>\n<h2>\u00bfQui\u00e9nes son las personas de referencia del proyecto?<\/h2>\n<p>Este es el equipo que ha trabajado duro y se ha reunido en incontables ocasiones para pensar, planificar y elaborar nuestro <strong>Plan de Digitalizaci\u00f3n<\/strong>.<\/p>\n<p>[\/et_pb_text][\/et_pb_column][\/et_pb_row][et_pb_row column_structure=\u00bb1_3,1_3,1_3&#8243; disabled_on=\u00bboff|off|off\u00bb _builder_version=\u00bb4.16&#8243; custom_margin=\u00bb0px||10px|\u00bb custom_padding=\u00bb0px|0px|0px|0px\u00bb global_colors_info=\u00bb{}\u00bb][et_pb_column type=\u00bb1_3&#8243; _builder_version=\u00bb4.16&#8243; custom_padding=\u00bb|||\u00bb global_colors_info=\u00bb{}\u00bb custom_padding__hover=\u00bb|||\u00bb][et_pb_testimonial url=\u00bbmailto:joseantonioaguilera@salesianos.edu\u00bb portrait_url=\u00bbhttps:\/\/salesianosmaux.es\/colegio\/wp-content\/uploads\/sites\/5\/2022\/02\/manolo_piera_2020.jpg\u00bb quote_icon=\u00bboff\u00bb portrait_width=\u00bb140px\u00bb portrait_height=\u00bb140px\u00bb _builder_version=\u00bb4.16&#8243; body_font=\u00bbLato|300|||||||\u00bb background_color=\u00bb#ffffff\u00bb text_orientation=\u00bbcenter\u00bb custom_margin=\u00bb||-20px|\u00bb custom_padding=\u00bb10px||0px|\u00bb child_filter_brightness=\u00bb106%\u00bb box_shadow_style_image=\u00bbpreset6&#8243; global_colors_info=\u00bb{}\u00bb]<\/p>\n<h2>Manolo Piera<\/h2>\n<p>[\/et_pb_testimonial][\/et_pb_column][et_pb_column type=\u00bb1_3&#8243; _builder_version=\u00bb4.16&#8243; custom_padding=\u00bb|||\u00bb global_colors_info=\u00bb{}\u00bb custom_padding__hover=\u00bb|||\u00bb][et_pb_testimonial url=\u00bbmailto:rosendosoler@salesianos.edu\u00bb portrait_url=\u00bbhttps:\/\/salesianosmaux.es\/colegio\/wp-content\/uploads\/sites\/5\/2022\/02\/jorge_zamora_2020.jpeg\u00bb quote_icon=\u00bboff\u00bb portrait_width=\u00bb140px\u00bb portrait_height=\u00bb140px\u00bb _builder_version=\u00bb4.16&#8243; body_font=\u00bbLato|300|||||||\u00bb background_color=\u00bb#ffffff\u00bb text_orientation=\u00bbcenter\u00bb custom_margin=\u00bb||-20px|\u00bb custom_padding=\u00bb10px||0px|\u00bb child_filter_brightness=\u00bb106%\u00bb box_shadow_style_image=\u00bbpreset6&#8243; global_colors_info=\u00bb{}\u00bb]<\/p>\n<h2><a href=\"mailto:rosendosoler@salesianos.edu\"><\/a>Jorge Zamora<\/h2>\n<p>[\/et_pb_testimonial][\/et_pb_column][et_pb_column type=\u00bb1_3&#8243; _builder_version=\u00bb4.16&#8243; custom_padding=\u00bb|||\u00bb global_colors_info=\u00bb{}\u00bb custom_padding__hover=\u00bb|||\u00bb][et_pb_testimonial url=\u00bbmailto:joseantonioaguilera@salesianos.edu\u00bb portrait_url=\u00bbhttps:\/\/salesianosmaux.es\/colegio\/wp-content\/uploads\/sites\/5\/2022\/02\/ivan_afan_2020-min.jpeg\u00bb quote_icon=\u00bboff\u00bb portrait_width=\u00bb140px\u00bb portrait_height=\u00bb140px\u00bb _builder_version=\u00bb4.16&#8243; body_font=\u00bbLato|300|||||||\u00bb background_color=\u00bb#ffffff\u00bb text_orientation=\u00bbcenter\u00bb custom_margin=\u00bb||-20px|\u00bb custom_padding=\u00bb10px||0px|\u00bb child_filter_brightness=\u00bb106%\u00bb box_shadow_style_image=\u00bbpreset6&#8243; global_colors_info=\u00bb{}\u00bb]<\/p>\n<h2>Iv\u00e1n Af\u00e1n<\/h2>\n<p>[\/et_pb_testimonial][\/et_pb_column][\/et_pb_row][et_pb_row column_structure=\u00bb1_3,1_3,1_3&#8243; disabled_on=\u00bboff|off|off\u00bb _builder_version=\u00bb4.16&#8243; custom_margin=\u00bb0px||10px|\u00bb custom_padding=\u00bb0px|0px|0px|0px\u00bb global_colors_info=\u00bb{}\u00bb][et_pb_column type=\u00bb1_3&#8243; _builder_version=\u00bb4.16&#8243; custom_padding=\u00bb|||\u00bb global_colors_info=\u00bb{}\u00bb custom_padding__hover=\u00bb|||\u00bb][et_pb_testimonial url=\u00bbmailto:aurora.molina@salesianos.edu\u00bb portrait_url=\u00bbhttps:\/\/salesianosmaux.es\/colegio\/wp-content\/uploads\/sites\/5\/2022\/02\/daniel_hernandez_2020.jpeg\u00bb quote_icon=\u00bboff\u00bb portrait_width=\u00bb140px\u00bb portrait_height=\u00bb140px\u00bb _builder_version=\u00bb4.16&#8243; body_font=\u00bbLato|300|||||||\u00bb background_color=\u00bb#ffffff\u00bb text_orientation=\u00bbcenter\u00bb custom_margin=\u00bb||-20px|\u00bb custom_padding=\u00bb10px||0px|\u00bb child_filter_brightness=\u00bb106%\u00bb box_shadow_style_image=\u00bbpreset6&#8243; global_colors_info=\u00bb{}\u00bb]<\/p>\n<h2>Dani Hern\u00e1ndez<\/h2>\n<p>[\/et_pb_testimonial][\/et_pb_column][et_pb_column type=\u00bb1_3&#8243; _builder_version=\u00bb4.16&#8243; custom_padding=\u00bb|||\u00bb global_colors_info=\u00bb{}\u00bb custom_padding__hover=\u00bb|||\u00bb][et_pb_testimonial url=\u00bbmailto:joseantonioaguilera@salesianos.edu\u00bb portrait_url=\u00bbhttps:\/\/salesianosmaux.es\/colegio\/wp-content\/uploads\/sites\/5\/2022\/02\/aurora_molina_2020-min.jpg\u00bb quote_icon=\u00bboff\u00bb portrait_width=\u00bb140px\u00bb portrait_height=\u00bb140px\u00bb _builder_version=\u00bb4.16&#8243; body_font=\u00bbLato|300|||||||\u00bb background_color=\u00bb#ffffff\u00bb text_orientation=\u00bbcenter\u00bb custom_margin=\u00bb||-20px|\u00bb custom_padding=\u00bb10px||0px|\u00bb child_filter_brightness=\u00bb106%\u00bb box_shadow_style_image=\u00bbpreset6&#8243; global_colors_info=\u00bb{}\u00bb]<\/p>\n<h2>Aurora Molina<\/h2>\n<p>[\/et_pb_testimonial][\/et_pb_column][et_pb_column type=\u00bb1_3&#8243; _builder_version=\u00bb4.16&#8243; custom_padding=\u00bb|||\u00bb global_colors_info=\u00bb{}\u00bb custom_padding__hover=\u00bb|||\u00bb][et_pb_testimonial url=\u00bbmailto:joseantonioaguilera@salesianos.edu\u00bb portrait_url=\u00bbhttps:\/\/salesianosmaux.es\/colegio\/wp-content\/uploads\/sites\/5\/2022\/02\/salva_martinez_2020-min.jpeg\u00bb quote_icon=\u00bboff\u00bb portrait_width=\u00bb140px\u00bb portrait_height=\u00bb140px\u00bb _builder_version=\u00bb4.16&#8243; body_font=\u00bbLato|300|||||||\u00bb background_color=\u00bb#ffffff\u00bb text_orientation=\u00bbcenter\u00bb custom_margin=\u00bb||-20px|\u00bb custom_padding=\u00bb10px||0px|\u00bb child_filter_brightness=\u00bb106%\u00bb box_shadow_style_image=\u00bbpreset6&#8243; global_colors_info=\u00bb{}\u00bb]<\/p>\n<h2>Salva Mart\u00ednez<\/h2>\n<p>[\/et_pb_testimonial][\/et_pb_column][\/et_pb_row][\/et_pb_section][et_pb_section fb_built=\u00bb1&#8243; prev_background_color=\u00bb#ffffff\u00bb next_background_color=\u00bb#ffffff\u00bb admin_label=\u00bb#tutoriales\u00bb module_id=\u00bbtutoriales\u00bb _builder_version=\u00bb4.27.4&#8243; _module_preset=\u00bbdefault\u00bb background_color=\u00bb#EBEBEB\u00bb top_divider_style=\u00bbramp2&#8243; bottom_divider_style=\u00bbwave\u00bb global_colors_info=\u00bb{}\u00bb][et_pb_row disabled_on=\u00bboff|off|off\u00bb _builder_version=\u00bb4.18.0&#8243; _module_preset=\u00bbdefault\u00bb global_colors_info=\u00bb{}\u00bb][et_pb_column type=\u00bb4_4&#8243; _builder_version=\u00bb4.16&#8243; _module_preset=\u00bbdefault\u00bb global_colors_info=\u00bb{}\u00bb][et_pb_text module_id=\u00bbtutorialesEducamos\u00bb _builder_version=\u00bb4.18.0&#8243; text_font=\u00bb||||||||\u00bb header_font=\u00bb||||||||\u00bb header_text_color=\u00bb#0C71C3&#8243; header_2_font=\u00bbLato|300|||||||\u00bb header_2_text_color=\u00bb#0C71C3&#8243; header_2_font_size=\u00bb38px\u00bb text_orientation=\u00bbjustified\u00bb global_colors_info=\u00bb{}\u00bb]<\/p>\n<h2>#Tutoriales<\/h2>\n<p>[\/et_pb_text][\/et_pb_column][\/et_pb_row][et_pb_row column_structure=\u00bb1_2,1_2&#8243; _builder_version=\u00bb4.18.0&#8243; _module_preset=\u00bbdefault\u00bb global_colors_info=\u00bb{}\u00bb][et_pb_column type=\u00bb1_2&#8243; _builder_version=\u00bb4.18.0&#8243; _module_preset=\u00bbdefault\u00bb global_colors_info=\u00bb{}\u00bb][et_pb_text _builder_version=\u00bb4.27.4&#8243; text_font=\u00bb||||||||\u00bb header_font=\u00bb||||||||\u00bb header_2_font=\u00bbLato|300|||||||\u00bb header_2_font_size=\u00bb30px\u00bb text_orientation=\u00bbjustified\u00bb global_colors_info=\u00bb{}\u00bb]<\/p>\n<h2 style=\"text-align: center;\">La app Educamos Familias<\/h2>\n<p>[\/et_pb_text][et_pb_code _builder_version=\u00bb4.18.0&#8243; _module_preset=\u00bbdefault\u00bb text_orientation=\u00bbcenter\u00bb global_colors_info=\u00bb{}\u00bb]<iframe loading=\"lazy\" allowtransparency=\"true\" title=\"Wistia video player\" allowFullscreen frameborder=\"0\" scrolling=\"no\" class=\"wistia_embed\" name=\"wistia_embed\" src=\"https:\/\/fast.wistia.net\/embed\/iframe\/gbh6qwf5sa\" width=\"400\" height=\"225\"><\/iframe>[\/et_pb_code][\/et_pb_column][et_pb_column type=\u00bb1_2&#8243; _builder_version=\u00bb4.18.0&#8243; _module_preset=\u00bbdefault\u00bb global_colors_info=\u00bb{}\u00bb][et_pb_text _builder_version=\u00bb4.18.0&#8243; text_font=\u00bb||||||||\u00bb header_font=\u00bb||||||||\u00bb header_2_font=\u00bbLato|300|||||||\u00bb header_2_font_size=\u00bb30px\u00bb text_orientation=\u00bbjustified\u00bb global_colors_info=\u00bb{}\u00bb]<\/p>\n<h2 style=\"text-align: center;\">Acceso a Outlook desde la app Educamos<\/h2>\n<p>[\/et_pb_text][et_pb_code _builder_version=\u00bb4.18.0&#8243; _module_preset=\u00bbdefault\u00bb text_orientation=\u00bbcenter\u00bb global_colors_info=\u00bb{}\u00bb]<iframe loading=\"lazy\" allowtransparency=\"true\" title=\"Wistia video player\" allowFullscreen frameborder=\"0\" scrolling=\"no\" class=\"wistia_embed\" name=\"wistia_embed\" src=\"https:\/\/fast.wistia.net\/embed\/iframe\/azhrxhztd1\" width=\"400\" height=\"225\"><\/iframe>[\/et_pb_code][\/et_pb_column][\/et_pb_row][et_pb_row _builder_version=\u00bb4.18.0&#8243; _module_preset=\u00bbdefault\u00bb global_colors_info=\u00bb{}\u00bb][et_pb_column type=\u00bb4_4&#8243; _builder_version=\u00bb4.18.0&#8243; _module_preset=\u00bbdefault\u00bb global_colors_info=\u00bb{}\u00bb][et_pb_text _builder_version=\u00bb4.18.0&#8243; text_font=\u00bb||||||||\u00bb header_font=\u00bb||||||||\u00bb header_2_font=\u00bbLato|300|||||||\u00bb header_2_font_size=\u00bb30px\u00bb text_orientation=\u00bbjustified\u00bb global_colors_info=\u00bb{}\u00bb]<\/p>\n<h2 style=\"text-align: center;\">Te ayudamos a conectar con el colegio<\/h2>\n<p>[\/et_pb_text][\/et_pb_column][\/et_pb_row][et_pb_row column_structure=\u00bb1_2,1_2&#8243; _builder_version=\u00bb4.18.0&#8243; _module_preset=\u00bbdefault\u00bb global_colors_info=\u00bb{}\u00bb][et_pb_column type=\u00bb1_2&#8243; _builder_version=\u00bb4.18.0&#8243; _module_preset=\u00bbdefault\u00bb global_colors_info=\u00bb{}\u00bb][et_pb_button button_url=\u00bbhttps:\/\/comprosf.grupo-sm.com\/Vuelta%20al%20cole\/SM%20Educamos\/22\/comunicacion\/Familias%20videos%2022-23.pdf\u00bb url_new_window=\u00bbon\u00bb button_text=\u00bbManual para familias\u00bb button_alignment=\u00bbright\u00bb _builder_version=\u00bb4.18.0&#8243; _module_preset=\u00bbdefault\u00bb custom_button=\u00bbon\u00bb button_text_color=\u00bb#FFFFFF\u00bb button_bg_color=\u00bb#E02B20&#8243; button_border_radius=\u00bb25px\u00bb button_font=\u00bbLato||||||||\u00bb button_icon=\u00bb&#xf1c1;||fa||400&#8243; global_colors_info=\u00bb{}\u00bb][\/et_pb_button][\/et_pb_column][et_pb_column type=\u00bb1_2&#8243; _builder_version=\u00bb4.18.0&#8243; _module_preset=\u00bbdefault\u00bb global_colors_info=\u00bb{}\u00bb][et_pb_button button_url=\u00bbhttps:\/\/comprosf.grupo-sm.com\/Vuelta%20al%20cole\/SM%20Educamos\/22\/comunicacion\/Alumnos%20videos%2022-23.pdf\u00bb url_new_window=\u00bbon\u00bb button_text=\u00bbManual para alumnos\u00bb button_alignment=\u00bbleft\u00bb _builder_version=\u00bb4.18.0&#8243; _module_preset=\u00bbdefault\u00bb custom_button=\u00bbon\u00bb button_text_color=\u00bb#FFFFFF\u00bb button_bg_color=\u00bb#E02B20&#8243; button_border_radius=\u00bb25px\u00bb button_font=\u00bbLato||||||||\u00bb button_icon=\u00bb&#xf1c1;||fa||400&#8243; global_colors_info=\u00bb{}\u00bb][\/et_pb_button][\/et_pb_column][\/et_pb_row][et_pb_row _builder_version=\u00bb4.27.4&#8243; _module_preset=\u00bbdefault\u00bb global_colors_info=\u00bb{}\u00bb][et_pb_column type=\u00bb4_4&#8243; _builder_version=\u00bb4.27.4&#8243; _module_preset=\u00bbdefault\u00bb global_colors_info=\u00bb{}\u00bb][et_pb_divider _builder_version=\u00bb4.27.4&#8243; _module_preset=\u00bbdefault\u00bb global_colors_info=\u00bb{}\u00bb][\/et_pb_divider][\/et_pb_column][\/et_pb_row][et_pb_row column_structure=\u00bb1_2,1_2&#8243; _builder_version=\u00bb4.27.4&#8243; _module_preset=\u00bbdefault\u00bb global_colors_info=\u00bb{}\u00bb][et_pb_column type=\u00bb1_2&#8243; _builder_version=\u00bb4.27.4&#8243; _module_preset=\u00bbdefault\u00bb global_colors_info=\u00bb{}\u00bb][et_pb_text _builder_version=\u00bb4.18.0&#8243; text_font=\u00bb||||||||\u00bb header_font=\u00bb||||||||\u00bb header_2_font=\u00bbLato|300|||||||\u00bb header_2_font_size=\u00bb30px\u00bb text_orientation=\u00bbjustified\u00bb global_colors_info=\u00bb{}\u00bb]<\/p>\n<h2 style=\"text-align: center;\">Uso de licencias de autor CC<\/h2>\n<p>[\/et_pb_text][et_pb_video src=\u00bbhttps:\/\/youtu.be\/hxZ4WaybK2s?si=iP-s3nkyHq-tR0Jm\u00bb _builder_version=\u00bb4.27.4&#8243; _module_preset=\u00bbdefault\u00bb global_colors_info=\u00bb{}\u00bb][\/et_pb_video][\/et_pb_column][et_pb_column type=\u00bb1_2&#8243; _builder_version=\u00bb4.27.4&#8243; _module_preset=\u00bbdefault\u00bb global_colors_info=\u00bb{}\u00bb][\/et_pb_column][\/et_pb_row][\/et_pb_section][et_pb_section fb_built=\u00bb1&#8243; admin_label=\u00bbresolvemosDudas\u00bb _builder_version=\u00bb4.27.4&#8243; custom_padding=\u00bb0|0px|18px|0px|false|false\u00bb global_colors_info=\u00bb{}\u00bb][et_pb_row _builder_version=\u00bb4.16&#8243; custom_padding=\u00bb0|0px|27px|0px|false|false\u00bb global_colors_info=\u00bb{}\u00bb][et_pb_column type=\u00bb4_4&#8243; _builder_version=\u00bb4.16&#8243; custom_padding=\u00bb|||\u00bb global_colors_info=\u00bb{}\u00bb custom_padding__hover=\u00bb|||\u00bb][et_pb_text _builder_version=\u00bb4.16&#8243; text_font=\u00bb||||||||\u00bb text_font_size=\u00bb16px\u00bb link_font=\u00bb||||||||\u00bb link_text_color=\u00bb#6b6b6b\u00bb header_font=\u00bb||||||||\u00bb header_2_font=\u00bbLato|300|||||||\u00bb header_2_font_size=\u00bb27px\u00bb header_3_font=\u00bb|300|||||||\u00bb header_3_font_size=\u00bb20px\u00bb background_color=\u00bb#dc001b\u00bb background_layout=\u00bbdark\u00bb custom_margin=\u00bb30px|||\u00bb custom_padding=\u00bb17px|30px|7px|30px||true\u00bb border_radii=\u00bb|20px|20px||\u00bb border_color_all=\u00bb#dddddd\u00bb border_style_all=\u00bbdashed\u00bb global_colors_info=\u00bb{}\u00bb]<\/p>\n<h2>Preguntas frecuentes<\/h2>\n<p>[\/et_pb_text][et_pb_accordion open_toggle_text_color=\u00bb#dc001b\u00bb closed_toggle_text_color=\u00bb#dc001b\u00bb _builder_version=\u00bb4.27.6&#8243; toggle_level=\u00bbh3&#8243; toggle_font=\u00bb||||||||\u00bb toggle_font_size=\u00bb17px\u00bb global_colors_info=\u00bb{}\u00bb][et_pb_accordion_item title=\u00bb\u00bfQu\u00e9 es el Proyecto iPad 1:1?\u00bb _builder_version=\u00bb4.17.4&#8243; global_colors_info=\u00bb{}\u00bb open=\u00bbon\u00bb]<\/p>\n<p><span style=\"font-weight: 400;\">El proyecto iPad 1:1 es parte del Plan de Digitalizaci\u00f3n del centro que engloba a la totalidad de las etapas, alumnos y departamentos del centro.<\/span><\/p>\n<p>[\/et_pb_accordion_item][et_pb_accordion_item title=\u00bb\u00bfQu\u00e9 es el ONE to ONE?\u00bb _builder_version=\u00bb4.25.0&#8243; _module_preset=\u00bbdefault\u00bb global_colors_info=\u00bb{}\u00bb open=\u00bboff\u00bb]<\/p>\n<p><span style=\"font-weight: 400;\">Significa que <strong>t<\/strong><\/span><b>odos los alumnos tienen como herramienta educativa un iPad (uno por alumno en el aula) <\/b><span style=\"font-weight: 400;\">en el que desarrollar\u00e1n sus actividades y clases diarias, no como herramienta \u00fanica y absoluta, si no como soporte de aprendizaje.<\/span><\/p>\n<p>[\/et_pb_accordion_item][et_pb_accordion_item title=\u00bb\u00bfA qui\u00e9n afecta el ONE to ONE?\u00bb _builder_version=\u00bb4.17.4&#8243; _module_preset=\u00bbdefault\u00bb global_colors_info=\u00bb{}\u00bb open=\u00bboff\u00bb]<\/p>\n<p><span style=\"font-weight: 400;\">Afecta a todos los alumnos que cursen 5\u00ba y 6\u00ba de <a href=\"https:\/\/salesianosmaux.es\/colegio\/primaria\/\" title=\"Sobre la etapa de Primaria\">Primaria<\/a> y la <a href=\"https:\/\/salesianosmaux.es\/colegio\/eso\/\" title=\"Sobre la etapa de la E.S.O.\">ESO<\/a>.<\/span><\/p>\n<p>[\/et_pb_accordion_item][et_pb_accordion_item title=\u00bb\u00bfQu\u00e9 posibilidades tengo a partir de 3\u00ba ESO?\u00bb _builder_version=\u00bb4.25.1&#8243; _module_preset=\u00bbdefault\u00bb global_colors_info=\u00bb{}\u00bb open=\u00bboff\u00bb]<\/p>\n<p style=\"text-align: justify;\">A partir de 3\u00ba ESO, se da la opci\u00f3n a los alumnos de seguir con el iPad que han usado hasta la fecha como herramienta \u00fanica con libros digitales o como dispositivo auxiliar de clase combinado con libros de texto.<\/p>\n<p style=\"text-align: justify;\">En ambos casos el utilizar el iPad en el colegio implica el pago de las licencias anuales de MDM, cortafuegos, control parental y mantenimiento de apps. Para los iPads que han sido comprados a trav\u00e9s del Partner del colegio estas licencias tienen un coste por curso de 29,95 euros a partir del tercer a\u00f1o mientras que los iPads externos el coste es de 79,95 euros anuales ya que adem\u00e1s de pagar las licencias correspondientes este precio incluye el coste de enrolado, configuraci\u00f3n y mantenimiento en servidores educativos propios.<\/p>\n<p>[\/et_pb_accordion_item][et_pb_accordion_item title=\u00bb\u00bfPuedo traer mi iPad de casa? \u00bfPuedo utilizar uno que ya tengo? \u00bfMe acabo de comprar uno, no me sirve?\u00bb _builder_version=\u00bb4.17.4&#8243; _module_preset=\u00bbdefault\u00bb global_colors_info=\u00bb{}\u00bb open=\u00bboff\u00bb]<\/p>\n<p>S\u00ed, aunque desde el Colegio recomendamos acogerse al programa ClassPack. Si decides traer tu propio iPad de casa debes asegurarte que tiene instalada al menos la versi\u00f3n iPadOS 18.<\/p>\n<p>Ten en cuenta que traer un iPad de casa conlleva todos los cursos el <strong>pago \u00fanico anual de 79<\/strong><strong>,95 \u20ac<\/strong> <span style=\"font-size: 14px;\">por licencias MDM, cortafuegos, control parental, mantenimiento de apps, enrolado\/desenrolado, configuraci\u00f3n y mantenimiento en servidores educativos propios. Este pago es por cada iPad f\u00edsico.<\/span><\/p>\n<p>[\/et_pb_accordion_item][et_pb_accordion_item title=\u00bb\u00bfQu\u00e9 incluye el ClassPack? \u00bfCu\u00e1l es el desglose del coste?\u00bb _builder_version=\u00bb4.27.4&#8243; _module_preset=\u00bbdefault\u00bb global_colors_info=\u00bb{}\u00bb open=\u00bboff\u00bb]<\/p>\n<p>El ClassPack incluye lo siguiente:<\/p>\n<ul>\n<li style=\"font-weight: 400;\" aria-level=\"2\"><b>iPad<\/b><span style=\"font-weight: 400;\">: <strong><em>509 \u20ac <\/em><\/strong>(256 Gb)<strong><em> o 379 \u20ac <\/em><\/strong>(128 Gb)<\/span><\/li>\n<li style=\"font-weight: 400;\" aria-level=\"2\"><span style=\"font-weight: 400;\"><strong>Cargador original Apple 20W:<\/strong> 25 \u20ac<\/span><\/li>\n<li style=\"font-weight: 400;\" aria-level=\"2\"><b>Funda <span style=\"font-weight: 400;\"> personalizada OtterBox Defender de alta protecci\u00f3n, se da la opci\u00f3n de <strong>funda con teclado<\/strong> por 72 euros m\u00e1s, <\/span><\/b><strong>s<\/strong><b>eguro<\/b><span style=\"font-weight: 400;\">*, el <\/span><b>programa MDM<\/b><span style=\"font-weight: 400;\">* (Programa de gesti\u00f3n e intervenci\u00f3n del dispositivo en el espacio educativo),<\/span><span style=\"font-weight: 400;\"><strong> licencia cortafuegos<\/strong> de internet (bloqueo de p\u00e1ginas web no aptas), <\/span><b>la configuraci\u00f3n inicial<\/b><span style=\"font-weight: 400;\"> del dispositivo, mantenimiento de apps y soporte en la configuraci\u00f3n de la mochila digital: <strong><em>473,64 \u20ac <\/em><\/strong><em>la opci\u00f3n de 256 Gb o <strong>459<\/strong><\/em><strong><em><strong>,64<\/strong> \u20ac <\/em><\/strong><em>la opci\u00f3n de 128 Gb <\/em>(al ser m\u00e1s barato el seguro)<\/span><\/li>\n<li style=\"font-weight: 400;\" aria-level=\"2\"><b>Sustituci\u00f3n<\/b><span style=\"font-weight: 400;\">\u00a0del dispositivo en caso de rotura o\u00a0 aver\u00eda, hasta que vuelva de nuevo el dispositivo propio.<\/span><\/li>\n<li style=\"font-weight: 400;\" aria-level=\"2\"><b>Garant\u00eda de recompra <\/b><span style=\"font-weight: 400;\">a los 36 meses (al pasar los 36 meses si quieres te lo recompran por estos valores seg\u00fan tu modelo).<\/span><\/li>\n<li style=\"font-weight: 400;\" aria-level=\"2\"><span style=\"font-weight: 400;\"><\/span><\/li>\n<\/ul>\n<p style=\"text-align: justify;\"><em>* El seguro, el programa MDM y el software cortafuegos de p\u00e1ginas web se pagan por 3 a\u00f1os.<\/em><\/p>\n<p>[\/et_pb_accordion_item][et_pb_accordion_item title=\u00bb\u00bfQu\u00e9 es la Mochila Digital?\u00bb _builder_version=\u00bb4.21.0&#8243; _module_preset=\u00bbdefault\u00bb global_colors_info=\u00bb{}\u00bb open=\u00bboff\u00bb]<\/p>\n<p><span style=\"font-weight: 400;\">Son los contenidos digitales con los que trabajamos en las asignaturas. Si hablaramos de papel, ser\u00edan los tradicionales libros.<\/span><\/p>\n<p><span style=\"font-weight: 400;\">Para adquirirlos se puede hacer a trav\u00e9s de <a href=\"https:\/\/www.libreriasalesiana.com\/libros_de_texto\/salamanca_37\/78-colegio-m-auxiliadora-salamanca_78\" target=\"_blank\" rel=\"noopener\" title=\"Librer\u00eda Salesiana\">Librer\u00eda Salesiana<\/a>.<\/span><\/p>\n<p>[\/et_pb_accordion_item][et_pb_accordion_item title=\u00bb\u00bfPodr\u00e9 utilizar mi iPad en casa?\u00bb _builder_version=\u00bb4.21.0&#8243; _module_preset=\u00bbdefault\u00bb global_colors_info=\u00bb{}\u00bb open=\u00bboff\u00bb]<\/p>\n<p><span style=\"font-weight: 400;\">Si, podr\u00e1s utilizar el iPad, de hecho te lo llevar\u00e1s y lo traer\u00e1s. El iPad es gestionado para educaci\u00f3n, y por tanto lo que suceder\u00e1 es que este dispositivo \u00fanicamente se podr\u00e1 utilizar con las aplicaciones que el centro decida y con las webs que Apple Educaci\u00f3n tenga registradas como v\u00e1lidas para estas utilidades. <\/span><\/p>\n<p>[\/et_pb_accordion_item][et_pb_accordion_item title=\u00bb\u00bfHay alguna normativa de uso del iPad?\u00bb _builder_version=\u00bb4.21.0&#8243; _module_preset=\u00bbdefault\u00bb global_colors_info=\u00bb{}\u00bb open=\u00bboff\u00bb]<\/p>\n<p><span style=\"font-weight: 400;\">S\u00ed. A principio de curso se publicar\u00e1 y se dar\u00e1 a conocer al alumnado y las familias. Entre ellas se explicar\u00e1 la obligatoriedad de traerlo todos los d\u00edas, la carga del dispositivo, c\u00f3mo tramitar incidencias de garant\u00eda\/seguro, qu\u00e9 pasa si se me olvida en casa, etc.<\/span><\/p>\n<p>[\/et_pb_accordion_item][et_pb_accordion_item title=\u00bb\u00bfSi somos dos hermanos podremos compartir iPad?\u00bb _builder_version=\u00bb4.17.4&#8243; _module_preset=\u00bbdefault\u00bb global_colors_info=\u00bb{}\u00bb open=\u00bboff\u00bb]<\/p>\n<p><span style=\"font-weight: 400;\">No, cada uno debe de llevar su dispositivo propio.<\/span><\/p>\n<p>[\/et_pb_accordion_item][et_pb_accordion_item title=\u00bb\u00bfC\u00f3mo gestiono la opci\u00f3n de recompra del dispositivo?\u00bb _builder_version=\u00bb4.17.4&#8243; _module_preset=\u00bbdefault\u00bb global_colors_info=\u00bb{}\u00bb open=\u00bboff\u00bb]<\/p>\n<p><span style=\"font-weight: 400;\">Llegado el momento, desde Rossellimac nos dar\u00e1n las indicaciones para poder gestionar la recompra del iPad.<\/span><\/p>\n<p>[\/et_pb_accordion_item][et_pb_accordion_item title=\u00bb\u00bfD\u00f3nde puedo comprar el iPad? \u00bfNecesito un c\u00f3digo?\u00bb _builder_version=\u00bb4.17.4&#8243; _module_preset=\u00bbdefault\u00bb global_colors_info=\u00bb{}\u00bb open=\u00bboff\u00bb]<\/p>\n<p><span style=\"font-weight: 400;\">A traves de la p\u00e1gina web <\/span><a href=\"http:\/\/classpacker.es\/\"><span style=\"font-weight: 400;\">classpacker.es<\/span><\/a> introduciendo un<span style=\"font-weight: 400;\"> c\u00f3digo para acceder con nuestras condiciones.\u00a0<\/span><\/p>\n<ul>\n<li style=\"list-style-type: none;\">\n<ul>\n<li style=\"font-weight: 400;\" aria-level=\"2\"><b>C\u00f3digo<\/b>:<span style=\"font-weight: 400;\"> CSMXFY26<\/span><\/li>\n<\/ul>\n<\/li>\n<\/ul>\n<p>[\/et_pb_accordion_item][et_pb_accordion_item title=\u00bb\u00bfHasta cu\u00e1ndo puedo comprar el iPad?\u00bb _builder_version=\u00bb4.21.0&#8243; _module_preset=\u00bbdefault\u00bb global_colors_info=\u00bb{}\u00bb open=\u00bboff\u00bb]<\/p>\n<p><span style=\"font-weight: 400;\"><strong>No se cerrar\u00e1 la plataforma de venta hasta que comience el curso<\/strong>, pero s\u00ed hay plazos para garantizar la entrega en tiempo. Si quieres recibir el iPad a principio de curso al mismo tiempo que el resto de alumnado <strong>la fecha l\u00edmite es el 10 de julio<\/strong>, luego podr\u00e1s comprarlo y haremos lo posible porque este lo antes posible pero siempre tardar\u00e1 unos d\u00edas por el proceso de configuraci\u00f3n y el env\u00edo.<\/span><\/p>\n<p>[\/et_pb_accordion_item][et_pb_accordion_item title=\u00bb\u00bfCu\u00e1ndo tendr\u00e9 el iPad?\u00bb _builder_version=\u00bb4.21.0&#8243; _module_preset=\u00bbdefault\u00bb global_colors_info=\u00bb{}\u00bb open=\u00bboff\u00bb]<\/p>\n<p><span style=\"font-weight: 400;\">Si se realiza el proceso de compra antes del 10 de julio llegar\u00e1 al centro configurado y etiquetado para comenzar <strong>a principios de septiembre<\/strong>.<\/span><\/p>\n<p>[\/et_pb_accordion_item][et_pb_accordion_item title=\u00bb\u00bfQu\u00e9 cubre la p\u00f3liza de seguro?\u00bb _builder_version=\u00bb4.17.4&#8243; _module_preset=\u00bbdefault\u00bb global_colors_info=\u00bb{}\u00bb open=\u00bboff\u00bb]<\/p>\n<p>Puedes ver las condiciones de la p\u00f3liza de seguro pinchando aqu\u00ed. Tambi\u00e9n podr\u00e1s consultarlas en la misma web de venta.<\/p>\n<p>[\/et_pb_accordion_item][et_pb_accordion_item title=\u00bb\u00bfC\u00f3mo hago uso de la garant\u00eda o del seguro del iPad?\u00bb open=\u00bboff\u00bb _builder_version=\u00bb4.17.4&#8243; _module_preset=\u00bbdefault\u00bb global_colors_info=\u00bb{}\u00bb]<\/p>\n<p>El alumno\/a<b> entregar\u00e1 el dispositivo <\/b>en el despacho de soporte TIC\u00a0<strong>sin cargador ni funda.<\/strong>\u00a0All\u00ed lo identificaremos y procederemos a gestionar el siniestro.<\/p>\n<p><span><strong>\u00a1IMPORTANTE!<\/strong> Ten en cuenta que <strong>el iPad se formatear\u00e1<\/strong> con lo que <strong>todo lo que no est\u00e9 en la nube (<a href=\"https:\/\/www.icloud.com\" title=\"Acceder a iCloud\">iCloud<\/a>\u00a0o <a href=\"https:\/\/drive.google.com\" target=\"_blank\" rel=\"noopener\">Drive<\/a>) se perder\u00e1<\/strong>. Mira la fecha de la \u00faltima copia de seguridad y comprueba que est\u00e1 todo antes de entregarlo.<\/span><\/p>\n<p><span><strong>Entregaremos a tu hijo\/a un iPad provisional <\/strong>lo antes posible\u00a0en el que podr\u00e1 cargar su configuraci\u00f3n y podr\u00e1 trabajar con total normalidad, en lo que vuelve el suyo sustituido o reparado.<\/span><\/p>\n<p>[\/et_pb_accordion_item][\/et_pb_accordion][\/et_pb_column][\/et_pb_row][\/et_pb_section][et_pb_section fb_built=\u00bb1&#8243; prev_background_color=\u00bb#ffffff\u00bb module_id=\u00bbFormulario\u00bb _builder_version=\u00bb4.16&#8243; background_color=\u00bb#eaeaea\u00bb use_background_color_gradient=\u00bbon\u00bb background_color_gradient_direction=\u00bb178deg\u00bb background_color_gradient_stops=\u00bb#efefef 0%|#e0e0e0 100%\u00bb background_color_gradient_start=\u00bb#efefef\u00bb background_color_gradient_end=\u00bb#e0e0e0&#8243; custom_padding=\u00bb95px|0px|54px|0px|false|false\u00bb top_divider_style=\u00bbwave2&#8243; locked=\u00bboff\u00bb global_colors_info=\u00bb{}\u00bb][et_pb_row _builder_version=\u00bb4.16&#8243; global_colors_info=\u00bb{}\u00bb][et_pb_column type=\u00bb4_4&#8243; _builder_version=\u00bb4.16&#8243; custom_padding=\u00bb|||\u00bb global_colors_info=\u00bb{}\u00bb custom_padding__hover=\u00bb|||\u00bb][et_pb_contact_form email=\u00bbinformatica@mauxsalamanca.es\u00bb title=\u00bb\u00bfAlguna otra duda? Te la resolvemos.\u00bb custom_message=\u00bb%%Nombre%% %%Apellidos%% (%%Curso%%) ha solicitado informaci\u00f3n sobre DIGITALIZACI\u00d3N a trav\u00e9s de la web (https:\/\/salesianosmaux.es\/colegio\/digitalizacion):||et_pb_line_break_holder||||et_pb_line_break_holder||&#8212;&#8212;||et_pb_line_break_holder||%%message%%||et_pb_line_break_holder||&#8212;&#8212;||et_pb_line_break_holder||||et_pb_line_break_holder||Puedes responder a este correo directamente salvo que te lo hayan REENVIADO. En ese caso, tendr\u00e1s que redactar un NUEVO CORREO con la respuesta y enviarlo a %%email%%.||et_pb_line_break_holder||||et_pb_line_break_holder||Para cualquier problema o sugerencia sobre el sistema de formularios de la web env\u00eda un correo a informatica@mauxsalamanca.es.\u00bb success_message=\u00bbTu mensaje se ha enviado correctamente. Nos pondremos en contacto contigo lo antes posible.\u00bb submit_button_text=\u00bbEnviar\u00bb _builder_version=\u00bb4.17.4&#8243; _unique_id=\u00bbf222f209-a220-4330-a9c0-bc26c9213a40&#8243; form_field_background_color=\u00bb#ffffff\u00bb title_level=\u00bbh2&#8243; title_font=\u00bbLato|300|||||||\u00bb title_font_size=\u00bb30px\u00bb title_line_height=\u00bb1.3em\u00bb form_field_font=\u00bb||||||||\u00bb custom_button=\u00bbon\u00bb button_text_color=\u00bb#ffffff\u00bb button_bg_color=\u00bb#dc001b\u00bb button_border_width=\u00bb0px\u00bb button_font=\u00bb||||||||\u00bb form_background_color=\u00bb#ffffff\u00bb global_colors_info=\u00bb{}\u00bb][et_pb_contact_field field_id=\u00bbNombre\u00bb field_title=\u00bbNombre\u00bb _builder_version=\u00bb4.16&#8243; global_colors_info=\u00bb{}\u00bb button_text_size__hover_enabled=\u00bboff\u00bb button_one_text_size__hover_enabled=\u00bboff\u00bb button_two_text_size__hover_enabled=\u00bboff\u00bb button_text_color__hover_enabled=\u00bboff\u00bb button_one_text_color__hover_enabled=\u00bboff\u00bb button_two_text_color__hover_enabled=\u00bboff\u00bb button_border_width__hover_enabled=\u00bboff\u00bb button_one_border_width__hover_enabled=\u00bboff\u00bb button_two_border_width__hover_enabled=\u00bboff\u00bb button_border_color__hover_enabled=\u00bboff\u00bb button_one_border_color__hover_enabled=\u00bboff\u00bb button_two_border_color__hover_enabled=\u00bboff\u00bb button_border_radius__hover_enabled=\u00bboff\u00bb button_one_border_radius__hover_enabled=\u00bboff\u00bb button_two_border_radius__hover_enabled=\u00bboff\u00bb button_letter_spacing__hover_enabled=\u00bboff\u00bb button_one_letter_spacing__hover_enabled=\u00bboff\u00bb button_two_letter_spacing__hover_enabled=\u00bboff\u00bb button_bg_color__hover_enabled=\u00bboff\u00bb button_one_bg_color__hover_enabled=\u00bboff\u00bb button_two_bg_color__hover_enabled=\u00bboff\u00bb][\/et_pb_contact_field][et_pb_contact_field field_id=\u00bbEmail\u00bb field_title=\u00bbDirecci\u00f3n de correo electr\u00f3nico\u00bb field_type=\u00bbemail\u00bb _builder_version=\u00bb4.16&#8243; global_colors_info=\u00bb{}\u00bb button_text_size__hover_enabled=\u00bboff\u00bb button_one_text_size__hover_enabled=\u00bboff\u00bb button_two_text_size__hover_enabled=\u00bboff\u00bb button_text_color__hover_enabled=\u00bboff\u00bb button_one_text_color__hover_enabled=\u00bboff\u00bb button_two_text_color__hover_enabled=\u00bboff\u00bb button_border_width__hover_enabled=\u00bboff\u00bb button_one_border_width__hover_enabled=\u00bboff\u00bb button_two_border_width__hover_enabled=\u00bboff\u00bb button_border_color__hover_enabled=\u00bboff\u00bb button_one_border_color__hover_enabled=\u00bboff\u00bb button_two_border_color__hover_enabled=\u00bboff\u00bb button_border_radius__hover_enabled=\u00bboff\u00bb button_one_border_radius__hover_enabled=\u00bboff\u00bb button_two_border_radius__hover_enabled=\u00bboff\u00bb button_letter_spacing__hover_enabled=\u00bboff\u00bb button_one_letter_spacing__hover_enabled=\u00bboff\u00bb button_two_letter_spacing__hover_enabled=\u00bboff\u00bb button_bg_color__hover_enabled=\u00bboff\u00bb button_one_bg_color__hover_enabled=\u00bboff\u00bb button_two_bg_color__hover_enabled=\u00bboff\u00bb][\/et_pb_contact_field][et_pb_contact_field field_id=\u00bbMessage\u00bb field_title=\u00bbMensaje\u00bb field_type=\u00bbtext\u00bb fullwidth_field=\u00bbon\u00bb _builder_version=\u00bb4.16&#8243; global_colors_info=\u00bb{}\u00bb button_text_size__hover_enabled=\u00bboff\u00bb button_one_text_size__hover_enabled=\u00bboff\u00bb button_two_text_size__hover_enabled=\u00bboff\u00bb button_text_color__hover_enabled=\u00bboff\u00bb button_one_text_color__hover_enabled=\u00bboff\u00bb button_two_text_color__hover_enabled=\u00bboff\u00bb button_border_width__hover_enabled=\u00bboff\u00bb button_one_border_width__hover_enabled=\u00bboff\u00bb button_two_border_width__hover_enabled=\u00bboff\u00bb button_border_color__hover_enabled=\u00bboff\u00bb button_one_border_color__hover_enabled=\u00bboff\u00bb button_two_border_color__hover_enabled=\u00bboff\u00bb button_border_radius__hover_enabled=\u00bboff\u00bb button_one_border_radius__hover_enabled=\u00bboff\u00bb button_two_border_radius__hover_enabled=\u00bboff\u00bb button_letter_spacing__hover_enabled=\u00bboff\u00bb button_one_letter_spacing__hover_enabled=\u00bboff\u00bb button_two_letter_spacing__hover_enabled=\u00bboff\u00bb button_bg_color__hover_enabled=\u00bboff\u00bb button_one_bg_color__hover_enabled=\u00bboff\u00bb button_two_bg_color__hover_enabled=\u00bboff\u00bb][\/et_pb_contact_field][et_pb_contact_field field_id=\u00bbPrivacidad\u00bb field_title=\u00bb \u00bb field_type=\u00bbcheckbox\u00bb checkbox_options=\u00bb%91{%22value%22:%22Acepto la pol\u00edtica de privacidad del sitio.%22,%22checked%22:0,%22dragID%22:-1,%22link_url%22:%22https:\/\/alicante.salesianos.edu\/politica-de-privacidad\/%22,%22link_text%22:%22%22}%93&#8243; fullwidth_field=\u00bbon\u00bb _builder_version=\u00bb4.16&#8243; global_colors_info=\u00bb{}\u00bb][\/et_pb_contact_field][\/et_pb_contact_form][\/et_pb_column][\/et_pb_row][\/et_pb_section]<\/p>\n","protected":false},"excerpt":{"rendered":"<p>Esta p\u00e1gina engloba todo lo referente al proceso de digitalizaci\u00f3n del centro. Es una p\u00e1gina en constante actualizaci\u00f3n igual que lo son las metodolog\u00edas innovadoras que aplican las tecnolog\u00edas de la informaci\u00f3n y la comunicaci\u00f3n. Actualmente nos avala la certificaci\u00f3n TIC del programa de competencia digital de centros CoDiCe TIC de la Consejer\u00eda de Educaci\u00f3n [&hellip;]<\/p>\n","protected":false},"author":1,"featured_media":0,"parent":0,"menu_order":0,"comment_status":"closed","ping_status":"closed","template":"","meta":{"_et_pb_use_builder":"on","_et_pb_old_content":"","_et_gb_content_width":"","_joinchat":[],"footnotes":""},"class_list":["post-1928","page","type-page","status-publish","hentry"],"yoast_head":"<!-- This site is optimized with the Yoast SEO plugin v28.3 - https:\/\/yoast.com\/product\/yoast-seo-wordpress\/ -->\n<title>Digitalizaci\u00f3n - Colegio Mar\u00eda Auxiliadora<\/title>\n<meta name=\"robots\" content=\"index, follow, max-snippet:-1, max-image-preview:large, max-video-preview:-1\" \/>\n<link rel=\"canonical\" href=\"https:\/\/salesianosmaux.es\/colegio\/digitalizacion\/\" \/>\n<meta property=\"og:locale\" content=\"es_ES\" \/>\n<meta property=\"og:type\" content=\"article\" \/>\n<meta property=\"og:title\" content=\"Digitalizaci\u00f3n - Colegio Mar\u00eda Auxiliadora\" \/>\n<meta property=\"og:description\" content=\"Te puede interesar...\" \/>\n<meta property=\"og:url\" content=\"https:\/\/salesianosmaux.es\/colegio\/digitalizacion\/\" \/>\n<meta property=\"og:site_name\" content=\"Colegio Mar\u00eda Auxiliadora\" \/>\n<meta property=\"article:modified_time\" content=\"2026-08-18T20:19:12+00:00\" \/>\n<meta name=\"twitter:card\" content=\"summary_large_image\" \/>\n<script type=\"application\/ld+json\" class=\"yoast-schema-graph\">{\"@context\":\"https:\\\/\\\/schema.org\",\"@graph\":[{\"@type\":\"WebPage\",\"@id\":\"https:\\\/\\\/salesianosmaux.es\\\/colegio\\\/digitalizacion\\\/\",\"url\":\"https:\\\/\\\/salesianosmaux.es\\\/colegio\\\/digitalizacion\\\/\",\"name\":\"Digitalizaci\u00f3n - Colegio Mar\u00eda Auxiliadora\",\"isPartOf\":{\"@id\":\"https:\\\/\\\/salesianosmaux.es\\\/colegio\\\/#website\"},\"datePublished\":\"2022-06-02T13:57:24+00:00\",\"dateModified\":\"2026-08-18T20:19:12+00:00\",\"breadcrumb\":{\"@id\":\"https:\\\/\\\/salesianosmaux.es\\\/colegio\\\/digitalizacion\\\/#breadcrumb\"},\"inLanguage\":\"es\",\"potentialAction\":[{\"@type\":\"ReadAction\",\"target\":[\"https:\\\/\\\/salesianosmaux.es\\\/colegio\\\/digitalizacion\\\/\"]}]},{\"@type\":\"BreadcrumbList\",\"@id\":\"https:\\\/\\\/salesianosmaux.es\\\/colegio\\\/digitalizacion\\\/#breadcrumb\",\"itemListElement\":[{\"@type\":\"ListItem\",\"position\":1,\"name\":\"Portada\",\"item\":\"https:\\\/\\\/salesianosmaux.es\\\/colegio\\\/\"},{\"@type\":\"ListItem\",\"position\":2,\"name\":\"Digitalizaci\u00f3n\"}]},{\"@type\":\"WebSite\",\"@id\":\"https:\\\/\\\/salesianosmaux.es\\\/colegio\\\/#website\",\"url\":\"https:\\\/\\\/salesianosmaux.es\\\/colegio\\\/\",\"name\":\"Colegio Mar\u00eda Auxiliadora\",\"description\":\"Colegio Mar\u00eda Auxiliadora\",\"potentialAction\":[{\"@type\":\"SearchAction\",\"target\":{\"@type\":\"EntryPoint\",\"urlTemplate\":\"https:\\\/\\\/salesianosmaux.es\\\/colegio\\\/?s={search_term_string}\"},\"query-input\":{\"@type\":\"PropertyValueSpecification\",\"valueRequired\":true,\"valueName\":\"search_term_string\"}}],\"inLanguage\":\"es\"}]}<\/script>\n<!-- \/ Yoast SEO plugin. -->","yoast_head_json":{"title":"Digitalizaci\u00f3n - Colegio Mar\u00eda Auxiliadora","robots":{"index":"index","follow":"follow","max-snippet":"max-snippet:-1","max-image-preview":"max-image-preview:large","max-video-preview":"max-video-preview:-1"},"canonical":"https:\/\/salesianosmaux.es\/colegio\/digitalizacion\/","og_locale":"es_ES","og_type":"article","og_title":"Digitalizaci\u00f3n - Colegio Mar\u00eda Auxiliadora","og_description":"Te puede interesar...","og_url":"https:\/\/salesianosmaux.es\/colegio\/digitalizacion\/","og_site_name":"Colegio Mar\u00eda Auxiliadora","article_modified_time":"2026-08-18T20:19:12+00:00","twitter_card":"summary_large_image","schema":{"@context":"https:\/\/schema.org","@graph":[{"@type":"WebPage","@id":"https:\/\/salesianosmaux.es\/colegio\/digitalizacion\/","url":"https:\/\/salesianosmaux.es\/colegio\/digitalizacion\/","name":"Digitalizaci\u00f3n - Colegio Mar\u00eda Auxiliadora","isPartOf":{"@id":"https:\/\/salesianosmaux.es\/colegio\/#website"},"datePublished":"2022-06-02T13:57:24+00:00","dateModified":"2026-08-18T20:19:12+00:00","breadcrumb":{"@id":"https:\/\/salesianosmaux.es\/colegio\/digitalizacion\/#breadcrumb"},"inLanguage":"es","potentialAction":[{"@type":"ReadAction","target":["https:\/\/salesianosmaux.es\/colegio\/digitalizacion\/"]}]},{"@type":"BreadcrumbList","@id":"https:\/\/salesianosmaux.es\/colegio\/digitalizacion\/#breadcrumb","itemListElement":[{"@type":"ListItem","position":1,"name":"Portada","item":"https:\/\/salesianosmaux.es\/colegio\/"},{"@type":"ListItem","position":2,"name":"Digitalizaci\u00f3n"}]},{"@type":"WebSite","@id":"https:\/\/salesianosmaux.es\/colegio\/#website","url":"https:\/\/salesianosmaux.es\/colegio\/","name":"Colegio Mar\u00eda Auxiliadora","description":"Colegio Mar\u00eda Auxiliadora","potentialAction":[{"@type":"SearchAction","target":{"@type":"EntryPoint","urlTemplate":"https:\/\/salesianosmaux.es\/colegio\/?s={search_term_string}"},"query-input":{"@type":"PropertyValueSpecification","valueRequired":true,"valueName":"search_term_string"}}],"inLanguage":"es"}]}},"_links":{"self":[{"href":"https:\/\/salesianosmaux.es\/colegio\/wp-json\/wp\/v2\/pages\/1928","targetHints":{"allow":["GET"]}}],"collection":[{"href":"https:\/\/salesianosmaux.es\/colegio\/wp-json\/wp\/v2\/pages"}],"about":[{"href":"https:\/\/salesianosmaux.es\/colegio\/wp-json\/wp\/v2\/types\/page"}],"author":[{"embeddable":true,"href":"https:\/\/salesianosmaux.es\/colegio\/wp-json\/wp\/v2\/users\/1"}],"replies":[{"embeddable":true,"href":"https:\/\/salesianosmaux.es\/colegio\/wp-json\/wp\/v2\/comments?post=1928"}],"version-history":[{"count":63,"href":"https:\/\/salesianosmaux.es\/colegio\/wp-json\/wp\/v2\/pages\/1928\/revisions"}],"predecessor-version":[{"id":12585,"href":"https:\/\/salesianosmaux.es\/colegio\/wp-json\/wp\/v2\/pages\/1928\/revisions\/12585"}],"wp:attachment":[{"href":"https:\/\/salesianosmaux.es\/colegio\/wp-json\/wp\/v2\/media?parent=1928"}],"curies":[{"name":"wp","href":"https:\/\/api.w.org\/{rel}","templated":true}]}}