{"id":584,"date":"2022-03-20T16:00:24","date_gmt":"2022-03-20T16:00:24","guid":{"rendered":"https:\/\/salesianosmaux.es\/colegio\/?page_id=584"},"modified":"2026-02-25T21:41:38","modified_gmt":"2026-02-25T21:41:38","slug":"equipo-de-primaria","status":"publish","type":"page","link":"https:\/\/salesianosmaux.es\/colegio\/equipo-de-primaria\/","title":{"rendered":"Equipo de Primaria"},"content":{"rendered":"<p>[et_pb_section fb_built=\u00bb1&#8243; fullwidth=\u00bbon\u00bb _builder_version=\u00bb4.16&#8243; global_colors_info=\u00bb{}\u00bb][et_pb_fullwidth_header title=\u00bbEquipo de Primaria\u00bb title_font_color=\u00bb#ffffff\u00bb module_class=\u00bbpagina-imagen-cabecera\u00bb _builder_version=\u00bb4.18.0&#8243; title_font=\u00bbLato||||||||\u00bb title_text_color=\u00bb#ffffff\u00bb title_font_size=\u00bb40px\u00bb background_color=\u00bbrgba(255, 255, 255, 0)\u00bb background_image=\u00bbhttps:\/\/salesianosmaux.es\/colegio\/wp-content\/uploads\/sites\/5\/2022\/02\/encabezado_noticias_casa-min.png\u00bb max_width_tablet=\u00bb50px\u00bb background_url=\u00bbhttps:\/\/alicante.salesianos.edu\/colegio\/wp-content\/uploads\/sites\/2\/2017\/03\/Captura-de-pantalla-2017-03-21-a-las-17.25.56.png\u00bb button_one_letter_spacing_hover=\u00bb0&#8243; button_two_letter_spacing_hover=\u00bb0&#8243; global_colors_info=\u00bb{}\u00bb button_one_text_size__hover_enabled=\u00bboff\u00bb button_two_text_size__hover_enabled=\u00bboff\u00bb button_one_text_color__hover_enabled=\u00bboff\u00bb button_two_text_color__hover_enabled=\u00bboff\u00bb button_one_border_width__hover_enabled=\u00bboff\u00bb button_two_border_width__hover_enabled=\u00bboff\u00bb button_one_border_color__hover_enabled=\u00bboff\u00bb button_two_border_color__hover_enabled=\u00bboff\u00bb button_one_border_radius__hover_enabled=\u00bboff\u00bb button_two_border_radius__hover_enabled=\u00bboff\u00bb button_one_letter_spacing__hover_enabled=\u00bbon\u00bb button_one_letter_spacing__hover=\u00bb0&#8243; button_two_letter_spacing__hover_enabled=\u00bbon\u00bb button_two_letter_spacing__hover=\u00bb0&#8243; button_one_bg_color__hover_enabled=\u00bboff\u00bb button_two_bg_color__hover_enabled=\u00bboff\u00bb][\/et_pb_fullwidth_header][\/et_pb_section][et_pb_section fb_built=\u00bb1&#8243; disabled_on=\u00bbon|on|on\u00bb _builder_version=\u00bb4.16&#8243; _module_preset=\u00bbdefault\u00bb background_color=\u00bb#EFEFEF\u00bb disabled=\u00bbon\u00bb global_colors_info=\u00bb{}\u00bb][et_pb_row _builder_version=\u00bb4.16&#8243; _module_preset=\u00bbdefault\u00bb global_colors_info=\u00bb{}\u00bb][et_pb_column type=\u00bb4_4&#8243; _builder_version=\u00bb4.16&#8243; _module_preset=\u00bbdefault\u00bb global_colors_info=\u00bb{}\u00bb][et_pb_testimonial author=\u00bbJaime Garc\u00eda Barriga\u00bb job_title=\u00bbDirector Pedag\u00f3gico de Infantil y Primaria\u00bb portrait_url=\u00bbhttps:\/\/salesianosmaux.es\/colegio\/wp-content\/uploads\/sites\/5\/2022\/02\/Jaime-Garcia-Barriga.png\u00bb quote_icon=\u00bboff\u00bb portrait_width=\u00bb100px\u00bb portrait_height=\u00bb100px\u00bb disabled_on=\u00bbon|on|on\u00bb _builder_version=\u00bb4.16&#8243; _module_preset=\u00bbdefault\u00bb background_color=\u00bbRGBA(255,255,255,0)\u00bb custom_padding=\u00bb0px||||false|false\u00bb disabled=\u00bbon\u00bb global_colors_info=\u00bb{}\u00bb]<\/p>\n<p style=\"text-align: justify\">Soy Jaime Garc\u00eda y, como <strong>Director Pedag\u00f3gico<\/strong>, es un orgullo para mi presentaros al <strong>equipo de profesores<\/strong> de la etapa de Primaria. La cohesi\u00f3n del equipo potencia nuestra misi\u00f3n\/valores y ayuda a conseguir de una manera m\u00e1s adecuada y eficaz nuestros objetivos.<\/p>\n<p>[\/et_pb_testimonial][\/et_pb_column][\/et_pb_row][\/et_pb_section][et_pb_section fb_built=\u00bb1&#8243; _builder_version=\u00bb4.16&#8243; _module_preset=\u00bbdefault\u00bb global_colors_info=\u00bb{}\u00bb][et_pb_row column_structure=\u00bb1_4,1_4,1_4,1_4&#8243; _builder_version=\u00bb4.16&#8243; _module_preset=\u00bbdefault\u00bb global_colors_info=\u00bb{}\u00bb][et_pb_column type=\u00bb1_4&#8243; _builder_version=\u00bb4.16&#8243; _module_preset=\u00bbdefault\u00bb global_colors_info=\u00bb{}\u00bb][et_pb_team_member name=\u00bbD\u00f1a. Almudena Gonz\u00e1lez Ramos\u00bb position=\u00bbDtora. Pedag\u00f3gica\u00bb image_url=\u00bbhttps:\/\/salesianosmaux.es\/colegio\/wp-content\/uploads\/sites\/5\/2026\/02\/dcc160a9-9e99-4bcb-ba02-d63f771a8aa0.jpg\u00bb _builder_version=\u00bb4.27.5&#8243; _module_preset=\u00bbdefault\u00bb header_font=\u00bbLato|300|||||||\u00bb header_text_align=\u00bbcenter\u00bb position_text_align=\u00bbcenter\u00bb width=\u00bb60%\u00bb hover_enabled=\u00bb0&#8243; border_radii_image=\u00bbon|8000px|8000px|8000px|8000px\u00bb global_colors_info=\u00bb{}\u00bb title_text=\u00bbdcc160a9-9e99-4bcb-ba02-d63f771a8aa0&#8243; sticky_enabled=\u00bb0&#8243;][\/et_pb_team_member][\/et_pb_column][et_pb_column type=\u00bb1_4&#8243; _builder_version=\u00bb4.16&#8243; _module_preset=\u00bbdefault\u00bb global_colors_info=\u00bb{}\u00bb][et_pb_team_member name=\u00bbD. Jaime Garc\u00eda Barriga\u00bb position=\u00bbDtor. General\u00bb image_url=\u00bbhttps:\/\/salesianosmaux.es\/colegio\/wp-content\/uploads\/sites\/5\/2022\/10\/C88H2121B-Personalizado-Personalizado.jpg\u00bb _builder_version=\u00bb4.18.0&#8243; _module_preset=\u00bbdefault\u00bb header_font=\u00bbLato|300|||||||\u00bb header_text_align=\u00bbcenter\u00bb position_text_align=\u00bbcenter\u00bb width=\u00bb60%\u00bb border_radii_image=\u00bbon|8000px|8000px|8000px|8000px\u00bb global_colors_info=\u00bb{}\u00bb][\/et_pb_team_member][\/et_pb_column][et_pb_column type=\u00bb1_4&#8243; _builder_version=\u00bb4.16&#8243; _module_preset=\u00bbdefault\u00bb global_colors_info=\u00bb{}\u00bb][et_pb_team_member name=\u00bbD\u00f1a. Beatriz Balleros Iglesias\u00bb position=\u00bbAyudante de Calidad &#8211; Coordinadora de etapa\u00bb image_url=\u00bbhttps:\/\/salesianosmaux.es\/colegio\/wp-content\/uploads\/sites\/5\/2022\/10\/C88H9963B-Personalizado-Personalizado.jpg\u00bb _builder_version=\u00bb4.18.0&#8243; _module_preset=\u00bbdefault\u00bb header_font=\u00bbLato|300|||||||\u00bb header_text_align=\u00bbcenter\u00bb position_text_align=\u00bbcenter\u00bb width=\u00bb60%\u00bb border_radii_image=\u00bbon|8000px|8000px|8000px|8000px\u00bb global_colors_info=\u00bb{}\u00bb][\/et_pb_team_member][\/et_pb_column][et_pb_column type=\u00bb1_4&#8243; _builder_version=\u00bb4.16&#8243; _module_preset=\u00bbdefault\u00bb global_colors_info=\u00bb{}\u00bb][et_pb_team_member name=\u00bbD\u00f1a. Celia Vicente S\u00e1nchez\u00bb image_url=\u00bbhttps:\/\/salesianosmaux.es\/colegio\/wp-content\/uploads\/sites\/5\/2022\/10\/C88H0740B-Personalizado-Personalizado.jpg\u00bb _builder_version=\u00bb4.18.0&#8243; _module_preset=\u00bbdefault\u00bb header_font=\u00bbLato|300|||||||\u00bb header_text_align=\u00bbcenter\u00bb position_text_align=\u00bbcenter\u00bb width=\u00bb60%\u00bb border_radii_image=\u00bbon|8000px|8000px|8000px|8000px\u00bb global_colors_info=\u00bb{}\u00bb][\/et_pb_team_member][\/et_pb_column][\/et_pb_row][et_pb_row column_structure=\u00bb1_4,1_4,1_4,1_4&#8243; _builder_version=\u00bb4.16&#8243; _module_preset=\u00bbdefault\u00bb global_colors_info=\u00bb{}\u00bb][et_pb_column type=\u00bb1_4&#8243; _builder_version=\u00bb4.16&#8243; _module_preset=\u00bbdefault\u00bb global_colors_info=\u00bb{}\u00bb][et_pb_team_member name=\u00bbD. Adolfo Garc\u00eda Gonz\u00e1lez\u00bb image_url=\u00bbhttps:\/\/salesianosmaux.es\/colegio\/wp-content\/uploads\/sites\/5\/2022\/10\/C88H3847B-Personalizado-Personalizado.jpg\u00bb _builder_version=\u00bb4.18.0&#8243; _module_preset=\u00bbdefault\u00bb header_font=\u00bbLato|300|||||||\u00bb header_text_align=\u00bbcenter\u00bb position_text_align=\u00bbcenter\u00bb width=\u00bb60%\u00bb border_radii_image=\u00bbon|8000px|8000px|8000px|8000px\u00bb global_colors_info=\u00bb{}\u00bb][\/et_pb_team_member][\/et_pb_column][et_pb_column type=\u00bb1_4&#8243; _builder_version=\u00bb4.16&#8243; _module_preset=\u00bbdefault\u00bb global_colors_info=\u00bb{}\u00bb][et_pb_team_member name=\u00bbD. V\u00edctor Gonz\u00e1lez Gonz\u00e1lez\u00bb image_url=\u00bbhttps:\/\/salesianosmaux.es\/colegio\/wp-content\/uploads\/sites\/5\/2022\/10\/C88H0486B-Personalizado-Personalizado.jpg\u00bb _builder_version=\u00bb4.18.0&#8243; _module_preset=\u00bbdefault\u00bb header_font=\u00bbLato|300|||||||\u00bb header_text_align=\u00bbcenter\u00bb position_text_align=\u00bbcenter\u00bb width=\u00bb60%\u00bb border_radii_image=\u00bbon|8000px|8000px|8000px|8000px\u00bb global_colors_info=\u00bb{}\u00bb][\/et_pb_team_member][\/et_pb_column][et_pb_column type=\u00bb1_4&#8243; _builder_version=\u00bb4.16&#8243; _module_preset=\u00bbdefault\u00bb global_colors_info=\u00bb{}\u00bb][et_pb_team_member name=\u00bbD\u00f1a. Nuria Santamar\u00eda Bog\u00f3nez\u00bb image_url=\u00bbhttps:\/\/salesianosmaux.es\/colegio\/wp-content\/uploads\/sites\/5\/2022\/10\/C88H0283B-Personalizado-Personalizado.jpg\u00bb _builder_version=\u00bb4.18.0&#8243; _module_preset=\u00bbdefault\u00bb header_font=\u00bbLato|300|||||||\u00bb header_text_align=\u00bbcenter\u00bb position_text_align=\u00bbcenter\u00bb width=\u00bb60%\u00bb border_radii_image=\u00bbon|8000px|8000px|8000px|8000px\u00bb global_colors_info=\u00bb{}\u00bb][\/et_pb_team_member][\/et_pb_column][et_pb_column type=\u00bb1_4&#8243; _builder_version=\u00bb4.16&#8243; _module_preset=\u00bbdefault\u00bb global_colors_info=\u00bb{}\u00bb][et_pb_team_member name=\u00bbD. Carlos Sierra Hern\u00e1ndez\u00bb image_url=\u00bbhttps:\/\/salesianosmaux.es\/colegio\/wp-content\/uploads\/sites\/5\/2022\/10\/C88H0231B-Personalizado-Personalizado.jpg\u00bb _builder_version=\u00bb4.22.2&#8243; _module_preset=\u00bbdefault\u00bb header_font=\u00bbLato|300|||||||\u00bb header_text_align=\u00bbcenter\u00bb position_text_align=\u00bbcenter\u00bb width=\u00bb60%\u00bb border_radii_image=\u00bbon|8000px|8000px|8000px|8000px\u00bb global_colors_info=\u00bb{}\u00bb][\/et_pb_team_member][\/et_pb_column][\/et_pb_row][et_pb_row column_structure=\u00bb1_4,1_4,1_4,1_4&#8243; _builder_version=\u00bb4.16&#8243; _module_preset=\u00bbdefault\u00bb global_colors_info=\u00bb{}\u00bb][et_pb_column type=\u00bb1_4&#8243; _builder_version=\u00bb4.16&#8243; _module_preset=\u00bbdefault\u00bb global_colors_info=\u00bb{}\u00bb][et_pb_team_member name=\u00bbD\u00f1a. Pilar De la Torre Rodr\u00edguez\u00bb image_url=\u00bbhttps:\/\/salesianosmaux.es\/colegio\/wp-content\/uploads\/sites\/5\/2022\/10\/C88H9764B-Personalizado-Personalizado.jpg\u00bb _builder_version=\u00bb4.18.0&#8243; _module_preset=\u00bbdefault\u00bb header_font=\u00bbLato|300|||||||\u00bb header_text_align=\u00bbcenter\u00bb position_text_align=\u00bbcenter\u00bb width=\u00bb60%\u00bb border_radii_image=\u00bbon|8000px|8000px|8000px|8000px\u00bb global_colors_info=\u00bb{}\u00bb][\/et_pb_team_member][\/et_pb_column][et_pb_column type=\u00bb1_4&#8243; _builder_version=\u00bb4.16&#8243; _module_preset=\u00bbdefault\u00bb global_colors_info=\u00bb{}\u00bb][et_pb_team_member name=\u00bbD\u00f1a. Alicia L\u00f3pez S\u00e1nchez\u00bb image_url=\u00bbhttps:\/\/salesianosmaux.es\/colegio\/wp-content\/uploads\/sites\/5\/2022\/10\/C88H0872B-Personalizado-Personalizado.jpg\u00bb _builder_version=\u00bb4.18.0&#8243; _module_preset=\u00bbdefault\u00bb header_font=\u00bbLato|300|||||||\u00bb header_text_align=\u00bbcenter\u00bb position_text_align=\u00bbcenter\u00bb width=\u00bb60%\u00bb border_radii_image=\u00bbon|8000px|8000px|8000px|8000px\u00bb global_colors_info=\u00bb{}\u00bb][\/et_pb_team_member][\/et_pb_column][et_pb_column type=\u00bb1_4&#8243; _builder_version=\u00bb4.16&#8243; _module_preset=\u00bbdefault\u00bb global_colors_info=\u00bb{}\u00bb][et_pb_team_member name=\u00bbD\u00f1a. M\u00aa Auxiliadora Medina Calles\u00bb image_url=\u00bbhttps:\/\/salesianosmaux.es\/colegio\/wp-content\/uploads\/sites\/5\/2022\/10\/C88H9775B-Personalizado-Personalizado.jpg\u00bb _builder_version=\u00bb4.18.0&#8243; _module_preset=\u00bbdefault\u00bb header_font=\u00bbLato|300|||||||\u00bb header_text_align=\u00bbcenter\u00bb position_text_align=\u00bbcenter\u00bb width=\u00bb60%\u00bb border_radii_image=\u00bbon|8000px|8000px|8000px|8000px\u00bb global_colors_info=\u00bb{}\u00bb][\/et_pb_team_member][\/et_pb_column][et_pb_column type=\u00bb1_4&#8243; _builder_version=\u00bb4.16&#8243; _module_preset=\u00bbdefault\u00bb global_colors_info=\u00bb{}\u00bb][et_pb_team_member name=\u00bbD. Roberto Santos Calvo\u00bb image_url=\u00bbhttps:\/\/salesianosmaux.es\/colegio\/wp-content\/uploads\/sites\/5\/2026\/02\/fef4073b-c54d-4cae-924c-c03e28b867e2.jpg\u00bb _builder_version=\u00bb4.27.5&#8243; _module_preset=\u00bbdefault\u00bb header_font=\u00bbLato|300|||||||\u00bb header_text_align=\u00bbcenter\u00bb position_text_align=\u00bbcenter\u00bb width=\u00bb60%\u00bb hover_enabled=\u00bb0&#8243; border_radii_image=\u00bbon|8000px|8000px|8000px|8000px\u00bb global_colors_info=\u00bb{}\u00bb title_text=\u00bbfef4073b-c54d-4cae-924c-c03e28b867e2&#8243; sticky_enabled=\u00bb0&#8243;][\/et_pb_team_member][\/et_pb_column][\/et_pb_row][et_pb_row column_structure=\u00bb1_4,1_4,1_4,1_4&#8243; _builder_version=\u00bb4.16&#8243; _module_preset=\u00bbdefault\u00bb global_colors_info=\u00bb{}\u00bb][et_pb_column type=\u00bb1_4&#8243; _builder_version=\u00bb4.16&#8243; _module_preset=\u00bbdefault\u00bb global_colors_info=\u00bb{}\u00bb][et_pb_team_member name=\u00bbD\u00f1a. Maite Cardoso Arg\u00fcello\u00bb image_url=\u00bbhttps:\/\/salesianosmaux.es\/colegio\/wp-content\/uploads\/sites\/5\/2022\/10\/C88H0443B-Personalizado-Personalizado.jpg\u00bb _builder_version=\u00bb4.18.0&#8243; _module_preset=\u00bbdefault\u00bb header_font=\u00bbLato|300|||||||\u00bb header_text_align=\u00bbcenter\u00bb position_text_align=\u00bbcenter\u00bb width=\u00bb60%\u00bb border_radii_image=\u00bbon|8000px|8000px|8000px|8000px\u00bb global_colors_info=\u00bb{}\u00bb][\/et_pb_team_member][\/et_pb_column][et_pb_column type=\u00bb1_4&#8243; _builder_version=\u00bb4.16&#8243; _module_preset=\u00bbdefault\u00bb global_colors_info=\u00bb{}\u00bb][et_pb_team_member name=\u00bbD. Juan Luis Garc\u00eda T\u00e9llez\u00bb image_url=\u00bbhttps:\/\/salesianosmaux.es\/colegio\/wp-content\/uploads\/sites\/5\/2022\/10\/C88H2390B-Personalizado-Personalizado.jpg\u00bb _builder_version=\u00bb4.18.0&#8243; _module_preset=\u00bbdefault\u00bb header_font=\u00bbLato|300|||||||\u00bb header_text_align=\u00bbcenter\u00bb position_text_align=\u00bbcenter\u00bb width=\u00bb60%\u00bb border_radii_image=\u00bbon|8000px|8000px|8000px|8000px\u00bb global_colors_info=\u00bb{}\u00bb][\/et_pb_team_member][\/et_pb_column][et_pb_column type=\u00bb1_4&#8243; _builder_version=\u00bb4.16&#8243; _module_preset=\u00bbdefault\u00bb global_colors_info=\u00bb{}\u00bb][et_pb_team_member name=\u00bbD\u00f1a. Isabel Salinas Gonz\u00e1lez\u00bb image_url=\u00bbhttps:\/\/salesianosmaux.es\/colegio\/wp-content\/uploads\/sites\/5\/2022\/10\/C88H9978B-Personalizado-Personalizado.jpg\u00bb _builder_version=\u00bb4.18.0&#8243; _module_preset=\u00bbdefault\u00bb header_font=\u00bbLato|300|||||||\u00bb header_text_align=\u00bbcenter\u00bb position_text_align=\u00bbcenter\u00bb width=\u00bb60%\u00bb border_radii_image=\u00bbon|8000px|8000px|8000px|8000px\u00bb global_colors_info=\u00bb{}\u00bb][\/et_pb_team_member][\/et_pb_column][et_pb_column type=\u00bb1_4&#8243; _builder_version=\u00bb4.16&#8243; _module_preset=\u00bbdefault\u00bb global_colors_info=\u00bb{}\u00bb][et_pb_team_member name=\u00bbD\u00f1a. Rosario Palacios Porras\u00bb position=\u00bbOrientaci\u00f3n\u00bb image_url=\u00bbhttps:\/\/salesianosmaux.es\/colegio\/wp-content\/uploads\/sites\/5\/2026\/02\/b9bcaffc-4b57-47f1-b3fd-8ff015d36632.jpg\u00bb _builder_version=\u00bb4.27.5&#8243; _module_preset=\u00bbdefault\u00bb header_font=\u00bbLato|300|||||||\u00bb header_text_align=\u00bbcenter\u00bb position_text_align=\u00bbcenter\u00bb width=\u00bb60%\u00bb hover_enabled=\u00bb0&#8243; border_radii_image=\u00bbon|8000px|8000px|8000px|8000px\u00bb global_colors_info=\u00bb{}\u00bb title_text=\u00bbb9bcaffc-4b57-47f1-b3fd-8ff015d36632&#8243; sticky_enabled=\u00bb0&#8243;][\/et_pb_team_member][\/et_pb_column][\/et_pb_row][et_pb_row column_structure=\u00bb1_4,1_4,1_4,1_4&#8243; _builder_version=\u00bb4.16&#8243; _module_preset=\u00bbdefault\u00bb global_colors_info=\u00bb{}\u00bb][et_pb_column type=\u00bb1_4&#8243; _builder_version=\u00bb4.16&#8243; _module_preset=\u00bbdefault\u00bb global_colors_info=\u00bb{}\u00bb][et_pb_team_member name=\u00bbD. Carlos Casado Briz\u00bb image_url=\u00bbhttps:\/\/salesianosmaux.es\/colegio\/wp-content\/uploads\/sites\/5\/2025\/09\/Salesianos_Carlos_Casado.jpg\u00bb _builder_version=\u00bb4.27.4&#8243; _module_preset=\u00bbdefault\u00bb header_font=\u00bbLato|300|||||||\u00bb header_text_align=\u00bbcenter\u00bb position_text_align=\u00bbcenter\u00bb width=\u00bb60%\u00bb border_radii_image=\u00bbon|8000px|8000px|8000px|8000px\u00bb global_colors_info=\u00bb{}\u00bb][\/et_pb_team_member][\/et_pb_column][et_pb_column type=\u00bb1_4&#8243; _builder_version=\u00bb4.16&#8243; _module_preset=\u00bbdefault\u00bb global_colors_info=\u00bb{}\u00bb][et_pb_team_member name=\u00bbD\u00f1a. Nuria Crespo Benavente\u00bb image_url=\u00bbhttps:\/\/salesianosmaux.es\/colegio\/wp-content\/uploads\/sites\/5\/2025\/09\/Salesianos_Nuria_Crespo.jpg\u00bb _builder_version=\u00bb4.27.4&#8243; _module_preset=\u00bbdefault\u00bb header_font=\u00bbLato|300|||||||\u00bb header_text_align=\u00bbcenter\u00bb position_text_align=\u00bbcenter\u00bb width=\u00bb60%\u00bb border_radii_image=\u00bbon|8000px|8000px|8000px|8000px\u00bb global_colors_info=\u00bb{}\u00bb][\/et_pb_team_member][\/et_pb_column][et_pb_column type=\u00bb1_4&#8243; _builder_version=\u00bb4.16&#8243; _module_preset=\u00bbdefault\u00bb global_colors_info=\u00bb{}\u00bb][et_pb_team_member name=\u00bbD. Diego Hern\u00e1ndez\u00bb image_url=\u00bbhttps:\/\/salesianosmaux.es\/colegio\/wp-content\/uploads\/sites\/5\/2025\/09\/Salesianos_DiegoHernandez.jpg\u00bb _builder_version=\u00bb4.27.4&#8243; _module_preset=\u00bbdefault\u00bb header_font=\u00bbLato|300|||||||\u00bb header_text_align=\u00bbcenter\u00bb position_text_align=\u00bbcenter\u00bb width=\u00bb60%\u00bb border_radii_image=\u00bbon|8000px|8000px|8000px|8000px\u00bb global_colors_info=\u00bb{}\u00bb][\/et_pb_team_member][\/et_pb_column][et_pb_column type=\u00bb1_4&#8243; _builder_version=\u00bb4.16&#8243; _module_preset=\u00bbdefault\u00bb global_colors_info=\u00bb{}\u00bb][\/et_pb_column][\/et_pb_row][\/et_pb_section]<\/p>\n","protected":false},"excerpt":{"rendered":"<p>Soy Jaime Garc\u00eda y, como Director Pedag\u00f3gico, es un orgullo para mi presentaros al equipo de profesores de la etapa de Primaria. La cohesi\u00f3n del equipo potencia nuestra misi\u00f3n\/valores y ayuda a conseguir de una manera m\u00e1s adecuada y eficaz nuestros objetivos.<\/p>\n","protected":false},"author":1,"featured_media":0,"parent":0,"menu_order":0,"comment_status":"closed","ping_status":"closed","template":"","meta":{"_et_pb_use_builder":"on","_et_pb_old_content":"","_et_gb_content_width":"","_joinchat":[],"footnotes":""},"class_list":["post-584","page","type-page","status-publish","hentry"],"yoast_head":"<!-- This site is optimized with the Yoast SEO plugin v28.3 - https:\/\/yoast.com\/product\/yoast-seo-wordpress\/ -->\n<title>Equipo de Primaria - Colegio Mar\u00eda Auxiliadora<\/title>\n<meta name=\"robots\" content=\"index, follow, max-snippet:-1, max-image-preview:large, max-video-preview:-1\" \/>\n<link rel=\"canonical\" href=\"https:\/\/salesianosmaux.es\/colegio\/equipo-de-primaria\/\" \/>\n<meta property=\"og:locale\" content=\"es_ES\" \/>\n<meta property=\"og:type\" content=\"article\" \/>\n<meta property=\"og:title\" content=\"Equipo de Primaria - Colegio Mar\u00eda Auxiliadora\" \/>\n<meta property=\"og:description\" content=\"Te puede interesar...\" \/>\n<meta property=\"og:url\" content=\"https:\/\/salesianosmaux.es\/colegio\/equipo-de-primaria\/\" \/>\n<meta property=\"og:site_name\" content=\"Colegio Mar\u00eda Auxiliadora\" \/>\n<meta property=\"article:modified_time\" content=\"2026-02-25T21:41:38+00:00\" \/>\n<meta name=\"twitter:card\" content=\"summary_large_image\" \/>\n<meta name=\"twitter:label1\" content=\"Tiempo de lectura\" \/>\n\t<meta name=\"twitter:data1\" content=\"3 minutos\" \/>\n<script type=\"application\/ld+json\" class=\"yoast-schema-graph\">{\"@context\":\"https:\\\/\\\/schema.org\",\"@graph\":[{\"@type\":\"WebPage\",\"@id\":\"https:\\\/\\\/salesianosmaux.es\\\/colegio\\\/equipo-de-primaria\\\/\",\"url\":\"https:\\\/\\\/salesianosmaux.es\\\/colegio\\\/equipo-de-primaria\\\/\",\"name\":\"Equipo de Primaria - Colegio Mar\u00eda Auxiliadora\",\"isPartOf\":{\"@id\":\"https:\\\/\\\/salesianosmaux.es\\\/colegio\\\/#website\"},\"datePublished\":\"2022-03-20T16:00:24+00:00\",\"dateModified\":\"2026-02-25T21:41:38+00:00\",\"breadcrumb\":{\"@id\":\"https:\\\/\\\/salesianosmaux.es\\\/colegio\\\/equipo-de-primaria\\\/#breadcrumb\"},\"inLanguage\":\"es\",\"potentialAction\":[{\"@type\":\"ReadAction\",\"target\":[\"https:\\\/\\\/salesianosmaux.es\\\/colegio\\\/equipo-de-primaria\\\/\"]}]},{\"@type\":\"BreadcrumbList\",\"@id\":\"https:\\\/\\\/salesianosmaux.es\\\/colegio\\\/equipo-de-primaria\\\/#breadcrumb\",\"itemListElement\":[{\"@type\":\"ListItem\",\"position\":1,\"name\":\"Portada\",\"item\":\"https:\\\/\\\/salesianosmaux.es\\\/colegio\\\/\"},{\"@type\":\"ListItem\",\"position\":2,\"name\":\"Equipo de Primaria\"}]},{\"@type\":\"WebSite\",\"@id\":\"https:\\\/\\\/salesianosmaux.es\\\/colegio\\\/#website\",\"url\":\"https:\\\/\\\/salesianosmaux.es\\\/colegio\\\/\",\"name\":\"Colegio Mar\u00eda Auxiliadora\",\"description\":\"Colegio Mar\u00eda Auxiliadora\",\"potentialAction\":[{\"@type\":\"SearchAction\",\"target\":{\"@type\":\"EntryPoint\",\"urlTemplate\":\"https:\\\/\\\/salesianosmaux.es\\\/colegio\\\/?s={search_term_string}\"},\"query-input\":{\"@type\":\"PropertyValueSpecification\",\"valueRequired\":true,\"valueName\":\"search_term_string\"}}],\"inLanguage\":\"es\"}]}<\/script>\n<!-- \/ Yoast SEO plugin. -->","yoast_head_json":{"title":"Equipo de Primaria - Colegio Mar\u00eda Auxiliadora","robots":{"index":"index","follow":"follow","max-snippet":"max-snippet:-1","max-image-preview":"max-image-preview:large","max-video-preview":"max-video-preview:-1"},"canonical":"https:\/\/salesianosmaux.es\/colegio\/equipo-de-primaria\/","og_locale":"es_ES","og_type":"article","og_title":"Equipo de Primaria - Colegio Mar\u00eda Auxiliadora","og_description":"Te puede interesar...","og_url":"https:\/\/salesianosmaux.es\/colegio\/equipo-de-primaria\/","og_site_name":"Colegio Mar\u00eda Auxiliadora","article_modified_time":"2026-02-25T21:41:38+00:00","twitter_card":"summary_large_image","twitter_misc":{"Tiempo de lectura":"3 minutos"},"schema":{"@context":"https:\/\/schema.org","@graph":[{"@type":"WebPage","@id":"https:\/\/salesianosmaux.es\/colegio\/equipo-de-primaria\/","url":"https:\/\/salesianosmaux.es\/colegio\/equipo-de-primaria\/","name":"Equipo de Primaria - Colegio Mar\u00eda Auxiliadora","isPartOf":{"@id":"https:\/\/salesianosmaux.es\/colegio\/#website"},"datePublished":"2022-03-20T16:00:24+00:00","dateModified":"2026-02-25T21:41:38+00:00","breadcrumb":{"@id":"https:\/\/salesianosmaux.es\/colegio\/equipo-de-primaria\/#breadcrumb"},"inLanguage":"es","potentialAction":[{"@type":"ReadAction","target":["https:\/\/salesianosmaux.es\/colegio\/equipo-de-primaria\/"]}]},{"@type":"BreadcrumbList","@id":"https:\/\/salesianosmaux.es\/colegio\/equipo-de-primaria\/#breadcrumb","itemListElement":[{"@type":"ListItem","position":1,"name":"Portada","item":"https:\/\/salesianosmaux.es\/colegio\/"},{"@type":"ListItem","position":2,"name":"Equipo de Primaria"}]},{"@type":"WebSite","@id":"https:\/\/salesianosmaux.es\/colegio\/#website","url":"https:\/\/salesianosmaux.es\/colegio\/","name":"Colegio Mar\u00eda Auxiliadora","description":"Colegio Mar\u00eda Auxiliadora","potentialAction":[{"@type":"SearchAction","target":{"@type":"EntryPoint","urlTemplate":"https:\/\/salesianosmaux.es\/colegio\/?s={search_term_string}"},"query-input":{"@type":"PropertyValueSpecification","valueRequired":true,"valueName":"search_term_string"}}],"inLanguage":"es"}]}},"_links":{"self":[{"href":"https:\/\/salesianosmaux.es\/colegio\/wp-json\/wp\/v2\/pages\/584","targetHints":{"allow":["GET"]}}],"collection":[{"href":"https:\/\/salesianosmaux.es\/colegio\/wp-json\/wp\/v2\/pages"}],"about":[{"href":"https:\/\/salesianosmaux.es\/colegio\/wp-json\/wp\/v2\/types\/page"}],"author":[{"embeddable":true,"href":"https:\/\/salesianosmaux.es\/colegio\/wp-json\/wp\/v2\/users\/1"}],"replies":[{"embeddable":true,"href":"https:\/\/salesianosmaux.es\/colegio\/wp-json\/wp\/v2\/comments?post=584"}],"version-history":[{"count":14,"href":"https:\/\/salesianosmaux.es\/colegio\/wp-json\/wp\/v2\/pages\/584\/revisions"}],"predecessor-version":[{"id":12271,"href":"https:\/\/salesianosmaux.es\/colegio\/wp-json\/wp\/v2\/pages\/584\/revisions\/12271"}],"wp:attachment":[{"href":"https:\/\/salesianosmaux.es\/colegio\/wp-json\/wp\/v2\/media?parent=584"}],"curies":[{"name":"wp","href":"https:\/\/api.w.org\/{rel}","templated":true}]}}