{"id":62,"date":"2022-02-08T15:34:30","date_gmt":"2022-02-08T15:34:30","guid":{"rendered":"https:\/\/salesianosmaux.es\/colegio\/orientacion\/"},"modified":"2026-03-09T14:36:05","modified_gmt":"2026-03-09T14:36:05","slug":"orientacion","status":"publish","type":"page","link":"https:\/\/salesianosmaux.es\/colegio\/orientacion\/","title":{"rendered":"Orientaci\u00f3n"},"content":{"rendered":"<p>[et_pb_section fb_built=\u00bb1&#8243; fullwidth=\u00bbon\u00bb _builder_version=\u00bb4.16&#8243; global_colors_info=\u00bb{}\u00bb][et_pb_fullwidth_header title=\u00bbOrientaci\u00f3n\u00bb title_font_color=\u00bb#ffffff\u00bb module_class=\u00bbpagina-imagen-cabecera\u00bb _builder_version=\u00bb4.16&#8243; title_font=\u00bbLato||||||||\u00bb title_text_color=\u00bb#ffffff\u00bb title_font_size=\u00bb40px\u00bb background_color=\u00bbrgba(255, 255, 255, 0)\u00bb background_image=\u00bbhttps:\/\/salesianosmaux.es\/colegio\/wp-content\/uploads\/sites\/5\/2022\/04\/portada-orientacion-2-1.jpeg\u00bb background_position=\u00bbtop_center\u00bb background_vertical_offset=\u00bb29%\u00bb max_width_tablet=\u00bb50px\u00bb background_url=\u00bbhttps:\/\/alicante.salesianos.edu\/colegio\/wp-content\/uploads\/sites\/2\/2017\/03\/Captura-de-pantalla-2017-03-21-a-las-17.25.56.png\u00bb button_one_letter_spacing_hover=\u00bb0&#8243; button_two_letter_spacing_hover=\u00bb0&#8243; global_colors_info=\u00bb{}\u00bb button_one_text_size__hover_enabled=\u00bboff\u00bb button_two_text_size__hover_enabled=\u00bboff\u00bb button_one_text_color__hover_enabled=\u00bboff\u00bb button_two_text_color__hover_enabled=\u00bboff\u00bb button_one_border_width__hover_enabled=\u00bboff\u00bb button_two_border_width__hover_enabled=\u00bboff\u00bb button_one_border_color__hover_enabled=\u00bboff\u00bb button_two_border_color__hover_enabled=\u00bboff\u00bb button_one_border_radius__hover_enabled=\u00bboff\u00bb button_two_border_radius__hover_enabled=\u00bboff\u00bb button_one_letter_spacing__hover_enabled=\u00bbon\u00bb button_one_letter_spacing__hover=\u00bb0&#8243; button_two_letter_spacing__hover_enabled=\u00bbon\u00bb button_two_letter_spacing__hover=\u00bb0&#8243; button_one_bg_color__hover_enabled=\u00bboff\u00bb button_two_bg_color__hover_enabled=\u00bboff\u00bb][\/et_pb_fullwidth_header][\/et_pb_section][et_pb_section fb_built=\u00bb1&#8243; _builder_version=\u00bb4.16&#8243; custom_padding=\u00bb40px|0px|17px|0px|false|false\u00bb global_colors_info=\u00bb{}\u00bb][et_pb_row column_structure=\u00bb3_5,2_5&#8243; _builder_version=\u00bb4.16&#8243; global_colors_info=\u00bb{}\u00bb][et_pb_column type=\u00bb3_5&#8243; _builder_version=\u00bb4.16&#8243; custom_padding=\u00bb|||\u00bb global_colors_info=\u00bb{}\u00bb custom_padding__hover=\u00bb|||\u00bb][et_pb_text _builder_version=\u00bb4.16&#8243; text_font=\u00bb||||||||\u00bb header_font=\u00bb||||||||\u00bb header_2_font=\u00bbLato|300|||||||\u00bb header_2_font_size=\u00bb30px\u00bb text_orientation=\u00bbjustified\u00bb custom_margin=\u00bb||\u00bb global_colors_info=\u00bb{}\u00bb]<\/p>\n<h2>\u00bfQu\u00e9 es?<\/h2>\n<p style=\"text-align: justify\">La<strong>\u00a0Orientaci\u00f3n Educativa\u00a0<\/strong>es\u00a0un<strong>\u00a0proceso sistem\u00e1tico de\u00a0acompa\u00f1amiento\u00a0<\/strong>a los<strong>\u00a0alumnos,\u00a0padres\u00a0y\u00a0docentes.\u00a0<\/strong><\/p>\n<p style=\"text-align: justify\"><strong>La\u00a0actividad orientadora<\/strong>\u00a0<strong>en nuestros colegios salesianos es<\/strong>\u00a0<strong>tarea compartida<\/strong>\u00a0por\u00a0<strong>profesores<\/strong>,\u00a0<strong>tutores<\/strong>\u00a0y\u00a0<strong>profesionales especializados<\/strong>\u00a0que integran el\u00a0<strong>Departamento de Orientaci\u00f3n\u00a0<\/strong>del Centro.\u00a0<\/p>\n<p style=\"text-align: justify\"><strong>Ofrecemos\u00a0un\u00a0servicio multiprofesional\u00a0y coordinado\u00a0<\/strong>que\u00a0<strong>suma su experiencia y especialidades\u00a0a la mejora de la atenci\u00f3n personal<\/strong>,\u00a0acad\u00e9mica, vocacional y a la toma de decisiones para la vida activa.\u00a0<\/p>\n<p style=\"text-align: justify\"><strong>Nuestro\u00a0Equipo de Orientaci\u00f3n<\/strong>\u00a0desarrolla su actividad\u00a0<strong>psicopedag\u00f3gica, acompa\u00f1ando a cada alumno<\/strong>\u00a0desde el inicio de su escolaridad,\u00a0<strong>a trav\u00e9s de las distintas etapas<\/strong>\u00a0y\u00a0<strong>hasta la finalizaci\u00f3n de su formaci\u00f3n en el Centro.<\/strong>\u00a0\u00a0<\/p>\n<p>[\/et_pb_text][et_pb_text _builder_version=\u00bb4.16&#8243; text_font=\u00bb||||||||\u00bb header_font=\u00bb||||||||\u00bb header_2_font=\u00bbLato|300|||||||\u00bb header_2_font_size=\u00bb30px\u00bb text_orientation=\u00bbjustified\u00bb global_colors_info=\u00bb{}\u00bb]<\/p>\n<h2>Actividades del Equipo de Orientaci\u00f3n<\/h2>\n<p style=\"text-align: justify\"><strong>La tarea principal del Departamento de Orientaci\u00f3n\u00a0<\/strong>es contribuir a la innovaci\u00f3n educativa, la personalizaci\u00f3n de la ense\u00f1anza y atenci\u00f3n a la diversidad<strong>,\u00a0<\/strong>desde el \u00e1mbito de nuestra actividad:\u00a0<\/p>\n<ul>\n<li style=\"text-align: justify\"><strong>Detecci\u00f3n temprana\u00a0<\/strong>de las dificultades de aprendizaje\u00a0<\/li>\n<li style=\"text-align: justify\"><strong>Exploraciones generales\u00a0<\/strong>en momentos cr\u00edticos del aprendizaje y toma de decisiones\u00a0<\/li>\n<li style=\"text-align: justify\"><strong>Evaluaci\u00f3n psicopedag\u00f3gica\u00a0<\/strong>en los casos que lo precisen\u00a0<\/li>\n<li style=\"text-align: justify\"><strong>Apoyos especializados\u00a0<\/strong>por los Profesores Especialistas en Pedagog\u00eda Terap\u00e9utica\u00a0<\/li>\n<li style=\"text-align: justify\"><strong>Cooperaci\u00f3n con el Equipo Docente\u00a0<\/strong>en la mejora del desarrollo de los procesos de\u00a0<\/li>\n<li style=\"text-align: justify\">aprendizaje que fundamentan las competencias b\u00e1sicas\u00a0<\/li>\n<li style=\"text-align: justify\"><strong>Orientaci\u00f3n a los distintos agentes educativos\u00a0<\/strong>en el mejor modo de estimular, desarrollar y afianzar en los escolares su percepci\u00f3n personal, autoestima, compromiso para el trabajo\u00a0escolar, enfoque a la superaci\u00f3n, el \u00e9xito y la convivencia positiva\u00a0<\/li>\n<li style=\"text-align: justify\"><strong>Orientaci\u00f3n familiar\u00a0<\/strong><\/li>\n<li style=\"text-align: justify\"><strong>Coordinaci\u00f3n con otras instituciones\u00a0<\/strong><\/li>\n<\/ul>\n<p>[\/et_pb_text][et_pb_text module_id=\u00bbEquipo\u00bb _builder_version=\u00bb4.27.5&#8243; text_font=\u00bb||||||||\u00bb header_font=\u00bb||||||||\u00bb header_2_font=\u00bbLato|300|||||||\u00bb header_2_font_size=\u00bb30px\u00bb text_orientation=\u00bbcenter\u00bb hover_enabled=\u00bb0&#8243; global_colors_info=\u00bb{}\u00bb sticky_enabled=\u00bb0&#8243;]<\/p>\n<h2 style=\"text-align: left;\">\u00bfQu\u00e9 personas lo forman?<\/h2>\n<p>[\/et_pb_text][et_pb_divider show_divider=\u00bboff\u00bb _builder_version=\u00bb4.16&#8243; global_colors_info=\u00bb{}\u00bb][\/et_pb_divider][\/et_pb_column][et_pb_column type=\u00bb2_5&#8243; _builder_version=\u00bb4.16&#8243; custom_padding=\u00bb|||\u00bb global_colors_info=\u00bb{}\u00bb custom_padding__hover=\u00bb|||\u00bb][et_pb_text _builder_version=\u00bb4.16&#8243; text_font=\u00bb||||||||\u00bb header_font=\u00bb||||||||\u00bb header_2_font=\u00bbLato|300|||||||\u00bb header_2_font_size=\u00bb30px\u00bb text_orientation=\u00bbjustified\u00bb global_colors_info=\u00bb{}\u00bb]<\/p>\n<h2>Objetivos de la orientaci\u00f3n educativa<\/h2>\n<ul>\n<li><strong>Prevenir, asesorar, e informar<\/strong>, acompa\u00f1ando a los alumnos a trav\u00e9s de su escolarizaci\u00f3n\u00a0como gu\u00eda para aprender a pensar, descubrirse como persona, comportarse, tomar decisiones y participar de manera responsable en la sociedad.\u00a0<\/li>\n<li><strong>Colaborar con los distintos agentes educativos<\/strong>: alumnado, profesorado, familia, agentes\u00a0sociales, entorno, etc., a trav\u00e9s de intervenci\u00f3n directa o prestando consejo orientador\u00a0<\/li>\n<li><strong>Prestar\u00a0apoyo al profesorado en su acci\u00f3n docente,\u00a0<\/strong>en cuantos aspectos precisen orientaci\u00f3n para optimizar y personalizar el proceso de ense\u00f1anza aprendizaje.\u00a0<\/li>\n<li><strong>Apoyar el\u00a0Plan de Acci\u00f3n Tutorial\u00a0<\/strong>y la acci\u00f3n\u00a0<strong>pastoral, principalmente en actividades de descubrimiento personal, toma de decisiones, orientaci\u00f3n afectiva, emocional, social\u2026\u00a0<\/strong>en el \u00e1mbito personal,\u00a0<strong>acad\u00e9mico, vocacional y profesional\u00a0<\/strong><\/li>\n<li><strong>Contribuir al desarrollo efectivo y arm\u00f3nico del\u00a0Plan de Convivencia\u00a0del centro<\/strong>.\u00a0<\/li>\n<li><strong>Desarrollar Plan de atenci\u00f3n a la Diversidad\u00a0<\/strong>que englobe las acciones tendentes a atender la diversidad (cultural, personal\u2026)\u00a0\u00a0<\/li>\n<li><strong>Acompa\u00f1ar y orientar\u00a0<\/strong>a los escolares en el proceso de\u00a0<strong>autoconocimiento, gesti\u00f3n del talento, <\/strong>del<strong>compromiso afectivo<\/strong>, el <strong>sentido del deber<\/strong>, el <strong>valor del<\/strong> <strong>esfuerzo y el trabajo<\/strong> y <strong>participaci\u00f3n en la vida social<\/strong>.<\/li>\n<\/ul>\n<p>[\/et_pb_text][\/et_pb_column][\/et_pb_row][et_pb_row column_structure=\u00bb1_5,1_5,1_5,1_5,1_5&#8243; disabled_on=\u00bboff|off|off\u00bb _builder_version=\u00bb4.16&#8243; width=\u00bb94%\u00bb max_width=\u00bb1194px\u00bb custom_margin=\u00bb0px||10px|\u00bb custom_padding=\u00bb0px|0px|0px|0px\u00bb global_colors_info=\u00bb{}\u00bb][et_pb_column type=\u00bb1_5&#8243; _builder_version=\u00bb4.16&#8243; custom_padding=\u00bb|||\u00bb global_colors_info=\u00bb{}\u00bb custom_padding__hover=\u00bb|||\u00bb][et_pb_testimonial portrait_url=\u00bbhttps:\/\/salesianosmaux.es\/colegio\/wp-content\/uploads\/sites\/5\/2026\/02\/dcc160a9-9e99-4bcb-ba02-d63f771a8aa0.jpg\u00bb quote_icon=\u00bboff\u00bb portrait_width=\u00bb140px\u00bb portrait_height=\u00bb140px\u00bb _builder_version=\u00bb4.27.5&#8243; body_font=\u00bbLato|300|||||||\u00bb background_color=\u00bb#ffffff\u00bb text_orientation=\u00bbcenter\u00bb custom_margin=\u00bb||-20px|\u00bb custom_padding=\u00bb10px||0px|\u00bb child_filter_brightness=\u00bb106%\u00bb box_shadow_style_image=\u00bbpreset6&#8243; global_colors_info=\u00bb{}\u00bb]<\/p>\n<h2>Almudena Gonz\u00e1lez<\/h2>\n<p><span style=\"color: #808080\">Profesora terap\u00e9utica (Orientaci\u00f3n E. Infantil\/Primaria)<\/span><\/p>\n<p>almudena@mauxsalamanca.es<\/p>\n<p>[\/et_pb_testimonial][\/et_pb_column][et_pb_column type=\u00bb1_5&#8243; _builder_version=\u00bb4.16&#8243; custom_padding=\u00bb|||\u00bb global_colors_info=\u00bb{}\u00bb custom_padding__hover=\u00bb|||\u00bb][et_pb_testimonial portrait_url=\u00bbhttps:\/\/salesianosmaux.es\/colegio\/wp-content\/uploads\/sites\/5\/2026\/02\/b9bcaffc-4b57-47f1-b3fd-8ff015d36632.jpg\u00bb quote_icon=\u00bboff\u00bb portrait_width=\u00bb140px\u00bb portrait_height=\u00bb140px\u00bb _builder_version=\u00bb4.27.5&#8243; body_font=\u00bbLato|300|||||||\u00bb background_color=\u00bb#ffffff\u00bb text_orientation=\u00bbcenter\u00bb custom_margin=\u00bb||-20px|\u00bb custom_padding=\u00bb10px||0px|\u00bb child_filter_brightness=\u00bb106%\u00bb box_shadow_style_image=\u00bbpreset6&#8243; global_colors_info=\u00bb{}\u00bb]<\/p>\n<h2>Charo Palacios<\/h2>\n<p><span style=\"color: #808080\">Ed. Especial \/ Logopeda (<span>Orientaci\u00f3n<\/span> E. Infantil \/ Primaria)<\/span><\/p>\n<p>charo@mauxsalamanca.es<\/p>\n<p>[\/et_pb_testimonial][\/et_pb_column][et_pb_column type=\u00bb1_5&#8243; _builder_version=\u00bb4.27.5&#8243; _module_preset=\u00bbdefault\u00bb global_colors_info=\u00bb{}\u00bb][et_pb_testimonial portrait_url=\u00bbhttps:\/\/salesianosmaux.es\/colegio\/wp-content\/uploads\/sites\/5\/2026\/02\/a9a855e3-079d-4306-8042-a1e1aa4800ad.jpg\u00bb quote_icon=\u00bboff\u00bb portrait_width=\u00bb140px\u00bb portrait_height=\u00bb140px\u00bb _builder_version=\u00bb4.27.5&#8243; body_font=\u00bbLato|300|||||||\u00bb background_color=\u00bb#ffffff\u00bb text_orientation=\u00bbcenter\u00bb custom_margin=\u00bb||-20px|\u00bb custom_padding=\u00bb10px||0px|\u00bb child_filter_brightness=\u00bb106%\u00bb box_shadow_style_image=\u00bbpreset6&#8243; global_colors_info=\u00bb{}\u00bb]<\/p>\n<h2>Yolanda Moro<\/h2>\n<p><span style=\"color: #808080\">Profesora terap\u00e9utica (ESO)<\/span><\/p>\n<p><span style=\"color: #000000\">yolanda@mauxsalamanca.es<\/span><\/p>\n<p>[\/et_pb_testimonial][\/et_pb_column][et_pb_column type=\u00bb1_5&#8243; _builder_version=\u00bb4.27.5&#8243; _module_preset=\u00bbdefault\u00bb global_colors_info=\u00bb{}\u00bb][et_pb_testimonial portrait_url=\u00bbhttps:\/\/salesianosmaux.es\/colegio\/wp-content\/uploads\/sites\/5\/2026\/02\/f615dab4-f7a8-4216-ae16-cb1ea1d3c054.jpg\u00bb quote_icon=\u00bboff\u00bb portrait_width=\u00bb140px\u00bb portrait_height=\u00bb140px\u00bb _builder_version=\u00bb4.27.5&#8243; body_font=\u00bbLato|300|||||||\u00bb background_color=\u00bb#ffffff\u00bb text_orientation=\u00bbcenter\u00bb custom_margin=\u00bb||-20px|\u00bb custom_padding=\u00bb10px||0px|\u00bb child_filter_brightness=\u00bb106%\u00bb box_shadow_style_image=\u00bbpreset6&#8243; global_colors_info=\u00bb{}\u00bb]<\/p>\n<h2>Carmen G\u00f3mez Duque<\/h2>\n<p><span style=\"color: #808080\">Orientaci\u00f3n ESO-BACH<\/span><\/p>\n<p>carmen.gomez@mauxsalamanca.es<\/p>\n<p>[\/et_pb_testimonial][\/et_pb_column][et_pb_column type=\u00bb1_5&#8243; _builder_version=\u00bb4.16&#8243; custom_padding=\u00bb|||\u00bb global_colors_info=\u00bb{}\u00bb custom_padding__hover=\u00bb|||\u00bb][et_pb_testimonial portrait_url=\u00bbhttps:\/\/salesianosmaux.es\/colegio\/wp-content\/uploads\/sites\/5\/2026\/02\/33ea7914-0ac6-4b80-bdcd-1146e4863a48.jpg\u00bb quote_icon=\u00bboff\u00bb portrait_width=\u00bb140px\u00bb portrait_height=\u00bb140px\u00bb _builder_version=\u00bb4.27.5&#8243; body_font=\u00bbLato|300|||||||\u00bb background_color=\u00bb#ffffff\u00bb text_orientation=\u00bbcenter\u00bb custom_margin=\u00bb||-20px|\u00bb custom_padding=\u00bb10px||0px|\u00bb child_filter_brightness=\u00bb106%\u00bb box_shadow_style_image=\u00bbpreset6&#8243; global_colors_info=\u00bb{}\u00bb]<\/p>\n<h2>V\u00edctor Manuel P\u00e9rez P\u00e9rez<\/h2>\n<p><span style=\"color: #808080\">Orientaci\u00f3n ESO-BACH<\/span><\/p>\n<p>victor.perez@mauxsalamanca.es<\/p>\n<p>[\/et_pb_testimonial][\/et_pb_column][\/et_pb_row][\/et_pb_section][et_pb_section fb_built=\u00bb1&#8243; module_id=\u00bbEquipo\u00bb module_class=\u00bbpagina-seccion-contenido\u00bb _builder_version=\u00bb4.16&#8243; custom_margin=\u00bb|||\u00bb custom_padding=\u00bb18px|0px|50px|0px|false|false\u00bb border_style_all=\u00bbnone\u00bb global_colors_info=\u00bb{}\u00bb][\/et_pb_section][et_pb_section fb_built=\u00bb1&#8243; prev_background_color=\u00bb#ffffff\u00bb module_id=\u00bbFormulario\u00bb _builder_version=\u00bb4.16&#8243; background_color=\u00bb#eaeaea\u00bb use_background_color_gradient=\u00bbon\u00bb background_color_gradient_direction=\u00bb178deg\u00bb background_color_gradient_stops=\u00bb#efefef 0%|#e0e0e0 100%\u00bb background_color_gradient_start=\u00bb#efefef\u00bb background_color_gradient_end=\u00bb#e0e0e0&#8243; custom_padding=\u00bb95px|0px|54px|0px|false|false\u00bb top_divider_style=\u00bbslant2&#8243; global_colors_info=\u00bb{}\u00bb][et_pb_row _builder_version=\u00bb4.16&#8243; global_colors_info=\u00bb{}\u00bb][et_pb_column type=\u00bb4_4&#8243; _builder_version=\u00bb4.16&#8243; custom_padding=\u00bb|||\u00bb global_colors_info=\u00bb{}\u00bb custom_padding__hover=\u00bb|||\u00bb][et_pb_contact_form email=\u00bborientacion@mauxsalamanca.es\u00bb title=\u00bbContacta con el departamento\u00bb custom_message=\u00bb%%Nombre%% %%Apellidos%% (%%Curso%%) se ha puesto en contacto con ORIENTACI\u00d3N a trav\u00e9s de la web (salesianosmaux.es\/colegio\/orientacion):||et_pb_line_break_holder||||et_pb_line_break_holder||&#8212;&#8212;||et_pb_line_break_holder||%%message%%||et_pb_line_break_holder||&#8212;&#8212;||et_pb_line_break_holder||||et_pb_line_break_holder||Puedes responder a este correo directamente salvo que te lo hayan REENVIADO. En ese caso, tendr\u00e1s que redactar un NUEVO CORREO con la respuesta y enviarlo a %%email%%.||et_pb_line_break_holder||||et_pb_line_break_holder||Para cualquier problema o sugerencia sobre el sistema de formularios de la web envia un correo a comunicacion.alicante@salesianos.edu.\u00bb success_message=\u00bbTu mensaje se ha enviado correctamente. Nos pondremos en contacto contigo lo antes posible.\u00bb submit_button_text=\u00bbEnviar\u00bb _builder_version=\u00bb4.16&#8243; _unique_id=\u00bb7d52d4dc-2a36-4201-8ec4-3cd06013d439&#8243; form_field_background_color=\u00bb#ffffff\u00bb title_level=\u00bbh2&#8243; title_font=\u00bbLato|300|||||||\u00bb title_font_size=\u00bb30px\u00bb title_line_height=\u00bb1.3em\u00bb form_field_font=\u00bb||||||||\u00bb custom_button=\u00bbon\u00bb button_text_color=\u00bb#ffffff\u00bb button_bg_color=\u00bb#dc001b\u00bb button_border_width=\u00bb0px\u00bb button_font=\u00bb||||||||\u00bb form_background_color=\u00bb#ffffff\u00bb global_colors_info=\u00bb{}\u00bb][et_pb_contact_field field_id=\u00bbNombre\u00bb field_title=\u00bbNombre\u00bb _builder_version=\u00bb4.16&#8243; global_colors_info=\u00bb{}\u00bb button_text_size__hover_enabled=\u00bboff\u00bb button_one_text_size__hover_enabled=\u00bboff\u00bb button_two_text_size__hover_enabled=\u00bboff\u00bb button_text_color__hover_enabled=\u00bboff\u00bb button_one_text_color__hover_enabled=\u00bboff\u00bb button_two_text_color__hover_enabled=\u00bboff\u00bb button_border_width__hover_enabled=\u00bboff\u00bb button_one_border_width__hover_enabled=\u00bboff\u00bb button_two_border_width__hover_enabled=\u00bboff\u00bb button_border_color__hover_enabled=\u00bboff\u00bb button_one_border_color__hover_enabled=\u00bboff\u00bb button_two_border_color__hover_enabled=\u00bboff\u00bb button_border_radius__hover_enabled=\u00bboff\u00bb button_one_border_radius__hover_enabled=\u00bboff\u00bb button_two_border_radius__hover_enabled=\u00bboff\u00bb button_letter_spacing__hover_enabled=\u00bboff\u00bb button_one_letter_spacing__hover_enabled=\u00bboff\u00bb button_two_letter_spacing__hover_enabled=\u00bboff\u00bb button_bg_color__hover_enabled=\u00bboff\u00bb button_one_bg_color__hover_enabled=\u00bboff\u00bb button_two_bg_color__hover_enabled=\u00bboff\u00bb][\/et_pb_contact_field][et_pb_contact_field field_id=\u00bbEmail\u00bb field_title=\u00bbDirecci\u00f3n de correo electr\u00f3nico\u00bb field_type=\u00bbemail\u00bb _builder_version=\u00bb4.16&#8243; global_colors_info=\u00bb{}\u00bb button_text_size__hover_enabled=\u00bboff\u00bb button_one_text_size__hover_enabled=\u00bboff\u00bb button_two_text_size__hover_enabled=\u00bboff\u00bb button_text_color__hover_enabled=\u00bboff\u00bb button_one_text_color__hover_enabled=\u00bboff\u00bb button_two_text_color__hover_enabled=\u00bboff\u00bb button_border_width__hover_enabled=\u00bboff\u00bb button_one_border_width__hover_enabled=\u00bboff\u00bb button_two_border_width__hover_enabled=\u00bboff\u00bb button_border_color__hover_enabled=\u00bboff\u00bb button_one_border_color__hover_enabled=\u00bboff\u00bb button_two_border_color__hover_enabled=\u00bboff\u00bb button_border_radius__hover_enabled=\u00bboff\u00bb button_one_border_radius__hover_enabled=\u00bboff\u00bb button_two_border_radius__hover_enabled=\u00bboff\u00bb button_letter_spacing__hover_enabled=\u00bboff\u00bb button_one_letter_spacing__hover_enabled=\u00bboff\u00bb button_two_letter_spacing__hover_enabled=\u00bboff\u00bb button_bg_color__hover_enabled=\u00bboff\u00bb button_one_bg_color__hover_enabled=\u00bboff\u00bb button_two_bg_color__hover_enabled=\u00bboff\u00bb][\/et_pb_contact_field][et_pb_contact_field field_id=\u00bbMessage\u00bb field_title=\u00bbMensaje\u00bb field_type=\u00bbtext\u00bb fullwidth_field=\u00bbon\u00bb _builder_version=\u00bb4.16&#8243; global_colors_info=\u00bb{}\u00bb button_text_size__hover_enabled=\u00bboff\u00bb button_one_text_size__hover_enabled=\u00bboff\u00bb button_two_text_size__hover_enabled=\u00bboff\u00bb button_text_color__hover_enabled=\u00bboff\u00bb button_one_text_color__hover_enabled=\u00bboff\u00bb button_two_text_color__hover_enabled=\u00bboff\u00bb button_border_width__hover_enabled=\u00bboff\u00bb button_one_border_width__hover_enabled=\u00bboff\u00bb button_two_border_width__hover_enabled=\u00bboff\u00bb button_border_color__hover_enabled=\u00bboff\u00bb button_one_border_color__hover_enabled=\u00bboff\u00bb button_two_border_color__hover_enabled=\u00bboff\u00bb button_border_radius__hover_enabled=\u00bboff\u00bb button_one_border_radius__hover_enabled=\u00bboff\u00bb button_two_border_radius__hover_enabled=\u00bboff\u00bb button_letter_spacing__hover_enabled=\u00bboff\u00bb button_one_letter_spacing__hover_enabled=\u00bboff\u00bb button_two_letter_spacing__hover_enabled=\u00bboff\u00bb button_bg_color__hover_enabled=\u00bboff\u00bb button_one_bg_color__hover_enabled=\u00bboff\u00bb button_two_bg_color__hover_enabled=\u00bboff\u00bb][\/et_pb_contact_field][et_pb_contact_field field_id=\u00bbPrivacidad\u00bb field_title=\u00bb \u00bb field_type=\u00bbcheckbox\u00bb checkbox_options=\u00bb%91{%22value%22:%22Acepto la pol\u00edtica de privacidad del sitio.%22,%22checked%22:0,%22dragID%22:-1,%22link_url%22:%22https:\/\/salesianosmaux.es\/privacidad\/%22,%22link_text%22:%22%22}%93&#8243; fullwidth_field=\u00bbon\u00bb _builder_version=\u00bb4.16&#8243; global_colors_info=\u00bb{}\u00bb][\/et_pb_contact_field][\/et_pb_contact_form][\/et_pb_column][\/et_pb_row][\/et_pb_section][et_pb_section fb_built=\u00bb1&#8243; prev_background_color=\u00bb#eaeaea\u00bb disabled_on=\u00bbon|on|on\u00bb module_id=\u00bbred-de-mediacion\u00bb _builder_version=\u00bb4.16&#8243; background_color=\u00bb#ededed\u00bb use_background_color_gradient=\u00bbon\u00bb background_color_gradient_direction=\u00bb203deg\u00bb background_color_gradient_stops=\u00bb#f2f2f2 0%|#e8e8e8 100%\u00bb background_color_gradient_start=\u00bb#f2f2f2&#8243; background_color_gradient_end=\u00bb#e8e8e8&#8243; custom_padding=\u00bb94px|0px|85px|0px|false|false\u00bb top_divider_style=\u00bbwave2&#8243; bottom_divider_style=\u00bbwave2&#8243; bottom_divider_color=\u00bb#ffffff\u00bb disabled=\u00bbon\u00bb global_colors_info=\u00bb{}\u00bb][et_pb_row _builder_version=\u00bb4.16&#8243; custom_padding=\u00bb27px|0px|0|0px|false|false\u00bb global_colors_info=\u00bb{}\u00bb][et_pb_column type=\u00bb4_4&#8243; _builder_version=\u00bb4.16&#8243; custom_padding=\u00bb|||\u00bb global_colors_info=\u00bb{}\u00bb custom_padding__hover=\u00bb|||\u00bb][et_pb_text _builder_version=\u00bb4.16&#8243; header_font=\u00bb||||||||\u00bb header_2_font=\u00bbLato|700|on||||||\u00bb header_2_text_align=\u00bbcenter\u00bb header_2_text_color=\u00bb#51626f\u00bb header_2_font_size=\u00bb38px\u00bb global_colors_info=\u00bb{}\u00bb]<\/p>\n<h2 style=\"text-align: center\">Red de mediaci\u00f3n<\/h2>\n<p>[\/et_pb_text][\/et_pb_column][\/et_pb_row][et_pb_row column_structure=\u00bb1_3,1_3,1_3&#8243; _builder_version=\u00bb4.16&#8243; global_colors_info=\u00bb{}\u00bb][et_pb_column type=\u00bb1_3&#8243; _builder_version=\u00bb4.16&#8243; custom_padding=\u00bb|||\u00bb global_colors_info=\u00bb{}\u00bb custom_padding__hover=\u00bb|||\u00bb][et_pb_blurb title=\u00bbEquipo permanente\u00bb url=\u00bbhttps:\/\/alicante.salesianos.edu\/colegio\/mediacion\/#equipo-permanente\u00bb use_icon=\u00bbon\u00bb font_icon=\u00bb&#xe0df;||divi||400&#8243; _builder_version=\u00bb4.16&#8243; header_level=\u00bbh3&#8243; header_font=\u00bbLato||||||||\u00bb header_font_size=\u00bb26px\u00bb body_font=\u00bb||||||||\u00bb text_orientation=\u00bbcenter\u00bb animation_style=\u00bbzoom\u00bb link_option_url=\u00bbhttps:\/\/alicante.salesianos.edu\/colegio\/mediacion\/#equipo-permanente\u00bb global_colors_info=\u00bb{}\u00bb]<\/p>\n<div><span lang=\"es\">Profesores que se han formado en mediaci\u00f3n y que dinamizan el servicio. <\/span><\/div>\n<div><span><\/span><\/div>\n<p>[\/et_pb_blurb][\/et_pb_column][et_pb_column type=\u00bb1_3&#8243; _builder_version=\u00bb4.16&#8243; custom_padding=\u00bb|||\u00bb global_colors_info=\u00bb{}\u00bb custom_padding__hover=\u00bb|||\u00bb][et_pb_blurb title=\u00bbAlumnos mediadores\u00bb use_icon=\u00bbon\u00bb font_icon=\u00bb&#xe108;||divi||400&#8243; _builder_version=\u00bb4.16&#8243; header_level=\u00bbh3&#8243; header_font=\u00bbLato||||||||\u00bb header_font_size=\u00bb26px\u00bb body_font=\u00bb||||||||\u00bb text_orientation=\u00bbcenter\u00bb animation_style=\u00bbzoom\u00bb global_colors_info=\u00bb{}\u00bb]<\/p>\n<div>\n<div><span lang=\"es\">Alumnos voluntarios que han recibido la formaci\u00f3n adecuada y que act\u00faan como mediadores en los casos que se les asignen, participando adem\u00e1s<span>\u00a0 <\/span>en las actividades de difusi\u00f3n y concienciaci\u00f3n de la red de mediaci\u00f3n, como formar a otros compa\u00f1eros. <\/span><\/div>\n<div><span><\/span><\/div>\n<\/div>\n<p>[\/et_pb_blurb][\/et_pb_column][et_pb_column type=\u00bb1_3&#8243; _builder_version=\u00bb4.16&#8243; custom_padding=\u00bb|||\u00bb global_colors_info=\u00bb{}\u00bb custom_padding__hover=\u00bb|||\u00bb][et_pb_blurb title=\u00bbComponentes no mediadores\u00bb use_icon=\u00bbon\u00bb font_icon=\u00bb&#xe08b;||divi||400&#8243; _builder_version=\u00bb4.16&#8243; header_level=\u00bbh3&#8243; header_font=\u00bbLato||||||||\u00bb header_font_size=\u00bb26px\u00bb body_font=\u00bb||||||||\u00bb text_orientation=\u00bbcenter\u00bb animation_style=\u00bbzoom\u00bb global_colors_info=\u00bb{}\u00bb]<\/p>\n<div>\n<div>\n<div><span lang=\"es\">Alumnos, profesores, padres o miembros de la comunidad educativa, formados o no que voluntariamente quieren participar en diversas actividades puntuales relacionadas con la red de mediaci\u00f3n.<\/span><\/div>\n<div><span><\/span><\/div>\n<\/div>\n<\/div>\n<p>[\/et_pb_blurb][\/et_pb_column][\/et_pb_row][\/et_pb_section][et_pb_section fb_built=\u00bb1&#8243; disabled_on=\u00bbon|on|on\u00bb _builder_version=\u00bb4.16&#8243; custom_padding=\u00bb0|0px|18px|0px|false|false\u00bb disabled=\u00bbon\u00bb global_colors_info=\u00bb{}\u00bb][et_pb_row _builder_version=\u00bb4.16&#8243; custom_padding=\u00bb0|0px|27px|0px|false|false\u00bb global_colors_info=\u00bb{}\u00bb][et_pb_column type=\u00bb4_4&#8243; _builder_version=\u00bb4.16&#8243; custom_padding=\u00bb|||\u00bb global_colors_info=\u00bb{}\u00bb custom_padding__hover=\u00bb|||\u00bb][et_pb_text _builder_version=\u00bb4.16&#8243; text_font=\u00bb||||||||\u00bb text_font_size=\u00bb16px\u00bb link_font=\u00bb||||||||\u00bb link_text_color=\u00bb#6b6b6b\u00bb header_font=\u00bb||||||||\u00bb header_2_font=\u00bbLato|300|||||||\u00bb header_2_font_size=\u00bb27px\u00bb header_3_font=\u00bb|300|||||||\u00bb header_3_font_size=\u00bb20px\u00bb background_color=\u00bb#dc001b\u00bb background_layout=\u00bbdark\u00bb custom_margin=\u00bb30px|||\u00bb custom_padding=\u00bb17px|30px|7px|30px||true\u00bb border_radii=\u00bb|20px|20px||\u00bb border_color_all=\u00bb#dddddd\u00bb border_style_all=\u00bbdashed\u00bb global_colors_info=\u00bb{}\u00bb]<\/p>\n<h2>Preguntas frecuentes<\/h2>\n<p>[\/et_pb_text][et_pb_accordion open_toggle_text_color=\u00bb#dc001b\u00bb closed_toggle_text_color=\u00bb#dc001b\u00bb _builder_version=\u00bb4.16&#8243; toggle_level=\u00bbh3&#8243; toggle_font=\u00bb||||||||\u00bb toggle_font_size=\u00bb17px\u00bb global_colors_info=\u00bb{}\u00bb][et_pb_accordion_item title=\u00bb\u00bfC\u00f3mo se solicita una mediaci\u00f3n?\u00bb open=\u00bbon\u00bb _builder_version=\u00bb4.16&#8243; global_colors_info=\u00bb{}\u00bb]<\/p>\n<p>Tienes cuatro maneras de solicitar una mediaci\u00f3n:<\/p>\n<ul>\n<li>Comentarlo con cualquier miembro del <a href=\"https:\/\/alicante.salesianos.edu\/colegio\/mediacion\/#equipo-permanente\" title=\"Ver miembros del equipo\">equipo permanente<\/a>.<\/li>\n<li>Rellenar el <a href=\"https:\/\/alicante.salesianos.edu\/colegio\/mediacion\/#Formulario\" title=\"Ir al formulario\">formulario<\/a> que encontrar\u00e1s m\u00e1s abajo.<\/li>\n<li>Dirigirte por correo electr\u00f3nico a:\u00a0<a href=\"mailto:mediacion.alicante@salesianos.edu\" title=\"Enviar un correo\">mediacion.alicante@salesianos.edu<\/a><\/li>\n<li>Comentarlo con tu tutor\/a.<\/li>\n<\/ul>\n<p>En cualquiera de estos casos se te facilitar\u00e1 una <strong>hoja de solicitud<\/strong> para rellenarla antes de iniciar la <strong>premediaci\u00f3n<\/strong>.<\/p>\n<p>[\/et_pb_accordion_item][et_pb_accordion_item title=\u00bb\u00bfQui\u00e9n puede solicitar una mediaci\u00f3n?\u00bb _builder_version=\u00bb4.16&#8243; global_colors_info=\u00bb{}\u00bb open=\u00bboff\u00bb]<\/p>\n<p>Cualquier alumno o alumna del centro <strong>a partir de 5\u00ba de Primaria<\/strong>\u00a0inclusive.<\/p>\n<p>[\/et_pb_accordion_item][et_pb_accordion_item title=\u00bb\u00bfQu\u00e9 conductas son mediables y cu\u00e1les no?\u00bb _builder_version=\u00bb4.16&#8243; global_colors_info=\u00bb{}\u00bb open=\u00bboff\u00bb]<\/p>\n<p><strong>Son mediables:<\/strong><\/p>\n<ul>\n<li>Faltas de respeto.<\/li>\n<li>Amistades que se han deteriorado.<\/li>\n<li>Rumores y malentendidos.<\/li>\n<li>Objetos personales.<\/li>\n<li>Espacios de juego.<\/li>\n<li>Valores<\/li>\n<\/ul>\n<p><strong>NO son mediables:<\/strong><\/p>\n<ul>\n<li>Conductas que est\u00e9n tipificadas en el RRI.<\/li>\n<li>Conductas delictivas.<\/li>\n<li>Acoso escolar.<\/li>\n<li>Desequilibrios de poder, maltrato.<\/li>\n<li>Conductas disruptivas en el aula.<\/li>\n<\/ul>\n<p>[\/et_pb_accordion_item][et_pb_accordion_item title=\u00bb\u00bfQu\u00e9 es la premediaci\u00f3n?\u00bb _builder_version=\u00bb4.16&#8243; global_colors_info=\u00bb{}\u00bb open=\u00bboff\u00bb]<\/p>\n<p>Es el momento previo en el que el equipo de mediaci\u00f3n se entrevista con las partes implicadas en el conflicto para:<\/p>\n<ul>\n<li>Escuchar.<\/li>\n<li>Determinar si es una situaci\u00f3n mediable.<\/li>\n<li>Comprobar que las dos partes est\u00e1n interesadas en hablar.<\/li>\n<\/ul>\n<p><strong>En caso positivo<\/strong>, ambas partes rellenan el documento d\u00f3nde se comprometen a dialogar, respetarse, e intentar llegar a un acuerdo.<\/p>\n<p>[\/et_pb_accordion_item][et_pb_accordion_item title=\u00bb\u00bfC\u00f3mo es una mediaci\u00f3n?\u00bb _builder_version=\u00bb4.16&#8243; global_colors_info=\u00bb{}\u00bb open=\u00bboff\u00bb]<\/p>\n<p><strong>Se fija el d\u00eda y la hora y se asigna una pareja de mediadores.<\/strong>\u00a0La mediaci\u00f3n se realizar\u00e1 de la siguiente manera:<\/p>\n<ul>\n<li>Cada parte expone el conflicto.<\/li>\n<li>Ambas partes proponen soluciones.<\/li>\n<li>Se eligen las m\u00e1s convenientes.<\/li>\n<li>Si se llega a un acuerdo, se firma un compromiso.<\/li>\n<li>Pasado un tiempo se revisa si el conflicto est\u00e1 resuelto.<\/li>\n<\/ul>\n<p>Cabe destacar que <strong>el mediador es un facilitador pero no resuelve los conflictos ni toma partido de ellos<\/strong>.<\/p>\n<p>[\/et_pb_accordion_item][et_pb_accordion_item title=\u00bb\u00bfQu\u00e9 hace el mediador?\u00bb _builder_version=\u00bb4.16&#8243; global_colors_info=\u00bb{}\u00bb open=\u00bboff\u00bb]<\/p>\n<p><span>Los <strong>mediadores escolares<\/strong> son aquellas personas que son capaces de ver en el conflicto una oportunidad para la posibilidad de hablar, de la paz y de la no violencia:<\/span><\/p>\n<ul>\n<li><span>El <\/span><span>mediador es el encargado de establecer las <\/span><span>normas.<\/span><\/li>\n<li><span>No <\/span><span>tiene que juzgar por lo que digan los participantes. <\/span><\/li>\n<li><span>Debe <\/span><span>estar escuchando activamente.<\/span><\/li>\n<li><span>Respeta <\/span><span>la confidencialidad.<\/span><\/li>\n<li><span>Intenta <\/span><span>dar\u00a0<\/span><span>opciones (pero no soluciones) <\/span><span>para\u00a0<\/span><span>ayudar a resolver el <\/span><span>conflicto.<\/span><\/li>\n<\/ul>\n<p>[\/et_pb_accordion_item][et_pb_accordion_item title=\u00bb\u00bfQu\u00e9 es la red de mediaci\u00f3n?\u00bb _builder_version=\u00bb4.16&#8243; global_colors_info=\u00bb{}\u00bb open=\u00bboff\u00bb]<\/p>\n<ul>\n<li>Un grupo de personas de nuestro colegio interesadas en tener una buena convivencia y un clima de di\u00e1logo positivo, para resolver pac\u00edficamente los conflictos.<\/li>\n<li>Anualmente se realizar\u00e1 una actividad para difundir estos valores y sensibilizar a todos los miembros de la comunidad educativa-pastoral.<\/li>\n<li>Algunos miembros de la red de mediaci\u00f3n pueden ser mediadores, tras un <strong>proceso de formaci\u00f3n<\/strong> de mediaci\u00f3n.<\/li>\n<li>El equipo de mediadores <strong>se ir\u00e1 renovando cada curso<\/strong>.<\/li>\n<\/ul>\n<p>[\/et_pb_accordion_item][et_pb_accordion_item title=\u00bb\u00bfC\u00f3mo puedo formar parte de la red de mediaci\u00f3n?\u00bb _builder_version=\u00bb4.16&#8243; global_colors_info=\u00bb{}\u00bb open=\u00bboff\u00bb]<\/p>\n<p>Ponte en contacto con nosotros a trav\u00e9s del formulario que encontrar\u00e1s m\u00e1s abajo o mediante el correo:\u00a0<a href=\"mailto:mediacion.alicante@salesianos.edu\" title=\"Enviar correo\">mediacion.alicante@salesianos.edu<\/a><\/p>\n<p>[\/et_pb_accordion_item][\/et_pb_accordion][\/et_pb_column][\/et_pb_row][\/et_pb_section]<\/p>\n","protected":false},"excerpt":{"rendered":"<p>\u00bfQu\u00e9 es? La\u00a0Orientaci\u00f3n Educativa\u00a0es\u00a0un\u00a0proceso sistem\u00e1tico de\u00a0acompa\u00f1amiento\u00a0a los\u00a0alumnos,\u00a0padres\u00a0y\u00a0docentes.\u00a0 La\u00a0actividad orientadora\u00a0en nuestros colegios salesianos es\u00a0tarea compartida\u00a0por\u00a0profesores,\u00a0tutores\u00a0y\u00a0profesionales especializados\u00a0que integran el\u00a0Departamento de Orientaci\u00f3n\u00a0del Centro.\u00a0 Ofrecemos\u00a0un\u00a0servicio multiprofesional\u00a0y coordinado\u00a0que\u00a0suma su experiencia y especialidades\u00a0a la mejora de la atenci\u00f3n personal,\u00a0acad\u00e9mica, vocacional y a la toma de decisiones para la vida activa.\u00a0 Nuestro\u00a0Equipo de Orientaci\u00f3n\u00a0desarrolla su actividad\u00a0psicopedag\u00f3gica, acompa\u00f1ando a cada alumno\u00a0desde el inicio [&hellip;]<\/p>\n","protected":false},"author":1,"featured_media":0,"parent":0,"menu_order":0,"comment_status":"closed","ping_status":"closed","template":"","meta":{"_et_pb_use_builder":"on","_et_pb_old_content":"","_et_gb_content_width":"","_joinchat":[],"footnotes":""},"class_list":["post-62","page","type-page","status-publish","hentry"],"yoast_head":"<!-- This site is optimized with the Yoast SEO plugin v28.3 - https:\/\/yoast.com\/product\/yoast-seo-wordpress\/ -->\n<title>Orientaci\u00f3n - Colegio Mar\u00eda Auxiliadora<\/title>\n<meta name=\"robots\" content=\"index, follow, max-snippet:-1, max-image-preview:large, max-video-preview:-1\" \/>\n<link rel=\"canonical\" href=\"https:\/\/salesianosmaux.es\/colegio\/orientacion\/\" \/>\n<meta property=\"og:locale\" content=\"es_ES\" \/>\n<meta property=\"og:type\" content=\"article\" \/>\n<meta property=\"og:title\" content=\"Orientaci\u00f3n - Colegio Mar\u00eda Auxiliadora\" \/>\n<meta property=\"og:description\" content=\"Te puede interesar...\" \/>\n<meta property=\"og:url\" content=\"https:\/\/salesianosmaux.es\/colegio\/orientacion\/\" \/>\n<meta property=\"og:site_name\" content=\"Colegio Mar\u00eda Auxiliadora\" \/>\n<meta property=\"article:modified_time\" content=\"2026-03-09T14:36:05+00:00\" \/>\n<meta name=\"twitter:card\" content=\"summary_large_image\" \/>\n<meta name=\"twitter:label1\" content=\"Tiempo de lectura\" \/>\n\t<meta name=\"twitter:data1\" content=\"17 minutos\" \/>\n<script type=\"application\/ld+json\" class=\"yoast-schema-graph\">{\"@context\":\"https:\\\/\\\/schema.org\",\"@graph\":[{\"@type\":\"WebPage\",\"@id\":\"https:\\\/\\\/salesianosmaux.es\\\/colegio\\\/orientacion\\\/\",\"url\":\"https:\\\/\\\/salesianosmaux.es\\\/colegio\\\/orientacion\\\/\",\"name\":\"Orientaci\u00f3n - Colegio Mar\u00eda Auxiliadora\",\"isPartOf\":{\"@id\":\"https:\\\/\\\/salesianosmaux.es\\\/colegio\\\/#website\"},\"datePublished\":\"2022-02-08T15:34:30+00:00\",\"dateModified\":\"2026-03-09T14:36:05+00:00\",\"breadcrumb\":{\"@id\":\"https:\\\/\\\/salesianosmaux.es\\\/colegio\\\/orientacion\\\/#breadcrumb\"},\"inLanguage\":\"es\",\"potentialAction\":[{\"@type\":\"ReadAction\",\"target\":[\"https:\\\/\\\/salesianosmaux.es\\\/colegio\\\/orientacion\\\/\"]}]},{\"@type\":\"BreadcrumbList\",\"@id\":\"https:\\\/\\\/salesianosmaux.es\\\/colegio\\\/orientacion\\\/#breadcrumb\",\"itemListElement\":[{\"@type\":\"ListItem\",\"position\":1,\"name\":\"Portada\",\"item\":\"https:\\\/\\\/salesianosmaux.es\\\/colegio\\\/\"},{\"@type\":\"ListItem\",\"position\":2,\"name\":\"Orientaci\u00f3n\"}]},{\"@type\":\"WebSite\",\"@id\":\"https:\\\/\\\/salesianosmaux.es\\\/colegio\\\/#website\",\"url\":\"https:\\\/\\\/salesianosmaux.es\\\/colegio\\\/\",\"name\":\"Colegio Mar\u00eda Auxiliadora\",\"description\":\"Colegio Mar\u00eda Auxiliadora\",\"potentialAction\":[{\"@type\":\"SearchAction\",\"target\":{\"@type\":\"EntryPoint\",\"urlTemplate\":\"https:\\\/\\\/salesianosmaux.es\\\/colegio\\\/?s={search_term_string}\"},\"query-input\":{\"@type\":\"PropertyValueSpecification\",\"valueRequired\":true,\"valueName\":\"search_term_string\"}}],\"inLanguage\":\"es\"}]}<\/script>\n<!-- \/ Yoast SEO plugin. -->","yoast_head_json":{"title":"Orientaci\u00f3n - Colegio Mar\u00eda Auxiliadora","robots":{"index":"index","follow":"follow","max-snippet":"max-snippet:-1","max-image-preview":"max-image-preview:large","max-video-preview":"max-video-preview:-1"},"canonical":"https:\/\/salesianosmaux.es\/colegio\/orientacion\/","og_locale":"es_ES","og_type":"article","og_title":"Orientaci\u00f3n - Colegio Mar\u00eda Auxiliadora","og_description":"Te puede interesar...","og_url":"https:\/\/salesianosmaux.es\/colegio\/orientacion\/","og_site_name":"Colegio Mar\u00eda Auxiliadora","article_modified_time":"2026-03-09T14:36:05+00:00","twitter_card":"summary_large_image","twitter_misc":{"Tiempo de lectura":"17 minutos"},"schema":{"@context":"https:\/\/schema.org","@graph":[{"@type":"WebPage","@id":"https:\/\/salesianosmaux.es\/colegio\/orientacion\/","url":"https:\/\/salesianosmaux.es\/colegio\/orientacion\/","name":"Orientaci\u00f3n - Colegio Mar\u00eda Auxiliadora","isPartOf":{"@id":"https:\/\/salesianosmaux.es\/colegio\/#website"},"datePublished":"2022-02-08T15:34:30+00:00","dateModified":"2026-03-09T14:36:05+00:00","breadcrumb":{"@id":"https:\/\/salesianosmaux.es\/colegio\/orientacion\/#breadcrumb"},"inLanguage":"es","potentialAction":[{"@type":"ReadAction","target":["https:\/\/salesianosmaux.es\/colegio\/orientacion\/"]}]},{"@type":"BreadcrumbList","@id":"https:\/\/salesianosmaux.es\/colegio\/orientacion\/#breadcrumb","itemListElement":[{"@type":"ListItem","position":1,"name":"Portada","item":"https:\/\/salesianosmaux.es\/colegio\/"},{"@type":"ListItem","position":2,"name":"Orientaci\u00f3n"}]},{"@type":"WebSite","@id":"https:\/\/salesianosmaux.es\/colegio\/#website","url":"https:\/\/salesianosmaux.es\/colegio\/","name":"Colegio Mar\u00eda Auxiliadora","description":"Colegio Mar\u00eda Auxiliadora","potentialAction":[{"@type":"SearchAction","target":{"@type":"EntryPoint","urlTemplate":"https:\/\/salesianosmaux.es\/colegio\/?s={search_term_string}"},"query-input":{"@type":"PropertyValueSpecification","valueRequired":true,"valueName":"search_term_string"}}],"inLanguage":"es"}]}},"_links":{"self":[{"href":"https:\/\/salesianosmaux.es\/colegio\/wp-json\/wp\/v2\/pages\/62","targetHints":{"allow":["GET"]}}],"collection":[{"href":"https:\/\/salesianosmaux.es\/colegio\/wp-json\/wp\/v2\/pages"}],"about":[{"href":"https:\/\/salesianosmaux.es\/colegio\/wp-json\/wp\/v2\/types\/page"}],"author":[{"embeddable":true,"href":"https:\/\/salesianosmaux.es\/colegio\/wp-json\/wp\/v2\/users\/1"}],"replies":[{"embeddable":true,"href":"https:\/\/salesianosmaux.es\/colegio\/wp-json\/wp\/v2\/comments?post=62"}],"version-history":[{"count":20,"href":"https:\/\/salesianosmaux.es\/colegio\/wp-json\/wp\/v2\/pages\/62\/revisions"}],"predecessor-version":[{"id":12277,"href":"https:\/\/salesianosmaux.es\/colegio\/wp-json\/wp\/v2\/pages\/62\/revisions\/12277"}],"wp:attachment":[{"href":"https:\/\/salesianosmaux.es\/colegio\/wp-json\/wp\/v2\/media?parent=62"}],"curies":[{"name":"wp","href":"https:\/\/api.w.org\/{rel}","templated":true}]}}