{"id":63,"date":"2022-02-08T15:37:21","date_gmt":"2022-02-08T15:37:21","guid":{"rendered":"https:\/\/salesianosmaux.es\/colegio\/?page_id=63"},"modified":"2025-09-22T17:19:23","modified_gmt":"2025-09-22T17:19:23","slug":"primaria","status":"publish","type":"page","link":"https:\/\/salesianosmaux.es\/colegio\/primaria\/","title":{"rendered":"Primaria"},"content":{"rendered":"<p>[et_pb_section fb_built=\u00bb1&#8243; fullwidth=\u00bbon\u00bb _builder_version=\u00bb4.16&#8243; global_colors_info=\u00bb{}\u00bb][et_pb_fullwidth_header title=\u00bbPrimaria\u00bb title_font_color=\u00bb#ffffff\u00bb module_class=\u00bbpagina-imagen-cabecera\u00bb _builder_version=\u00bb4.27.0&#8243; title_font=\u00bbLato||||||||\u00bb title_text_color=\u00bb#ffffff\u00bb title_font_size=\u00bb40px\u00bb background_color=\u00bbrgba(255, 255, 255, 0)\u00bb background_image=\u00bbhttps:\/\/salesianosmaux.es\/colegio\/wp-content\/uploads\/sites\/5\/2024\/09\/PHOTO-2024-09-10-22-39-54.jpg\u00bb background_position=\u00bbcenter_left\u00bb max_width_tablet=\u00bb50px\u00bb height=\u00bb420px\u00bb background_url=\u00bbhttps:\/\/alicante.salesianos.edu\/colegio\/wp-content\/uploads\/sites\/2\/2017\/03\/Captura-de-pantalla-2017-03-21-a-las-17.25.56.png\u00bb button_one_letter_spacing_hover=\u00bb0&#8243; button_two_letter_spacing_hover=\u00bb0&#8243; global_colors_info=\u00bb{}\u00bb button_one_text_size__hover_enabled=\u00bboff\u00bb button_two_text_size__hover_enabled=\u00bboff\u00bb button_one_text_color__hover_enabled=\u00bboff\u00bb button_two_text_color__hover_enabled=\u00bboff\u00bb button_one_border_width__hover_enabled=\u00bboff\u00bb button_two_border_width__hover_enabled=\u00bboff\u00bb button_one_border_color__hover_enabled=\u00bboff\u00bb button_two_border_color__hover_enabled=\u00bboff\u00bb button_one_border_radius__hover_enabled=\u00bboff\u00bb button_two_border_radius__hover_enabled=\u00bboff\u00bb button_one_letter_spacing__hover_enabled=\u00bbon\u00bb button_one_letter_spacing__hover=\u00bb0&#8243; button_two_letter_spacing__hover_enabled=\u00bbon\u00bb button_two_letter_spacing__hover=\u00bb0&#8243; button_one_bg_color__hover_enabled=\u00bboff\u00bb button_two_bg_color__hover_enabled=\u00bboff\u00bb][\/et_pb_fullwidth_header][\/et_pb_section][et_pb_section fb_built=\u00bb1&#8243; module_class=\u00bbpagina-seccion-contenido\u00bb _builder_version=\u00bb4.16&#8243; custom_padding=\u00bb0%|||\u00bb global_colors_info=\u00bb{}\u00bb][et_pb_row column_structure=\u00bb2_3,1_3&#8243; module_class=\u00bbpagina-texto\u00bb _builder_version=\u00bb4.16&#8243; background_size=\u00bbinitial\u00bb background_position=\u00bbtop_left\u00bb background_repeat=\u00bbrepeat\u00bb width=\u00bb94%\u00bb max_width=\u00bb1194px\u00bb custom_margin=\u00bb25px|||\u00bb custom_padding=\u00bb25px||23px|\u00bb global_colors_info=\u00bb{}\u00bb][et_pb_column type=\u00bb2_3&#8243; _builder_version=\u00bb4.16&#8243; custom_padding=\u00bb|||\u00bb global_colors_info=\u00bb{}\u00bb custom_padding__hover=\u00bb|||\u00bb][et_pb_text _builder_version=\u00bb4.16&#8243; header_font=\u00bbLato|700|||||||\u00bb header_font_size=\u00bb28px\u00bb header_2_font=\u00bbLato|300|||||||\u00bb background_size=\u00bbinitial\u00bb background_position=\u00bbtop_left\u00bb background_repeat=\u00bbrepeat\u00bb global_colors_info=\u00bb{}\u00bb]<\/p>\n<h1>Educaci\u00f3n Primaria<\/h1>\n<p>[\/et_pb_text][et_pb_text _builder_version=\u00bb4.16&#8243; border_style=\u00bbsolid\u00bb global_colors_info=\u00bb{}\u00bb]<\/p>\n<p style=\"text-align: justify;\">La <strong>Educaci\u00f3n Primaria<\/strong> es una etapa educativa <strong>obligatoria<\/strong> que abarca <strong>desde los 6 hasta los 12 a\u00f1os<\/strong>.\u00a0Est\u00e1 dividida en <strong>seis cursos<\/strong> desde primero hasta sexto. Nuestro colegio cuenta con dos l\u00edneas por curso.<\/p>\n<p style=\"text-align: justify;\">Durante esta etapa nuestra preocupaci\u00f3n es la <strong>formaci\u00f3n integral del alumnado <\/strong>donde se desarrollan\u00a0unos conocimientos, habilidades y competencias que sienten unas bases firmes para continuar su formaci\u00f3n en etapas posteriores.<\/p>\n<p>[\/et_pb_text][et_pb_text _builder_version=\u00bb4.16&#8243; text_font=\u00bb||||||||\u00bb header_font=\u00bb||||||||\u00bb header_2_font=\u00bbLato|300|||||||\u00bb header_2_font_size=\u00bb30px\u00bb header_3_font=\u00bbLato||||||||\u00bb text_orientation=\u00bbjustified\u00bb global_colors_info=\u00bb{}\u00bb]<\/p>\n<h3>\u00bfQu\u00e9 ofrecemos?<\/h3>\n<p>[\/et_pb_text][et_pb_text _builder_version=\u00bb4.16&#8243; text_font=\u00bb||||||||\u00bb header_font=\u00bb||||||||\u00bb header_2_font=\u00bbLato|300|||||||\u00bb header_2_font_size=\u00bb30px\u00bb text_orientation=\u00bbjustified\u00bb global_colors_info=\u00bb{}\u00bb]<\/p>\n<p style=\"text-align: justify;\">Como <strong>colegio\u00a0salesiano<\/strong>, la ense\u00f1anza que impartimos en Educaci\u00f3n Primaria incluye algo m\u00e1s que nos hace \u00fanicos: nuestra preocupaci\u00f3n por formar <em>\u201cHonrados ciudadanos y buenos cristianos\u201d<\/em>.<\/p>\n<p style=\"text-align: justify;\">En esta etapa, el Sistema Preventivo de nuestro fundador <strong>D. Bosco<\/strong> est\u00e1 presente en todas nuestras actividades educativas, l\u00fadicas y extraescolares.<\/p>\n<ul>\n<li style=\"text-align: justify;\">Metodolog\u00edas activas: ABN, educaci\u00f3n emocional, TIC, proyectos, cooperativo,&#8230;<\/li>\n<li style=\"text-align: justify;\">Refuerzos y apoyos.<\/li>\n<li style=\"text-align: justify;\">Servicio de Orientaci\u00f3n.<\/li>\n<li style=\"text-align: justify;\">Planes de Acci\u00f3n Tutorial.<\/li>\n<li style=\"text-align: justify;\">Plan lector.<\/li>\n<li style=\"text-align: justify;\">Entrevistas personalizadas con alumnos y familias.<\/li>\n<li style=\"text-align: justify;\">Escuela de familias.<\/li>\n<li style=\"text-align: justify;\">Actividades complementarias de Salamanca Ciudad y Saberes.<\/li>\n<li style=\"text-align: justify;\">Presencia del profesorado en\u00a0escaleras, pasillos, patio, recreos\u2026<\/li>\n<li style=\"text-align: justify;\">Pizarras digitales, proyectores y ordenador en todas las aulas.<\/li>\n<li style=\"text-align: justify;\">Carrito digital.<\/li>\n<li style=\"text-align: justify;\">iPads y contenidos digitales en el tercer ciclo.<\/li>\n<li style=\"text-align: justify;\">Semana de inmersi\u00f3n ling\u00fc\u00edstica (5\u00ba y 6\u00ba de Primaria)<\/li>\n<li style=\"text-align: justify;\">Excursiones durante la etapa.<\/li>\n<li style=\"text-align: justify;\">Celebraciones y campa\u00f1as de pastoral.<\/li>\n<li style=\"text-align: justify;\">Talleres de oraci\u00f3n.<\/li>\n<li style=\"text-align: justify;\">Jornadas de convivencias (inicio de curso y Cuaresma).<\/li>\n<li style=\"text-align: justify;\">iPads en Primaria<\/li>\n<li style=\"text-align: justify;\">Pr\u00e9stamo de libros de texto a partir de 5\u00ba EP<\/li>\n<li style=\"text-align: justify;\">Aprendizaje de ukelele<\/li>\n<\/ul>\n<p>[\/et_pb_text][et_pb_testimonial author=\u00bbAlmudena Gonz\u00e1lez Ramos\u00bb job_title=\u00bbDirectora Pedag\u00f3gica de Infantil y Primaria\u00bb portrait_url=\u00bbhttps:\/\/salesianosmaux.es\/colegio\/wp-content\/uploads\/sites\/5\/2022\/10\/C88H3234B-Personalizado-Personalizado.jpg\u00bb _builder_version=\u00bb4.22.2&#8243; body_text_align=\u00bbjustify\u00bb body_font_size=\u00bb15px\u00bb background_size=\u00bbinitial\u00bb background_position=\u00bbtop_left\u00bb background_repeat=\u00bbrepeat\u00bb text_orientation=\u00bbjustified\u00bb custom_margin=\u00bb35px||35px||true|\u00bb border_style=\u00bbsolid\u00bb global_colors_info=\u00bb{}\u00bb]<\/p>\n<p style=\"font-weight: 400;\">Queridas familias:<\/p>\n<p style=\"font-weight: 400;\">Soy Almudena Gonz\u00e1lez Ramos, directora pedag\u00f3gica de las etapas de Infantil y Primaria.<\/p>\n<p style=\"font-weight: 400;\"><strong>Raz\u00f3n, Religi\u00f3n y Amor,<\/strong>\u00a0los tres pilares de nuestro sistema preventivo que implica anticiparnos a las necesidades de nuestros alumnos, que son el centro de nuestra realidad educativa.\u00a0\u00a0Y es que nuestra escuela salesiana apuesta por la\u00a0diversidad,\u00a0ya que cree desde sus m\u00e1s profundas\u00a0ra\u00edces, que las diferencias enriquecen y hacen crecer a nuestros alumnos en todos los aspectos (personales, acad\u00e9micos y emocionales) <strong>respetando, entendiendo y atendiendo a la individualidad y al ritmo de cada alumno<\/strong>, convirti\u00e9ndose en aprendizajes que les acompa\u00f1ar\u00e1n a lo largo de su vida.<\/p>\n<p style=\"font-weight: 400;\">Queremos ni\u00f1os que sean felices en nuestras aulas, nuestros pasillos, nuestro patio, en definitiva, en nuestra casa; que vengan contentos cada d\u00eda. Como dec\u00eda nuestro fundador \u201cque est\u00e9n\u00a0<strong>siempre alegres<\/strong>\u201d y bajo este lema: ense\u00f1ar, acompa\u00f1ar, innovar, jugar, explorar, pensar, aprender, reflexionar, compartir, colaborar, disfrutar, re\u00edr, crecer, \u2026 potenciando un modelo educativo que promueve \u201cbuenos cristianos y honrados ciudadanos\u201d.<\/p>\n<p style=\"font-weight: 400;\">Nuestro\u00a0principal\u00a0objetivo es la educaci\u00f3n integral de nuestros ni\u00f1os y j\u00f3venes, en\u00a0un contexto educativo de calidad, innovaci\u00f3n, cercan\u00eda y confianza, donde todos, alumnos y familias, se sientan acogidos, queridos<span>\u00a0\u00a0 <\/span>y\u00a0aceptados\u00a0incondicionalmente en un ambiente seguro.\u00a0Porque como dec\u00eda Don Bosco\u00a0<strong>\u00bb la primera felicidad de un ni\u00f1o es saber que es amado\u00bb. \u00a0<\/strong><\/p>\n<p style=\"font-weight: 400;\">Desde las etapas de infantil y primaria trabajamos cada d\u00eda con ilusi\u00f3n y entusiasmo, para crear un ambiente de familia, en el que el centro sea su otra casa. Un hogar en el que creer y crecer con el coraz\u00f3n,\u00a0siendo siempre fieles al estilo de Don Bosco<strong>\u00a0\u00abla educaci\u00f3n es cosa del coraz\u00f3n\u00bb.\u00a0<\/strong><\/p>\n<p style=\"font-weight: 400;\">Estoy a vuestra disposici\u00f3n a trav\u00e9s de la plataforma Educamos o\u00a0del correo electr\u00f3nico\u00a0<a href=\"mailto:dpprimaria@mauxsalamanca.es\">dpprimaria@mauxsalamanca.es<\/a><span>.<\/span><span> <strong>E<\/strong><\/span><strong>stamos inmersos en un proceso de calidad y mejora continua <\/strong>por lo que no dud\u00e9is en poneros en contacto ante cualquier duda o cuesti\u00f3n relacionada con vuestros hijos. Estar\u00e9 encantada de poder ayudaros.<\/p>\n<p style=\"font-weight: 400;\">\u00a0Un cordial saludo,<\/p>\n<p>[\/et_pb_testimonial][\/et_pb_column][et_pb_column type=\u00bb1_3&#8243; _builder_version=\u00bb4.16&#8243; custom_padding=\u00bb|||\u00bb global_colors_info=\u00bb{}\u00bb custom_padding__hover=\u00bb|||\u00bb][et_pb_text _builder_version=\u00bb4.16&#8243; header_font=\u00bbLato|700|||||||\u00bb header_font_size=\u00bb28px\u00bb header_2_font=\u00bbLato|300|||||||\u00bb background_size=\u00bbinitial\u00bb background_position=\u00bbtop_left\u00bb background_repeat=\u00bbrepeat\u00bb global_colors_info=\u00bb{}\u00bb]<\/p>\n<h1>Complementado por&#8230;<\/h1>\n<p>[\/et_pb_text][et_pb_button button_url=\u00bbhttps:\/\/mariaauxiliadora-salesianos-salamanca.educamos.com\u00bb url_new_window=\u00bbon\u00bb button_text=\u00bbPlataforma Educamos\u00bb _builder_version=\u00bb4.16&#8243; custom_button=\u00bbon\u00bb button_text_color=\u00bb#ffffff\u00bb button_bg_color=\u00bb#e02b20&#8243; button_border_width=\u00bb0px\u00bb button_border_radius=\u00bb6px\u00bb button_font=\u00bb||||\u00bb global_colors_info=\u00bb{}\u00bb button_text_size__hover_enabled=\u00bboff\u00bb button_one_text_size__hover_enabled=\u00bboff\u00bb button_two_text_size__hover_enabled=\u00bboff\u00bb button_text_color__hover_enabled=\u00bboff\u00bb button_one_text_color__hover_enabled=\u00bboff\u00bb button_two_text_color__hover_enabled=\u00bboff\u00bb button_border_width__hover_enabled=\u00bboff\u00bb button_one_border_width__hover_enabled=\u00bboff\u00bb button_two_border_width__hover_enabled=\u00bboff\u00bb button_border_color__hover_enabled=\u00bboff\u00bb button_one_border_color__hover_enabled=\u00bboff\u00bb button_two_border_color__hover_enabled=\u00bboff\u00bb button_border_radius__hover_enabled=\u00bboff\u00bb button_one_border_radius__hover_enabled=\u00bboff\u00bb button_two_border_radius__hover_enabled=\u00bboff\u00bb button_letter_spacing__hover_enabled=\u00bboff\u00bb button_one_letter_spacing__hover_enabled=\u00bboff\u00bb button_two_letter_spacing__hover_enabled=\u00bboff\u00bb button_bg_color__hover_enabled=\u00bboff\u00bb button_one_bg_color__hover_enabled=\u00bboff\u00bb button_two_bg_color__hover_enabled=\u00bboff\u00bb][\/et_pb_button][et_pb_button button_url=\u00bbhttps:\/\/salesianosmaux.es\/colegio\/comedor\u00bb button_text=\u00bbServicio de comedor\u00bb _builder_version=\u00bb4.16&#8243; custom_button=\u00bbon\u00bb button_text_color=\u00bb#ffffff\u00bb button_bg_color=\u00bb#e02b20&#8243; button_border_width=\u00bb0px\u00bb button_border_radius=\u00bb6px\u00bb button_letter_spacing_hover=\u00bb0&#8243; global_colors_info=\u00bb{}\u00bb button_text_size__hover_enabled=\u00bboff\u00bb button_one_text_size__hover_enabled=\u00bboff\u00bb button_two_text_size__hover_enabled=\u00bboff\u00bb button_text_color__hover_enabled=\u00bboff\u00bb button_one_text_color__hover_enabled=\u00bboff\u00bb button_two_text_color__hover_enabled=\u00bboff\u00bb button_border_width__hover_enabled=\u00bboff\u00bb button_one_border_width__hover_enabled=\u00bboff\u00bb button_two_border_width__hover_enabled=\u00bboff\u00bb button_border_color__hover_enabled=\u00bboff\u00bb button_one_border_color__hover_enabled=\u00bboff\u00bb button_two_border_color__hover_enabled=\u00bboff\u00bb button_border_radius__hover_enabled=\u00bboff\u00bb button_one_border_radius__hover_enabled=\u00bboff\u00bb button_two_border_radius__hover_enabled=\u00bboff\u00bb button_letter_spacing__hover_enabled=\u00bbon\u00bb button_letter_spacing__hover=\u00bb0&#8243; button_one_letter_spacing__hover_enabled=\u00bboff\u00bb button_two_letter_spacing__hover_enabled=\u00bboff\u00bb button_bg_color__hover_enabled=\u00bboff\u00bb button_one_bg_color__hover_enabled=\u00bboff\u00bb button_two_bg_color__hover_enabled=\u00bboff\u00bb][\/et_pb_button][et_pb_button button_url=\u00bbhttps:\/\/salesianosmaux.es\/colegio\/orientacion\u00bb button_text=\u00bbServicio de Orientaci\u00f3n\u00bb _builder_version=\u00bb4.16&#8243; custom_button=\u00bbon\u00bb button_text_color=\u00bb#ffffff\u00bb button_bg_color=\u00bb#e02b20&#8243; button_border_width=\u00bb0px\u00bb button_border_radius=\u00bb6px\u00bb button_letter_spacing_hover=\u00bb0&#8243; global_colors_info=\u00bb{}\u00bb button_text_size__hover_enabled=\u00bboff\u00bb button_one_text_size__hover_enabled=\u00bboff\u00bb button_two_text_size__hover_enabled=\u00bboff\u00bb button_text_color__hover_enabled=\u00bboff\u00bb button_one_text_color__hover_enabled=\u00bboff\u00bb button_two_text_color__hover_enabled=\u00bboff\u00bb button_border_width__hover_enabled=\u00bboff\u00bb button_one_border_width__hover_enabled=\u00bboff\u00bb button_two_border_width__hover_enabled=\u00bboff\u00bb button_border_color__hover_enabled=\u00bboff\u00bb button_one_border_color__hover_enabled=\u00bboff\u00bb button_two_border_color__hover_enabled=\u00bboff\u00bb button_border_radius__hover_enabled=\u00bboff\u00bb button_one_border_radius__hover_enabled=\u00bboff\u00bb button_two_border_radius__hover_enabled=\u00bboff\u00bb button_letter_spacing__hover_enabled=\u00bbon\u00bb button_letter_spacing__hover=\u00bb0&#8243; button_one_letter_spacing__hover_enabled=\u00bboff\u00bb button_two_letter_spacing__hover_enabled=\u00bboff\u00bb button_bg_color__hover_enabled=\u00bboff\u00bb button_one_bg_color__hover_enabled=\u00bboff\u00bb button_two_bg_color__hover_enabled=\u00bboff\u00bb][\/et_pb_button][et_pb_button button_url=\u00bbhttps:\/\/salesianosmaux.es\/colegio\/enfermeria\u00bb button_text=\u00bbServicio de enfermer\u00eda\u00bb _builder_version=\u00bb4.16&#8243; custom_button=\u00bbon\u00bb button_text_color=\u00bb#ffffff\u00bb button_bg_color=\u00bb#e02b20&#8243; button_border_width=\u00bb0px\u00bb button_border_radius=\u00bb6px\u00bb button_letter_spacing_hover=\u00bb0&#8243; global_colors_info=\u00bb{}\u00bb button_text_size__hover_enabled=\u00bboff\u00bb button_one_text_size__hover_enabled=\u00bboff\u00bb button_two_text_size__hover_enabled=\u00bboff\u00bb button_text_color__hover_enabled=\u00bboff\u00bb button_one_text_color__hover_enabled=\u00bboff\u00bb button_two_text_color__hover_enabled=\u00bboff\u00bb button_border_width__hover_enabled=\u00bboff\u00bb button_one_border_width__hover_enabled=\u00bboff\u00bb button_two_border_width__hover_enabled=\u00bboff\u00bb button_border_color__hover_enabled=\u00bboff\u00bb button_one_border_color__hover_enabled=\u00bboff\u00bb button_two_border_color__hover_enabled=\u00bboff\u00bb button_border_radius__hover_enabled=\u00bboff\u00bb button_one_border_radius__hover_enabled=\u00bboff\u00bb button_two_border_radius__hover_enabled=\u00bboff\u00bb button_letter_spacing__hover_enabled=\u00bbon\u00bb button_letter_spacing__hover=\u00bb0&#8243; button_one_letter_spacing__hover_enabled=\u00bboff\u00bb button_two_letter_spacing__hover_enabled=\u00bboff\u00bb button_bg_color__hover_enabled=\u00bboff\u00bb button_one_bg_color__hover_enabled=\u00bboff\u00bb button_two_bg_color__hover_enabled=\u00bboff\u00bb][\/et_pb_button][et_pb_button button_url=\u00bbhttps:\/\/salesianosmaux.es\/colegio\/actividades-extraescolares\u00bb button_text=\u00bbActividades extraescolares\u00bb _builder_version=\u00bb4.16&#8243; custom_button=\u00bbon\u00bb button_text_color=\u00bb#ffffff\u00bb button_bg_color=\u00bb#e02b20&#8243; button_border_width=\u00bb0px\u00bb button_border_radius=\u00bb6px\u00bb button_letter_spacing_hover=\u00bb0&#8243; global_colors_info=\u00bb{}\u00bb button_text_size__hover_enabled=\u00bboff\u00bb button_one_text_size__hover_enabled=\u00bboff\u00bb button_two_text_size__hover_enabled=\u00bboff\u00bb button_text_color__hover_enabled=\u00bboff\u00bb button_one_text_color__hover_enabled=\u00bboff\u00bb button_two_text_color__hover_enabled=\u00bboff\u00bb button_border_width__hover_enabled=\u00bboff\u00bb button_one_border_width__hover_enabled=\u00bboff\u00bb button_two_border_width__hover_enabled=\u00bboff\u00bb button_border_color__hover_enabled=\u00bboff\u00bb button_one_border_color__hover_enabled=\u00bboff\u00bb button_two_border_color__hover_enabled=\u00bboff\u00bb button_border_radius__hover_enabled=\u00bboff\u00bb button_one_border_radius__hover_enabled=\u00bboff\u00bb button_two_border_radius__hover_enabled=\u00bboff\u00bb button_letter_spacing__hover_enabled=\u00bbon\u00bb button_letter_spacing__hover=\u00bb0&#8243; button_one_letter_spacing__hover_enabled=\u00bboff\u00bb button_two_letter_spacing__hover_enabled=\u00bboff\u00bb button_bg_color__hover_enabled=\u00bboff\u00bb button_one_bg_color__hover_enabled=\u00bboff\u00bb button_two_bg_color__hover_enabled=\u00bboff\u00bb][\/et_pb_button][et_pb_button button_url=\u00bbhttps:\/\/salesianosmaux.es\/clubdeportivo\u00bb button_text=\u00bbClub deportivo\u00bb _builder_version=\u00bb4.16&#8243; custom_button=\u00bbon\u00bb button_text_color=\u00bb#ffffff\u00bb button_bg_color=\u00bb#e02b20&#8243; button_border_width=\u00bb0px\u00bb button_border_radius=\u00bb6px\u00bb button_letter_spacing_hover=\u00bb0&#8243; global_colors_info=\u00bb{}\u00bb button_text_size__hover_enabled=\u00bboff\u00bb button_one_text_size__hover_enabled=\u00bboff\u00bb button_two_text_size__hover_enabled=\u00bboff\u00bb button_text_color__hover_enabled=\u00bboff\u00bb button_one_text_color__hover_enabled=\u00bboff\u00bb button_two_text_color__hover_enabled=\u00bboff\u00bb button_border_width__hover_enabled=\u00bboff\u00bb button_one_border_width__hover_enabled=\u00bboff\u00bb button_two_border_width__hover_enabled=\u00bboff\u00bb button_border_color__hover_enabled=\u00bboff\u00bb button_one_border_color__hover_enabled=\u00bboff\u00bb button_two_border_color__hover_enabled=\u00bboff\u00bb button_border_radius__hover_enabled=\u00bboff\u00bb button_one_border_radius__hover_enabled=\u00bboff\u00bb button_two_border_radius__hover_enabled=\u00bboff\u00bb button_letter_spacing__hover_enabled=\u00bbon\u00bb button_letter_spacing__hover=\u00bb0&#8243; button_one_letter_spacing__hover_enabled=\u00bboff\u00bb button_two_letter_spacing__hover_enabled=\u00bboff\u00bb button_bg_color__hover_enabled=\u00bboff\u00bb button_one_bg_color__hover_enabled=\u00bboff\u00bb button_two_bg_color__hover_enabled=\u00bboff\u00bb][\/et_pb_button][et_pb_button button_url=\u00bbhttps:\/\/salesianosmaux.es\/centrojuvenil\/chiquicentro\u00bb button_text=\u00bbChiquicentro\u00bb _builder_version=\u00bb4.16&#8243; custom_button=\u00bbon\u00bb button_text_color=\u00bb#ffffff\u00bb button_bg_color=\u00bb#e02b20&#8243; button_border_width=\u00bb0px\u00bb button_border_radius=\u00bb6px\u00bb button_letter_spacing_hover=\u00bb0&#8243; global_colors_info=\u00bb{}\u00bb button_text_size__hover_enabled=\u00bboff\u00bb button_one_text_size__hover_enabled=\u00bboff\u00bb button_two_text_size__hover_enabled=\u00bboff\u00bb button_text_color__hover_enabled=\u00bboff\u00bb button_one_text_color__hover_enabled=\u00bboff\u00bb button_two_text_color__hover_enabled=\u00bboff\u00bb button_border_width__hover_enabled=\u00bboff\u00bb button_one_border_width__hover_enabled=\u00bboff\u00bb button_two_border_width__hover_enabled=\u00bboff\u00bb button_border_color__hover_enabled=\u00bboff\u00bb button_one_border_color__hover_enabled=\u00bboff\u00bb button_two_border_color__hover_enabled=\u00bboff\u00bb button_border_radius__hover_enabled=\u00bboff\u00bb button_one_border_radius__hover_enabled=\u00bboff\u00bb button_two_border_radius__hover_enabled=\u00bboff\u00bb button_letter_spacing__hover_enabled=\u00bbon\u00bb button_letter_spacing__hover=\u00bb0&#8243; button_one_letter_spacing__hover_enabled=\u00bboff\u00bb button_two_letter_spacing__hover_enabled=\u00bboff\u00bb button_bg_color__hover_enabled=\u00bboff\u00bb button_one_bg_color__hover_enabled=\u00bboff\u00bb button_two_bg_color__hover_enabled=\u00bboff\u00bb][\/et_pb_button][et_pb_blurb title=\u00bbClaustro de Primaria\u00bb url=\u00bbhttps:\/\/salesianosmaux.es\/colegio\/equipo-de-primaria\u00bb use_icon=\u00bbon\u00bb font_icon=\u00bb&#xf0c0;||fa||900&#8243; icon_placement=\u00bbleft\u00bb image_icon_width=\u00bb46px\u00bb _builder_version=\u00bb4.18.0&#8243; _dynamic_attributes=\u00bburl\u00bb header_font_size=\u00bb24px\u00bb max_width_tablet=\u00bb50px\u00bb custom_margin=\u00bb20px|||\u00bb custom_padding=\u00bb20px|||\u00bb border_style=\u00bbsolid\u00bb icon_font_size=\u00bb46px\u00bb use_circle=\u00bboff\u00bb use_circle_border=\u00bboff\u00bb global_colors_info=\u00bb{}\u00bb]<\/p>\n<p>Conoce nuestro equipo de profesores<\/p>\n<p>[\/et_pb_blurb][et_pb_blurb title=\u00bbCriterios de calificaci\u00f3n\u00bb url=\u00bb@ET-DC@eyJkeW5hbWljIjp0cnVlLCJjb250ZW50IjoicG9zdF9saW5rX3VybF9hdHRhY2htZW50Iiwic2V0dGluZ3MiOnsicG9zdF9pZCI6IjExNjc5In19@\u00bb url_new_window=\u00bbon\u00bb use_icon=\u00bbon\u00bb font_icon=\u00bb&#xf1c1;||fa||900&#8243; icon_placement=\u00bbleft\u00bb image_icon_width=\u00bb46px\u00bb _builder_version=\u00bb4.27.4&#8243; _dynamic_attributes=\u00bburl\u00bb header_font_size=\u00bb24px\u00bb max_width_tablet=\u00bb50px\u00bb custom_margin=\u00bb20px|||\u00bb custom_padding=\u00bb20px|||\u00bb hover_enabled=\u00bb0&#8243; border_style=\u00bbsolid\u00bb icon_font_size=\u00bb46px\u00bb use_circle=\u00bboff\u00bb use_circle_border=\u00bboff\u00bb global_colors_info=\u00bb{}\u00bb sticky_enabled=\u00bb0&#8243;]<\/p>\n<p>Descarga aqu\u00ed los criterios de calificaci\u00f3n de Ed. Primaria<\/p>\n<p>[\/et_pb_blurb][et_pb_text disabled_on=\u00bboff|off|off\u00bb module_class=\u00bbpagina-texto-light\u00bb _builder_version=\u00bb4.16&#8243; text_font=\u00bbLato Light||||\u00bb text_text_color=\u00bb#e02b20&#8243; text_font_size=\u00bb28px\u00bb custom_margin=\u00bb40px||20px|\u00bb global_colors_info=\u00bb{}\u00bb]<\/p>\n<p>Echa un vistazo&#8230;<\/p>\n<p>[\/et_pb_text][et_pb_video_slider show_image_overlay=\u00bbon\u00bb show_thumbnails=\u00bboff\u00bb controls_color=\u00bblight\u00bb disabled_on=\u00bboff|off|off\u00bb _builder_version=\u00bb4.16&#8243; global_colors_info=\u00bb{}\u00bb][et_pb_video_slider_item src=\u00bbhttps:\/\/youtu.be\/5Hln9NCuoMI\u00bb _builder_version=\u00bb4.15.1&#8243; _module_preset=\u00bbdefault\u00bb global_colors_info=\u00bb{}\u00bb show_image_overlay=\u00bbon\u00bb][\/et_pb_video_slider_item][\/et_pb_video_slider][\/et_pb_column][\/et_pb_row][et_pb_row admin_label=\u00bbPREGUNTAS FRECUNTES\u00bb _builder_version=\u00bb4.16&#8243; width=\u00bb94%\u00bb max_width=\u00bb1194px\u00bb custom_margin=\u00bb0px|||\u00bb custom_padding=\u00bb0px|0px|23.96875px|0px\u00bb global_colors_info=\u00bb{}\u00bb][et_pb_column type=\u00bb4_4&#8243; _builder_version=\u00bb4.16&#8243; custom_padding=\u00bb|||\u00bb global_colors_info=\u00bb{}\u00bb custom_padding__hover=\u00bb|||\u00bb][et_pb_text _builder_version=\u00bb4.16&#8243; text_font=\u00bb||||\u00bb text_font_size=\u00bb21px\u00bb header_font=\u00bb||||\u00bb header_font_size=\u00bb44px\u00bb background_color=\u00bb#e02b20&#8243; background_layout=\u00bbdark\u00bb custom_margin=\u00bb25px|||\u00bb custom_padding=\u00bb20px||10px|\u00bb box_shadow_style=\u00bbpreset2&#8243; global_colors_info=\u00bb{}\u00bb]<\/p>\n<h2>\u00a0 \u00a0 PREGUNTAS FRECUENTES<\/h2>\n<p>[\/et_pb_text][et_pb_toggle title=\u00bb\u00bfQu\u00e9 horario tienen los alumnos de Primaria?\u00bb icon_color=\u00bb#E02B20&#8243; admin_label=\u00bbconmutador_horario\u00bb _builder_version=\u00bb4.16&#8243; _module_preset=\u00bbdefault\u00bb title_text_color=\u00bb#E02B20&#8243; title_level=\u00bbh3&#8243; title_font=\u00bbLato|700|||||||\u00bb global_colors_info=\u00bb{}\u00bb]<\/p>\n<h4 style=\"text-align: justify;\"><strong>SEPTIEMBRE-JUNIO \/ De 8:45 a 14.00 h.<\/strong><\/h4>\n<p style=\"text-align: justify;\">Tanto a la entrada como a la salida, las familias dejar\u00e1n y recoger\u00e1n a los alumnos por la\u00a0<strong>puerta de la calle Padre Astete.<\/strong><\/p>\n<p>[\/et_pb_toggle][et_pb_toggle title=\u00bb\u00bfCu\u00e1ntos alumnos hay por clase?\u00bb icon_color=\u00bb#E02B20&#8243; admin_label=\u00bbconmutador_ratio\u00bb _builder_version=\u00bb4.16&#8243; _module_preset=\u00bbdefault\u00bb title_text_color=\u00bb#E02B20&#8243; title_level=\u00bbh3&#8243; title_font=\u00bbLato|700|||||||\u00bb global_colors_info=\u00bb{}\u00bb]<\/p>\n<div>\n<p><span>La ratio es de\u00a0<strong>25\u00a0alumnos por clase.<\/strong><\/span><span><o:p><\/o:p><\/span><\/p>\n<\/div>\n<p>[\/et_pb_toggle][et_pb_toggle title=\u00bb\u00bfPuedo llevar a mi hijo al m\u00e9dico en horario escolar?\u00bb icon_color=\u00bb#E02B20&#8243; admin_label=\u00bbconmutador_medico\u00bb _builder_version=\u00bb4.16&#8243; _module_preset=\u00bbdefault\u00bb title_text_color=\u00bb#E02B20&#8243; title_level=\u00bbh3&#8243; title_font=\u00bbLato|700|||||||\u00bb global_colors_info=\u00bb{}\u00bb]<\/p>\n<div>\n<p style=\"text-align: justify;\"><strong><span>S\u00ed<\/span><\/strong><span>, se podr\u00e1 salir del centro para llevar a su hijo\/a al m\u00e9dico\u00a0<strong>previo aviso al tutor\/a<\/strong>\u00a0mediante la agenda y\/o la plataforma de educamos.<o:p><\/o:p><\/span><\/p>\n<\/div>\n<p>[\/et_pb_toggle][et_pb_toggle title=\u00bb\u00bfQu\u00e9 pasa si mi hijo\/a llega tarde? \u00bb icon_color=\u00bb#E02B20&#8243; admin_label=\u00bbconmutador_llegatarde\u00bb _builder_version=\u00bb4.16&#8243; _module_preset=\u00bbdefault\u00bb title_text_color=\u00bb#E02B20&#8243; title_level=\u00bbh3&#8243; title_font=\u00bbLato|700|||||||\u00bb global_colors_info=\u00bb{}\u00bb]<\/p>\n<p style=\"text-align: justify;\">Si su hijo\/a llega m\u00e1s tarde de las 9.00, podr\u00e1 acceder al aula por Porter\u00eda. Deber\u00e1 entregar al tutor justificante del retraso. Recordamos que se sube a las aulas a las 8:50 para ser puntuales y empezar los Buenos D\u00edas nada m\u00e1s acceder a la misma.<\/p>\n<p>[\/et_pb_toggle][et_pb_toggle title=\u00bb\u00bfC\u00f3mo podemos justificar las ausencias y retrasos de nuestros hijos\/as?\u00bb icon_color=\u00bb#E02B20&#8243; admin_label=\u00bbconmutador_justificar\u00bb _builder_version=\u00bb4.16&#8243; _module_preset=\u00bbdefault\u00bb title_text_color=\u00bb#E02B20&#8243; title_level=\u00bbh3&#8243; title_font=\u00bbLato|700|||||||\u00bb global_colors_info=\u00bb{}\u00bb]<\/p>\n<div>\n<p style=\"text-align: justify;\"><span>Se justifican a trav\u00e9s de la plataforma de educamos aportando\u00a0la<strong> justificaci\u00f3n.<o:p><\/o:p><\/strong><\/span><\/p>\n<\/div>\n<p>[\/et_pb_toggle][et_pb_toggle title=\u00bb\u00bfEs importante justificar las ausencias u otras circunstancias m\u00e9dicas de mi hijo?\u00bb icon_color=\u00bb#E02B20&#8243; admin_label=\u00bbconmutador_justificar_ausencias\u00bb _builder_version=\u00bb4.16&#8243; _module_preset=\u00bbdefault\u00bb title_text_color=\u00bb#E02B20&#8243; title_level=\u00bbh3&#8243; title_font=\u00bbLato|700|||||||\u00bb global_colors_info=\u00bb{}\u00bb]<\/p>\n<p style=\"text-align: justify;\">Siempre es conveniente justificar tanto las ausencias como las circunstancias m\u00e9dicas para que los tutores y el resto de profesorado pueda adaptar los contenidos a la necesidad pertinente.<\/p>\n<p>[\/et_pb_toggle][et_pb_toggle title=\u00bb \u00bfCu\u00e1l es la forma de comunicaci\u00f3n con el tutor y resto de profesores por la que mantenerme informado sobre la evoluci\u00f3n de mi hijo? \u00bb icon_color=\u00bb#E02B20&#8243; admin_label=\u00bbconmutador_forma_comunicacion_tutor\u00bb _builder_version=\u00bb4.16&#8243; _module_preset=\u00bbdefault\u00bb title_text_color=\u00bb#E02B20&#8243; title_level=\u00bbh3&#8243; title_font=\u00bbLato|700|||||||\u00bb global_colors_info=\u00bb{}\u00bb]<\/p>\n<p style=\"text-align: justify;\">El canal oficial de comunicaci\u00f3n es la plataforma Educamos, sin embargo existen otros canales por los que comunicarse tanto con el tutor como con el resto de profesores y por supuesto, con el centro.<\/p>\n<p>[\/et_pb_toggle][et_pb_toggle title=\u00bb\u00bfSe le puede llevar material olvidado en casa durante la ma\u00f1ana? \u00bb icon_color=\u00bb#E02B20&#8243; admin_label=\u00bbconmutador_llevar_material\u00bb _builder_version=\u00bb4.16&#8243; _module_preset=\u00bbdefault\u00bb title_text_color=\u00bb#E02B20&#8243; title_level=\u00bbh3&#8243; title_font=\u00bbLato|700|||||||\u00bb global_colors_info=\u00bb{}\u00bb]<\/p>\n<p style=\"text-align: justify;\">Uno de nuestros objetivos es fomentar y educar en responsabilidad, de tal modo que salvo casos excepcionales, aconsejamos revisar antes de venir al colegio puesto que no permitimos que reciban el material olvidado.<\/p>\n<p>[\/et_pb_toggle][et_pb_toggle title=\u00bb\u00bfEl colegio cuenta con un plan digital? \u00bfEn qu\u00e9 consiste? \u00bb icon_color=\u00bb#E02B20&#8243; admin_label=\u00bbconmutador_plan_digital\u00bb _builder_version=\u00bb4.16&#8243; _module_preset=\u00bbdefault\u00bb title_text_color=\u00bb#E02B20&#8243; title_level=\u00bbh3&#8243; title_font=\u00bbLato|700|||||||\u00bb global_colors_info=\u00bb{}\u00bb]<\/p>\n<div>\n<p><span>El colegio cuenta con un plan digital estructurado por etapas y revisado anualmente para su mejora. En Infantil tenemos un Ipad en cada aula para comenzar un primer acercamiento al desarrollo de la competencia digital, adem\u00e1s de rob\u00f3tica, pizarra digital, proyector interactivo y mesa de luz. En Primaria, contamos con un carro con 30 IPad para su uso semanal y as\u00ed poder realizar actividades digitales adaptadas a los niveles de cada curso. En 4\u00ba de primaria utilizamos tablets Snappet y en 5\u00ba de Primaria pasamos a tener un proyecto con un Ipad individual para cada alumno, que les sirve como herramienta de aprendizaje a partir de este curso.<\/span><span><o:p><\/o:p><\/span><\/p>\n<\/div>\n<p>[\/et_pb_toggle][et_pb_toggle title=\u00bb\u00bfSe utiliza menos la metodolog\u00eda escrita debido a la implantaci\u00f3n de dispositivos digitales? \u00bb icon_color=\u00bb#E02B20&#8243; admin_label=\u00bbconmutador_menos_escribir\u00bb _builder_version=\u00bb4.16&#8243; _module_preset=\u00bbdefault\u00bb title_text_color=\u00bb#E02B20&#8243; title_level=\u00bbh3&#8243; title_font=\u00bbLato|700|||||||\u00bb global_colors_info=\u00bb{}\u00bb]<\/p>\n<p style=\"text-align: justify;\">En absoluto, ambas metodolog\u00edas se utilizan habitualmente y por supuesto, se complementan.<\/p>\n<p>[\/et_pb_toggle][et_pb_toggle title=\u00bb\u00bfHay servicio de comedor? \u00bfA qu\u00e9 hora salen los alumnos\/as?\u00bb icon_color=\u00bb#E02B20&#8243; admin_label=\u00bbconmutador_comedor\u00bb _builder_version=\u00bb4.16&#8243; _module_preset=\u00bbdefault\u00bb title_text_color=\u00bb#E02B20&#8243; title_level=\u00bbh3&#8243; title_font=\u00bbLato|700|||||||\u00bb global_colors_info=\u00bb{}\u00bb]<\/p>\n<div>\n<p><span>Si, el\u00a0comedor escolar es un\u00a0servicio complementario\u00a0que ofrece nuestro colegio. \u00a0Disponemos de servicio de comedor con cocinera y cocina propia en las instalaciones del centro. Men\u00fas equilibrados elaborados por un departamento de nutrici\u00f3n, que se env\u00edan a las familias mensualmente. Tambi\u00e9n existe informaci\u00f3n en la p\u00e1gina web <o:p><\/o:p><\/span><\/p>\n<\/div>\n<div>\n<p><span>En el apartado\u00a0COMEDOR\u00a0de nuestra web se encuentra informaci\u00f3n que le podr\u00e1 ser de utilidad en referencia a este servicio. El horario de salida son las 16:00 h. pero se les puede venir a recoger a partir de las 15h.<o:p><\/o:p><\/span><\/p>\n<\/div>\n<p>[\/et_pb_toggle][et_pb_toggle title=\u00bb\u00bfEs posible apuntar de manera puntual a un alumno al servicio de madrugadores\/comedor\/tardones? \u00bfCu\u00e1l es el procedimiento? \u00bb icon_color=\u00bb#E02B20&#8243; admin_label=\u00bbconmutador_apuntar_puntual\u00bb _builder_version=\u00bb4.16&#8243; _module_preset=\u00bbdefault\u00bb title_text_color=\u00bb#E02B20&#8243; title_level=\u00bbh3&#8243; title_font=\u00bbLato|700|||||||\u00bb global_colors_info=\u00bb{}\u00bb]<\/p>\n<p style=\"text-align: justify;\">S\u00ed, es posible. Para apuntar a un alumno a cualquiera de esos servicios, hay que adquirir un ticket en porter\u00eda.<\/p>\n<p>[\/et_pb_toggle][et_pb_toggle title=\u00bb\u00bfHay deporte escolar? \u00bfQu\u00e9 deportes se ofertan?\u00bb icon_color=\u00bb#E02B20&#8243; admin_label=\u00bbconmutador_deporte\u00bb _builder_version=\u00bb4.16&#8243; _module_preset=\u00bbdefault\u00bb title_text_color=\u00bb#E02B20&#8243; title_level=\u00bbh3&#8243; title_font=\u00bbLato|700|||||||\u00bb global_colors_info=\u00bb{}\u00bb]<\/p>\n<p style=\"text-align: justify;\">El colegio cuenta con <a href=\"https:\/\/salesianosmaux.es\/clubdeportivo\" title=\"club deportivo\">deporte extraescolar<\/a>. Dentro de su oferta, podemos encontrar: tenis de mesa, fu\u0301tbol sala, baloncesto, balonmano, judo, atletismo, patinaje, ajedrez&#8230; etc.<\/p>\n<p>[\/et_pb_toggle][\/et_pb_column][\/et_pb_row][\/et_pb_section]<\/p>\n","protected":false},"excerpt":{"rendered":"<p>Educaci\u00f3n PrimariaLa Educaci\u00f3n Primaria es una etapa educativa obligatoria que abarca desde los 6 hasta los 12 a\u00f1os.\u00a0Est\u00e1 dividida en seis cursos desde primero hasta sexto. Nuestro colegio cuenta con dos l\u00edneas por curso. Durante esta etapa nuestra preocupaci\u00f3n es la formaci\u00f3n integral del alumnado donde se desarrollan\u00a0unos conocimientos, habilidades y competencias que sienten unas [&hellip;]<\/p>\n","protected":false},"author":1,"featured_media":0,"parent":0,"menu_order":0,"comment_status":"closed","ping_status":"closed","template":"","meta":{"_et_pb_use_builder":"on","_et_pb_old_content":"","_et_gb_content_width":"","_joinchat":[],"footnotes":""},"class_list":["post-63","page","type-page","status-publish","hentry"],"yoast_head":"<!-- This site is optimized with the Yoast SEO plugin v28.3 - https:\/\/yoast.com\/product\/yoast-seo-wordpress\/ -->\n<title>Primaria - Colegio Mar\u00eda Auxiliadora<\/title>\n<meta name=\"robots\" content=\"index, follow, max-snippet:-1, max-image-preview:large, max-video-preview:-1\" \/>\n<link rel=\"canonical\" href=\"https:\/\/salesianosmaux.es\/colegio\/primaria\/\" \/>\n<meta property=\"og:locale\" content=\"es_ES\" \/>\n<meta property=\"og:type\" content=\"article\" \/>\n<meta property=\"og:title\" content=\"Primaria - Colegio Mar\u00eda Auxiliadora\" \/>\n<meta property=\"og:description\" content=\"Te puede interesar...\" \/>\n<meta property=\"og:url\" content=\"https:\/\/salesianosmaux.es\/colegio\/primaria\/\" \/>\n<meta property=\"og:site_name\" content=\"Colegio Mar\u00eda Auxiliadora\" \/>\n<meta property=\"article:modified_time\" content=\"2025-09-22T17:19:23+00:00\" \/>\n<meta name=\"twitter:card\" content=\"summary_large_image\" \/>\n<meta name=\"twitter:label1\" content=\"Tiempo de lectura\" \/>\n\t<meta name=\"twitter:data1\" content=\"5 minutos\" \/>\n<script type=\"application\/ld+json\" class=\"yoast-schema-graph\">{\"@context\":\"https:\\\/\\\/schema.org\",\"@graph\":[{\"@type\":\"WebPage\",\"@id\":\"https:\\\/\\\/salesianosmaux.es\\\/colegio\\\/primaria\\\/\",\"url\":\"https:\\\/\\\/salesianosmaux.es\\\/colegio\\\/primaria\\\/\",\"name\":\"Primaria - Colegio Mar\u00eda Auxiliadora\",\"isPartOf\":{\"@id\":\"https:\\\/\\\/salesianosmaux.es\\\/colegio\\\/#website\"},\"datePublished\":\"2022-02-08T15:37:21+00:00\",\"dateModified\":\"2025-09-22T17:19:23+00:00\",\"breadcrumb\":{\"@id\":\"https:\\\/\\\/salesianosmaux.es\\\/colegio\\\/primaria\\\/#breadcrumb\"},\"inLanguage\":\"es\",\"potentialAction\":[{\"@type\":\"ReadAction\",\"target\":[\"https:\\\/\\\/salesianosmaux.es\\\/colegio\\\/primaria\\\/\"]}]},{\"@type\":\"BreadcrumbList\",\"@id\":\"https:\\\/\\\/salesianosmaux.es\\\/colegio\\\/primaria\\\/#breadcrumb\",\"itemListElement\":[{\"@type\":\"ListItem\",\"position\":1,\"name\":\"Portada\",\"item\":\"https:\\\/\\\/salesianosmaux.es\\\/colegio\\\/\"},{\"@type\":\"ListItem\",\"position\":2,\"name\":\"Primaria\"}]},{\"@type\":\"WebSite\",\"@id\":\"https:\\\/\\\/salesianosmaux.es\\\/colegio\\\/#website\",\"url\":\"https:\\\/\\\/salesianosmaux.es\\\/colegio\\\/\",\"name\":\"Colegio Mar\u00eda Auxiliadora\",\"description\":\"Colegio Mar\u00eda Auxiliadora\",\"potentialAction\":[{\"@type\":\"SearchAction\",\"target\":{\"@type\":\"EntryPoint\",\"urlTemplate\":\"https:\\\/\\\/salesianosmaux.es\\\/colegio\\\/?s={search_term_string}\"},\"query-input\":{\"@type\":\"PropertyValueSpecification\",\"valueRequired\":true,\"valueName\":\"search_term_string\"}}],\"inLanguage\":\"es\"}]}<\/script>\n<!-- \/ Yoast SEO plugin. -->","yoast_head_json":{"title":"Primaria - Colegio Mar\u00eda Auxiliadora","robots":{"index":"index","follow":"follow","max-snippet":"max-snippet:-1","max-image-preview":"max-image-preview:large","max-video-preview":"max-video-preview:-1"},"canonical":"https:\/\/salesianosmaux.es\/colegio\/primaria\/","og_locale":"es_ES","og_type":"article","og_title":"Primaria - Colegio Mar\u00eda Auxiliadora","og_description":"Te puede interesar...","og_url":"https:\/\/salesianosmaux.es\/colegio\/primaria\/","og_site_name":"Colegio Mar\u00eda Auxiliadora","article_modified_time":"2025-09-22T17:19:23+00:00","twitter_card":"summary_large_image","twitter_misc":{"Tiempo de lectura":"5 minutos"},"schema":{"@context":"https:\/\/schema.org","@graph":[{"@type":"WebPage","@id":"https:\/\/salesianosmaux.es\/colegio\/primaria\/","url":"https:\/\/salesianosmaux.es\/colegio\/primaria\/","name":"Primaria - Colegio Mar\u00eda Auxiliadora","isPartOf":{"@id":"https:\/\/salesianosmaux.es\/colegio\/#website"},"datePublished":"2022-02-08T15:37:21+00:00","dateModified":"2025-09-22T17:19:23+00:00","breadcrumb":{"@id":"https:\/\/salesianosmaux.es\/colegio\/primaria\/#breadcrumb"},"inLanguage":"es","potentialAction":[{"@type":"ReadAction","target":["https:\/\/salesianosmaux.es\/colegio\/primaria\/"]}]},{"@type":"BreadcrumbList","@id":"https:\/\/salesianosmaux.es\/colegio\/primaria\/#breadcrumb","itemListElement":[{"@type":"ListItem","position":1,"name":"Portada","item":"https:\/\/salesianosmaux.es\/colegio\/"},{"@type":"ListItem","position":2,"name":"Primaria"}]},{"@type":"WebSite","@id":"https:\/\/salesianosmaux.es\/colegio\/#website","url":"https:\/\/salesianosmaux.es\/colegio\/","name":"Colegio Mar\u00eda Auxiliadora","description":"Colegio Mar\u00eda Auxiliadora","potentialAction":[{"@type":"SearchAction","target":{"@type":"EntryPoint","urlTemplate":"https:\/\/salesianosmaux.es\/colegio\/?s={search_term_string}"},"query-input":{"@type":"PropertyValueSpecification","valueRequired":true,"valueName":"search_term_string"}}],"inLanguage":"es"}]}},"_links":{"self":[{"href":"https:\/\/salesianosmaux.es\/colegio\/wp-json\/wp\/v2\/pages\/63","targetHints":{"allow":["GET"]}}],"collection":[{"href":"https:\/\/salesianosmaux.es\/colegio\/wp-json\/wp\/v2\/pages"}],"about":[{"href":"https:\/\/salesianosmaux.es\/colegio\/wp-json\/wp\/v2\/types\/page"}],"author":[{"embeddable":true,"href":"https:\/\/salesianosmaux.es\/colegio\/wp-json\/wp\/v2\/users\/1"}],"replies":[{"embeddable":true,"href":"https:\/\/salesianosmaux.es\/colegio\/wp-json\/wp\/v2\/comments?post=63"}],"version-history":[{"count":34,"href":"https:\/\/salesianosmaux.es\/colegio\/wp-json\/wp\/v2\/pages\/63\/revisions"}],"predecessor-version":[{"id":11681,"href":"https:\/\/salesianosmaux.es\/colegio\/wp-json\/wp\/v2\/pages\/63\/revisions\/11681"}],"wp:attachment":[{"href":"https:\/\/salesianosmaux.es\/colegio\/wp-json\/wp\/v2\/media?parent=63"}],"curies":[{"name":"wp","href":"https:\/\/api.w.org\/{rel}","templated":true}]}}