{"version":"1.0","provider_name":"Parroquia Mar\u00eda Auxiliadora","provider_url":"https:\/\/salesianosmaux.es\/parroquia","author_name":"admin","author_url":"https:\/\/salesianosmaux.es\/parroquia\/author\/salamanca_95jmwv72\/","title":"Eucarist\u00eda por el Se\u00f1or de los Milagros - Parroquia Mar\u00eda Auxiliadora","type":"rich","width":600,"height":338,"html":"<blockquote class=\"wp-embedded-content\" data-secret=\"pCdw6Q2uaJ\"><a href=\"https:\/\/salesianosmaux.es\/parroquia\/2022\/06\/12\/eucaristia-por-el-senor-de-los-milagros\/\">Eucarist\u00eda por el Se\u00f1or de los Milagros<\/a><\/blockquote><iframe sandbox=\"allow-scripts\" security=\"restricted\" src=\"https:\/\/salesianosmaux.es\/parroquia\/2022\/06\/12\/eucaristia-por-el-senor-de-los-milagros\/embed\/#?secret=pCdw6Q2uaJ\" width=\"600\" height=\"338\" title=\"\u00abEucarist\u00eda por el Se\u00f1or de los Milagros\u00bb \u2014 Parroquia Mar\u00eda Auxiliadora\" data-secret=\"pCdw6Q2uaJ\" frameborder=\"0\" marginwidth=\"0\" marginheight=\"0\" scrolling=\"no\" class=\"wp-embedded-content\"><\/iframe><script>\n\/*! This file is auto-generated *\/\n!function(d,l){\"use strict\";l.querySelector&&d.addEventListener&&\"undefined\"!=typeof URL&&(d.wp=d.wp||{},d.wp.receiveEmbedMessage||(d.wp.receiveEmbedMessage=function(e){var t=e.data;if((t||t.secret||t.message||t.value)&&!\/[^a-zA-Z0-9]\/.test(t.secret)){for(var s,r,n,a=l.querySelectorAll('iframe[data-secret=\"'+t.secret+'\"]'),o=l.querySelectorAll('blockquote[data-secret=\"'+t.secret+'\"]'),c=new RegExp(\"^https?:$\",\"i\"),i=0;i<o.length;i++)o[i].style.display=\"none\";for(i=0;i<a.length;i++)s=a[i],e.source===s.contentWindow&&(s.removeAttribute(\"style\"),\"height\"===t.message?(1e3<(r=parseInt(t.value,10))?r=1e3:~~r<200&&(r=200),s.height=r):\"link\"===t.message&&(r=new URL(s.getAttribute(\"src\")),n=new URL(t.value),c.test(n.protocol))&&n.host===r.host&&l.activeElement===s&&(d.top.location.href=t.value))}},d.addEventListener(\"message\",d.wp.receiveEmbedMessage,!1),l.addEventListener(\"DOMContentLoaded\",function(){for(var e,t,s=l.querySelectorAll(\"iframe.wp-embedded-content\"),r=0;r<s.length;r++)(t=(e=s[r]).getAttribute(\"data-secret\"))||(t=Math.random().toString(36).substring(2,12),e.src+=\"#?secret=\"+t,e.setAttribute(\"data-secret\",t)),e.contentWindow.postMessage({message:\"ready\",secret:t},\"*\")},!1)))}(window,document);\n\/\/# sourceURL=https:\/\/salesianosmaux.es\/parroquia\/wp-includes\/js\/wp-embed.min.js\n<\/script>\n","thumbnail_url":"https:\/\/salesianosmaux.es\/parroquia\/wp-content\/uploads\/sites\/8\/2022\/06\/22SenorMilagros.jpg","thumbnail_width":1600,"thumbnail_height":757,"description":"El 11 de junio se celebr\u00f3 en nuestro Santuario Eucarist\u00eda con la presencia de los Hermanos de la Hermandad del Se\u00f1or de los Milagros de Per\u00fa. El\u00a0Se\u00f1or de Pachacamilla, m\u00e1s com\u00fanmente llamado\u00a0Se\u00f1or de los Milagros, es una imagen de Jesucristo originalmente pintada en una pared de adobe, ubicada tras el Altar Mayor del\u00a0santuario de Las Nazarenas\u00a0de\u00a0Lima\u00a0(Per\u00fa) y venerada en Lima y diversas partes del mundo. La imagen fue pintada durante el siglo XVI por un esclavo originario de\u00a0Angola que fue llevado al Per\u00fa."}