{"version":"1.0","provider_name":"Parroquia Mar\u00eda Auxiliadora","provider_url":"https:\/\/salesianosmaux.es\/parroquia","author_name":"admin","author_url":"https:\/\/salesianosmaux.es\/parroquia\/author\/salamanca_95jmwv72\/","title":"Relevo de nuestro P\u00e1rroco - Parroquia Mar\u00eda Auxiliadora","type":"rich","width":600,"height":338,"html":"<blockquote class=\"wp-embedded-content\" data-secret=\"SN6zLI4f4B\"><a href=\"https:\/\/salesianosmaux.es\/parroquia\/2022\/08\/27\/relevo-de-nuestro-parroco\/\">Relevo de nuestro P\u00e1rroco<\/a><\/blockquote><iframe sandbox=\"allow-scripts\" security=\"restricted\" src=\"https:\/\/salesianosmaux.es\/parroquia\/2022\/08\/27\/relevo-de-nuestro-parroco\/embed\/#?secret=SN6zLI4f4B\" width=\"600\" height=\"338\" title=\"\u00abRelevo de nuestro P\u00e1rroco\u00bb \u2014 Parroquia Mar\u00eda Auxiliadora\" data-secret=\"SN6zLI4f4B\" frameborder=\"0\" marginwidth=\"0\" marginheight=\"0\" scrolling=\"no\" class=\"wp-embedded-content\"><\/iframe><script>\n\/*! This file is auto-generated *\/\n!function(d,l){\"use strict\";l.querySelector&&d.addEventListener&&\"undefined\"!=typeof URL&&(d.wp=d.wp||{},d.wp.receiveEmbedMessage||(d.wp.receiveEmbedMessage=function(e){var t=e.data;if((t||t.secret||t.message||t.value)&&!\/[^a-zA-Z0-9]\/.test(t.secret)){for(var s,r,n,a=l.querySelectorAll('iframe[data-secret=\"'+t.secret+'\"]'),o=l.querySelectorAll('blockquote[data-secret=\"'+t.secret+'\"]'),c=new RegExp(\"^https?:$\",\"i\"),i=0;i<o.length;i++)o[i].style.display=\"none\";for(i=0;i<a.length;i++)s=a[i],e.source===s.contentWindow&&(s.removeAttribute(\"style\"),\"height\"===t.message?(1e3<(r=parseInt(t.value,10))?r=1e3:~~r<200&&(r=200),s.height=r):\"link\"===t.message&&(r=new URL(s.getAttribute(\"src\")),n=new URL(t.value),c.test(n.protocol))&&n.host===r.host&&l.activeElement===s&&(d.top.location.href=t.value))}},d.addEventListener(\"message\",d.wp.receiveEmbedMessage,!1),l.addEventListener(\"DOMContentLoaded\",function(){for(var e,t,s=l.querySelectorAll(\"iframe.wp-embedded-content\"),r=0;r<s.length;r++)(t=(e=s[r]).getAttribute(\"data-secret\"))||(t=Math.random().toString(36).substring(2,12),e.src+=\"#?secret=\"+t,e.setAttribute(\"data-secret\",t)),e.contentWindow.postMessage({message:\"ready\",secret:t},\"*\")},!1)))}(window,document);\n\/\/# sourceURL=https:\/\/salesianosmaux.es\/parroquia\/wp-includes\/js\/wp-embed.min.js\n<\/script>\n","thumbnail_url":"https:\/\/salesianosmaux.es\/parroquia\/wp-content\/uploads\/sites\/8\/2022\/08\/salesianos-maria-auxiliadora-scaled-1.jpeg","thumbnail_width":2560,"thumbnail_height":1380,"description":"Tras nueve a\u00f1os de servicio en nuestra Parroquia, Jes\u00fas Vivanco se despiede como p\u00e1rroco este s\u00e1bado 27 de agosto. Tomar\u00e1 el relevo Juan Manuel Ruano que hasta la fecha era el vicario parroquial. El s\u00e1bado 27 de agosto a las 20 horas en nuestra parroquia Santuario se despedir\u00e1 Don Jes\u00fas tras 9 a\u00f1os con nosotros. Recientemente celebr\u00f3 sus bodas de oro sacerdotales y desde ahora su misi\u00f3n estar\u00e1 en la parroquia salesiana de Vigo. Por su parte, el hasta ahora vicario parroquial Juan Manuel Ruano, desde ma\u00f1ana 28 de agosto ser\u00e1 el nuevo p\u00e1rroco. En la Eucarist\u00eda de las 13 horas del domingo 28 iniciar\u00e1 su misi\u00f3n presentado por el vicario general de la Di\u00f3cesis Florentino Guti\u00e9rrez."}