{"id":139,"date":"2022-02-21T21:50:51","date_gmt":"2022-02-21T21:50:51","guid":{"rendered":"https:\/\/salesianosmaux.es\/parroquia\/?page_id=139"},"modified":"2024-03-24T16:28:23","modified_gmt":"2024-03-24T16:28:23","slug":"grupos-y-asociaciones","status":"publish","type":"page","link":"https:\/\/salesianosmaux.es\/parroquia\/grupos-y-asociaciones\/","title":{"rendered":"Grupos y asociaciones"},"content":{"rendered":"<p>[et_pb_section fb_built=\u00bb1&#8243; fullwidth=\u00bbon\u00bb _builder_version=\u00bb4.16&#8243; global_colors_info=\u00bb{}\u00bb][et_pb_fullwidth_header title=\u00bbGrupos y Asociaciones\u00bb module_class=\u00bbpagina-imagen-cabecera\u00bb _builder_version=\u00bb4.24.2&#8243; title_font=\u00bbLato||||||||\u00bb content_font=\u00bbArial||on||||||\u00bb content_text_align=\u00bbright\u00bb content_text_color=\u00bb#FFFFFF\u00bb background_color=\u00bbrgba(255, 255, 255, 0)\u00bb background_image=\u00bbhttps:\/\/salesianosmaux.es\/parroquia\/wp-content\/uploads\/sites\/8\/2022\/02\/encabezado_noticias_casa-min.png\u00bb background_layout=\u00bblight\u00bb max_width_tablet=\u00bb50px\u00bb hover_enabled=\u00bb0&#8243; button_one_letter_spacing_hover=\u00bb0&#8243; button_two_letter_spacing_hover=\u00bb0&#8243; global_colors_info=\u00bb{}\u00bb button_one_text_size__hover_enabled=\u00bboff\u00bb button_two_text_size__hover_enabled=\u00bboff\u00bb button_one_text_color__hover_enabled=\u00bboff\u00bb button_two_text_color__hover_enabled=\u00bboff\u00bb button_one_border_width__hover_enabled=\u00bboff\u00bb button_two_border_width__hover_enabled=\u00bboff\u00bb button_one_border_color__hover_enabled=\u00bboff\u00bb button_two_border_color__hover_enabled=\u00bboff\u00bb button_one_border_radius__hover_enabled=\u00bboff\u00bb button_two_border_radius__hover_enabled=\u00bboff\u00bb button_one_letter_spacing__hover_enabled=\u00bbon\u00bb button_one_letter_spacing__hover=\u00bb0&#8243; button_two_letter_spacing__hover_enabled=\u00bbon\u00bb button_two_letter_spacing__hover=\u00bb0&#8243; button_one_bg_color__hover_enabled=\u00bboff\u00bb button_two_bg_color__hover_enabled=\u00bboff\u00bb title_text=\u00bbencabezado_noticias_casa-min\u00bb sticky_enabled=\u00bb0&#8243;][\/et_pb_fullwidth_header][\/et_pb_section][et_pb_section fb_built=\u00bb1&#8243; _builder_version=\u00bb4.16&#8243; _module_preset=\u00bbdefault\u00bb background_color=\u00bb#e2e2e2&#8243; global_colors_info=\u00bb{}\u00bb][et_pb_row _builder_version=\u00bb4.16&#8243; _module_preset=\u00bbdefault\u00bb height=\u00bb100px\u00bb global_colors_info=\u00bb{}\u00bb][et_pb_column type=\u00bb4_4&#8243; _builder_version=\u00bb4.16&#8243; _module_preset=\u00bbdefault\u00bb global_colors_info=\u00bb{}\u00bb][et_pb_text _builder_version=\u00bb4.16&#8243; text_font=\u00bbLato||||||||\u00bb text_font_size=\u00bb20px\u00bb header_font=\u00bb||||||||\u00bb header_2_font=\u00bbLato|300|||||||\u00bb header_2_font_size=\u00bb30px\u00bb text_orientation=\u00bbjustified\u00bb custom_padding=\u00bb0px||||false|false\u00bb global_colors_info=\u00bb{}\u00bb]<\/p>\n<p style=\"text-align: justify;\">La Parroquia de Mar\u00eda Auxiliadora est\u00e1 animada por la <a href=\"https:\/\/salesianosmaux.es\/parroquia\/comunidad-salesiana\/\">Comunidad Salesiana<\/a> y por Seglares responsables de los distintos grupos y asociaciones que hacen posible este gran movimiento pastoral.\u00a0Te invitamos a que los conozcas y participes de ellos.<\/p>\n<p>[\/et_pb_text][\/et_pb_column][\/et_pb_row][\/et_pb_section][et_pb_section fb_built=\u00bb1&#8243; _builder_version=\u00bb4.16&#8243; _module_preset=\u00bbdefault\u00bb top_divider_style=\u00bbramp2&#8243; top_divider_color=\u00bb#e2e2e2&#8243; global_colors_info=\u00bb{}\u00bb][et_pb_row column_structure=\u00bb1_4,1_4,1_4,1_4&#8243; _builder_version=\u00bb4.16&#8243; _module_preset=\u00bbdefault\u00bb custom_padding=\u00bb100px||||false|false\u00bb global_colors_info=\u00bb{}\u00bb][et_pb_column type=\u00bb1_4&#8243; _builder_version=\u00bb4.16&#8243; _module_preset=\u00bbdefault\u00bb global_colors_info=\u00bb{}\u00bb][et_pb_text _builder_version=\u00bb4.16&#8243; _module_preset=\u00bbdefault\u00bb custom_padding=\u00bb35px|35px|35px|35px|false|false\u00bb border_radii=\u00bbon|10px|10px|10px|10px\u00bb box_shadow_style=\u00bbpreset2&#8243; global_colors_info=\u00bb{}\u00bb]<\/p>\n<h1 style=\"text-align: left;\">Animaci\u00f3n Misionera<\/h1>\n<p style=\"text-align: left;\">Do\u00f1a Manolita Marcos<\/p>\n<p>[\/et_pb_text][\/et_pb_column][et_pb_column type=\u00bb1_4&#8243; _builder_version=\u00bb4.16&#8243; _module_preset=\u00bbdefault\u00bb global_colors_info=\u00bb{}\u00bb][et_pb_text _builder_version=\u00bb4.16&#8243; _module_preset=\u00bbdefault\u00bb custom_padding=\u00bb35px|35px|35px|35px|false|false\u00bb border_radii=\u00bbon|10px|10px|10px|10px\u00bb box_shadow_style=\u00bbpreset2&#8243; global_colors_info=\u00bb{}\u00bb]<\/p>\n<h1>Catequistas<\/h1>\n<p>Do\u00f1a Mari Cruz Vicente<\/p>\n<p>[\/et_pb_text][\/et_pb_column][et_pb_column type=\u00bb1_4&#8243; _builder_version=\u00bb4.16&#8243; _module_preset=\u00bbdefault\u00bb global_colors_info=\u00bb{}\u00bb][et_pb_text _builder_version=\u00bb4.16&#8243; _module_preset=\u00bbdefault\u00bb custom_padding=\u00bb35px|35px|35px|35px|false|false\u00bb border_radii=\u00bbon|10px|10px|10px|10px\u00bb box_shadow_style=\u00bbpreset2&#8243; global_colors_info=\u00bb{}\u00bb]<\/p>\n<h1>Formaci\u00f3n Permanente<\/h1>\n<p>Do\u00f1a Mar\u00eda Jos\u00e9 Fuertes<\/p>\n<p>[\/et_pb_text][\/et_pb_column][et_pb_column type=\u00bb1_4&#8243; _builder_version=\u00bb4.16&#8243; _module_preset=\u00bbdefault\u00bb global_colors_info=\u00bb{}\u00bb][et_pb_text _builder_version=\u00bb4.16&#8243; _module_preset=\u00bbdefault\u00bb custom_padding=\u00bb35px|35px|35px|35px|false|false\u00bb border_radii=\u00bbon|10px|10px|10px|10px\u00bb box_shadow_style=\u00bbpreset2&#8243; global_colors_info=\u00bb{}\u00bb]<\/p>\n<h1>Grupo de lo Social<\/h1>\n<p>Do\u00f1a Magdalena Lucas<\/p>\n<p>[\/et_pb_text][\/et_pb_column][\/et_pb_row][et_pb_row _builder_version=\u00bb4.16&#8243; _module_preset=\u00bbdefault\u00bb global_colors_info=\u00bb{}\u00bb][et_pb_column type=\u00bb4_4&#8243; _builder_version=\u00bb4.16&#8243; _module_preset=\u00bbdefault\u00bb global_colors_info=\u00bb{}\u00bb][et_pb_text _builder_version=\u00bb4.16&#8243; _module_preset=\u00bbdefault\u00bb background_enable_image=\u00bboff\u00bb custom_padding=\u00bb35px|35px|35px|35px|false|false\u00bb border_radii=\u00bbon|10px|10px|10px|10px\u00bb box_shadow_style=\u00bbpreset2&#8243; global_colors_info=\u00bb{}\u00bb]<\/p>\n<h1>Centro de Mayores<\/h1>\n<p>D. Ignacio Manzano Mart\u00edn<\/p>\n<ul>\n<li style=\"text-align: justify;\">Tiene <strong>estatutos propios<\/strong> y depende de la Parroquia.<\/li>\n<li style=\"text-align: justify;\">El <strong>Presidente siempre es el p\u00e1rroco<\/strong> de Mar\u00eda Auxiliadora tal como ordenan los estatutos.<\/li>\n<li style=\"text-align: justify;\">La Junta se re\u00fane el segundo martes de mes a las 17:00 h.<\/li>\n<li style=\"text-align: justify;\">Est\u00e1n inscritos <strong>m\u00e1s de 200 socios<\/strong> que desarrollan actividades de: coro, cine, charlas formativas, encuadernaci\u00f3n, excursiones, gimnasia, taich\u00ed, teatro y yoga.<\/li>\n<li style=\"text-align: justify;\">Mes especial, <strong>mayo<\/strong>: honramos y celebramos nuestra Patrona: mes de las flores, campeonatos de juegos de mesa, ofrenda floral, procesi\u00f3n y fiesta (24 de mayo)<\/li>\n<\/ul>\n<p>[\/et_pb_text][\/et_pb_column][\/et_pb_row][et_pb_row column_structure=\u00bb1_4,1_4,1_4,1_4&#8243; _builder_version=\u00bb4.16&#8243; _module_preset=\u00bbdefault\u00bb global_colors_info=\u00bb{}\u00bb][et_pb_column type=\u00bb1_4&#8243; _builder_version=\u00bb4.16&#8243; _module_preset=\u00bbdefault\u00bb global_colors_info=\u00bb{}\u00bb][et_pb_text _builder_version=\u00bb4.16&#8243; _module_preset=\u00bbdefault\u00bb custom_padding=\u00bb35px|35px|35px|35px|false|false\u00bb border_radii=\u00bbon|10px|10px|10px|10px\u00bb box_shadow_style=\u00bbpreset2&#8243; global_colors_info=\u00bb{}\u00bb]<\/p>\n<h1 style=\"text-align: left;\">Grupo Vida Ascendente<\/h1>\n<p style=\"text-align: left;\">Do\u00f1a Mari Carmen Mancha<\/p>\n<p>[\/et_pb_text][\/et_pb_column][et_pb_column type=\u00bb1_4&#8243; _builder_version=\u00bb4.16&#8243; _module_preset=\u00bbdefault\u00bb global_colors_info=\u00bb{}\u00bb][et_pb_text _builder_version=\u00bb4.16&#8243; _module_preset=\u00bbdefault\u00bb custom_padding=\u00bb35px|35px|35px|35px|false|false\u00bb border_radii=\u00bbon|10px|10px|10px|10px\u00bb box_shadow_style=\u00bbpreset2&#8243; global_colors_info=\u00bb{}\u00bb]<\/p>\n<h1>Legi\u00f3n de Mar\u00eda<\/h1>\n<p>Do\u00f1a Teresa Boyero<\/p>\n<p>[\/et_pb_text][\/et_pb_column][et_pb_column type=\u00bb1_4&#8243; _builder_version=\u00bb4.16&#8243; _module_preset=\u00bbdefault\u00bb global_colors_info=\u00bb{}\u00bb][et_pb_text _builder_version=\u00bb4.16&#8243; _module_preset=\u00bbdefault\u00bb custom_padding=\u00bb35px|35px|35px|35px|false|false\u00bb border_radii=\u00bbon|10px|10px|10px|10px\u00bb box_shadow_style=\u00bbpreset2&#8243; global_colors_info=\u00bb{}\u00bb]<\/p>\n<h1>Renovaci\u00f3n carism\u00e1tica<\/h1>\n<p>Don \u00c1ngel Mart\u00edn<\/p>\n<p>[\/et_pb_text][\/et_pb_column][et_pb_column type=\u00bb1_4&#8243; _builder_version=\u00bb4.16&#8243; _module_preset=\u00bbdefault\u00bb global_colors_info=\u00bb{}\u00bb][et_pb_text _builder_version=\u00bb4.16&#8243; _module_preset=\u00bbdefault\u00bb custom_padding=\u00bb35px|35px|35px|35px|false|false\u00bb border_radii=\u00bbon|10px|10px|10px|10px\u00bb box_shadow_style=\u00bbpreset2&#8243; global_colors_info=\u00bb{}\u00bb]<\/p>\n<h1>SS.CC y Escuela Hogar<\/h1>\n<p>Don Domi Vaquero<\/p>\n<p>[\/et_pb_text][\/et_pb_column][\/et_pb_row][et_pb_row _builder_version=\u00bb4.16&#8243; _module_preset=\u00bbdefault\u00bb global_colors_info=\u00bb{}\u00bb][et_pb_column type=\u00bb4_4&#8243; _builder_version=\u00bb4.16&#8243; _module_preset=\u00bbdefault\u00bb global_colors_info=\u00bb{}\u00bb][et_pb_text _builder_version=\u00bb4.16&#8243; _module_preset=\u00bbdefault\u00bb background_enable_image=\u00bboff\u00bb custom_padding=\u00bb35px|35px|35px|35px|false|false\u00bb border_radii=\u00bbon|10px|10px|10px|10px\u00bb box_shadow_style=\u00bbpreset2&#8243; global_colors_info=\u00bb{}\u00bb]<\/p>\n<h1>C.S.V. de Pa\u00fal y ADMA Parroquia-Santuario<\/h1>\n<p>Do\u00f1a Ana Torrecilla<\/p>\n<h3 style=\"text-align: justify;\">Acci\u00f3n social de feligreses de la Parroquia<\/h3>\n<div style=\"text-align: justify;\">Se atiende personalmente los mi\u00e9rcoles de 12:00 h. a 13:00 h. a personas necesitadas.<\/div>\n<div style=\"text-align: justify;\">Se estudian los casos que se presentan en la reuni\u00f3n de las Conferencias de san Vicente de Pa\u00fal y se mantiene contacto con C\u00e1ritas diocesana.<\/div>\n<h3 style=\"text-align: justify;\"><\/h3>\n<h3 style=\"text-align: justify;\"><\/h3>\n<h3 style=\"text-align: justify;\">Objetivo:<\/h3>\n<div style=\"text-align: justify;\">Cuidar la familia dom\u00e9stica a imagen de la casa de Mar\u00eda en Nazaret, para que sirva de modelo a los j\u00f3venes.<\/div>\n<div><\/div>\n<h3 style=\"text-align: justify;\"><\/h3>\n<h3 style=\"text-align: justify;\"><\/h3>\n<h3 style=\"text-align: justify;\">L\u00edneas de acci\u00f3n:<\/h3>\n<ul>\n<li style=\"text-align: justify;\">Asistencia todos los 24 al encuentro formativo por parte del Consejo local y de todas las Celadoras.<\/li>\n<li style=\"text-align: justify;\">Poner mayor empe\u00f1o en el conocimiento y colaboraci\u00f3n con los dem\u00e1s grupos de la Familia Salesiana en nuestra Presencia.<\/li>\n<li style=\"text-align: justify;\">Participaci\u00f3n en la oraci\u00f3n mensual con la Familia Salesiana el \u00faltimo martes de mes, rezando juntos por la vocaciones a la Familia Salesiana.<\/li>\n<li style=\"text-align: justify;\">Poner en orden todas las capillas, renovando las listas de las capillas de las familias que las reciben.<\/li>\n<\/ul>\n<div style=\"text-align: justify;\"><\/div>\n<h3 style=\"text-align: justify;\">Reuniones de Celadoras y Socios:<\/h3>\n<ul>\n<li style=\"text-align: justify;\"><span class=\"Apple-tab-span\"> <\/span>Asamblea de Celadoras los 24 de cada mes de 17:00 a 18:45 horas en el sal\u00f3n del primer piso de la residencia.<\/li>\n<li style=\"text-align: justify;\">De 18:00 a 18:45 horas es tiempo de Formaci\u00f3n, charla y comunicaci\u00f3n.<\/li>\n<\/ul>\n<h3 style=\"text-align: justify;\"><\/h3>\n<h3 style=\"text-align: justify;\"><\/h3>\n<h3 style=\"text-align: justify;\">Reuniones de la Junta de ADMA:<\/h3>\n<div style=\"text-align: justify;\"><span class=\"Apple-tab-span\"> <\/span>El viernes anterior a cada 24 de mes, en el despacho del P\u00e1rroco, a las 17:00 horas.<\/div>\n<h3 style=\"text-align: justify;\"><\/h3>\n<h3 style=\"text-align: justify;\"><\/h3>\n<h3 style=\"text-align: justify;\">Cultos:<\/h3>\n<ul>\n<li style=\"text-align: justify;\"><span class=\"Apple-tab-span\"> <\/span>Los 24 de cada mes y todo el mes de Mar\u00eda (24 de Abril al 24 de Mayo), a las 11:30 y a las 18:30 horas en la Parroquia-Santuario.<\/li>\n<li style=\"text-align: justify;\"><span class=\"Apple-tab-span\"> <\/span>NOVENA predicada, (del 15 al 23 de Mayo en la Eucarist\u00eda de las 19:00 horas).<\/li>\n<li style=\"text-align: justify;\"><span class=\"Apple-tab-span\"> <\/span>Procesi\u00f3n de nuestra Madre Auxiliadora el 23 de Mayo, de 20 a 22 horas por las calles de la Parroquia.<\/li>\n<\/ul>\n<div style=\"text-align: justify;\"><\/div>\n<h3 style=\"text-align: justify;\"><\/h3>\n<h3 style=\"text-align: justify;\"><\/h3>\n<h3 style=\"text-align: justify;\">Actividades comunes:<\/h3>\n<ul>\n<li style=\"text-align: justify;\"><span class=\"Apple-tab-span\"> <\/span>Convivencia de las Juntas de Zona. Cada a\u00f1o la prepara una asociaci\u00f3n.<\/li>\n<li style=\"text-align: justify;\"><span class=\"Apple-tab-span\"> <\/span>Acudir a las reuniones convocadas desde Madrid.<\/li>\n<\/ul>\n<p>[\/et_pb_text][\/et_pb_column][\/et_pb_row][et_pb_row column_structure=\u00bb1_3,2_3&#8243; _builder_version=\u00bb4.16&#8243; _module_preset=\u00bbdefault\u00bb global_colors_info=\u00bb{}\u00bb][et_pb_column type=\u00bb1_3&#8243; _builder_version=\u00bb4.16&#8243; _module_preset=\u00bbdefault\u00bb global_colors_info=\u00bb{}\u00bb][et_pb_text _builder_version=\u00bb4.17.3&#8243; _module_preset=\u00bbdefault\u00bb custom_padding=\u00bb35px|35px|35px|35px|false|false\u00bb border_radii=\u00bbon|10px|10px|10px|10px\u00bb box_shadow_style=\u00bbpreset2&#8243; global_colors_info=\u00bb{}\u00bb]<\/p>\n<h1>Taller de Evangelio y Biblia<\/h1>\n<p>Do\u00f1a Margarita S\u00e1nchez.<\/p>\n<p style=\"text-align: justify;\">En la Parroquia de M\u00aa Auxiliadora se vienen impartiendo regularmente desde hace varios a\u00f1os Talleres de Oraci\u00f3n y Vida.<br \/>Tienen una <strong>duraci\u00f3n de cuatro meses<\/strong>, con reuniones semanales.<br \/>Como su nombre indica, el Taller de Oraci\u00f3n y Vida es un m\u00e9todo pr\u00e1ctico de orar, basado en la Palabra de Dios, que ayuda a descubrir y saborear el Amor de Dios y a conseguir la paz del coraz\u00f3n.<br \/>Inf\u00f3rmate de nuestro calendario. \u00a1Ven y descubre la alegr\u00eda!<\/p>\n<p>[\/et_pb_text][\/et_pb_column][et_pb_column type=\u00bb2_3&#8243; _builder_version=\u00bb4.16&#8243; _module_preset=\u00bbdefault\u00bb global_colors_info=\u00bb{}\u00bb][et_pb_text _builder_version=\u00bb4.17.3&#8243; _module_preset=\u00bbdefault\u00bb background_enable_image=\u00bboff\u00bb custom_padding=\u00bb35px|35px|35px|35px|false|false\u00bb border_radii=\u00bbon|10px|10px|10px|10px\u00bb box_shadow_style=\u00bbpreset2&#8243; global_colors_info=\u00bb{}\u00bb]<\/p>\n<h1>Catequesis<\/h1>\n<h3 style=\"text-align: justify;\">Objetivo:<\/h3>\n<div style=\"text-align: justify;\"><span>Favorecer el encuentro con Jes\u00fas como amigo.<\/span><\/div>\n<div><\/div>\n<h3 style=\"text-align: justify;\"><\/h3>\n<h3 style=\"text-align: justify;\"><\/h3>\n<h3 style=\"text-align: justify;\">L\u00edneas de acci\u00f3n:<\/h3>\n<ul>\n<li style=\"text-align: justify;\"><span>Encuentros con padres de los diferentes grupos.<\/span><\/li>\n<li style=\"text-align: justify;\"><span>Celebraciones festivas, l\u00fadicas en los momentos fuertes de los momentos lit\u00fargicos (Adviento, Cuaresma, Semana Santa&#8230;).<\/span><\/li>\n<li style=\"text-align: justify;\"><span>Implicar a los ni\u00f1os en el S\u00ednodo.<\/span><\/li>\n<li style=\"text-align: justify;\"><span>Encuentros de catequistas en la di\u00f3cesis.<\/span><\/li>\n<\/ul>\n<div style=\"text-align: justify;\"><\/div>\n<h3 style=\"text-align: justify;\">Reuniones:<\/h3>\n<ul>\n<li style=\"text-align: justify;\"><span>Catequistas: Una vez al mes los viernes y otras debido a motivos especiales.<\/span><\/li>\n<li style=\"text-align: justify;\"><span>Con Padres: Una reuni\u00f3n por niveles al trimestre.<\/span><\/li>\n<li style=\"text-align: justify;\"><span>Con los padres de los ni\u00f1os que toman la Primera Comuni\u00f3n: reuni\u00f3n por grupos a partir de Enero.<\/span><\/li>\n<\/ul>\n<div style=\"text-align: justify;\"><\/div>\n<h3 style=\"text-align: justify;\"><\/h3>\n<h3 style=\"text-align: justify;\"><\/h3>\n<h3 style=\"text-align: justify;\">Celebraciones:<\/h3>\n<ul>\n<li style=\"text-align: justify;\"><span>Entrega del Catecismo.<\/span><\/li>\n<li style=\"text-align: justify;\"><span>Entrega del Padre Nuestro.<\/span><\/li>\n<li style=\"text-align: justify;\"><span>Renovaci\u00f3n de las promesas de Bautismo.<\/span><\/li>\n<li style=\"text-align: justify;\"><span>Entrega de la Palabra de Dios.<\/span><\/li>\n<li style=\"text-align: justify;\"><span>Celebraci\u00f3n penitencial.<\/span><\/li>\n<\/ul>\n<div style=\"text-align: justify;\"><\/div>\n<h3 style=\"text-align: justify;\"><\/h3>\n<h3 style=\"text-align: justify;\"><\/h3>\n<h3 style=\"text-align: justify;\">Actividades comunes:<\/h3>\n<ul>\n<li style=\"text-align: justify;\"><span class=\"Apple-tab-span\">\u00a0<\/span>Adviento, Navidad, San Juan Bosco, Cuaresma, S\u00ednodo, Semana Santa, Convivencias fin de curso y Primeras Comuniones.<\/li>\n<\/ul>\n<p>[\/et_pb_text][\/et_pb_column][\/et_pb_row][\/et_pb_section]<\/p>\n","protected":false},"excerpt":{"rendered":"<p>La Parroquia de Mar\u00eda Auxiliadora est\u00e1 animada por la Comunidad Salesiana y por Seglares responsables de los distintos grupos y asociaciones que hacen posible este gran movimiento pastoral.\u00a0Te invitamos a que los conozcas y participes de ellos.Animaci\u00f3n Misionera Do\u00f1a Manolita MarcosCatequistas Do\u00f1a Mari Cruz VicenteFormaci\u00f3n Permanente Do\u00f1a Mar\u00eda Jos\u00e9 FuertesGrupo de lo Social Do\u00f1a Magdalena [&hellip;]<\/p>\n","protected":false},"author":1,"featured_media":0,"parent":0,"menu_order":0,"comment_status":"closed","ping_status":"closed","template":"","meta":{"_et_pb_use_builder":"on","_et_pb_old_content":"","_et_gb_content_width":"","footnotes":""},"class_list":["post-139","page","type-page","status-publish","hentry"],"yoast_head":"<!-- This site is optimized with the Yoast SEO plugin v28.4 - https:\/\/yoast.com\/product\/yoast-seo-wordpress\/ -->\n<title>Grupos y asociaciones - Parroquia Mar\u00eda Auxiliadora<\/title>\n<meta name=\"robots\" content=\"index, follow, max-snippet:-1, max-image-preview:large, max-video-preview:-1\" \/>\n<link rel=\"canonical\" href=\"https:\/\/salesianosmaux.es\/parroquia\/grupos-y-asociaciones\/\" \/>\n<meta property=\"og:locale\" content=\"es_ES\" \/>\n<meta property=\"og:type\" content=\"article\" \/>\n<meta property=\"og:title\" content=\"Grupos y asociaciones - Parroquia Mar\u00eda Auxiliadora\" \/>\n<meta property=\"og:description\" content=\"\u00bfQui\u00e9nes formamos la Comunidad Salesiana?Nuestra Obra Salesiana, es una casa habitada por una comunidad de Salesianos que se dedica a tiempo pleno a acompa\u00f1ar, rezar y animar a los diversos proyectos y ambientes educativo-pastorales. Participamos de muy diversas maneras en la animaci\u00f3n de toda la Obra Salesiana de Salamanca - Mar\u00eda Auxiliadora, prodigando tiempos, atenci\u00f3n [&hellip;]\" \/>\n<meta property=\"og:url\" content=\"https:\/\/salesianosmaux.es\/parroquia\/grupos-y-asociaciones\/\" \/>\n<meta property=\"og:site_name\" content=\"Parroquia Mar\u00eda Auxiliadora\" \/>\n<meta property=\"article:modified_time\" content=\"2024-03-24T16:28:23+00:00\" \/>\n<meta name=\"twitter:card\" content=\"summary_large_image\" \/>\n<meta name=\"twitter:label1\" content=\"Tiempo de lectura\" \/>\n\t<meta name=\"twitter:data1\" content=\"9 minutos\" \/>\n<script type=\"application\/ld+json\" class=\"yoast-schema-graph\">{\"@context\":\"https:\\\/\\\/schema.org\",\"@graph\":[{\"@type\":\"WebPage\",\"@id\":\"https:\\\/\\\/salesianosmaux.es\\\/parroquia\\\/grupos-y-asociaciones\\\/\",\"url\":\"https:\\\/\\\/salesianosmaux.es\\\/parroquia\\\/grupos-y-asociaciones\\\/\",\"name\":\"Grupos y asociaciones - Parroquia Mar\u00eda Auxiliadora\",\"isPartOf\":{\"@id\":\"https:\\\/\\\/salesianosmaux.es\\\/parroquia\\\/#website\"},\"datePublished\":\"2022-02-21T21:50:51+00:00\",\"dateModified\":\"2024-03-24T16:28:23+00:00\",\"breadcrumb\":{\"@id\":\"https:\\\/\\\/salesianosmaux.es\\\/parroquia\\\/grupos-y-asociaciones\\\/#breadcrumb\"},\"inLanguage\":\"es\",\"potentialAction\":[{\"@type\":\"ReadAction\",\"target\":[\"https:\\\/\\\/salesianosmaux.es\\\/parroquia\\\/grupos-y-asociaciones\\\/\"]}]},{\"@type\":\"BreadcrumbList\",\"@id\":\"https:\\\/\\\/salesianosmaux.es\\\/parroquia\\\/grupos-y-asociaciones\\\/#breadcrumb\",\"itemListElement\":[{\"@type\":\"ListItem\",\"position\":1,\"name\":\"Portada\",\"item\":\"https:\\\/\\\/salesianosmaux.es\\\/parroquia\\\/\"},{\"@type\":\"ListItem\",\"position\":2,\"name\":\"Grupos y asociaciones\"}]},{\"@type\":\"WebSite\",\"@id\":\"https:\\\/\\\/salesianosmaux.es\\\/parroquia\\\/#website\",\"url\":\"https:\\\/\\\/salesianosmaux.es\\\/parroquia\\\/\",\"name\":\"Parroquia Mar\u00eda Auxiliadora\",\"description\":\"\",\"potentialAction\":[{\"@type\":\"SearchAction\",\"target\":{\"@type\":\"EntryPoint\",\"urlTemplate\":\"https:\\\/\\\/salesianosmaux.es\\\/parroquia\\\/?s={search_term_string}\"},\"query-input\":{\"@type\":\"PropertyValueSpecification\",\"valueRequired\":true,\"valueName\":\"search_term_string\"}}],\"inLanguage\":\"es\"}]}<\/script>\n<!-- \/ Yoast SEO plugin. -->","yoast_head_json":{"title":"Grupos y asociaciones - Parroquia Mar\u00eda Auxiliadora","robots":{"index":"index","follow":"follow","max-snippet":"max-snippet:-1","max-image-preview":"max-image-preview:large","max-video-preview":"max-video-preview:-1"},"canonical":"https:\/\/salesianosmaux.es\/parroquia\/grupos-y-asociaciones\/","og_locale":"es_ES","og_type":"article","og_title":"Grupos y asociaciones - Parroquia Mar\u00eda Auxiliadora","og_description":"\u00bfQui\u00e9nes formamos la Comunidad Salesiana?Nuestra Obra Salesiana, es una casa habitada por una comunidad de Salesianos que se dedica a tiempo pleno a acompa\u00f1ar, rezar y animar a los diversos proyectos y ambientes educativo-pastorales. Participamos de muy diversas maneras en la animaci\u00f3n de toda la Obra Salesiana de Salamanca - Mar\u00eda Auxiliadora, prodigando tiempos, atenci\u00f3n [&hellip;]","og_url":"https:\/\/salesianosmaux.es\/parroquia\/grupos-y-asociaciones\/","og_site_name":"Parroquia Mar\u00eda Auxiliadora","article_modified_time":"2024-03-24T16:28:23+00:00","twitter_card":"summary_large_image","twitter_misc":{"Tiempo de lectura":"9 minutos"},"schema":{"@context":"https:\/\/schema.org","@graph":[{"@type":"WebPage","@id":"https:\/\/salesianosmaux.es\/parroquia\/grupos-y-asociaciones\/","url":"https:\/\/salesianosmaux.es\/parroquia\/grupos-y-asociaciones\/","name":"Grupos y asociaciones - Parroquia Mar\u00eda Auxiliadora","isPartOf":{"@id":"https:\/\/salesianosmaux.es\/parroquia\/#website"},"datePublished":"2022-02-21T21:50:51+00:00","dateModified":"2024-03-24T16:28:23+00:00","breadcrumb":{"@id":"https:\/\/salesianosmaux.es\/parroquia\/grupos-y-asociaciones\/#breadcrumb"},"inLanguage":"es","potentialAction":[{"@type":"ReadAction","target":["https:\/\/salesianosmaux.es\/parroquia\/grupos-y-asociaciones\/"]}]},{"@type":"BreadcrumbList","@id":"https:\/\/salesianosmaux.es\/parroquia\/grupos-y-asociaciones\/#breadcrumb","itemListElement":[{"@type":"ListItem","position":1,"name":"Portada","item":"https:\/\/salesianosmaux.es\/parroquia\/"},{"@type":"ListItem","position":2,"name":"Grupos y asociaciones"}]},{"@type":"WebSite","@id":"https:\/\/salesianosmaux.es\/parroquia\/#website","url":"https:\/\/salesianosmaux.es\/parroquia\/","name":"Parroquia Mar\u00eda Auxiliadora","description":"","potentialAction":[{"@type":"SearchAction","target":{"@type":"EntryPoint","urlTemplate":"https:\/\/salesianosmaux.es\/parroquia\/?s={search_term_string}"},"query-input":{"@type":"PropertyValueSpecification","valueRequired":true,"valueName":"search_term_string"}}],"inLanguage":"es"}]}},"_links":{"self":[{"href":"https:\/\/salesianosmaux.es\/parroquia\/wp-json\/wp\/v2\/pages\/139","targetHints":{"allow":["GET"]}}],"collection":[{"href":"https:\/\/salesianosmaux.es\/parroquia\/wp-json\/wp\/v2\/pages"}],"about":[{"href":"https:\/\/salesianosmaux.es\/parroquia\/wp-json\/wp\/v2\/types\/page"}],"author":[{"embeddable":true,"href":"https:\/\/salesianosmaux.es\/parroquia\/wp-json\/wp\/v2\/users\/1"}],"replies":[{"embeddable":true,"href":"https:\/\/salesianosmaux.es\/parroquia\/wp-json\/wp\/v2\/comments?post=139"}],"version-history":[{"count":10,"href":"https:\/\/salesianosmaux.es\/parroquia\/wp-json\/wp\/v2\/pages\/139\/revisions"}],"predecessor-version":[{"id":611,"href":"https:\/\/salesianosmaux.es\/parroquia\/wp-json\/wp\/v2\/pages\/139\/revisions\/611"}],"wp:attachment":[{"href":"https:\/\/salesianosmaux.es\/parroquia\/wp-json\/wp\/v2\/media?parent=139"}],"curies":[{"name":"wp","href":"https:\/\/api.w.org\/{rel}","templated":true}]}}