{"id":41,"date":"2022-02-11T16:02:41","date_gmt":"2022-02-11T16:02:41","guid":{"rendered":"https:\/\/salesianosmaux.es\/parroquia\/saludo-director-obra\/"},"modified":"2022-09-21T06:55:18","modified_gmt":"2022-09-21T06:55:18","slug":"saludo-parroco","status":"publish","type":"page","link":"https:\/\/salesianosmaux.es\/parroquia\/saludo-parroco\/","title":{"rendered":"Saludo del P\u00e1rroco"},"content":{"rendered":"<p>[et_pb_section fb_built=\u00bb1&#8243; fullwidth=\u00bbon\u00bb _builder_version=\u00bb4.16&#8243; global_colors_info=\u00bb{}\u00bb][et_pb_fullwidth_header title=\u00bbSaludo del P\u00e1rroco\u00bb module_class=\u00bbpagina-imagen-cabecera\u00bb _builder_version=\u00bb4.18.0&#8243; title_font=\u00bbLato||||||||\u00bb background_color=\u00bb#E02B20&#8243; background_image=\u00bbhttps:\/\/salesianosmaux.es\/parroquia\/wp-content\/uploads\/sites\/8\/2022\/02\/encabezado_noticias_casa-min-1.png\u00bb background_layout=\u00bblight\u00bb max_width_tablet=\u00bb50px\u00bb hover_enabled=\u00bb0&#8243; button_one_letter_spacing_hover=\u00bb0&#8243; button_two_letter_spacing_hover=\u00bb0&#8243; global_colors_info=\u00bb{}\u00bb button_one_text_size__hover_enabled=\u00bboff\u00bb button_two_text_size__hover_enabled=\u00bboff\u00bb button_one_text_color__hover_enabled=\u00bboff\u00bb button_two_text_color__hover_enabled=\u00bboff\u00bb button_one_border_width__hover_enabled=\u00bboff\u00bb button_two_border_width__hover_enabled=\u00bboff\u00bb button_one_border_color__hover_enabled=\u00bboff\u00bb button_two_border_color__hover_enabled=\u00bboff\u00bb button_one_border_radius__hover_enabled=\u00bboff\u00bb button_two_border_radius__hover_enabled=\u00bboff\u00bb button_one_letter_spacing__hover_enabled=\u00bbon\u00bb button_one_letter_spacing__hover=\u00bb0&#8243; button_two_letter_spacing__hover_enabled=\u00bbon\u00bb button_two_letter_spacing__hover=\u00bb0&#8243; button_one_bg_color__hover_enabled=\u00bboff\u00bb button_two_bg_color__hover_enabled=\u00bboff\u00bb sticky_enabled=\u00bb0&#8243; title_text=\u00bbencabezado_noticias_casa-min-1&#8243;][\/et_pb_fullwidth_header][\/et_pb_section][et_pb_section fb_built=\u00bb1&#8243; admin_label=\u00bbsection\u00bb _builder_version=\u00bb4.16&#8243; global_colors_info=\u00bb{}\u00bb][et_pb_row column_structure=\u00bb1_4,3_4&#8243; _builder_version=\u00bb4.16&#8243; background_color=\u00bb#f2f2f2&#8243; custom_margin=\u00bb25px||||false|false\u00bb custom_padding=\u00bb40px|35px||35px|false|false\u00bb border_radii=\u00bbon|10px|10px|10px|10px\u00bb box_shadow_style=\u00bbpreset2&#8243; global_colors_info=\u00bb{}\u00bb][et_pb_column type=\u00bb1_4&#8243; _builder_version=\u00bb4.16&#8243; custom_padding=\u00bb|||\u00bb global_colors_info=\u00bb{}\u00bb custom_padding__hover=\u00bb|||\u00bb][et_pb_image src=\u00bbhttps:\/\/salesianosmaux.es\/parroquia\/wp-content\/uploads\/sites\/8\/2022\/09\/Parroco.jpg\u00bb alt=\u00bbJes\u00fas Vivanco\u00bb title_text=\u00bbP\u00e1rroco\u00bb admin_label=\u00bbFoto (Imagen)\u00bb _builder_version=\u00bb4.18.0&#8243; animation_style=\u00bbslide\u00bb animation_direction=\u00bbleft\u00bb animation_duration=\u00bb500ms\u00bb animation_intensity_slide=\u00bb10%\u00bb hover_enabled=\u00bb0&#8243; border_style=\u00bbsolid\u00bb always_center_on_mobile=\u00bboff\u00bb global_colors_info=\u00bb{}\u00bb sticky_enabled=\u00bb0&#8243;][\/et_pb_image][et_pb_text _builder_version=\u00bb4.16&#8243; text_font=\u00bbLato||||\u00bb text_text_color=\u00bb#e02b20&#8243; text_font_size=\u00bb17px\u00bb header_font=\u00bbLato||||\u00bb custom_margin=\u00bb|||\u00bb custom_padding=\u00bb1px|||\u00bb global_colors_info=\u00bb{}\u00bb]Atenci\u00f3n al p\u00fablico<br \/>\n[\/et_pb_text][et_pb_text _builder_version=\u00bb4.16&#8243; text_font=\u00bbLato Light||||\u00bb text_font_size=\u00bb13px\u00bb text_line_height=\u00bb1.3em\u00bb header_font=\u00bbLato||||\u00bb custom_margin=\u00bb-10px|||\u00bb border_style=\u00bbsolid\u00bb global_colors_info=\u00bb{}\u00bb]<\/p>\n<p>Pedir cita en recepci\u00f3n | <a href=\"callto:923282431\">923 28 24 31<\/a><\/p>\n<p>[\/et_pb_text][\/et_pb_column][et_pb_column type=\u00bb3_4&#8243; _builder_version=\u00bb4.16&#8243; custom_padding=\u00bb|||\u00bb global_colors_info=\u00bb{}\u00bb custom_padding__hover=\u00bb|||\u00bb][et_pb_text _builder_version=\u00bb4.18.0&#8243; border_style=\u00bbsolid\u00bb global_colors_info=\u00bb{}\u00bb]<\/p>\n<p style=\"text-align: justify;\">Quiero expresaros desde estas l\u00edneas mi cercan\u00eda como p\u00e1rroco de nuestra Parroquia Santuario de \u201cMar\u00eda Auxiliadora\u201d, en Salamanca.<\/p>\n<p>S\u00e9 que me toca animar a cuantos pertenecemos a esta gran familia que es la comunidad cristiana. Hemos sido convocados por el Esp\u00edritu del Se\u00f1or Resucitado para anunciar el Evangelio que es la gran Noticia que todos los hombres est\u00e1n esperando<\/p>\n<p>El Evangelio s\u00f3lo se puede anunciar desde la sinodalidad, es decir, \u201ccaminando juntos\u201d.<\/p>\n<p>Os invito a caminar unidos, abriendo las puertas a todos los que vienen buscando misericordia y fraternidad; a salir al encuentro de quien se alej\u00f3 por distintas razones o a los que nunca han disfrutado de ser amados.<\/p>\n<p>Nos sabemos acompa\u00f1ados con nosotros van el Se\u00f1or Jes\u00fas y su Madre, nuestra madre y auxilio.<\/p>\n<p>Contad con mi oraci\u00f3n y afecto, yo cuento con el vuestro<\/p>\n<p>[\/et_pb_text][et_pb_text _builder_version=\u00bb4.18.0&#8243; text_font=\u00bbLato||||\u00bb text_text_color=\u00bb#e02b20&#8243; text_font_size=\u00bb20px\u00bb text_orientation=\u00bbright\u00bb module_alignment=\u00bbright\u00bb hover_enabled=\u00bb0&#8243; border_style=\u00bbsolid\u00bb global_colors_info=\u00bb{}\u00bb sticky_enabled=\u00bb0&#8243;]<\/p>\n<p>Juan Manuel sdb<\/p>\n<p>[\/et_pb_text][et_pb_text _builder_version=\u00bb4.18.0&#8243; text_font=\u00bbLato Light||||\u00bb text_font_size=\u00bb17px\u00bb text_orientation=\u00bbright\u00bb module_alignment=\u00bbright\u00bb hover_enabled=\u00bb0&#8243; border_style=\u00bbsolid\u00bb global_colors_info=\u00bb{}\u00bb sticky_enabled=\u00bb0&#8243;]<\/p>\n<p>P\u00e1rroco<\/p>\n<p>[\/et_pb_text][\/et_pb_column][\/et_pb_row][et_pb_row column_structure=\u00bb1_3,1_3,1_3&#8243; _builder_version=\u00bb4.16&#8243; custom_margin=\u00bb40px||||false|false\u00bb global_colors_info=\u00bb{}\u00bb][et_pb_column type=\u00bb1_3&#8243; _builder_version=\u00bb4.16&#8243; custom_padding=\u00bb|||\u00bb global_colors_info=\u00bb{}\u00bb custom_padding__hover=\u00bb|||\u00bb][et_pb_blurb title=\u00bbIdentidad\u00bb url=\u00bbhttps:\/\/salesianosmaux.es\/parroquia\/identidad\u00bb use_icon=\u00bbon\u00bb font_icon=\u00bb&#xe089;||divi||400&#8243; image_icon_background_color=\u00bb#ffffff\u00bb image_icon_width=\u00bb59px\u00bb _builder_version=\u00bb4.16&#8243; header_font_size=\u00bb16px\u00bb background_size=\u00bbinitial\u00bb background_position=\u00bbtop_left\u00bb background_repeat=\u00bbrepeat\u00bb image_icon_custom_padding=\u00bb25px|25px|25px|25px|false|false\u00bb text_orientation=\u00bbcenter\u00bb max_width_tablet=\u00bb50px\u00bb animation=\u00bboff\u00bb border_radii_image=\u00bbon|100%|100%|100%|100%\u00bb border_width_all_image=\u00bb3px\u00bb border_color_all_image=\u00bb#636a70&#8243; border_style=\u00bbsolid\u00bb icon_font_size=\u00bb59px\u00bb use_circle=\u00bbon\u00bb use_circle_border=\u00bbon\u00bb circle_border_color=\u00bb#636a70&#8243; circle_color=\u00bb#ffffff\u00bb global_colors_info=\u00bb{}\u00bb image_icon_background_color__sticky_enabled=\u00bb#7EBEC5&#8243; image_icon_background_color__sticky=\u00bb#7EBEC5&#8243;][\/et_pb_blurb][\/et_pb_column][et_pb_column type=\u00bb1_3&#8243; _builder_version=\u00bb4.16&#8243; custom_padding=\u00bb|||\u00bb global_colors_info=\u00bb{}\u00bb custom_padding__hover=\u00bb|||\u00bb][et_pb_blurb title=\u00bbNuestro proyecto\u00bb url=\u00bbhttps:\/\/drive.google.com\/file\/d\/1I-OGVydx5ZYUiKxxaT3yEi_FeBuBE8II\/view?usp=sharing\u00bb url_new_window=\u00bbon\u00bb use_icon=\u00bbon\u00bb font_icon=\u00bb&#x69;||divi||400&#8243; image_icon_background_color=\u00bb#ffffff\u00bb image_icon_width=\u00bb59px\u00bb _builder_version=\u00bb4.16&#8243; header_font_size=\u00bb16px\u00bb background_size=\u00bbinitial\u00bb background_position=\u00bbtop_left\u00bb background_repeat=\u00bbrepeat\u00bb image_icon_custom_padding=\u00bb25px|25px|25px|25px|false|false\u00bb text_orientation=\u00bbcenter\u00bb max_width_tablet=\u00bb50px\u00bb animation=\u00bboff\u00bb border_radii_image=\u00bbon|100%|100%|100%|100%\u00bb border_width_all_image=\u00bb3px\u00bb border_color_all_image=\u00bb#636a70&#8243; border_style=\u00bbsolid\u00bb icon_font_size=\u00bb59px\u00bb use_circle=\u00bbon\u00bb use_circle_border=\u00bbon\u00bb circle_border_color=\u00bb#636a70&#8243; circle_color=\u00bb#ffffff\u00bb global_colors_info=\u00bb{}\u00bb image_icon_background_color__sticky_enabled=\u00bb#7EBEC5&#8243; image_icon_background_color__sticky=\u00bb#7EBEC5&#8243;][\/et_pb_blurb][\/et_pb_column][et_pb_column type=\u00bb1_3&#8243; _builder_version=\u00bb4.16&#8243; custom_padding=\u00bb|||\u00bb global_colors_info=\u00bb{}\u00bb custom_padding__hover=\u00bb|||\u00bb][et_pb_blurb title=\u00bbComunidad Salesiana\u00bb url=\u00bbhttps:\/\/salesianosmaux.es\/parroquia\/comunidad-salesiana\u00bb use_icon=\u00bbon\u00bb font_icon=\u00bb&#xe074;||divi||400&#8243; image_icon_background_color=\u00bb#ffffff\u00bb image_icon_width=\u00bb59px\u00bb _builder_version=\u00bb4.16&#8243; header_font_size=\u00bb16px\u00bb background_size=\u00bbinitial\u00bb background_position=\u00bbtop_left\u00bb background_repeat=\u00bbrepeat\u00bb image_icon_custom_padding=\u00bb25px|25px|25px|25px|false|false\u00bb text_orientation=\u00bbcenter\u00bb max_width_tablet=\u00bb50px\u00bb animation=\u00bboff\u00bb border_radii_image=\u00bbon|100%|100%|100%|100%\u00bb border_width_all_image=\u00bb3px\u00bb border_color_all_image=\u00bb#636a70&#8243; border_style=\u00bbsolid\u00bb icon_font_size=\u00bb59px\u00bb use_circle=\u00bbon\u00bb use_circle_border=\u00bbon\u00bb circle_border_color=\u00bb#636a70&#8243; circle_color=\u00bb#ffffff\u00bb global_colors_info=\u00bb{}\u00bb image_icon_background_color__sticky_enabled=\u00bb#7EBEC5&#8243; image_icon_background_color__sticky=\u00bb#7EBEC5&#8243;][\/et_pb_blurb][\/et_pb_column][\/et_pb_row][\/et_pb_section]<\/p>\n","protected":false},"excerpt":{"rendered":"<p>Atenci\u00f3n al p\u00fablico Pedir cita en recepci\u00f3n | 923 28 24 31Quiero expresaros desde estas l\u00edneas mi cercan\u00eda como p\u00e1rroco de nuestra Parroquia Santuario de \u201cMar\u00eda Auxiliadora\u201d, en Salamanca. S\u00e9 que me toca animar a cuantos pertenecemos a esta gran familia que es la comunidad cristiana. Hemos sido convocados por el Esp\u00edritu del Se\u00f1or Resucitado [&hellip;]<\/p>\n","protected":false},"author":1,"featured_media":0,"parent":0,"menu_order":0,"comment_status":"closed","ping_status":"closed","template":"","meta":{"_et_pb_use_builder":"on","_et_pb_old_content":"","_et_gb_content_width":"","footnotes":""},"class_list":["post-41","page","type-page","status-publish","hentry"],"yoast_head":"<!-- This site is optimized with the Yoast SEO plugin v28.4 - https:\/\/yoast.com\/product\/yoast-seo-wordpress\/ -->\n<title>Saludo del P\u00e1rroco - Parroquia Mar\u00eda Auxiliadora<\/title>\n<meta name=\"robots\" content=\"index, follow, max-snippet:-1, max-image-preview:large, max-video-preview:-1\" \/>\n<link rel=\"canonical\" href=\"https:\/\/salesianosmaux.es\/parroquia\/saludo-parroco\/\" \/>\n<meta property=\"og:locale\" content=\"es_ES\" \/>\n<meta property=\"og:type\" content=\"article\" \/>\n<meta property=\"og:title\" content=\"Saludo del P\u00e1rroco - Parroquia Mar\u00eda Auxiliadora\" \/>\n<meta property=\"og:description\" content=\"\u00bfQui\u00e9nes formamos la Comunidad Salesiana?Nuestra Obra Salesiana, es una casa habitada por una comunidad de Salesianos que se dedica a tiempo pleno a acompa\u00f1ar, rezar y animar a los diversos proyectos y ambientes educativo-pastorales. Participamos de muy diversas maneras en la animaci\u00f3n de toda la Obra Salesiana de Salamanca - Mar\u00eda Auxiliadora, prodigando tiempos, atenci\u00f3n [&hellip;]\" \/>\n<meta property=\"og:url\" content=\"https:\/\/salesianosmaux.es\/parroquia\/saludo-parroco\/\" \/>\n<meta property=\"og:site_name\" content=\"Parroquia Mar\u00eda Auxiliadora\" \/>\n<meta property=\"article:modified_time\" content=\"2022-09-21T06:55:18+00:00\" \/>\n<meta name=\"twitter:card\" content=\"summary_large_image\" \/>\n<script type=\"application\/ld+json\" class=\"yoast-schema-graph\">{\"@context\":\"https:\\\/\\\/schema.org\",\"@graph\":[{\"@type\":\"WebPage\",\"@id\":\"https:\\\/\\\/salesianosmaux.es\\\/parroquia\\\/saludo-parroco\\\/\",\"url\":\"https:\\\/\\\/salesianosmaux.es\\\/parroquia\\\/saludo-parroco\\\/\",\"name\":\"Saludo del P\u00e1rroco - Parroquia Mar\u00eda Auxiliadora\",\"isPartOf\":{\"@id\":\"https:\\\/\\\/salesianosmaux.es\\\/parroquia\\\/#website\"},\"datePublished\":\"2022-02-11T16:02:41+00:00\",\"dateModified\":\"2022-09-21T06:55:18+00:00\",\"breadcrumb\":{\"@id\":\"https:\\\/\\\/salesianosmaux.es\\\/parroquia\\\/saludo-parroco\\\/#breadcrumb\"},\"inLanguage\":\"es\",\"potentialAction\":[{\"@type\":\"ReadAction\",\"target\":[\"https:\\\/\\\/salesianosmaux.es\\\/parroquia\\\/saludo-parroco\\\/\"]}]},{\"@type\":\"BreadcrumbList\",\"@id\":\"https:\\\/\\\/salesianosmaux.es\\\/parroquia\\\/saludo-parroco\\\/#breadcrumb\",\"itemListElement\":[{\"@type\":\"ListItem\",\"position\":1,\"name\":\"Portada\",\"item\":\"https:\\\/\\\/salesianosmaux.es\\\/parroquia\\\/\"},{\"@type\":\"ListItem\",\"position\":2,\"name\":\"Saludo del P\u00e1rroco\"}]},{\"@type\":\"WebSite\",\"@id\":\"https:\\\/\\\/salesianosmaux.es\\\/parroquia\\\/#website\",\"url\":\"https:\\\/\\\/salesianosmaux.es\\\/parroquia\\\/\",\"name\":\"Parroquia Mar\u00eda Auxiliadora\",\"description\":\"\",\"potentialAction\":[{\"@type\":\"SearchAction\",\"target\":{\"@type\":\"EntryPoint\",\"urlTemplate\":\"https:\\\/\\\/salesianosmaux.es\\\/parroquia\\\/?s={search_term_string}\"},\"query-input\":{\"@type\":\"PropertyValueSpecification\",\"valueRequired\":true,\"valueName\":\"search_term_string\"}}],\"inLanguage\":\"es\"}]}<\/script>\n<!-- \/ Yoast SEO plugin. -->","yoast_head_json":{"title":"Saludo del P\u00e1rroco - Parroquia Mar\u00eda Auxiliadora","robots":{"index":"index","follow":"follow","max-snippet":"max-snippet:-1","max-image-preview":"max-image-preview:large","max-video-preview":"max-video-preview:-1"},"canonical":"https:\/\/salesianosmaux.es\/parroquia\/saludo-parroco\/","og_locale":"es_ES","og_type":"article","og_title":"Saludo del P\u00e1rroco - Parroquia Mar\u00eda Auxiliadora","og_description":"\u00bfQui\u00e9nes formamos la Comunidad Salesiana?Nuestra Obra Salesiana, es una casa habitada por una comunidad de Salesianos que se dedica a tiempo pleno a acompa\u00f1ar, rezar y animar a los diversos proyectos y ambientes educativo-pastorales. Participamos de muy diversas maneras en la animaci\u00f3n de toda la Obra Salesiana de Salamanca - Mar\u00eda Auxiliadora, prodigando tiempos, atenci\u00f3n [&hellip;]","og_url":"https:\/\/salesianosmaux.es\/parroquia\/saludo-parroco\/","og_site_name":"Parroquia Mar\u00eda Auxiliadora","article_modified_time":"2022-09-21T06:55:18+00:00","twitter_card":"summary_large_image","schema":{"@context":"https:\/\/schema.org","@graph":[{"@type":"WebPage","@id":"https:\/\/salesianosmaux.es\/parroquia\/saludo-parroco\/","url":"https:\/\/salesianosmaux.es\/parroquia\/saludo-parroco\/","name":"Saludo del P\u00e1rroco - Parroquia Mar\u00eda Auxiliadora","isPartOf":{"@id":"https:\/\/salesianosmaux.es\/parroquia\/#website"},"datePublished":"2022-02-11T16:02:41+00:00","dateModified":"2022-09-21T06:55:18+00:00","breadcrumb":{"@id":"https:\/\/salesianosmaux.es\/parroquia\/saludo-parroco\/#breadcrumb"},"inLanguage":"es","potentialAction":[{"@type":"ReadAction","target":["https:\/\/salesianosmaux.es\/parroquia\/saludo-parroco\/"]}]},{"@type":"BreadcrumbList","@id":"https:\/\/salesianosmaux.es\/parroquia\/saludo-parroco\/#breadcrumb","itemListElement":[{"@type":"ListItem","position":1,"name":"Portada","item":"https:\/\/salesianosmaux.es\/parroquia\/"},{"@type":"ListItem","position":2,"name":"Saludo del P\u00e1rroco"}]},{"@type":"WebSite","@id":"https:\/\/salesianosmaux.es\/parroquia\/#website","url":"https:\/\/salesianosmaux.es\/parroquia\/","name":"Parroquia Mar\u00eda Auxiliadora","description":"","potentialAction":[{"@type":"SearchAction","target":{"@type":"EntryPoint","urlTemplate":"https:\/\/salesianosmaux.es\/parroquia\/?s={search_term_string}"},"query-input":{"@type":"PropertyValueSpecification","valueRequired":true,"valueName":"search_term_string"}}],"inLanguage":"es"}]}},"_links":{"self":[{"href":"https:\/\/salesianosmaux.es\/parroquia\/wp-json\/wp\/v2\/pages\/41","targetHints":{"allow":["GET"]}}],"collection":[{"href":"https:\/\/salesianosmaux.es\/parroquia\/wp-json\/wp\/v2\/pages"}],"about":[{"href":"https:\/\/salesianosmaux.es\/parroquia\/wp-json\/wp\/v2\/types\/page"}],"author":[{"embeddable":true,"href":"https:\/\/salesianosmaux.es\/parroquia\/wp-json\/wp\/v2\/users\/1"}],"replies":[{"embeddable":true,"href":"https:\/\/salesianosmaux.es\/parroquia\/wp-json\/wp\/v2\/comments?post=41"}],"version-history":[{"count":7,"href":"https:\/\/salesianosmaux.es\/parroquia\/wp-json\/wp\/v2\/pages\/41\/revisions"}],"predecessor-version":[{"id":435,"href":"https:\/\/salesianosmaux.es\/parroquia\/wp-json\/wp\/v2\/pages\/41\/revisions\/435"}],"wp:attachment":[{"href":"https:\/\/salesianosmaux.es\/parroquia\/wp-json\/wp\/v2\/media?parent=41"}],"curies":[{"name":"wp","href":"https:\/\/api.w.org\/{rel}","templated":true}]}}