{"id":60,"date":"2022-02-12T14:59:24","date_gmt":"2022-02-12T14:59:24","guid":{"rendered":"https:\/\/salesianosmaux.es\/parroquia\/?page_id=60"},"modified":"2022-02-12T15:07:17","modified_gmt":"2022-02-12T15:07:17","slug":"identidad","status":"publish","type":"page","link":"https:\/\/salesianosmaux.es\/parroquia\/identidad\/","title":{"rendered":"Identidad"},"content":{"rendered":"<p>[et_pb_section fb_built=\u00bb1&#8243; fullwidth=\u00bbon\u00bb _builder_version=\u00bb3.22&#8243; global_colors_info=\u00bb{}\u00bb][et_pb_fullwidth_header title=\u00bbIdentidad\u00bb module_class=\u00bbpagina-imagen-cabecera\u00bb _builder_version=\u00bb4.14.7&#8243; content_font=\u00bbArial||on||||||\u00bb content_text_align=\u00bbright\u00bb content_text_color=\u00bb#FFFFFF\u00bb background_color=\u00bbrgba(255, 255, 255, 0)\u00bb background_image=\u00bbhttps:\/\/inspectoria.salesianos.edu\/wp-content\/uploads\/2017\/09\/ImagenPAGINA.jpg\u00bb background_layout=\u00bblight\u00bb max_width_tablet=\u00bb50px\u00bb button_one_letter_spacing_hover=\u00bb0&#8243; button_two_letter_spacing_hover=\u00bb0&#8243; global_colors_info=\u00bb{}\u00bb button_one_text_size__hover_enabled=\u00bboff\u00bb button_two_text_size__hover_enabled=\u00bboff\u00bb button_one_text_color__hover_enabled=\u00bboff\u00bb button_two_text_color__hover_enabled=\u00bboff\u00bb button_one_border_width__hover_enabled=\u00bboff\u00bb button_two_border_width__hover_enabled=\u00bboff\u00bb button_one_border_color__hover_enabled=\u00bboff\u00bb button_two_border_color__hover_enabled=\u00bboff\u00bb button_one_border_radius__hover_enabled=\u00bboff\u00bb button_two_border_radius__hover_enabled=\u00bboff\u00bb button_one_letter_spacing__hover_enabled=\u00bbon\u00bb button_one_letter_spacing__hover=\u00bb0&#8243; button_two_letter_spacing__hover_enabled=\u00bbon\u00bb button_two_letter_spacing__hover=\u00bb0&#8243; button_one_bg_color__hover_enabled=\u00bboff\u00bb button_two_bg_color__hover_enabled=\u00bboff\u00bb]<\/p>\n<p style=\"text-align: right;\"><span style=\"color: #ffffff;\"><em>Salesianos de Don Bosco (SDB)<\/em><\/span><\/p>\n<p>[\/et_pb_fullwidth_header][\/et_pb_section][et_pb_section fb_built=\u00bb1&#8243; admin_label=\u00bbsection\u00bb _builder_version=\u00bb3.22&#8243; global_colors_info=\u00bb{}\u00bb][et_pb_row column_structure=\u00bb1_4,3_4&#8243; _builder_version=\u00bb3.25&#8243; custom_margin=\u00bb25px|||\u00bb custom_padding=\u00bb25px|||\u00bb global_colors_info=\u00bb{}\u00bb][et_pb_column type=\u00bb1_4&#8243; _builder_version=\u00bb3.25&#8243; custom_padding=\u00bb|||\u00bb global_colors_info=\u00bb{}\u00bb custom_padding__hover=\u00bb|||\u00bb][et_pb_image src=\u00bbhttps:\/\/inspectoria.salesianos.edu\/wp-content\/uploads\/2017\/09\/logoSalesianosWeb.png\u00bb alt=\u00bbLogo de los Salesianos\u00bb title_text=\u00bbLogo de los Salesianos\u00bb align=\u00bbcenter\u00bb align_tablet=\u00bbcenter\u00bb align_phone=\u00bb\u00bb align_last_edited=\u00bbon|desktop\u00bb _builder_version=\u00bb3.23&#8243; max_width=\u00bb130px\u00bb animation_style=\u00bbslide\u00bb animation_direction=\u00bbright\u00bb animation_duration=\u00bb500ms\u00bb animation_intensity_slide=\u00bb10%\u00bb border_style=\u00bbsolid\u00bb animation=\u00bbright\u00bb always_center_on_mobile=\u00bbon\u00bb global_colors_info=\u00bb{}\u00bb][\/et_pb_image][\/et_pb_column][et_pb_column type=\u00bb3_4&#8243; _builder_version=\u00bb3.25&#8243; custom_padding=\u00bb|||\u00bb global_colors_info=\u00bb{}\u00bb custom_padding__hover=\u00bb|||\u00bb][et_pb_text _builder_version=\u00bb3.27.4&#8243; global_colors_info=\u00bb{}\u00bb]<\/p>\n<h1>\u00bfQui\u00e9nes somos los Salesianos?<\/h1>\n<p>[\/et_pb_text][et_pb_text _builder_version=\u00bb4.14.7&#8243; border_style=\u00bbsolid\u00bb global_colors_info=\u00bb{}\u00bb]<\/p>\n<p><span>En nuestra casa, los <\/span><strong>Salesianos<\/strong><span> estamos presentes y <\/span><strong>acompa\u00f1amos a grupos, equipos y personas<\/strong><span> creyentes que son la base de una <\/span><strong>comunidad cristiana de referencia<\/strong><span> que hace posible la labor educativa y evangelizadora de nuestros proyectos y ambientes propios. A nosotros, los Salesianos, nos mueve una <\/span><strong>identidad<\/strong><span>, una <\/span><strong>misi\u00f3n<\/strong><span> y una <\/span><strong>espiritualidad propia<\/strong><span>.<\/span><\/p>\n<p>[\/et_pb_text][\/et_pb_column][\/et_pb_row][et_pb_row _builder_version=\u00bb3.25&#8243; global_colors_info=\u00bb{}\u00bb][et_pb_column type=\u00bb4_4&#8243; _builder_version=\u00bb3.25&#8243; custom_padding=\u00bb|||\u00bb global_colors_info=\u00bb{}\u00bb custom_padding__hover=\u00bb|||\u00bb][et_pb_tabs _builder_version=\u00bb4.14.7&#8243; tab_font=\u00bbAmatic SC||||\u00bb tab_font_size=\u00bb24px\u00bb border_style=\u00bbsolid\u00bb global_colors_info=\u00bb{}\u00bb][et_pb_tab title=\u00bbIdentidad\u00bb _builder_version=\u00bb4.14.7&#8243; body_font=\u00bb||||\u00bb tab_font=\u00bb||||\u00bb global_colors_info=\u00bb{}\u00bb]<\/p>\n<h2>Nuestra identidad<\/h2>\n<p>Los Salesianos somos una <strong>congregaci\u00f3n de religiosos<\/strong> pertenecientes a la Iglesia Cat\u00f3lica, fundados por San Juan Bosco. Nuestro nombre oficial es Sociedad de San Francisco de Sales, pues Don Bosco, as\u00ed nos referimos familiarmente a nuestro Fundador, eligi\u00f3 a este santo como modelo por su amabilidad y pasi\u00f3n evangelizadora. Com\u00fanmente se nos conoce por Salesianos de Don Bosco (SDB) o simplemente Salesianos. Nuestra Congregaci\u00f3n est\u00e1 formada por salesianos sacerdotes y salesianos laicos.<\/p>\n<p>El art\u00edculo 2 de nuestras Constituciones dice:<\/p>\n<blockquote>\n<p>\u00a0<span>\u201c<\/span><em>Los salesianos de Don Bosco (SDB) formamos una comunidad de bautizados que, d\u00f3ciles a la voz del Esp\u00edritu, nos proponemos realizar, en una forma espec\u00edfica de vida religiosa, el proyecto apost\u00f3lico del Fundador: Ser en la Iglesia signos y portadores del amor de Dios a los j\u00f3venes, especialmente a los m\u00e1s pobres. En el cumplimiento de esta misi\u00f3n encontramos el camino de nuestra santificaci\u00f3n<\/em><span>\u201d.<\/span>\u00a0<\/p>\n<\/blockquote>\n<p>&nbsp;<\/p>\n<p>[\/et_pb_tab][et_pb_tab title=\u00bbMisi\u00f3n\u00bb _builder_version=\u00bb4.14.7&#8243; body_font=\u00bb||||\u00bb tab_font=\u00bb||||\u00bb global_colors_info=\u00bb{}\u00bb]<\/p>\n<h3><span lang=\"ES\">\u00bfCu\u00e1l es nuestra misi\u00f3n?<\/span><\/h3>\n<p><span lang=\"ES\">Nuestra misi\u00f3n, dentro de la Iglesia, es la <strong>educaci\u00f3n y la evangelizaci\u00f3n de los j\u00f3venes<\/strong>. El proyecto educativo pastoral que queremos realizar en todas nuestras obras est\u00e1 orientado a la promoci\u00f3n integral de la persona del joven y sus ra\u00edces son el humanismo cristiano.<o:p><\/o:p><\/span><\/p>\n<p><span lang=\"ES\">Nuestras Constituciones lo expresan as\u00ed:<\/span><\/p>\n<blockquote>\n<p><span lang=\"ES\"><span>\u201c<\/span><em>Fieles a los compromisos heredados de Don Bosco, somos evangelizadores de los j\u00f3venes; tenemos cuidado especial de las vocaciones apost\u00f3licas; somos educadores de la fe en ambientes populares, sobre todo con la comunicaci\u00f3n social, y anunciamos el Evangelio a los pueblos que no creen<\/em><span>\u201d (Art. 6).<\/span><\/span><\/p>\n<\/blockquote>\n<p><span lang=\"ES\">Extendidos por todo el mundo, <strong>trabajamos en 131 pa\u00edses<\/strong>, ejercemos nuestra acci\u00f3n en Centros Juveniles, Colegios, Escuelas de Formaci\u00f3n Profesional, Parroquias, Centros de asistencia a marginados, Escuelas de Formaci\u00f3n del Profesorado, Universidades, Residencias, Misiones, centros de comunicaci\u00f3n social y otras presencias al servicio de la juventud.<o:p><\/o:p><\/span><\/p>\n<p><span lang=\"ES\">Los Salesianos de Don Bosco somos unos 16.700 repartidos por los cinco continentes y distribuidos en 95 Inspector\u00edas o Provincias religiosas.<\/span><\/p>\n<p><span lang=\"ES\">De ellos, la obra de Don Bosco <strong>en Espa\u00f1a<\/strong> cuenta con unos 1.300 salesianos, sacerdotes y salesianos laicos, distribuidos en dos Inspector\u00edas o Provincias Religiosas: Mar\u00eda Auxiliadora con sede en Sevilla y Santiago el Mayor con sede en Madrid. Vivimos en comunidades, 155 en Espa\u00f1a, desde las que nos dedicamos a la educaci\u00f3n y evangelizaci\u00f3n de los j\u00f3venes, preferentemente de las clases populares.<\/span><\/p>\n<p>[\/et_pb_tab][et_pb_tab title=\u00bbEspiritualidad\u00bb _builder_version=\u00bb4.14.7&#8243; body_font=\u00bb||||\u00bb tab_font=\u00bb||||\u00bb global_colors_info=\u00bb{}\u00bb]<\/p>\n<h2><span>La Espiritualidad Salesiana<\/span><\/h2>\n<p>Cuando decimos \u201c<b>Espiritualidad Salesiana<\/b>\u201d nos referimos a los rasgos espirituales propios de todas aquellas personas que, dentro de un grupo reconocido como los Salesianos, que comparten verdadero parentesco espiritual y apost\u00f3lico como herederos y portadores del esp\u00edritu y la misi\u00f3n que El Esp\u00edritu Santo confi\u00f3 a Don Bosco para la vida de la Iglesia.<\/p>\n<h3><span><\/span><\/h3>\n<h3><span>\u00bfCu\u00e1les son esos <strong>rasgos propios<\/strong> de nuestra espiritualidad?<\/span><\/h3>\n<ul>\n<li><span>La caridad pastoral sin l\u00edmites.<\/span><\/li>\n<li><span>La gracia de unidad que busca el equilibrio de vida.<\/span><\/li>\n<li><span>El estilo de oraci\u00f3n festivo y sencillo.<\/span><\/li>\n<li><span>La misi\u00f3n juvenil y popular abierta a todos<\/span><\/li>\n<li><span>El optimismo y el gozo de la esperanza.<\/span><\/li>\n<li><span>La ascesis de la bondad y la amabilidad que crea familia<\/span><\/li>\n<li><span>El Trabajo y la Templanza.<\/span><\/li>\n<li><span>El esp\u00edritu de iniciativa.<\/span><\/li>\n<li><span>El arraigo en el misterio de Cristo y la vida en manos de Mar\u00eda.<\/span><\/li>\n<li><span>El sentido de Iglesia.<\/span><\/li>\n<\/ul>\n<p>[\/et_pb_tab][\/et_pb_tabs][\/et_pb_column][\/et_pb_row][et_pb_row _builder_version=\u00bb4.14.7&#8243; _module_preset=\u00bbdefault\u00bb hover_enabled=\u00bb0&#8243; global_colors_info=\u00bb{}\u00bb sticky_enabled=\u00bb0&#8243; width=\u00bb41%\u00bb][et_pb_column type=\u00bb4_4&#8243; admin_label=\u00bbcomunidad_salesiana\u00bb _builder_version=\u00bb4.14.7&#8243; _dynamic_attributes=\u00bblink_option_url\u00bb _module_preset=\u00bbdefault\u00bb background_color=\u00bb#ededed\u00bb custom_padding=\u00bb25px|20px|25px|20px|false|false\u00bb link_option_url=\u00bb@ET-DC@eyJkeW5hbWljIjp0cnVlLCJjb250ZW50IjoicG9zdF9saW5rX3VybF9wYWdlIiwic2V0dGluZ3MiOnsicG9zdF9pZCI6IjU5In19@\u00bb hover_enabled=\u00bb0&#8243; border_radii=\u00bbon|10px|10px|10px|10px\u00bb box_shadow_style=\u00bbpreset2&#8243; global_colors_info=\u00bb{}\u00bb sticky_enabled=\u00bb0&#8243;][et_pb_icon font_icon=\u00bb&#xf500;||fa||900&#8243; _builder_version=\u00bb4.14.7&#8243; _module_preset=\u00bbdefault\u00bb global_colors_info=\u00bb{}\u00bb][\/et_pb_icon][et_pb_text _builder_version=\u00bb4.14.7&#8243; _module_preset=\u00bbdefault\u00bb global_colors_info=\u00bb{}\u00bb]<\/p>\n<h2 style=\"text-align: center;\">Comunidad salesiana de Mar\u00eda Auxiliadora<\/h2>\n<p>[\/et_pb_text][\/et_pb_column][\/et_pb_row][\/et_pb_section]<\/p>\n","protected":false},"excerpt":{"rendered":"<p>Salesianos de Don Bosco (SDB)\u00bfQui\u00e9nes somos los Salesianos? En nuestra casa, los Salesianos estamos presentes y acompa\u00f1amos a grupos, equipos y personas creyentes que son la base de una comunidad cristiana de referencia que hace posible la labor educativa y evangelizadora de nuestros proyectos y ambientes propios. A nosotros, los Salesianos, nos mueve una identidad, [&hellip;]<\/p>\n","protected":false},"author":1,"featured_media":0,"parent":0,"menu_order":0,"comment_status":"closed","ping_status":"closed","template":"","meta":{"_et_pb_use_builder":"on","_et_pb_old_content":"","_et_gb_content_width":"","footnotes":""},"class_list":["post-60","page","type-page","status-publish","hentry"],"yoast_head":"<!-- This site is optimized with the Yoast SEO plugin v28.3 - https:\/\/yoast.com\/product\/yoast-seo-wordpress\/ -->\n<title>Identidad - Parroquia Mar\u00eda Auxiliadora<\/title>\n<meta name=\"robots\" content=\"index, follow, max-snippet:-1, max-image-preview:large, max-video-preview:-1\" \/>\n<link rel=\"canonical\" href=\"https:\/\/salesianosmaux.es\/parroquia\/identidad\/\" \/>\n<meta property=\"og:locale\" content=\"es_ES\" \/>\n<meta property=\"og:type\" content=\"article\" \/>\n<meta property=\"og:title\" content=\"Identidad - Parroquia Mar\u00eda Auxiliadora\" \/>\n<meta property=\"og:description\" content=\"\u00bfQui\u00e9nes formamos la Comunidad Salesiana?Nuestra Obra Salesiana, es una casa habitada por una comunidad de Salesianos que se dedica a tiempo pleno a acompa\u00f1ar, rezar y animar a los diversos proyectos y ambientes educativo-pastorales. Participamos de muy diversas maneras en la animaci\u00f3n de toda la Obra Salesiana de Salamanca - Mar\u00eda Auxiliadora, prodigando tiempos, atenci\u00f3n [&hellip;]\" \/>\n<meta property=\"og:url\" content=\"https:\/\/salesianosmaux.es\/parroquia\/identidad\/\" \/>\n<meta property=\"og:site_name\" content=\"Parroquia Mar\u00eda Auxiliadora\" \/>\n<meta property=\"article:modified_time\" content=\"2022-02-12T15:07:17+00:00\" \/>\n<meta name=\"twitter:card\" content=\"summary_large_image\" \/>\n<meta name=\"twitter:label1\" content=\"Tiempo de lectura\" \/>\n\t<meta name=\"twitter:data1\" content=\"6 minutos\" \/>\n<script type=\"application\/ld+json\" class=\"yoast-schema-graph\">{\"@context\":\"https:\\\/\\\/schema.org\",\"@graph\":[{\"@type\":\"WebPage\",\"@id\":\"https:\\\/\\\/salesianosmaux.es\\\/parroquia\\\/identidad\\\/\",\"url\":\"https:\\\/\\\/salesianosmaux.es\\\/parroquia\\\/identidad\\\/\",\"name\":\"Identidad - Parroquia Mar\u00eda Auxiliadora\",\"isPartOf\":{\"@id\":\"https:\\\/\\\/salesianosmaux.es\\\/parroquia\\\/#website\"},\"datePublished\":\"2022-02-12T14:59:24+00:00\",\"dateModified\":\"2022-02-12T15:07:17+00:00\",\"breadcrumb\":{\"@id\":\"https:\\\/\\\/salesianosmaux.es\\\/parroquia\\\/identidad\\\/#breadcrumb\"},\"inLanguage\":\"es\",\"potentialAction\":[{\"@type\":\"ReadAction\",\"target\":[\"https:\\\/\\\/salesianosmaux.es\\\/parroquia\\\/identidad\\\/\"]}]},{\"@type\":\"BreadcrumbList\",\"@id\":\"https:\\\/\\\/salesianosmaux.es\\\/parroquia\\\/identidad\\\/#breadcrumb\",\"itemListElement\":[{\"@type\":\"ListItem\",\"position\":1,\"name\":\"Portada\",\"item\":\"https:\\\/\\\/salesianosmaux.es\\\/parroquia\\\/\"},{\"@type\":\"ListItem\",\"position\":2,\"name\":\"Identidad\"}]},{\"@type\":\"WebSite\",\"@id\":\"https:\\\/\\\/salesianosmaux.es\\\/parroquia\\\/#website\",\"url\":\"https:\\\/\\\/salesianosmaux.es\\\/parroquia\\\/\",\"name\":\"Parroquia Mar\u00eda Auxiliadora\",\"description\":\"\",\"potentialAction\":[{\"@type\":\"SearchAction\",\"target\":{\"@type\":\"EntryPoint\",\"urlTemplate\":\"https:\\\/\\\/salesianosmaux.es\\\/parroquia\\\/?s={search_term_string}\"},\"query-input\":{\"@type\":\"PropertyValueSpecification\",\"valueRequired\":true,\"valueName\":\"search_term_string\"}}],\"inLanguage\":\"es\"}]}<\/script>\n<!-- \/ Yoast SEO plugin. -->","yoast_head_json":{"title":"Identidad - Parroquia Mar\u00eda Auxiliadora","robots":{"index":"index","follow":"follow","max-snippet":"max-snippet:-1","max-image-preview":"max-image-preview:large","max-video-preview":"max-video-preview:-1"},"canonical":"https:\/\/salesianosmaux.es\/parroquia\/identidad\/","og_locale":"es_ES","og_type":"article","og_title":"Identidad - Parroquia Mar\u00eda Auxiliadora","og_description":"\u00bfQui\u00e9nes formamos la Comunidad Salesiana?Nuestra Obra Salesiana, es una casa habitada por una comunidad de Salesianos que se dedica a tiempo pleno a acompa\u00f1ar, rezar y animar a los diversos proyectos y ambientes educativo-pastorales. Participamos de muy diversas maneras en la animaci\u00f3n de toda la Obra Salesiana de Salamanca - Mar\u00eda Auxiliadora, prodigando tiempos, atenci\u00f3n [&hellip;]","og_url":"https:\/\/salesianosmaux.es\/parroquia\/identidad\/","og_site_name":"Parroquia Mar\u00eda Auxiliadora","article_modified_time":"2022-02-12T15:07:17+00:00","twitter_card":"summary_large_image","twitter_misc":{"Tiempo de lectura":"6 minutos"},"schema":{"@context":"https:\/\/schema.org","@graph":[{"@type":"WebPage","@id":"https:\/\/salesianosmaux.es\/parroquia\/identidad\/","url":"https:\/\/salesianosmaux.es\/parroquia\/identidad\/","name":"Identidad - Parroquia Mar\u00eda Auxiliadora","isPartOf":{"@id":"https:\/\/salesianosmaux.es\/parroquia\/#website"},"datePublished":"2022-02-12T14:59:24+00:00","dateModified":"2022-02-12T15:07:17+00:00","breadcrumb":{"@id":"https:\/\/salesianosmaux.es\/parroquia\/identidad\/#breadcrumb"},"inLanguage":"es","potentialAction":[{"@type":"ReadAction","target":["https:\/\/salesianosmaux.es\/parroquia\/identidad\/"]}]},{"@type":"BreadcrumbList","@id":"https:\/\/salesianosmaux.es\/parroquia\/identidad\/#breadcrumb","itemListElement":[{"@type":"ListItem","position":1,"name":"Portada","item":"https:\/\/salesianosmaux.es\/parroquia\/"},{"@type":"ListItem","position":2,"name":"Identidad"}]},{"@type":"WebSite","@id":"https:\/\/salesianosmaux.es\/parroquia\/#website","url":"https:\/\/salesianosmaux.es\/parroquia\/","name":"Parroquia Mar\u00eda Auxiliadora","description":"","potentialAction":[{"@type":"SearchAction","target":{"@type":"EntryPoint","urlTemplate":"https:\/\/salesianosmaux.es\/parroquia\/?s={search_term_string}"},"query-input":{"@type":"PropertyValueSpecification","valueRequired":true,"valueName":"search_term_string"}}],"inLanguage":"es"}]}},"_links":{"self":[{"href":"https:\/\/salesianosmaux.es\/parroquia\/wp-json\/wp\/v2\/pages\/60","targetHints":{"allow":["GET"]}}],"collection":[{"href":"https:\/\/salesianosmaux.es\/parroquia\/wp-json\/wp\/v2\/pages"}],"about":[{"href":"https:\/\/salesianosmaux.es\/parroquia\/wp-json\/wp\/v2\/types\/page"}],"author":[{"embeddable":true,"href":"https:\/\/salesianosmaux.es\/parroquia\/wp-json\/wp\/v2\/users\/1"}],"replies":[{"embeddable":true,"href":"https:\/\/salesianosmaux.es\/parroquia\/wp-json\/wp\/v2\/comments?post=60"}],"version-history":[{"count":2,"href":"https:\/\/salesianosmaux.es\/parroquia\/wp-json\/wp\/v2\/pages\/60\/revisions"}],"predecessor-version":[{"id":67,"href":"https:\/\/salesianosmaux.es\/parroquia\/wp-json\/wp\/v2\/pages\/60\/revisions\/67"}],"wp:attachment":[{"href":"https:\/\/salesianosmaux.es\/parroquia\/wp-json\/wp\/v2\/media?parent=60"}],"curies":[{"name":"wp","href":"https:\/\/api.w.org\/{rel}","templated":true}]}}