{"id":71,"date":"2022-02-12T15:19:43","date_gmt":"2022-02-12T15:19:43","guid":{"rendered":"https:\/\/salesianosmaux.es\/parroquia\/?page_id=71"},"modified":"2023-01-23T17:15:10","modified_gmt":"2023-01-23T17:15:10","slug":"pastoral-sacramental","status":"publish","type":"page","link":"https:\/\/salesianosmaux.es\/parroquia\/pastoral-sacramental\/","title":{"rendered":"Pastoral sacramental"},"content":{"rendered":"<p>[et_pb_section fb_built=\u00bb1&#8243; fullwidth=\u00bbon\u00bb _builder_version=\u00bb4.16&#8243; global_colors_info=\u00bb{}\u00bb][et_pb_fullwidth_header title=\u00bbPastoral sacramental\u00bb module_class=\u00bbpagina-imagen-cabecera\u00bb _builder_version=\u00bb4.19.4&#8243; title_font=\u00bbLato||||||||\u00bb content_font=\u00bbArial||on||||||\u00bb content_text_align=\u00bbright\u00bb content_text_color=\u00bb#FFFFFF\u00bb subhead_font=\u00bbLato||||||||\u00bb background_color=\u00bb#E02B20&#8243; background_image=\u00bbhttps:\/\/salesianosmaux.es\/parroquia\/wp-content\/uploads\/sites\/8\/2022\/02\/encabezado_noticias_casa-min.png\u00bb background_layout=\u00bblight\u00bb max_width_tablet=\u00bb50px\u00bb hover_enabled=\u00bb0&#8243; button_one_letter_spacing_hover=\u00bb0&#8243; button_two_letter_spacing_hover=\u00bb0&#8243; global_colors_info=\u00bb{}\u00bb button_one_text_size__hover_enabled=\u00bboff\u00bb button_two_text_size__hover_enabled=\u00bboff\u00bb button_one_text_color__hover_enabled=\u00bboff\u00bb button_two_text_color__hover_enabled=\u00bboff\u00bb button_one_border_width__hover_enabled=\u00bboff\u00bb button_two_border_width__hover_enabled=\u00bboff\u00bb button_one_border_color__hover_enabled=\u00bboff\u00bb button_two_border_color__hover_enabled=\u00bboff\u00bb button_one_border_radius__hover_enabled=\u00bboff\u00bb button_two_border_radius__hover_enabled=\u00bboff\u00bb button_one_letter_spacing__hover_enabled=\u00bbon\u00bb button_one_letter_spacing__hover=\u00bb0&#8243; button_two_letter_spacing__hover_enabled=\u00bbon\u00bb button_two_letter_spacing__hover=\u00bb0&#8243; button_one_bg_color__hover_enabled=\u00bboff\u00bb button_two_bg_color__hover_enabled=\u00bboff\u00bb title_text=\u00bbencabezado_noticias_casa-min\u00bb title_text_align=\u00bbright\u00bb sticky_enabled=\u00bb0&#8243;][\/et_pb_fullwidth_header][\/et_pb_section][et_pb_section fb_built=\u00bb1&#8243; _builder_version=\u00bb4.16&#8243; _module_preset=\u00bbdefault\u00bb global_colors_info=\u00bb{}\u00bb][et_pb_row _builder_version=\u00bb4.16&#8243; _module_preset=\u00bbdefault\u00bb global_colors_info=\u00bb{}\u00bb][et_pb_column type=\u00bb4_4&#8243; _builder_version=\u00bb4.16&#8243; _module_preset=\u00bbdefault\u00bb global_colors_info=\u00bb{}\u00bb][et_pb_text _builder_version=\u00bb4.16&#8243; text_font=\u00bb||||||||\u00bb header_font=\u00bb||||||||\u00bb header_2_font=\u00bbLato|300|||||||\u00bb header_2_font_size=\u00bb30px\u00bb text_orientation=\u00bbjustified\u00bb global_colors_info=\u00bb{}\u00bb]<\/p>\n<h2>Estos son los sacramentos que ofrecemos<\/h2>\n<p>[\/et_pb_text][\/et_pb_column][\/et_pb_row][et_pb_row column_structure=\u00bb1_2,1_2&#8243; _builder_version=\u00bb4.16&#8243; _module_preset=\u00bbdefault\u00bb global_colors_info=\u00bb{}\u00bb][et_pb_column type=\u00bb1_2&#8243; _builder_version=\u00bb4.16&#8243; _module_preset=\u00bbdefault\u00bb global_colors_info=\u00bb{}\u00bb][et_pb_text _builder_version=\u00bb4.16&#8243; _module_preset=\u00bbdefault\u00bb text_text_color=\u00bb#000000&#8243; background_color=\u00bb#DBDBDB\u00bb background_image=\u00bbhttps:\/\/salesianosmaux.es\/parroquia\/wp-content\/uploads\/sites\/8\/2022\/05\/EUCARISTIA.jpeg\u00bb background_blend=\u00bboverlay\u00bb custom_padding=\u00bb35px|35px|35px|35px|false|false\u00bb border_radii=\u00bbon|10px|10px|10px|10px\u00bb box_shadow_style=\u00bbpreset2&#8243; global_colors_info=\u00bb{}\u00bb]<\/p>\n<h1>Eucarist\u00eda<\/h1>\n<p style=\"text-align: justify;\">Es uno de los pilares de la Parroquia-Santuario.<br \/>Los fieles acuden porque aprecian y valoran el servicio que se les ofrece con participaci\u00f3n activa de los fieles. Existe un <strong>buen equipo de liturgia<\/strong> que realiza este servicio, de acuerdo con el celebrante.<\/p>\n<h3 style=\"text-align: justify;\">Horarios:<\/h3>\n<ul>\n<li style=\"text-align: justify;\"><strong>D\u00edas laborables: <\/strong>9:00, 11:00; 19:00.<\/li>\n<li style=\"text-align: justify;\"><strong>S\u00e1bados:<\/strong> 9:00; 11:00; 19:00 y 20:00<\/li>\n<li style=\"text-align: justify;\"><strong>Domingos y festivos:<\/strong> 9:00; 10:00; 11:00; 12:00; 13:00; 19:00 y 20:00<\/li>\n<\/ul>\n<p>[\/et_pb_text][et_pb_text _builder_version=\u00bb4.16&#8243; _module_preset=\u00bbdefault\u00bb text_text_color=\u00bb#000000&#8243; background_color=\u00bb#DBDBDB\u00bb background_image=\u00bbhttps:\/\/salesianosmaux.es\/parroquia\/wp-content\/uploads\/sites\/8\/2022\/05\/BAUTISMO.jpeg\u00bb background_blend=\u00bboverlay\u00bb custom_padding=\u00bb35px|35px|35px|35px|false|false\u00bb border_radii=\u00bbon|10px|10px|10px|10px\u00bb box_shadow_style=\u00bbpreset2&#8243; global_colors_info=\u00bb{}\u00bb]<\/p>\n<h1>Bautismo<\/h1>\n<p style=\"text-align: justify;\">Solicitud del Bautismo al menos con un mes de antelaci\u00f3n en la sacrist\u00eda.<\/p>\n<ul>\n<li style=\"text-align: justify;\">Lunes, martes, mi\u00e9rcoles y viernes de 12:00 a 13:30<\/li>\n<\/ul>\n<p>[\/et_pb_text][et_pb_text _builder_version=\u00bb4.16&#8243; _module_preset=\u00bbdefault\u00bb text_text_color=\u00bb#000000&#8243; background_color=\u00bb#DBDBDB\u00bb background_image=\u00bbhttps:\/\/salesianosmaux.es\/parroquia\/wp-content\/uploads\/sites\/8\/2022\/05\/UNCION-ENEFERMOS.jpeg\u00bb background_blend=\u00bboverlay\u00bb custom_padding=\u00bb35px|35px|35px|35px|false|false\u00bb border_radii=\u00bbon|10px|10px|10px|10px\u00bb box_shadow_style=\u00bbpreset2&#8243; global_colors_info=\u00bb{}\u00bb]<\/p>\n<h1>Unci\u00f3n de enfermos<\/h1>\n<p style=\"text-align: justify;\">Cuando se solicita; en sus casas.<br \/>Se visita a los enfermos y se les lleva la Comuni\u00f3n los viernes por la ma\u00f1ana<\/p>\n<p>[\/et_pb_text][et_pb_text _builder_version=\u00bb4.16&#8243; _module_preset=\u00bbdefault\u00bb text_text_color=\u00bb#000000&#8243; background_color=\u00bb#DBDBDB\u00bb background_image=\u00bbhttps:\/\/salesianosmaux.es\/parroquia\/wp-content\/uploads\/sites\/8\/2022\/05\/NUESTROS-HERMANOS-DIFUNTOS.jpeg\u00bb background_blend=\u00bboverlay\u00bb custom_padding=\u00bb35px|35px|35px|35px|false|false\u00bb border_radii=\u00bbon|10px|10px|10px|10px\u00bb box_shadow_style=\u00bbpreset2&#8243; global_colors_info=\u00bb{}\u00bb]<\/p>\n<h1>Nuestros hermanos difuntos<\/h1>\n<p style=\"text-align: justify;\">Visitamos y rezamos con los familiares: en los funerales y antes, en el tanatorio, (Cuando nos avisan).<\/p>\n<h3 style=\"text-align: justify;\">Horario del funeral:<\/h3>\n<p>Se pone de acuerdo la familia con la Parroquia.\u00a0Las horas son:<\/p>\n<ul>\n<li>10:00 h. y 12:00 h. de la ma\u00f1ana.<\/li>\n<li>16:00 h.y 17:00 h. de la tarde.<\/li>\n<\/ul>\n<p>[\/et_pb_text][\/et_pb_column][et_pb_column type=\u00bb1_2&#8243; _builder_version=\u00bb4.16&#8243; _module_preset=\u00bbdefault\u00bb global_colors_info=\u00bb{}\u00bb][et_pb_text _builder_version=\u00bb4.16&#8243; _module_preset=\u00bbdefault\u00bb text_text_color=\u00bb#000000&#8243; background_color=\u00bb#DBDBDB\u00bb background_image=\u00bbhttps:\/\/salesianosmaux.es\/parroquia\/wp-content\/uploads\/sites\/8\/2022\/05\/RECONCILIACION1.jpeg\u00bb background_blend=\u00bboverlay\u00bb custom_padding=\u00bb35px|35px|35px|35px|false|false\u00bb border_radii=\u00bbon|10px|10px|10px|10px\u00bb box_shadow_style=\u00bbpreset2&#8243; global_colors_info=\u00bb{}\u00bb]<\/p>\n<h1>Reconciliaci\u00f3n<\/h1>\n<p style=\"text-align: justify;\">Siempre que la iglesia est\u00e9 abierta, se aconseja a los fieles eviten celebrar la Penitencia durante la celebraci\u00f3n de la misa.<\/p>\n<p>[\/et_pb_text][et_pb_text _builder_version=\u00bb4.16&#8243; _module_preset=\u00bbdefault\u00bb text_text_color=\u00bb#000000&#8243; background_color=\u00bb#DBDBDB\u00bb background_image=\u00bbhttps:\/\/salesianosmaux.es\/parroquia\/wp-content\/uploads\/sites\/8\/2022\/05\/MATRIMOIIO.jpeg\u00bb background_blend=\u00bboverlay\u00bb custom_padding=\u00bb35px|35px|35px|35px|false|false\u00bb border_radii=\u00bbon|10px|10px|10px|10px\u00bb box_shadow_style=\u00bbpreset2&#8243; global_colors_info=\u00bb{}\u00bb]<\/p>\n<h1>Matrimonio<\/h1>\n<h3 style=\"text-align: justify;\">Solicitud:<\/h3>\n<p style=\"text-align: justify;\">En el despacho parroquial. Inicio del expediente tres meses antes de la boda.<\/p>\n<h3 style=\"text-align: justify;\">Ensayo de la liturgia:<\/h3>\n<p style=\"text-align: justify;\">El jueves anterior a la boda, a las 19:45 h.<\/p>\n<h3 style=\"text-align: justify;\">Celebraci\u00f3n:<\/h3>\n<p style=\"text-align: justify;\"><span style=\"font-size: 16px;\">S\u00e1bados a las 13:00 y 18:00 h.\u00a0<\/span>(Cuando no haya otras celebraciones)<\/p>\n<p>[\/et_pb_text][et_pb_text _builder_version=\u00bb4.16&#8243; _module_preset=\u00bbdefault\u00bb text_text_color=\u00bb#000000&#8243; background_color=\u00bb#DBDBDB\u00bb background_image=\u00bbhttps:\/\/salesianosmaux.es\/parroquia\/wp-content\/uploads\/sites\/8\/2022\/05\/PASTORAL-ENFERMOS.jpeg\u00bb background_blend=\u00bboverlay\u00bb custom_padding=\u00bb35px|35px|35px|35px|false|false\u00bb border_radii=\u00bbon|10px|10px|10px|10px\u00bb box_shadow_style=\u00bbpreset2&#8243; global_colors_info=\u00bb{}\u00bb]<\/p>\n<h1>Pastoral de enfermos<\/h1>\n<p>Visita durante la semana a casas y hospitales.<\/p>\n<p>[\/et_pb_text][et_pb_text _builder_version=\u00bb4.16&#8243; _module_preset=\u00bbdefault\u00bb text_text_color=\u00bb#000000&#8243; background_color=\u00bb#DBDBDB\u00bb background_image=\u00bbhttps:\/\/salesianosmaux.es\/parroquia\/wp-content\/uploads\/sites\/8\/2022\/05\/OTROS-CULTOS.jpeg\u00bb background_blend=\u00bboverlay\u00bb custom_padding=\u00bb35px|35px|35px|35px|false|false\u00bb border_radii=\u00bbon|10px|10px|10px|10px\u00bb box_shadow_style=\u00bbpreset2&#8243; global_colors_info=\u00bb{}\u00bb]<\/p>\n<h1>Formaci\u00f3n de adultos<\/h1>\n<p style=\"text-align: justify;\">Durante la semana, conforme programaci\u00f3n de d\u00edas, horas y locales.<\/p>\n<p>[\/et_pb_text][et_pb_text _builder_version=\u00bb4.16&#8243; _module_preset=\u00bbdefault\u00bb text_text_color=\u00bb#000000&#8243; background_color=\u00bb#DBDBDB\u00bb background_image=\u00bbhttps:\/\/salesianosmaux.es\/parroquia\/wp-content\/uploads\/sites\/8\/2022\/05\/OTROS-CULTOS.jpeg\u00bb background_blend=\u00bboverlay\u00bb custom_padding=\u00bb35px|35px|35px|35px|false|false\u00bb border_radii=\u00bbon|10px|10px|10px|10px\u00bb box_shadow_style=\u00bbpreset2&#8243; global_colors_info=\u00bb{}\u00bb]<\/p>\n<h1>Otros cultos<\/h1>\n<ul>\n<li style=\"text-align: justify;\">Rezo del Santo Rosario: a las 11:30 h. y a las 18:30 h. (de lunes a viernes).<\/li>\n<li style=\"text-align: justify;\">Primeros viernes: Sagrado Coraz\u00f3n de Jes\u00fas. Exposici\u00f3n del Sant\u00edsimo a las 18:30 h.<\/li>\n<li style=\"text-align: justify;\">Los d\u00edas 24 de cada mes: Conmemoraci\u00f3n de Mar\u00eda Auxiliadora a las 11:00 h. y 19:00 h.<\/li>\n<li style=\"text-align: justify;\">Viernes de Cuaresma: Oraci\u00f3n del V\u00eda-Crucis a las 18:30.<\/li>\n<\/ul>\n<p>[\/et_pb_text][\/et_pb_column][\/et_pb_row][et_pb_row _builder_version=\u00bb4.16&#8243; _module_preset=\u00bbdefault\u00bb global_colors_info=\u00bb{}\u00bb][et_pb_column type=\u00bb4_4&#8243; _builder_version=\u00bb4.16&#8243; _module_preset=\u00bbdefault\u00bb global_colors_info=\u00bb{}\u00bb][et_pb_text _builder_version=\u00bb4.19.4&#8243; _module_preset=\u00bbdefault\u00bb text_text_color=\u00bb#000000&#8243; background_color=\u00bb#DBDBDB\u00bb background_image=\u00bbhttps:\/\/salesianosmaux.es\/parroquia\/wp-content\/uploads\/sites\/8\/2022\/05\/ATENCION-PARROQUIALES.jpeg\u00bb background_blend=\u00bboverlay\u00bb custom_padding=\u00bb35px|35px|35px|35px|false|false\u00bb hover_enabled=\u00bb0&#8243; border_radii=\u00bbon|10px|10px|10px|10px\u00bb box_shadow_style=\u00bbpreset2&#8243; global_colors_info=\u00bb{}\u00bb sticky_enabled=\u00bb0&#8243;]<\/p>\n<h1>Atenciones parroquiales<\/h1>\n<p>De lunes a viernes.<\/p>\n<ul>\n<li><strong>P\u00e1rroco:<\/strong> Don Juan Manuel Ruano S\u00e1nchez (el jueves no recibe por reuniones diocesanas) de 12:00 h. a 13:30 h.<\/li>\n<li><strong>Vicario:<\/strong> Don \u00c1ngel T\u00e9llez. (el jueves no recibe por reuniones diocesanas) de 12:00 h. a 13:30h.<\/li>\n<li><strong>Colaborador:<\/strong> Don Carlos Plaza: cuida de la iglesia siempre que est\u00e1 abierta y confiesa a los que lo solicitan.<\/li>\n<li><strong>Sacrist\u00e1n:<\/strong> Edgar S\u00e1nchez Jurado: de 08:00 h. a 13:00 h.<\/li>\n<\/ul>\n<p>[\/et_pb_text][\/et_pb_column][\/et_pb_row][\/et_pb_section]<\/p>\n","protected":false},"excerpt":{"rendered":"<p>Estos son los sacramentos que ofrecemosEucarist\u00eda Es uno de los pilares de la Parroquia-Santuario.Los fieles acuden porque aprecian y valoran el servicio que se les ofrece con participaci\u00f3n activa de los fieles. Existe un buen equipo de liturgia que realiza este servicio, de acuerdo con el celebrante. Horarios: D\u00edas laborables: 9:00, 11:00; 19:00. S\u00e1bados: 9:00; [&hellip;]<\/p>\n","protected":false},"author":1,"featured_media":0,"parent":0,"menu_order":0,"comment_status":"closed","ping_status":"closed","template":"","meta":{"_et_pb_use_builder":"on","_et_pb_old_content":"","_et_gb_content_width":"","footnotes":""},"class_list":["post-71","page","type-page","status-publish","hentry"],"yoast_head":"<!-- This site is optimized with the Yoast SEO plugin v28.4 - https:\/\/yoast.com\/product\/yoast-seo-wordpress\/ -->\n<title>Pastoral sacramental - Parroquia Mar\u00eda Auxiliadora<\/title>\n<meta name=\"robots\" content=\"index, follow, max-snippet:-1, max-image-preview:large, max-video-preview:-1\" \/>\n<link rel=\"canonical\" href=\"https:\/\/salesianosmaux.es\/parroquia\/pastoral-sacramental\/\" \/>\n<meta property=\"og:locale\" content=\"es_ES\" \/>\n<meta property=\"og:type\" content=\"article\" \/>\n<meta property=\"og:title\" content=\"Pastoral sacramental - Parroquia Mar\u00eda Auxiliadora\" \/>\n<meta property=\"og:description\" content=\"\u00bfQui\u00e9nes formamos la Comunidad Salesiana?Nuestra Obra Salesiana, es una casa habitada por una comunidad de Salesianos que se dedica a tiempo pleno a acompa\u00f1ar, rezar y animar a los diversos proyectos y ambientes educativo-pastorales. Participamos de muy diversas maneras en la animaci\u00f3n de toda la Obra Salesiana de Salamanca - Mar\u00eda Auxiliadora, prodigando tiempos, atenci\u00f3n [&hellip;]\" \/>\n<meta property=\"og:url\" content=\"https:\/\/salesianosmaux.es\/parroquia\/pastoral-sacramental\/\" \/>\n<meta property=\"og:site_name\" content=\"Parroquia Mar\u00eda Auxiliadora\" \/>\n<meta property=\"article:modified_time\" content=\"2023-01-23T17:15:10+00:00\" \/>\n<meta name=\"twitter:card\" content=\"summary_large_image\" \/>\n<meta name=\"twitter:label1\" content=\"Tiempo de lectura\" \/>\n\t<meta name=\"twitter:data1\" content=\"6 minutos\" \/>\n<script type=\"application\/ld+json\" class=\"yoast-schema-graph\">{\"@context\":\"https:\\\/\\\/schema.org\",\"@graph\":[{\"@type\":\"WebPage\",\"@id\":\"https:\\\/\\\/salesianosmaux.es\\\/parroquia\\\/pastoral-sacramental\\\/\",\"url\":\"https:\\\/\\\/salesianosmaux.es\\\/parroquia\\\/pastoral-sacramental\\\/\",\"name\":\"Pastoral sacramental - Parroquia Mar\u00eda Auxiliadora\",\"isPartOf\":{\"@id\":\"https:\\\/\\\/salesianosmaux.es\\\/parroquia\\\/#website\"},\"datePublished\":\"2022-02-12T15:19:43+00:00\",\"dateModified\":\"2023-01-23T17:15:10+00:00\",\"breadcrumb\":{\"@id\":\"https:\\\/\\\/salesianosmaux.es\\\/parroquia\\\/pastoral-sacramental\\\/#breadcrumb\"},\"inLanguage\":\"es\",\"potentialAction\":[{\"@type\":\"ReadAction\",\"target\":[\"https:\\\/\\\/salesianosmaux.es\\\/parroquia\\\/pastoral-sacramental\\\/\"]}]},{\"@type\":\"BreadcrumbList\",\"@id\":\"https:\\\/\\\/salesianosmaux.es\\\/parroquia\\\/pastoral-sacramental\\\/#breadcrumb\",\"itemListElement\":[{\"@type\":\"ListItem\",\"position\":1,\"name\":\"Portada\",\"item\":\"https:\\\/\\\/salesianosmaux.es\\\/parroquia\\\/\"},{\"@type\":\"ListItem\",\"position\":2,\"name\":\"Pastoral sacramental\"}]},{\"@type\":\"WebSite\",\"@id\":\"https:\\\/\\\/salesianosmaux.es\\\/parroquia\\\/#website\",\"url\":\"https:\\\/\\\/salesianosmaux.es\\\/parroquia\\\/\",\"name\":\"Parroquia Mar\u00eda Auxiliadora\",\"description\":\"\",\"potentialAction\":[{\"@type\":\"SearchAction\",\"target\":{\"@type\":\"EntryPoint\",\"urlTemplate\":\"https:\\\/\\\/salesianosmaux.es\\\/parroquia\\\/?s={search_term_string}\"},\"query-input\":{\"@type\":\"PropertyValueSpecification\",\"valueRequired\":true,\"valueName\":\"search_term_string\"}}],\"inLanguage\":\"es\"}]}<\/script>\n<!-- \/ Yoast SEO plugin. -->","yoast_head_json":{"title":"Pastoral sacramental - Parroquia Mar\u00eda Auxiliadora","robots":{"index":"index","follow":"follow","max-snippet":"max-snippet:-1","max-image-preview":"max-image-preview:large","max-video-preview":"max-video-preview:-1"},"canonical":"https:\/\/salesianosmaux.es\/parroquia\/pastoral-sacramental\/","og_locale":"es_ES","og_type":"article","og_title":"Pastoral sacramental - Parroquia Mar\u00eda Auxiliadora","og_description":"\u00bfQui\u00e9nes formamos la Comunidad Salesiana?Nuestra Obra Salesiana, es una casa habitada por una comunidad de Salesianos que se dedica a tiempo pleno a acompa\u00f1ar, rezar y animar a los diversos proyectos y ambientes educativo-pastorales. Participamos de muy diversas maneras en la animaci\u00f3n de toda la Obra Salesiana de Salamanca - Mar\u00eda Auxiliadora, prodigando tiempos, atenci\u00f3n [&hellip;]","og_url":"https:\/\/salesianosmaux.es\/parroquia\/pastoral-sacramental\/","og_site_name":"Parroquia Mar\u00eda Auxiliadora","article_modified_time":"2023-01-23T17:15:10+00:00","twitter_card":"summary_large_image","twitter_misc":{"Tiempo de lectura":"6 minutos"},"schema":{"@context":"https:\/\/schema.org","@graph":[{"@type":"WebPage","@id":"https:\/\/salesianosmaux.es\/parroquia\/pastoral-sacramental\/","url":"https:\/\/salesianosmaux.es\/parroquia\/pastoral-sacramental\/","name":"Pastoral sacramental - Parroquia Mar\u00eda Auxiliadora","isPartOf":{"@id":"https:\/\/salesianosmaux.es\/parroquia\/#website"},"datePublished":"2022-02-12T15:19:43+00:00","dateModified":"2023-01-23T17:15:10+00:00","breadcrumb":{"@id":"https:\/\/salesianosmaux.es\/parroquia\/pastoral-sacramental\/#breadcrumb"},"inLanguage":"es","potentialAction":[{"@type":"ReadAction","target":["https:\/\/salesianosmaux.es\/parroquia\/pastoral-sacramental\/"]}]},{"@type":"BreadcrumbList","@id":"https:\/\/salesianosmaux.es\/parroquia\/pastoral-sacramental\/#breadcrumb","itemListElement":[{"@type":"ListItem","position":1,"name":"Portada","item":"https:\/\/salesianosmaux.es\/parroquia\/"},{"@type":"ListItem","position":2,"name":"Pastoral sacramental"}]},{"@type":"WebSite","@id":"https:\/\/salesianosmaux.es\/parroquia\/#website","url":"https:\/\/salesianosmaux.es\/parroquia\/","name":"Parroquia Mar\u00eda Auxiliadora","description":"","potentialAction":[{"@type":"SearchAction","target":{"@type":"EntryPoint","urlTemplate":"https:\/\/salesianosmaux.es\/parroquia\/?s={search_term_string}"},"query-input":{"@type":"PropertyValueSpecification","valueRequired":true,"valueName":"search_term_string"}}],"inLanguage":"es"}]}},"_links":{"self":[{"href":"https:\/\/salesianosmaux.es\/parroquia\/wp-json\/wp\/v2\/pages\/71","targetHints":{"allow":["GET"]}}],"collection":[{"href":"https:\/\/salesianosmaux.es\/parroquia\/wp-json\/wp\/v2\/pages"}],"about":[{"href":"https:\/\/salesianosmaux.es\/parroquia\/wp-json\/wp\/v2\/types\/page"}],"author":[{"embeddable":true,"href":"https:\/\/salesianosmaux.es\/parroquia\/wp-json\/wp\/v2\/users\/1"}],"replies":[{"embeddable":true,"href":"https:\/\/salesianosmaux.es\/parroquia\/wp-json\/wp\/v2\/comments?post=71"}],"version-history":[{"count":7,"href":"https:\/\/salesianosmaux.es\/parroquia\/wp-json\/wp\/v2\/pages\/71\/revisions"}],"predecessor-version":[{"id":512,"href":"https:\/\/salesianosmaux.es\/parroquia\/wp-json\/wp\/v2\/pages\/71\/revisions\/512"}],"wp:attachment":[{"href":"https:\/\/salesianosmaux.es\/parroquia\/wp-json\/wp\/v2\/media?parent=71"}],"curies":[{"name":"wp","href":"https:\/\/api.w.org\/{rel}","templated":true}]}}